{"id":7245,"date":"2023-08-02T10:31:53","date_gmt":"2023-08-02T08:31:53","guid":{"rendered":"https:\/\/a1.com\/?page_id=7245"},"modified":"2026-01-12T13:00:44","modified_gmt":"2026-01-12T12:00:44","slug":"biografien-von-vorstanden-und-fuhrungsteams","status":"publish","type":"page","link":"https:\/\/a1.com\/de\/management\/biografien-von-vorstanden-und-fuhrungsteams\/","title":{"rendered":"Biografien von Vorst\u00e4nden und F\u00fchrungsteams"},"content":{"rendered":"<div\n\tclass=\"wrapper wrapper__bg-color--white wrapper__spacing-top-large--20 wrapper__spacing-bottom-large--90       wrapper__border-color-large--primary wrapper__border-size-large--none\"\n\t>\n\n\t\n\t\t\t<div class=\"wrapper__container wrapper__container-width-large--default wrapper__gutter-desktop--default wrapper__gutter-tablet--small\">\n\t\t\t<div class=\"wrapper__inner wrapper__width-large--12\">\n\t\t\t\t<div class='block-breadcrumbs'><a href='https:\/\/a1.com\/de\/' class='block-breadcrumbs__home' aria-label='Home link'><\/a><span><a class=\"block-breadcrumbs__link\" href=\" https:\/\/a1.com\/de\/ \">Home<\/a><\/span><\/div>\t\t\t<\/div>\n\t\t<\/div>\n\t<\/div>\n\n\n<div\n\tclass=\"wrapper wrapper__bg-color--white  wrapper__spacing-bottom-large--40       wrapper__border-color-large--primary wrapper__border-size-large--none\"\n\t>\n\n\t\n\t\t\t<div class=\"wrapper__container wrapper__container-width-large--default wrapper__gutter-desktop--default wrapper__gutter-tablet--small\">\n\t\t\t<div class=\"wrapper__inner wrapper__width-large--12\">\n\t\t\t\t<h2 class=\"heading heading__color--black heading__size--large heading__align--left heading__font-family--serif heading__font-weight--bold block-heading__heading\">\n\tBiografien von Vorst\u00e4nden und F\u00fchrungsteams<\/h2>\t\t\t<\/div>\n\t\t<\/div>\n\t<\/div>\n\n\n<div\n\tclass=\"wrapper wrapper__bg-color--white  wrapper__spacing-bottom-large--40       wrapper__border-color-large--primary wrapper__border-size-large--none\"\n\t>\n\n\t\n\t\t\t<div class=\"wrapper__container wrapper__container-width-large--default wrapper__gutter-desktop--default wrapper__gutter-tablet--small\">\n\t\t\t<div class=\"wrapper__inner wrapper__width-large--12\">\n\t\t\t\t\n<div class=\"block-columns block-columns__gutter-large--30 block-columns__vertical-spacing-large--30\">\n\t\n\n<div class=\"block-column block-column__width-large--4 block-column__width-mobile--12     block-column__border-color-large--primary block-column__border-size-large--none\">\n\t\n<div\n\tclass=\"wrapper wrapper__bg-color--white  wrapper__spacing-bottom-large--40 wrapper__spacing-bottom-mobile--0       wrapper__border-color-large--primary wrapper__border-size-large--none\"\n\t>\n\n\t\n\t\t\t<div class=\"image-wrap block-image__image-wrap\" data-align=\"center center\">\n\n\t\t\t<div\n\t\t\tstyle=\"background-image:url(https:\/\/a1.com\/wp-content\/uploads\/sites\/6\/2023\/10\/A1-Alejandro-Plater-4794_final-f-download-scaled.jpg)\"\n\t\t\tclass=\"image image--bg image__rounded-corners--none block-image__image\">\n\t\t<\/div>\n\t\n\t<\/div>\t<\/div>\n\n<\/div>\n\n\n\n<div class=\"block-column block-column__width-large--7 block-column__width-mobile--12     block-column__border-color-large--primary block-column__border-size-large--none\">\n\t\n<div\n\tclass=\"wrapper wrapper__bg-color--white  wrapper__spacing-bottom-large--40       wrapper__border-color-large--primary wrapper__border-size-large--none\"\n\t>\n\n\t\t\t<div\n\t\t\tclass=\"wrapper__anchor\"\n\t\t\tid=\"Alejandro-Plater\"\n\t\t>\n\t\t<\/div>\n\t\n\t\t\t<h2 class=\"heading heading__color--black heading__size--small heading__align--left heading__font-family--serif heading__font-weight--bold block-heading__heading\">\n\tAlejandro Plater,<br>CEO A1 Group<\/h2>\t<\/div>\n\n\n<div\n\tclass=\"wrapper wrapper__bg-color--white  wrapper__spacing-bottom-large--40       wrapper__border-color-large--primary wrapper__border-size-large--none\"\n\t>\n\n\t\n\t\t\t<p class=\"paragraph paragraph__color--black paragraph__size--default paragraph__align--left paragraph__font-family--sans block-paragraph__paragraph\">\n\tAlejandro Plater wurde 1967 in Argentinien geboren. Er absolvierte ein Betriebswirtschaftsstudium an der Universit\u00e4t Buenos Aires und mehrere postgraduale Management-Ausbildungen an der Columbia University, der Wharton School in den USA sowie der London Business School in Gro\u00dfbritannien.<br><br>Er begann seine Laufbahn 1991 als Risikoanalyst bei &#8220;Sud America Seguros&#8221; und wechselte 1997 zu Ericsson als Sales Director f\u00fcr Argentinien. Kurz darauf \u00fcbernahm er als Head of Business Development die Verantwortung f\u00fcr die Gesch\u00e4ftsentwicklung mehrerer L\u00e4nder in S\u00fcdamerika. 2004 wechselte er als Sales Director f\u00fcr die Region Lateinamerika in die globale Konzernzentrale nach Stockholm, Schweden. Zwei Jahre sp\u00e4ter wurde Plater Sales Director f\u00fcr Mexico und im darauf folgenden Jahr zum Vice-President und Key Account Manager f\u00fcr Gro\u00dfkunden bestellt.<br><br>Ab 5. M\u00e4rz 2015 war Alejandro Plater Chief Operating Officer (COO) der A1 Group und ab 1. August 2015 bis 31. August 2018 Chief Executive Officer (CEO) der A1 Group. Von 1. September 2018 bis 31. August 2023 war er COO und Deputy CEO. Mit 1. September 2023 \u00fcbernahm er wieder die Funktion des CEO der A1 Group. Er tr\u00e4gt auch die Verantwortung f\u00fcr die Cyber-Security-Strategie der A1 Group. Vertragslaufzeit bis 31. August 2028.<\/p>\t<\/div>\n\n<\/div>\n\n<\/div>\n\t\t\t<\/div>\n\t\t<\/div>\n\t<\/div>\n\n\n<div\n\tclass=\"wrapper wrapper__bg-color--white  wrapper__spacing-bottom-large--40       wrapper__border-color-large--primary wrapper__border-size-large--none\"\n\t>\n\n\t\n\t\t\t<div class=\"wrapper__container wrapper__container-width-large--default wrapper__gutter-desktop--default wrapper__gutter-tablet--small\">\n\t\t\t<div class=\"wrapper__inner wrapper__width-large--12\">\n\t\t\t\t\n<div class=\"block-columns block-columns__gutter-large--30 block-columns__vertical-spacing-large--30\">\n\t\n\n<div class=\"block-column block-column__width-large--4 block-column__width-mobile--12     block-column__border-color-large--primary block-column__border-size-large--none\">\n\t\n<div\n\tclass=\"wrapper wrapper__bg-color--white  wrapper__spacing-bottom-large--40 wrapper__spacing-bottom-mobile--0       wrapper__border-color-large--primary wrapper__border-size-large--none\"\n\t>\n\n\t\n\t\t\t<div class=\"image-wrap block-image__image-wrap\" data-align=\"center center\">\n\n\t\t\t<div\n\t\t\tstyle=\"background-image:url(https:\/\/a1.com\/wp-content\/uploads\/sites\/6\/2023\/10\/A1-Thomas-Arnoldner-5380_final-f-download-scaled.jpg)\"\n\t\t\tclass=\"image image--bg image__rounded-corners--none block-image__image\">\n\t\t<\/div>\n\t\n\t<\/div>\t<\/div>\n\n<\/div>\n\n\n\n<div class=\"block-column block-column__width-large--7 block-column__width-mobile--12     block-column__border-color-large--primary block-column__border-size-large--none\">\n\t\n<div\n\tclass=\"wrapper wrapper__bg-color--white  wrapper__spacing-bottom-large--40       wrapper__border-color-large--primary wrapper__border-size-large--none\"\n\t>\n\n\t\t\t<div\n\t\t\tclass=\"wrapper__anchor\"\n\t\t\tid=\"Thomas-Arnoldner\"\n\t\t>\n\t\t<\/div>\n\t\n\t\t\t<h2 class=\"heading heading__color--black heading__size--small heading__align--left heading__font-family--serif heading__font-weight--bold block-heading__heading\">\n\tThomas Arnoldner,<br>Deputy CEO A1 Group<\/h2>\t<\/div>\n\n\n<div\n\tclass=\"wrapper wrapper__bg-color--white  wrapper__spacing-bottom-large--40       wrapper__border-color-large--primary wrapper__border-size-large--none\"\n\t>\n\n\t\n\t\t\t<p class=\"paragraph paragraph__color--black paragraph__size--default paragraph__align--left paragraph__font-family--sans block-paragraph__paragraph\">\n\tThomas Arnoldner wurde 1977 geboren. Er studierte Betriebswirtschaftslehre an der Wirtschaftsuniversit\u00e4t Wien und der Stockholm School of Economics.<br><br>Seine berufliche Laufbahn begann Thomas Arnoldner 2003 bei Alcatel Austria. Nach verschiedenen Stationen im Unternehmen \u00fcbernahm er 2013 den Vorstandsvorsitz der Alcatel-Lucent Austria AG. Von 2015-2016 war er im Rahmen der \u00dcbernahme von Alcatel-Lucent durch Nokia Teil des Integrationsteams und entwickelte die europ\u00e4ische Marktstrategie des kombinierten Unternehmens. Von 2016-2017 verantwortete er die europ\u00e4ische Wachstumsstrategie von Nokia in den Bereichen \u201eSmart City&#8221;, \u201eNational Broadband Programs&#8221; und \u201ePublic Safety&#8221;, sowie die L\u00e4nderstrategien der wichtigsten Wachstumsm\u00e4rkte. Von 2017-2018 war er Gesch\u00e4ftsf\u00fchrer der T-Systems Austria GesmbH.<br><br>Von 1. September 2018 bis 31. August 2023 war Thomas Arnoldner Chief Executive Officer (CEO) der A1 Group.\u00a0 Mit 1. September 2023 \u00fcbernahm er die Funktion des Deputy CEO. Vertragslaufzeit bis 31. August 2028.<\/p>\t<\/div>\n\n<\/div>\n\n<\/div>\n\t\t\t<\/div>\n\t\t<\/div>\n\t<\/div>\n\n\n<div\n\tclass=\"wrapper wrapper__bg-color--white  wrapper__spacing-bottom-large--40       wrapper__border-color-large--primary wrapper__border-size-large--none\"\n\t>\n\n\t\n\t\t\t<div class=\"wrapper__container wrapper__container-width-large--default wrapper__gutter-desktop--default wrapper__gutter-tablet--small\">\n\t\t\t<div class=\"wrapper__inner wrapper__width-large--12\">\n\t\t\t\t\n<div class=\"block-columns block-columns__gutter-large--30 block-columns__vertical-spacing-large--30\">\n\t\n\n<div class=\"block-column block-column__width-large--4 block-column__width-mobile--12     block-column__border-color-large--primary block-column__border-size-large--none\">\n\t\n<div\n\tclass=\"wrapper wrapper__bg-color--white  wrapper__spacing-bottom-large--40 wrapper__spacing-bottom-mobile--0       wrapper__border-color-large--primary wrapper__border-size-large--none\"\n\t>\n\n\t\n\t\t\t<div class=\"image-wrap block-image__image-wrap\" data-align=\"top center\">\n\n\t\t\t<div\n\t\t\tstyle=\"background-image:url(https:\/\/a1.com\/wp-content\/uploads\/sites\/6\/2023\/11\/A1-Sonja-Wallner-5071_final-lowres-copy-2.jpg)\"\n\t\t\tclass=\"image image--bg image__rounded-corners--none block-image__image\">\n\t\t<\/div>\n\t\n\t<\/div>\t<\/div>\n\n<\/div>\n\n\n\n<div class=\"block-column block-column__width-large--7 block-column__width-mobile--12     block-column__border-color-large--primary block-column__border-size-large--none\">\n\t\n<div\n\tclass=\"wrapper wrapper__bg-color--white  wrapper__spacing-bottom-large--40       wrapper__border-color-large--primary wrapper__border-size-large--none\"\n\t>\n\n\t\t\t<div\n\t\t\tclass=\"wrapper__anchor\"\n\t\t\tid=\"Sonja-Wallner\"\n\t\t>\n\t\t<\/div>\n\t\n\t\t\t<h2 class=\"heading heading__color--black heading__size--small heading__align--left heading__font-family--serif heading__font-weight--bold block-heading__heading\">\n\tSonja Wallner,<br>CFO A1 Group<\/h2>\t<\/div>\n\n\n<div\n\tclass=\"wrapper wrapper__bg-color--white  wrapper__spacing-bottom-large--40       wrapper__border-color-large--primary wrapper__border-size-large--none\"\n\t>\n\n\t\n\t\t\t<p class=\"paragraph paragraph__color--black paragraph__size--default paragraph__align--left paragraph__font-family--sans block-paragraph__paragraph\">\n\tSonja Wallner wurde 1971 in Steyr geboren. Sie studierte an der Wirtschaftsuniversit\u00e4t Wien Handelswissenschaften und im Rahmen des CEMS Programmes der WU Wien an der Universit\u00e4t Luigi Bocconi in Mailand. Au\u00dferdem besuchte sie Executive Programme, wie beispielsweise an der Columbia University in New York City.<br><br>Wallner kam im Jahr 2000 zur Telekom Austria. Nach verschiedenen Projekt- und F\u00fchrungsrollen \u00fcbernahm sie 2009 die Leitung des Unternehmenscontrollings. 2015 wurde sie zur Finanzvorst\u00e4ndin (CFO) der A1 Telekom Austria AG berufen und gestaltet seither ma\u00dfgeblich die strategische Entwicklung und Ausrichtung des f\u00fchrenden \u00f6sterreichischen Telekom-Unternehmens mit.<br><br>Sonja Wallner wurde mit 1. September 2023, zus\u00e4tzlich zu ihrer Rolle als CFO der A1 \u00d6sterreich, auch CFO der A1 Group und berichtet direkt an CEO Alejandro Plater.<\/p>\t<\/div>\n\n<\/div>\n\n<\/div>\n\t\t\t<\/div>\n\t\t<\/div>\n\t<\/div>\n\n\n<div\n\tclass=\"wrapper wrapper__bg-color--white  wrapper__spacing-bottom-large--40       wrapper__border-color-large--primary wrapper__border-size-large--none\"\n\t>\n\n\t\n\t\t\t<div class=\"wrapper__container wrapper__container-width-large--default wrapper__gutter-desktop--default wrapper__gutter-tablet--small\">\n\t\t\t<div class=\"wrapper__inner wrapper__width-large--12\">\n\t\t\t\t\n<div class=\"block-columns block-columns__gutter-large--30 block-columns__vertical-spacing-large--30\">\n\t\n\n<div class=\"block-column block-column__width-large--4 block-column__width-mobile--12     block-column__border-color-large--primary block-column__border-size-large--none\">\n\t\n<div\n\tclass=\"wrapper wrapper__bg-color--white  wrapper__spacing-bottom-large--40 wrapper__spacing-bottom-mobile--0       wrapper__border-color-large--primary wrapper__border-size-large--none\"\n\t>\n\n\t\n\t\t\t<div class=\"image-wrap block-image__image-wrap\" data-align=\"center center\">\n\n\t\t\t<div\n\t\t\tstyle=\"background-image:url(https:\/\/a1.com\/wp-content\/uploads\/sites\/6\/2025\/08\/Jiri_Dvorjancansky_Portrait.jpg)\"\n\t\t\tclass=\"image image--bg image__rounded-corners--none block-image__image\">\n\t\t<\/div>\n\t\n\t<\/div>\t<\/div>\n\n<\/div>\n\n\n\n<div class=\"block-column block-column__width-large--7 block-column__width-mobile--12     block-column__border-color-large--primary block-column__border-size-large--none\">\n\t\n<div\n\tclass=\"wrapper wrapper__bg-color--white  wrapper__spacing-bottom-large--40       wrapper__border-color-large--primary wrapper__border-size-large--none\"\n\t>\n\n\t\t\t<div\n\t\t\tclass=\"wrapper__anchor\"\n\t\t\tid=\"Jiri-Dvorjancansky\"\n\t\t>\n\t\t<\/div>\n\t\n\t\t\t<h2 class=\"heading heading__color--black heading__size--small heading__align--left heading__font-family--serif heading__font-weight--bold block-heading__heading\">\n\tJi\u0159\u00ed Dvorjan\u010dansk\u00fd,<br>CEO A1 \u00d6sterreich<\/h2>\t<\/div>\n\n\n<div\n\tclass=\"wrapper wrapper__bg-color--white  wrapper__spacing-bottom-large--40       wrapper__border-color-large--primary wrapper__border-size-large--none\"\n\t>\n\n\t\t\t<div\n\t\t\tclass=\"wrapper__anchor\"\n\t\t\tid=\"Ji\u0159\u00ed Dvorjan\u010dansk\u00fd\"\n\t\t>\n\t\t<\/div>\n\t\n\t\t\t<p class=\"paragraph paragraph__color--black paragraph__size--default paragraph__align--left paragraph__font-family--sans block-paragraph__paragraph\">\n\tJi\u0159\u00ed Dvorjan\u010dansk\u00fd absolvierte sein Studium an der Technischen Universit\u00e4t in Prag und am Technischen Institut Grenoble. Anschlie\u00dfend schloss er ein MBA-Studium an der Thunderbird Universit\u00e4t in Prag ab. <br><br>Im Jahr 2002 wurde er Executive Vice President des Marketingbereichs von T-Mobile Tschechien und blieb in dieser Position bis 2008. Im Jahr 2009 wurde Dvorjan\u010dansk\u00fd in den Vorstand von T-Mobile Deutschland bef\u00f6rdert, wo er bis 2009 auch die Position des Executive Vice President Marketing innehatte.<br>\u00a0<br>Bevor er zu Telef\u00f3nica Czech Republic kam, war er als Senior Vice President, International Sales, Marketing and Customer Service bei der Deutschen Telekom t\u00e4tig. Seit August 2014 bis ins Fr\u00fchjahr 2024 verst\u00e4rkte er das A1 Team als Vorstandsvorsitzender von A1 in Kroatien und A1 in Nordmazedonien. Mit 1. September 2025 \u00fcbernahm er die Funktion des CEO von A1 \u00d6sterreich.<\/p>\t<\/div>\n\n<\/div>\n\n<\/div>\n\t\t\t<\/div>\n\t\t<\/div>\n\t<\/div>\n\n\n<div\n\tclass=\"wrapper wrapper__bg-color--white  wrapper__spacing-bottom-large--40       wrapper__border-color-large--primary wrapper__border-size-large--none\"\n\t>\n\n\t\n\t\t\t<div class=\"wrapper__container wrapper__container-width-large--default wrapper__gutter-desktop--default wrapper__gutter-tablet--small\">\n\t\t\t<div class=\"wrapper__inner wrapper__width-large--12\">\n\t\t\t\t\n<div class=\"block-columns block-columns__gutter-large--30 block-columns__vertical-spacing-large--30\">\n\t\n\n<div class=\"block-column block-column__width-large--4 block-column__width-mobile--12     block-column__border-color-large--primary block-column__border-size-large--none\">\n\t\n<div\n\tclass=\"wrapper wrapper__bg-color--white  wrapper__spacing-bottom-large--40 wrapper__spacing-bottom-mobile--0       wrapper__border-color-large--primary wrapper__border-size-large--none\"\n\t>\n\n\t\n\t\t\t<div class=\"image-wrap block-image__image-wrap\" data-align=\"center center\">\n\n\t\t\t<div\n\t\t\tstyle=\"background-image:url(https:\/\/a1.com\/wp-content\/uploads\/sites\/6\/2023\/08\/Alex-Dimitrov_CEO-A1Bulgaria-Photo-Radich-Banev-copy-1-scaled.jpg)\"\n\t\t\tclass=\"image image--bg image__rounded-corners--none block-image__image\">\n\t\t<\/div>\n\t\n\t<\/div>\t<\/div>\n\n<\/div>\n\n\n\n<div class=\"block-column block-column__width-large--7 block-column__width-mobile--12     block-column__border-color-large--primary block-column__border-size-large--none\">\n\t\n<div\n\tclass=\"wrapper wrapper__bg-color--white  wrapper__spacing-bottom-large--40       wrapper__border-color-large--primary wrapper__border-size-large--none\"\n\t>\n\n\t\t\t<div\n\t\t\tclass=\"wrapper__anchor\"\n\t\t\tid=\"Alexander-Dimitrov\"\n\t\t>\n\t\t<\/div>\n\t\n\t\t\t<h2 class=\"heading heading__color--black heading__size--small heading__align--left heading__font-family--serif heading__font-weight--bold block-heading__heading\">\n\tAlexander Dimitrov,<br>CEO A1 Bulgarien<\/h2>\t<\/div>\n\n\n<div\n\tclass=\"wrapper wrapper__bg-color--white  wrapper__spacing-bottom-large--40       wrapper__border-color-large--primary wrapper__border-size-large--none\"\n\t>\n\n\t\n\t\t\t<p class=\"paragraph paragraph__color--black paragraph__size--default paragraph__align--left paragraph__font-family--sans block-paragraph__paragraph\">\n\tAlexander Dimitrov wurde 1973 in Sofia geboren. Er hat einen Master in Electrical Machines and Equipment von der Technischen Universit\u00e4t Sofia, sowie einen Master in Marketing and Management der Universit\u00e4t f\u00fcr National- und Weltwirtschaft in Sofia.<br><br>Alexander begann seine Karriere in der Kosmetikindustrie, wo er verschiedene Managementpositionen bei Sarantis Bulgarien (1996-1999), Sarantis Tschechien (1999-2000) und Intercosmetics (2000-2001) innehatte.<br><br>Alexander ist seit Oktober 2015 CEO von A1 Bulgarien. Er hat \u00fcber 15 Jahre Erfahrung im Bereich Telekommunikation. Alexander wechselte zu Mtel von Vivacom, dem bulgarischen Telekommunikationsanbieter, bei dem er seit 2008 CCO war. Zuvor war er CCO bei Germanos Telecom Bulgarien und von 2006 bis 2008 CEO des Unternehmens.<\/p>\t<\/div>\n\n<\/div>\n\n<\/div>\n\t\t\t<\/div>\n\t\t<\/div>\n\t<\/div>\n\n\n<div\n\tclass=\"wrapper wrapper__bg-color--white  wrapper__spacing-bottom-large--40       wrapper__border-color-large--primary wrapper__border-size-large--none\"\n\t>\n\n\t\n\t\t\t<div class=\"wrapper__container wrapper__container-width-large--default wrapper__gutter-desktop--default wrapper__gutter-tablet--small\">\n\t\t\t<div class=\"wrapper__inner wrapper__width-large--12\">\n\t\t\t\t\n<div class=\"block-columns block-columns__gutter-large--30 block-columns__vertical-spacing-large--30\">\n\t\n\n<div class=\"block-column block-column__width-large--4 block-column__width-mobile--12     block-column__border-color-large--primary block-column__border-size-large--none\">\n\t\n<div\n\tclass=\"wrapper wrapper__bg-color--white  wrapper__spacing-bottom-large--40 wrapper__spacing-bottom-mobile--0       wrapper__border-color-large--primary wrapper__border-size-large--none\"\n\t>\n\n\t\n\t\t\t<div class=\"image-wrap block-image__image-wrap\" data-align=\"center center\">\n\n\t\t\t<div\n\t\t\tstyle=\"background-image:url(https:\/\/a1.com\/wp-content\/uploads\/sites\/6\/2024\/05\/Dejan-1-of-14.jpg)\"\n\t\t\tclass=\"image image--bg image__rounded-corners--none block-image__image\">\n\t\t<\/div>\n\t\n\t<\/div>\t<\/div>\n\n<\/div>\n\n\n\n<div class=\"block-column block-column__width-large--7 block-column__width-mobile--12     block-column__border-color-large--primary block-column__border-size-large--none\">\n\t\n<div\n\tclass=\"wrapper wrapper__bg-color--white  wrapper__spacing-bottom-large--40       wrapper__border-color-large--primary wrapper__border-size-large--none\"\n\t>\n\n\t\t\t<div\n\t\t\tclass=\"wrapper__anchor\"\n\t\t\tid=\"Dejan-Turk\"\n\t\t>\n\t\t<\/div>\n\t\n\t\t\t<h2 class=\"heading heading__color--black heading__size--small heading__align--left heading__font-family--serif heading__font-weight--bold block-heading__heading\">\n\tDejan Turk,<br>CEO Cluster A1 Slowenien &amp; A1 Kroatien<\/h2>\t<\/div>\n\n\n<div\n\tclass=\"wrapper wrapper__bg-color--white  wrapper__spacing-bottom-large--40       wrapper__border-color-large--primary wrapper__border-size-large--none\"\n\t>\n\n\t\n\t\t\t<p class=\"paragraph paragraph__color--black paragraph__size--default paragraph__align--left paragraph__font-family--sans block-paragraph__paragraph\">\n\tDejan Turk wurde 1967 in Maribor, Slowenien geboren. Er studierte Marketing und Finanzen an der Wirtschaftsuniversit\u00e4t Wien. Seine Karriere begann er als Restaurant Manager bei McDonald&#8217;s Slowenien, wo er sp\u00e4ter CEO der Restaurantkette in Slowenien und Kroatien wurde.<br><br>Dejan Turk wechselte 2004 zur A1 Group, wo er die Position Head of Marketing und Sales bei Si.mobil \u00fcbernahm. Im August 2006 wurde er Mitglied des Vorstands und verantwortete den Bereich Market Operations. Von M\u00e4rz 2007 bis Februar 2014 war er Vorstandsvorsitzender bei Si.mobil (heute: A1 Slowenien).<br><br>Im M\u00e4rz 2014 \u00fcbernahm er die Rolle des CEO\/CMO bei A1 Serbien und ist seit Mai 2015 CEO\/CMO der neuen Organisationseinheit \u201eSerbien und Slowenien\u201c innerhalb der A1 Group. Per 1. Juni 2024 wurde er zum CEO von A1 Slowenien und A1 Kroatien ernannt.<\/p>\t<\/div>\n\n<\/div>\n\n<\/div>\n\t\t\t<\/div>\n\t\t<\/div>\n\t<\/div>\n\n\n<div\n\tclass=\"wrapper wrapper__bg-color--white  wrapper__spacing-bottom-large--40       wrapper__border-color-large--primary wrapper__border-size-large--none\"\n\t>\n\n\t\n\t\t\t<div class=\"wrapper__container wrapper__container-width-large--default wrapper__gutter-desktop--default wrapper__gutter-tablet--small\">\n\t\t\t<div class=\"wrapper__inner wrapper__width-large--12\">\n\t\t\t\t\n<div class=\"block-columns block-columns__gutter-large--30 block-columns__vertical-spacing-large--30\">\n\t\n\n<div class=\"block-column block-column__width-large--4 block-column__width-mobile--12     block-column__border-color-large--primary block-column__border-size-large--none\">\n\t\n<div\n\tclass=\"wrapper wrapper__bg-color--white  wrapper__spacing-bottom-large--40 wrapper__spacing-bottom-mobile--0       wrapper__border-color-large--primary wrapper__border-size-large--none\"\n\t>\n\n\t\n\t\t\t<div class=\"image-wrap block-image__image-wrap\" data-align=\"center center\">\n\n\t\t\t<div\n\t\t\tstyle=\"background-image:url(https:\/\/a1.com\/wp-content\/uploads\/sites\/6\/2023\/02\/Helmut_Duhs-270x180-1.jpg)\"\n\t\t\tclass=\"image image--bg image__rounded-corners--none block-image__image\">\n\t\t<\/div>\n\t\n\t<\/div>\t<\/div>\n\n<\/div>\n\n\n\n<div class=\"block-column block-column__width-large--7 block-column__width-mobile--12     block-column__border-color-large--primary block-column__border-size-large--none\">\n\t\n<div\n\tclass=\"wrapper wrapper__bg-color--white  wrapper__spacing-bottom-large--40       wrapper__border-color-large--primary wrapper__border-size-large--none\"\n\t>\n\n\t\t\t<div\n\t\t\tclass=\"wrapper__anchor\"\n\t\t\tid=\"Helmut-Duhs\"\n\t\t>\n\t\t<\/div>\n\t\n\t\t\t<h2 class=\"heading heading__color--black heading__size--small heading__align--left heading__font-family--serif heading__font-weight--bold block-heading__heading\">\n\tHelmut Duhs,<br>CEO A1 Belarus<\/h2>\t<\/div>\n\n\n<div\n\tclass=\"wrapper wrapper__bg-color--white  wrapper__spacing-bottom-large--40       wrapper__border-color-large--primary wrapper__border-size-large--none\"\n\t>\n\n\t\n\t\t\t<p class=\"paragraph paragraph__color--black paragraph__size--default paragraph__align--left paragraph__font-family--sans block-paragraph__paragraph\">\n\tHelmut Duhs wurde 1971 in Klagenfurt, \u00d6sterreich, geboren und hat eine Tochter.<br><br>Duhs ist Ingenieur der Nachrichtentechnik und erhielt 1993 seinen Magister der Wirtschaftsinformatik an der Universit\u00e4t Wien. 2002 schloss er das Studium zum Executive MBA an der Donau Universit\u00e4t ab.<br><br>Helmut Duhs begann 1996 im Finanzbereich innerhalb der A1 Group und arbeitete seitdem in verschiedenen Managementpositionen innerhalb des Konzerns. 2004 wurde er zum CEO der Mobilkom Austria Group Services GmbH ernannt und ist seitdem Mitglied des Leadership Teams des Konzerns. Seit 2007 leitet Duhs erfolgreich die Gesch\u00e4fte der A1 Group in Wei\u00dfrussland.<\/p>\t<\/div>\n\n<\/div>\n\n<\/div>\n\t\t\t<\/div>\n\t\t<\/div>\n\t<\/div>\n\n\n<div\n\tclass=\"wrapper wrapper__bg-color--white  wrapper__spacing-bottom-large--40       wrapper__border-color-large--primary wrapper__border-size-large--none\"\n\t>\n\n\t\n\t\t\t<div class=\"wrapper__container wrapper__container-width-large--default wrapper__gutter-desktop--default wrapper__gutter-tablet--small\">\n\t\t\t<div class=\"wrapper__inner wrapper__width-large--12\">\n\t\t\t\t\n<div class=\"block-columns block-columns__gutter-large--30 block-columns__vertical-spacing-large--30\">\n\t\n\n<div class=\"block-column block-column__width-large--4 block-column__width-mobile--12     block-column__border-color-large--primary block-column__border-size-large--none\">\n\t\n<div\n\tclass=\"wrapper wrapper__bg-color--white  wrapper__spacing-bottom-large--40 wrapper__spacing-bottom-mobile--0       wrapper__border-color-large--primary wrapper__border-size-large--none\"\n\t>\n\n\t\n\t\t\t<div class=\"image-wrap block-image__image-wrap\" data-align=\"center center\">\n\n\t\t\t<div\n\t\t\tstyle=\"background-image:url(https:\/\/a1.com\/wp-content\/uploads\/sites\/6\/2024\/05\/Judit-Albers-A1-9842_final-highres-scaled.jpg)\"\n\t\t\tclass=\"image image--bg image__rounded-corners--none block-image__image\">\n\t\t<\/div>\n\t\n\t<\/div>\t<\/div>\n\n<\/div>\n\n\n\n<div class=\"block-column block-column__width-large--7 block-column__width-mobile--12     block-column__border-color-large--primary block-column__border-size-large--none\">\n\t\n<div\n\tclass=\"wrapper wrapper__bg-color--white  wrapper__spacing-bottom-large--40       wrapper__border-color-large--primary wrapper__border-size-large--none\"\n\t>\n\n\t\t\t<div\n\t\t\tclass=\"wrapper__anchor\"\n\t\t\tid=\"Judit-Albers\"\n\t\t>\n\t\t<\/div>\n\t\n\t\t\t<h2 class=\"heading heading__color--black heading__size--small heading__align--left heading__font-family--serif heading__font-weight--bold block-heading__heading\">\n\tJudit Albers,<br>CEO A1 Serbien<\/h2>\t<\/div>\n\n\n<div\n\tclass=\"wrapper wrapper__bg-color--white  wrapper__spacing-bottom-large--40       wrapper__border-color-large--primary wrapper__border-size-large--none\"\n\t>\n\n\t\n\t\t\t<p class=\"paragraph paragraph__color--black paragraph__size--default paragraph__align--left paragraph__font-family--sans block-paragraph__paragraph\">\n\tJudit Albers blickt auf eine langj\u00e4hrige, internationale Karriere im Bereich der Telekomindustrie zur\u00fcck. Von 1999 bis 2018 arbeitete Judit Albers f\u00fcr die Deutsche Telekom an mehreren Standorten (Bonn, Budapest und in der Balkanregion), wo sie zahlreiche Management Funktionen innehatte. Zuletzt war sie Head of Voice Trading, CEE, ME and Asia, wo sie den Traffic der Deutsche Telekom und zahlreicher Osteurop\u00e4ischer Tochtergesellschaften betrieb, das Asien Gesch\u00e4ft vorantrieb und im Mittleren Osten ebenfalls signifikantes Wachstum durch aktive Gesch\u00e4ftsentwicklungen verbuchte. <br><br>Danach war Judit Albers als Head of International Business der AzerTelecom in Aserbaidschan t\u00e4tig, wo sie das Internationale Gesch\u00e4ftssegment des Betreibers inklusive Voice und Data weltweit verantwortete. Seit 2021 \u00a0ist Judit Albers als Director International Business der A1 Group t\u00e4tig. Mit 1. Juni 2024 wurde sie als neue CEO A1 Serbien ernannt. \u00a0<br><br>Judit Albers h\u00e4lt einen BA Abschluss in \u201eBusiness and International Relations\u201c der Corvinus Universit\u00e4t in Budapest sowie einen MBA Abschluss in \u201eTelecommunications\u201c, ebenfalls von der Corvinus Universit\u00e4t in Budapest.<\/p>\t<\/div>\n\n<\/div>\n\n<\/div>\n\t\t\t<\/div>\n\t\t<\/div>\n\t<\/div>\n\n\n<div\n\tclass=\"wrapper wrapper__bg-color--white  wrapper__spacing-bottom-large--40       wrapper__border-color-large--primary wrapper__border-size-large--none\"\n\t>\n\n\t\n\t\t\t<div class=\"wrapper__container wrapper__container-width-large--default wrapper__gutter-desktop--default wrapper__gutter-tablet--small\">\n\t\t\t<div class=\"wrapper__inner wrapper__width-large--12\">\n\t\t\t\t\n<div class=\"block-columns block-columns__gutter-large--30 block-columns__vertical-spacing-large--30\">\n\t\n\n<div class=\"block-column block-column__width-large--4 block-column__width-mobile--12     block-column__border-color-large--primary block-column__border-size-large--none\">\n\t\n<div\n\tclass=\"wrapper wrapper__bg-color--white  wrapper__spacing-bottom-large--40 wrapper__spacing-bottom-mobile--0       wrapper__border-color-large--primary wrapper__border-size-large--none\"\n\t>\n\n\t\n\t\t\t<div class=\"image-wrap block-image__image-wrap\" data-align=\"center center\">\n\n\t\t\t<div\n\t\t\tstyle=\"background-image:url(https:\/\/a1.com\/wp-content\/uploads\/sites\/6\/2024\/05\/Metodija-Mirchev-scaled.jpg)\"\n\t\t\tclass=\"image image--bg image__rounded-corners--none block-image__image\">\n\t\t<\/div>\n\t\n\t<\/div>\t<\/div>\n\n<\/div>\n\n\n\n<div class=\"block-column block-column__width-large--7 block-column__width-mobile--12     block-column__border-color-large--primary block-column__border-size-large--none\">\n\t\n<div\n\tclass=\"wrapper wrapper__bg-color--white  wrapper__spacing-bottom-large--40       wrapper__border-color-large--primary wrapper__border-size-large--none\"\n\t>\n\n\t\t\t<div\n\t\t\tclass=\"wrapper__anchor\"\n\t\t\tid=\"Metodija-Mirchev\"\n\t\t>\n\t\t<\/div>\n\t\n\t\t\t<h2 class=\"heading heading__color--black heading__size--small heading__align--left heading__font-family--serif heading__font-weight--bold block-heading__heading\">\n\t<strong>Metodija Mirchev<\/strong>,<br><strong>CEO A1 Mazedonien<\/strong><\/h2>\t<\/div>\n\n\n<div\n\tclass=\"wrapper wrapper__bg-color--white  wrapper__spacing-bottom-large--40       wrapper__border-color-large--primary wrapper__border-size-large--none\"\n\t>\n\n\t\n\t\t\t<p class=\"paragraph paragraph__color--black paragraph__size--default paragraph__align--left paragraph__font-family--sans block-paragraph__paragraph\">\n\tMetodija Mirchev begann seine Karriere in der FMCG-Branche in Polen in F\u00fchrungspositionen mehrerer internationaler Unternehmen. Bevor er in die Telekommunikationsbranche wechselte, hatte er eine leitende Position bei L&#8217;Or\u00e9al Polen inne. Im Jahr 2005 wurde er zum Vertriebsleiter des Telekommunikationsunternehmens Cosmofon ernannt, das zur COSMOTE-Gruppe geh\u00f6rt, und zwei Jahre sp\u00e4ter wurde er Chief Commercial Director.\u00a02011 wurde er zum Director of Sales and Marketing des Telekommunikationsunternehmens One ernannt und 2013 zum Chief Operating Officer (Executive Member of the Board of Directors) bef\u00f6rdert.<br>\u00a0<br>Metodija hat einen Master-Abschluss von der Technischen Fakult\u00e4t in Warschau und MBA-Abschl\u00fcsse von mehreren renommierten Business Schools wie der London Business School, der HEC Paris und der NHH Norwegen.<br>\u00a0<br>Im Januar 2020 wurde er zum Executive Director von A1 Macedonia ernannt und im April 2024 zum CEO bef\u00f6rdert.<\/p>\t<\/div>\n\n<\/div>\n\n<\/div>\n\t\t\t<\/div>\n\t\t<\/div>\n\t<\/div>\n\n\n<div\n\tclass=\"wrapper wrapper__bg-color--white  wrapper__spacing-bottom-large--40       wrapper__border-color-large--primary wrapper__border-size-large--none\"\n\t>\n\n\t\n\t\t\t<div class=\"wrapper__container wrapper__container-width-large--default wrapper__gutter-desktop--default wrapper__gutter-tablet--small\">\n\t\t\t<div class=\"wrapper__inner wrapper__width-large--12\">\n\t\t\t\t\n<div class=\"block-columns block-columns__gutter-large--30 block-columns__vertical-spacing-large--30\">\n\t\n\n<div class=\"block-column block-column__width-large--4 block-column__width-mobile--12     block-column__border-color-large--primary block-column__border-size-large--none\">\n\t\n<div\n\tclass=\"wrapper wrapper__bg-color--white  wrapper__spacing-bottom-large--40 wrapper__spacing-bottom-mobile--0       wrapper__border-color-large--primary wrapper__border-size-large--none\"\n\t>\n\n\t\n\t\t\t<div class=\"image-wrap block-image__image-wrap\" data-align=\"center center\">\n\n\t\t\t<div\n\t\t\tstyle=\"background-image:url(https:\/\/a1.com\/wp-content\/uploads\/sites\/6\/2023\/02\/Castiglioni-270x180-1.jpg)\"\n\t\t\tclass=\"image image--bg image__rounded-corners--none block-image__image\">\n\t\t<\/div>\n\t\n\t<\/div>\t<\/div>\n\n<\/div>\n\n\n\n<div class=\"block-column block-column__width-large--7 block-column__width-mobile--12     block-column__border-color-large--primary block-column__border-size-large--none\">\n\t\n<div\n\tclass=\"wrapper wrapper__bg-color--white  wrapper__spacing-bottom-large--40       wrapper__border-color-large--primary wrapper__border-size-large--none\"\n\t>\n\n\t\t\t<div\n\t\t\tclass=\"wrapper__anchor\"\n\t\t\tid=\"Elisabetta-Castiglioni\"\n\t\t>\n\t\t<\/div>\n\t\n\t\t\t<h2 class=\"heading heading__color--black heading__size--small heading__align--left heading__font-family--serif heading__font-weight--bold block-heading__heading\">\n\tElisabetta Castiglioni,<br>CEO A1 Digital<\/h2>\t<\/div>\n\n\n<div\n\tclass=\"wrapper wrapper__bg-color--white  wrapper__spacing-bottom-large--40       wrapper__border-color-large--primary wrapper__border-size-large--none\"\n\t>\n\n\t\n\t\t\t<p class=\"paragraph paragraph__color--black paragraph__size--default paragraph__align--left paragraph__font-family--sans block-paragraph__paragraph\">\n\tElisabetta Castiglioni geboren 1964 in Premosello Chiovenda, Italien, absolvierte ihren PhD in Business Administration an der Technischen Universit\u00e4t M\u00fcnchen und ihren MBA an der Ludwig-Maximilians-Universit\u00e4t M\u00fcnchen.<br><br>Sie bringt langj\u00e4hrige F\u00fchrungserfahrung aus verschiedensten internationalen Senior Management-Positionen in der Technologie-, Media- und Telekommunikationsindustrie mit. Auf Corporate-Seite fungierte sie zuletzt als CEO von Siemens Global Media Business, Teil der Siemens IT-Solution und Services-Sparte. Unter ihrer F\u00fchrung entstand ein global erfolgreicher Gesch\u00e4ftsbereich mit f\u00fchrenden Medien- und Entertainment-Unternehmen als Kunden. Bei MCI \u2013 heute Verizon Business \u2013 war sie EMEA Produkt-Marketing Director, launchte innovative Datenl\u00f6sungen f\u00fcr den Business-Markt und verantwortete Netzwerkausbau-Projekte in Europa und im asiatisch-pazifischen Raum.<br><br>Castiglioni war von 2013 bis 2016 als Aufsichtsr\u00e4tin der A1 Group t\u00e4tig, bevor sie im Juni 2016 dem Leadership Team der A1 Group als CEO der neuen A1 Digital beigetreten ist.<\/p>\t<\/div>\n\n<\/div>\n\n<\/div>\n\t\t\t<\/div>\n\t\t<\/div>\n\t<\/div>\n\n\n<div\n\tclass=\"wrapper wrapper__bg-color--white  wrapper__spacing-bottom-large--40       wrapper__border-color-large--primary wrapper__border-size-large--none\"\n\t>\n\n\t\n\t\t\t<div class=\"wrapper__container wrapper__container-width-large--default wrapper__gutter-desktop--default wrapper__gutter-tablet--small\">\n\t\t\t<div class=\"wrapper__inner wrapper__width-large--12\">\n\t\t\t\t\n<div class=\"block-columns block-columns__gutter-large--30 block-columns__vertical-spacing-large--30\">\n\t\n\n<div class=\"block-column block-column__width-large--4 block-column__width-mobile--12     block-column__border-color-large--primary block-column__border-size-large--none\">\n\t\n<div\n\tclass=\"wrapper wrapper__bg-color--white  wrapper__spacing-bottom-large--40 wrapper__spacing-bottom-mobile--0       wrapper__border-color-large--primary wrapper__border-size-large--none\"\n\t>\n\n\t\n\t\t\t<div class=\"image-wrap block-image__image-wrap\" data-align=\"center center\">\n\n\t\t\t<div\n\t\t\tstyle=\"background-image:url(https:\/\/a1.com\/wp-content\/uploads\/sites\/6\/2023\/02\/eva_zehetner-270x180-1.jpg)\"\n\t\t\tclass=\"image image--bg image__rounded-corners--none block-image__image\">\n\t\t<\/div>\n\t\n\t<\/div>\t<\/div>\n\n<\/div>\n\n\n\n<div class=\"block-column block-column__width-large--7 block-column__width-mobile--12     block-column__border-color-large--primary block-column__border-size-large--none\">\n\t\n<div\n\tclass=\"wrapper wrapper__bg-color--white  wrapper__spacing-bottom-large--40       wrapper__border-color-large--primary wrapper__border-size-large--none\"\n\t>\n\n\t\t\t<div\n\t\t\tclass=\"wrapper__anchor\"\n\t\t\tid=\"Eva-Zehetner\"\n\t\t>\n\t\t<\/div>\n\t\n\t\t\t<h2 class=\"heading heading__color--black heading__size--small heading__align--left heading__font-family--serif heading__font-weight--bold block-heading__heading\">\n\tEva Zehetner,<br>Director A1 Group HR<\/h2>\t<\/div>\n\n\n<div\n\tclass=\"wrapper wrapper__bg-color--white  wrapper__spacing-bottom-large--40       wrapper__border-color-large--primary wrapper__border-size-large--none\"\n\t>\n\n\t\n\t\t\t<p class=\"paragraph paragraph__color--black paragraph__size--default paragraph__align--left paragraph__font-family--sans block-paragraph__paragraph\">\n\tEva Zehetner wurde 1979 geboren und studierte Internationale Betriebswirtschaft an der Universit\u00e4t Wien. Parallel zu ihrem Studium begann sie, HR-Erfahrung bei HP zu sammeln. Nach einigen Jahren im Finanzbereich kehrte sie als HR Business Partner in die HR-Funktion zur\u00fcck. In ihrer letzten Rolle bei HP war sie regionale HR Business Partnerin f\u00fcr den Services-Bereich.<br><br>2011 wechselte Eva Zehetner zu A1 Telekom Austria als Leiterin Compensation &amp; Benefits bei A1 \u00d6sterreich und in der A1 Group. 2017 \u00fcbernahm sie ihre derzeitige Rolle als Director A1 Group HR. In dieser Rolle ist sie verantwortlich f\u00fcr die Gestaltung und Umsetzung der gruppenweiten HR Strategie.<\/p>\t<\/div>\n\n<\/div>\n\n<\/div>\n\t\t\t<\/div>\n\t\t<\/div>\n\t<\/div>\n\n\n<div\n\tclass=\"wrapper wrapper__bg-color--white  wrapper__spacing-bottom-large--40       wrapper__border-color-large--primary wrapper__border-size-large--none\"\n\t>\n\n\t\n\t\t\t<div class=\"wrapper__container wrapper__container-width-large--default wrapper__gutter-desktop--default wrapper__gutter-tablet--small\">\n\t\t\t<div class=\"wrapper__inner wrapper__width-large--12 wrapper__offset-large--0\">\n\t\t\t\t<h2 class=\"heading heading__color--black heading__size--default heading__align--left heading__font-family--serif heading__font-weight--bold block-heading__heading\">\n\tZugeh\u00f6rige Unterlagen<\/h2>\t\t\t<\/div>\n\t\t<\/div>\n\t<\/div>\n\n\n<div\n\tclass=\"wrapper wrapper__bg-color--white  wrapper__spacing-bottom-large--80       wrapper__border-color-large--primary wrapper__border-size-large--none\"\n\t>\n\n\t\n\t\t\t<div class=\"wrapper__container wrapper__container-width-large--default wrapper__gutter-desktop--default wrapper__gutter-tablet--small\">\n\t\t\t<div class=\"wrapper__inner wrapper__width-large--12\">\n\t\t\t\t<div class=\"resource-card block-resource-card__resource-card\">\n\t<i class=\"icon icon  icon__documents-complex resource-card__icon\">\n\t<svg width='128' height='128' viewBox='0 0 128 128' xmlns='http:\/\/www.w3.org\/2000\/svg'><path d='M104.99 11.99H45a2 2 0 0 0-2 2v83.02a2 2 0 0 0 2 2h59.99a2 2 0 0 0 2-2V13.99a2 2 0 0 0-2-2Z' fill='#EB140A' \/><g><path d='M70.59 29.58 84.41 43.4c.37.38.59.88.59 1.41v69.17c0 1.1-.9 2-2 2H23c-1.1 0-2-.9-2-2V31c0-1.1.9-2 2-2h46.17c.53 0 1.04.21 1.41.59l.01-.01Z' fill='#FA8A80' \/><\/g><mask id='7824d966-ab58-4412-b194-225253562a6a'><path d='M70.59 29.58 84.41 43.4c.37.38.59.88.59 1.41v69.17c0 1.1-.9 2-2 2H23c-1.1 0-2-.9-2-2V31c0-1.1.9-2 2-2h46.17c.53 0 1.04.21 1.41.59l.01-.01Z' fill='#FA8A80' \/><\/mask><g><path d='M104.99 11.99H45a2 2 0 0 0-2 2v83.02a2 2 0 0 0 2 2h59.99a2 2 0 0 0 2-2V13.99a2 2 0 0 0-2-2Z' fill='#FF372D' \/><\/g><g><path d='M70.99 57H35v4h35.99v-4Z' fill='#FDC9C4' \/><\/g><g><path d='M70.99 69.01H35v4h35.99v-4Z' fill='#FDC9C4' \/><\/g><g><path d='M70.99 81.01H35v4h35.99v-4Z' fill='#FDC9C4' \/><\/g><path d='M23 29c13.24-.22 29.74-.27 43.05-.23.72.02 2.54 0 3.23 0 .46 0 .78.06 1.14.36 1.09 1.03 2.04 2.04 3.06 3.07 1.98 2.02 7.14 7.25 9.04 9.23l1.5 1.54c.52.48 1.01 1.09.98 1.85.01-.76-.48-1.33-1.02-1.8l-1.54-1.5c-1.95-1.88-7.22-7.07-9.22-9.04-1.02-.99-2.06-2.05-3.05-2.99-.22-.2-.51-.25-.88-.27-.69-.01-2.52.02-3.23 0-13.32.04-29.78 0-43.05-.23L23 29Z' fill='#FDC9C4' \/><defs><filter id='407e1163-27b6-401c-827b-c28782c6515f' x='19' y='29' width='68' height='90.98'><\/filter><filter id='fc84bdc8-69b3-48b8-9a5f-efac5e7673a4' x='41' y='9.98999' width='67.99' height='91.02'><\/filter><filter id='a4377fe1-893b-4b8e-a6b8-e063fd7e3b74' x='34' y='57' width='37.99' height='6'><\/filter><filter id='d45c1e32-9c9a-4fca-abbe-996a2aa5c447' x='34' y='69.01' width='37.99' height='6'><\/filter><filter id='7cc4093a-3498-41f8-af36-9469ca300d8b' x='34' y='81.01' width='37.99' height='6'><\/filter><\/defs><\/svg><\/i>\t<div class=\"resource-card__content\">\n\t\t<h5 class=\"heading heading__color--black heading__size--small-constant  heading__font-family--sans heading__font-weight--bold resource-card__heading\">\n\tVorstandfotos in Druckqualit\u00e4t<\/h5><p class=\"paragraph paragraph__color--black paragraph__size--small  paragraph__font-family--sans resource-card__paragraph\">\n\tA1 Group Newsroom<\/p>\t<\/div>\n\t<div class=\"link-wrap link-wrap__align--left resource-card__link-wrap\">\n\t\t\t<p\n\t\t\tclass=\"link link__color--primary link__size--default link__icon-position--none link__font-family--sans  resource-card__link\"\n\t\t\tid=\"\"\n\t\t\ttitle=\"\"\n\t\t\taria-label=\"\"\n\t\t\t\t\t>\n\t\t\t<i class=\"icon icon  icon__arrow-up-right link__icon\">\n\t<svg xmlns='http:\/\/www.w3.org\/2000\/svg' width='56' height='56' viewBox='0 0 56 56'><g><circle cx='28' cy='28' r='27.5' stroke='currentColor' fill='none' \/><path d='M20.901 34.725 32.937 23 33 34h3V18H20v3h11L18.923 32.747l1.978 1.978Z' fill='currentColor' \/><\/g><defs><path fill='#fff' d='M0 0h56v56H0z' \/><\/defs><\/svg><\/i>\t\t\t<span class=\"link__content\"><\/span>\n\t\t<\/p>\n\n\t<\/div><\/div>\t\t\t<\/div>\n\t\t<\/div>\n\t<\/div>\n\n\n<div\n\tclass=\"wrapper wrapper__bg-color--white  wrapper__spacing-bottom-large--0       wrapper__border-color-large--primary wrapper__border-size-large--none\"\n\t>\n\n\t\n\t\t\t<div class=\"wrapper__container wrapper__container-width-large--default wrapper__gutter-desktop--default wrapper__gutter-tablet--small wrapper__gutter-mobile--small\">\n\t\t\t<div class=\"wrapper__inner wrapper__width-large--12 wrapper__offset-large--0\">\n\t\t\t\t\n<div class=\"block-group block-group__border-color-large--primary block-group__border-size-large--none block-group__gutter--none\">\n\t\n<div\n\tclass=\"wrapper wrapper__bg-color--white  wrapper__spacing-bottom-large--40    wrapper__divider-bottom-large   wrapper__border-color-large--primary wrapper__border-size-large--none\"\n\t>\n\n\t\n\t\t\t<h2 class=\"heading heading__color--black heading__size--default heading__align--left heading__font-family--serif heading__font-weight--bold block-heading__heading\">\n\tEntdecken Sie mehr<\/h2>\t<\/div>\n\n\n<div\n\tclass=\"wrapper wrapper__bg-color--white  wrapper__spacing-bottom-large--0  wrapper__spacing-bottom-in-large--0     wrapper__border-color-large--primary wrapper__border-size-large--none\"\n\t>\n\n\t\n\t\t\t\n<div class=\"block-columns block-columns__gutter-large--10 block-columns__vertical-spacing-large--30 block-columns__vertical-spacing-mobile--0\">\n\t\n\n<div class=\"block-column block-column__width-large--4 block-column__width-mobile--12     block-column__border-color-large--primary block-column__border-size-large--none block-column__no-left-gutter-large\">\n\t\n<div\n\tclass=\"wrapper wrapper__bg-color--white  wrapper__spacing-bottom-large--40       wrapper__border-color-large--primary wrapper__border-size-large--none\"\n\t>\n\n\t\n\t\t\t<div class=\"card-rounded card-rounded__color--concrete  block-card-rounded__card-rounded\">\n\t<div class=\"image-wrap card-rounded__image-wrap\" data-align=\"center center\">\n\n\t\t\t<div\n\t\t\tstyle=\"background-image:url(https:\/\/a1.com\/wp-content\/uploads\/sites\/6\/2023\/05\/Climate-Vision.jpg)\"\n\t\t\tclass=\"image image--bg image__rounded-corners--none card-rounded__image\">\n\t\t<\/div>\n\t\n\t<\/div>\n\t<div class=\"card-rounded__content\">\n\t\t<h5 class=\"heading heading__color--black heading__size--small heading__align--left heading__font-family--sans heading__font-weight--regular card-rounded__heading\">\n\tESG bei der A1 Group<\/h5><p class=\"paragraph paragraph__color--black paragraph__size--default paragraph__align--left paragraph__font-family--sans card-rounded__paragraph\">\n\tDer A1 Group ist es ein besonderes Anliegen, das Umfeld, in dem wir leben, stetig zu verbessern.<\/p><div class=\"link-wrap link-wrap__align--left card-rounded__link-wrap\">\n\t\t\t<a\n\t\t\thref=\"https:\/\/a1.com\/de\/esg\/\"\n\t\t\tclass=\"link link__color--primary link__size--default link__icon-position--right link__font-family--sans  card-rounded__link\"\n\t\t\tid=\"\"\n\t\t\ttitle=\"ESG\"\n\t\t\taria-label=\"\"\n\t\t\t\t\t>\n\t\t\t<i class=\"icon icon  icon__chevron-right link__icon\">\n\t<svg xmlns='http:\/\/www.w3.org\/2000\/svg' width='24' height='24' viewBox='0 0 24 24'><path d='m9.938 17.25-1.126-1.125 4.125-4.124-4.124-4.126L9.937 6.75l5.25 5.252-5.25 5.248Z' fill='currentColor' \/><\/svg><\/i>\t\t\t<span class=\"link__content\">ESG<\/span>\n\t\t<\/a>\n\t<\/div>\t<\/div>\n<\/div>\t<\/div>\n\n<\/div>\n\n\n\n<div class=\"block-column block-column__width-large--4 block-column__width-mobile--12     block-column__border-color-large--primary block-column__border-size-large--none block-column__no-left-gutter-large\">\n\t\n<div\n\tclass=\"wrapper wrapper__bg-color--white  wrapper__spacing-bottom-large--40       wrapper__border-color-large--primary wrapper__border-size-large--none\"\n\t>\n\n\t\n\t\t\t<div class=\"card-rounded card-rounded__color--concrete  block-card-rounded__card-rounded\">\n\t<div class=\"image-wrap card-rounded__image-wrap\" data-align=\"center center\">\n\n\t\t\t<div\n\t\t\tstyle=\"background-image:url(https:\/\/a1.com\/wp-content\/uploads\/sites\/6\/2023\/07\/image027.png)\"\n\t\t\tclass=\"image image--bg image__rounded-corners--none card-rounded__image\">\n\t\t<\/div>\n\t\n\t<\/div>\n\t<div class=\"card-rounded__content\">\n\t\t<h5 class=\"heading heading__color--black heading__size--small heading__align--left heading__font-family--sans heading__font-weight--regular card-rounded__heading\">\n\tInvestor Relations<\/h5><p class=\"paragraph paragraph__color--black paragraph__size--default paragraph__align--left paragraph__font-family--sans card-rounded__paragraph\">\n\tAls f\u00fchrendes Telekommunikationsunternehmen in CEE ist die A1 Group eine attraktive Option f\u00fcr Investoren.<\/p><div class=\"link-wrap link-wrap__align--left card-rounded__link-wrap\">\n\t\t\t<a\n\t\t\thref=\"https:\/\/a1.com\/de\/investor-relations-home\/\"\n\t\t\tclass=\"link link__color--primary link__size--default link__icon-position--right link__font-family--sans  card-rounded__link\"\n\t\t\tid=\"\"\n\t\t\ttitle=\"Investor Relations\"\n\t\t\taria-label=\"\"\n\t\t\ttarget=_blank rel=\"noopener noreferrer\" \t\t>\n\t\t\t<i class=\"icon icon  icon__chevron-right link__icon\">\n\t<svg xmlns='http:\/\/www.w3.org\/2000\/svg' width='24' height='24' viewBox='0 0 24 24'><path d='m9.938 17.25-1.126-1.125 4.125-4.124-4.124-4.126L9.937 6.75l5.25 5.252-5.25 5.248Z' fill='currentColor' \/><\/svg><\/i>\t\t\t<span class=\"link__content\">Investor Relations<\/span>\n\t\t<\/a>\n\t<\/div>\t<\/div>\n<\/div>\t<\/div>\n\n<\/div>\n\n\n\n<div class=\"block-column block-column__width-large--4 block-column__width-mobile--12     block-column__border-color-large--primary block-column__border-size-large--none block-column__no-left-gutter-large\">\n\t\n<div\n\tclass=\"wrapper wrapper__bg-color--white  wrapper__spacing-bottom-large--40       wrapper__border-color-large--primary wrapper__border-size-large--none\"\n\t>\n\n\t\n\t\t\t<div class=\"card-rounded card-rounded__color--concrete  block-card-rounded__card-rounded\">\n\t<div class=\"image-wrap card-rounded__image-wrap\" data-align=\"top center\">\n\n\t\t\t<div\n\t\t\tstyle=\"background-image:url(https:\/\/a1.com\/wp-content\/uploads\/sites\/6\/2023\/05\/A1-Logo-Brand.jpg)\"\n\t\t\tclass=\"image image--bg image__rounded-corners--none card-rounded__image\">\n\t\t<\/div>\n\t\n\t<\/div>\n\t<div class=\"card-rounded__content\">\n\t\t<h5 class=\"heading heading__color--black heading__size--small heading__align--left heading__font-family--sans heading__font-weight--regular card-rounded__heading\">\n\tEmpowering Digital Life<\/h5><p class=\"paragraph paragraph__color--black paragraph__size--default paragraph__align--left paragraph__font-family--sans card-rounded__paragraph\">\n\tDie Vision der A1 Group zielt auf einen \u00fcberzeugenden Nutzen und ein positives \u201eErlebnis\u201c f\u00fcr die Kund:innen sowie f\u00fcr die Gesellschaft ab.<\/p><div class=\"link-wrap link-wrap__align--left card-rounded__link-wrap\">\n\t\t\t<a\n\t\t\thref=\"https:\/\/a1.com\/de\/strategie\/\"\n\t\t\tclass=\"link link__color--primary link__size--default link__icon-position--right link__font-family--sans  card-rounded__link\"\n\t\t\tid=\"\"\n\t\t\ttitle=\"Strategie\"\n\t\t\taria-label=\"\"\n\t\t\t\t\t>\n\t\t\t<i class=\"icon icon  icon__chevron-right link__icon\">\n\t<svg xmlns='http:\/\/www.w3.org\/2000\/svg' width='24' height='24' viewBox='0 0 24 24'><path d='m9.938 17.25-1.126-1.125 4.125-4.124-4.124-4.126L9.937 6.75l5.25 5.252-5.25 5.248Z' fill='currentColor' \/><\/svg><\/i>\t\t\t<span class=\"link__content\">Strategie<\/span>\n\t\t<\/a>\n\t<\/div>\t<\/div>\n<\/div>\t<\/div>\n\n<\/div>\n\n<\/div>\n\t<\/div>\n\n<\/div>\n\t\t\t<\/div>\n\t\t<\/div>\n\t<\/div>\n","protected":false},"excerpt":{"rendered":"","protected":false},"author":3,"featured_media":0,"parent":6787,"menu_order":0,"comment_status":"closed","ping_status":"closed","template":"","meta":{"_acf_changed":false,"footnotes":""},"departments":[20],"class_list":["post-7245","page","type-page","status-publish","hentry","department-group"],"acf":[],"yoast_head":"<!-- This site is optimized with the Yoast SEO plugin v27.4 - https:\/\/yoast.com\/product\/yoast-seo-wordpress\/ -->\n<title>Biografien von Vorst\u00e4nden und F\u00fchrungsteams - A1 Group<\/title>\n<meta name=\"robots\" content=\"index, follow, max-snippet:-1, max-image-preview:large, max-video-preview:-1\" \/>\n<link rel=\"canonical\" href=\"https:\/\/a1.com\/de\/management\/biografien-von-vorstanden-und-fuhrungsteams\/\" \/>\n<meta property=\"og:locale\" content=\"de_DE\" \/>\n<meta property=\"og:type\" content=\"article\" \/>\n<meta property=\"og:title\" content=\"Biografien von Vorst\u00e4nden und F\u00fchrungsteams - A1 Group\" \/>\n<meta property=\"og:url\" content=\"https:\/\/a1.com\/de\/management\/biografien-von-vorstanden-und-fuhrungsteams\/\" \/>\n<meta property=\"og:site_name\" content=\"A1 Group\" \/>\n<meta property=\"article:modified_time\" content=\"2026-01-12T12:00:44+00:00\" \/>\n<meta name=\"twitter:card\" content=\"summary_large_image\" \/>\n<meta name=\"twitter:label1\" content=\"Est. reading time\" \/>\n\t<meta name=\"twitter:data1\" content=\"7 minutes\" \/>\n<script type=\"application\/ld+json\" class=\"yoast-schema-graph\">{\"@context\":\"https:\\\/\\\/schema.org\",\"@graph\":[{\"@type\":\"WebPage\",\"@id\":\"https:\\\/\\\/a1.com\\\/de\\\/management\\\/biografien-von-vorstanden-und-fuhrungsteams\\\/\",\"url\":\"https:\\\/\\\/a1.com\\\/de\\\/management\\\/biografien-von-vorstanden-und-fuhrungsteams\\\/\",\"name\":\"Biografien von Vorst\u00e4nden und F\u00fchrungsteams - A1 Group\",\"isPartOf\":{\"@id\":\"https:\\\/\\\/a1.com\\\/#website\"},\"datePublished\":\"2023-08-02T08:31:53+00:00\",\"dateModified\":\"2026-01-12T12:00:44+00:00\",\"breadcrumb\":{\"@id\":\"https:\\\/\\\/a1.com\\\/de\\\/management\\\/biografien-von-vorstanden-und-fuhrungsteams\\\/#breadcrumb\"},\"inLanguage\":\"de-DE\",\"potentialAction\":[{\"@type\":\"ReadAction\",\"target\":[\"https:\\\/\\\/a1.com\\\/de\\\/management\\\/biografien-von-vorstanden-und-fuhrungsteams\\\/\"]}]},{\"@type\":\"BreadcrumbList\",\"@id\":\"https:\\\/\\\/a1.com\\\/de\\\/management\\\/biografien-von-vorstanden-und-fuhrungsteams\\\/#breadcrumb\",\"itemListElement\":[{\"@type\":\"ListItem\",\"position\":1,\"name\":\"Home\",\"item\":\"https:\\\/\\\/a1.com\\\/de\\\/\"},{\"@type\":\"ListItem\",\"position\":2,\"name\":\"Management\",\"item\":\"https:\\\/\\\/a1.com\\\/de\\\/management\\\/\"},{\"@type\":\"ListItem\",\"position\":3,\"name\":\"Biografien von Vorst\u00e4nden und F\u00fchrungsteams\"}]},{\"@type\":\"WebSite\",\"@id\":\"https:\\\/\\\/a1.com\\\/#website\",\"url\":\"https:\\\/\\\/a1.com\\\/\",\"name\":\"A1 Group\",\"description\":\"\",\"potentialAction\":[{\"@type\":\"SearchAction\",\"target\":{\"@type\":\"EntryPoint\",\"urlTemplate\":\"https:\\\/\\\/a1.com\\\/?s={search_term_string}\"},\"query-input\":{\"@type\":\"PropertyValueSpecification\",\"valueRequired\":true,\"valueName\":\"search_term_string\"}}],\"inLanguage\":\"de-DE\"}]}<\/script>\n<!-- \/ Yoast SEO plugin. -->","yoast_head_json":{"title":"Biografien von Vorst\u00e4nden und F\u00fchrungsteams - A1 Group","robots":{"index":"index","follow":"follow","max-snippet":"max-snippet:-1","max-image-preview":"max-image-preview:large","max-video-preview":"max-video-preview:-1"},"canonical":"https:\/\/a1.com\/de\/management\/biografien-von-vorstanden-und-fuhrungsteams\/","og_locale":"de_DE","og_type":"article","og_title":"Biografien von Vorst\u00e4nden und F\u00fchrungsteams - A1 Group","og_url":"https:\/\/a1.com\/de\/management\/biografien-von-vorstanden-und-fuhrungsteams\/","og_site_name":"A1 Group","article_modified_time":"2026-01-12T12:00:44+00:00","twitter_card":"summary_large_image","twitter_misc":{"Est. reading time":"7 minutes"},"schema":{"@context":"https:\/\/schema.org","@graph":[{"@type":"WebPage","@id":"https:\/\/a1.com\/de\/management\/biografien-von-vorstanden-und-fuhrungsteams\/","url":"https:\/\/a1.com\/de\/management\/biografien-von-vorstanden-und-fuhrungsteams\/","name":"Biografien von Vorst\u00e4nden und F\u00fchrungsteams - A1 Group","isPartOf":{"@id":"https:\/\/a1.com\/#website"},"datePublished":"2023-08-02T08:31:53+00:00","dateModified":"2026-01-12T12:00:44+00:00","breadcrumb":{"@id":"https:\/\/a1.com\/de\/management\/biografien-von-vorstanden-und-fuhrungsteams\/#breadcrumb"},"inLanguage":"de-DE","potentialAction":[{"@type":"ReadAction","target":["https:\/\/a1.com\/de\/management\/biografien-von-vorstanden-und-fuhrungsteams\/"]}]},{"@type":"BreadcrumbList","@id":"https:\/\/a1.com\/de\/management\/biografien-von-vorstanden-und-fuhrungsteams\/#breadcrumb","itemListElement":[{"@type":"ListItem","position":1,"name":"Home","item":"https:\/\/a1.com\/de\/"},{"@type":"ListItem","position":2,"name":"Management","item":"https:\/\/a1.com\/de\/management\/"},{"@type":"ListItem","position":3,"name":"Biografien von Vorst\u00e4nden und F\u00fchrungsteams"}]},{"@type":"WebSite","@id":"https:\/\/a1.com\/#website","url":"https:\/\/a1.com\/","name":"A1 Group","description":"","potentialAction":[{"@type":"SearchAction","target":{"@type":"EntryPoint","urlTemplate":"https:\/\/a1.com\/?s={search_term_string}"},"query-input":{"@type":"PropertyValueSpecification","valueRequired":true,"valueName":"search_term_string"}}],"inLanguage":"de-DE"}]}},"_links":{"self":[{"href":"https:\/\/a1.com\/de\/wp-json\/wp\/v2\/pages\/7245","targetHints":{"allow":["GET"]}}],"collection":[{"href":"https:\/\/a1.com\/de\/wp-json\/wp\/v2\/pages"}],"about":[{"href":"https:\/\/a1.com\/de\/wp-json\/wp\/v2\/types\/page"}],"author":[{"embeddable":true,"href":"https:\/\/a1.com\/de\/wp-json\/wp\/v2\/users\/3"}],"replies":[{"embeddable":true,"href":"https:\/\/a1.com\/de\/wp-json\/wp\/v2\/comments?post=7245"}],"version-history":[{"count":10,"href":"https:\/\/a1.com\/de\/wp-json\/wp\/v2\/pages\/7245\/revisions"}],"predecessor-version":[{"id":17001,"href":"https:\/\/a1.com\/de\/wp-json\/wp\/v2\/pages\/7245\/revisions\/17001"}],"up":[{"embeddable":true,"href":"https:\/\/a1.com\/de\/wp-json\/wp\/v2\/pages\/6787"}],"wp:attachment":[{"href":"https:\/\/a1.com\/de\/wp-json\/wp\/v2\/media?parent=7245"}],"wp:term":[{"taxonomy":"department","embeddable":true,"href":"https:\/\/a1.com\/de\/wp-json\/wp\/v2\/departments?post=7245"}],"curies":[{"name":"wp","href":"https:\/\/api.w.org\/{rel}","templated":true}]}}