{"id":6610,"date":"2023-07-19T14:39:26","date_gmt":"2023-07-19T12:39:26","guid":{"rendered":"https:\/\/a1.com\/?page_id=6610"},"modified":"2025-09-18T12:35:31","modified_gmt":"2025-09-18T10:35:31","slug":"aufsichtsrat","status":"publish","type":"page","link":"https:\/\/a1.com\/de\/aufsichtsrat\/","title":{"rendered":"Aufsichtsrat"},"content":{"rendered":"<div\n\tclass=\"wrapper wrapper__bg-color--white wrapper__spacing-top-large--20 wrapper__spacing-bottom-large--90       wrapper__border-color-large--primary wrapper__border-size-large--none\"\n\t>\n\n\t\n\t\t\t<div class=\"wrapper__container wrapper__container-width-large--default wrapper__gutter-desktop--default wrapper__gutter-tablet--small\">\n\t\t\t<div class=\"wrapper__inner wrapper__width-large--12\">\n\t\t\t\t<div class='block-breadcrumbs'><a href='https:\/\/a1.com\/de\/' class='block-breadcrumbs__home' aria-label='Home link'><\/a><span><a class=\"block-breadcrumbs__link\" href=\" https:\/\/a1.com\/de\/ \">Home<\/a><\/span><\/div>\t\t\t<\/div>\n\t\t<\/div>\n\t<\/div>\n\n\n<div\n\tclass=\"wrapper wrapper__bg-color--white  wrapper__spacing-bottom-large--40       wrapper__border-color-large--primary wrapper__border-size-large--none\"\n\t>\n\n\t\n\t\t\t<div class=\"wrapper__container wrapper__container-width-large--default wrapper__gutter-desktop--default wrapper__gutter-tablet--small\">\n\t\t\t<div class=\"wrapper__inner wrapper__width-large--8 wrapper__width-mobile--12 wrapper__offset-large--2 wrapper__offset-mobile--0\">\n\t\t\t\t<h2 class=\"heading heading__color--black heading__size--default heading__align--left heading__font-family--serif heading__font-weight--bold block-heading__heading\">\n\tMitglieder und Aussch\u00fcsse des Aufsichtsrats<\/h2>\t\t\t<\/div>\n\t\t<\/div>\n\t<\/div>\n\n\n<div\n\tclass=\"wrapper wrapper__bg-color--white  wrapper__spacing-bottom-large--60       wrapper__border-color-large--primary wrapper__border-size-large--none\"\n\t>\n\n\t\n\t\t\t<div class=\"wrapper__container wrapper__container-width-large--default wrapper__gutter-desktop--default wrapper__gutter-tablet--small\">\n\t\t\t<div class=\"wrapper__inner wrapper__width-large--8 wrapper__width-mobile--12 wrapper__offset-large--2 wrapper__offset-mobile--0\">\n\t\t\t\t<p class=\"paragraph paragraph__color--black paragraph__size--default-constant paragraph__align--left paragraph__font-family--sans block-paragraph__paragraph\">\n\tDer Aufsichtsrat der Telekom Austria AG besteht aus zehn von der Hauptversammlung gew\u00e4hlten Mitgliedern sowie vier vom Zentralbetriebsrat der A1 Telekom Austria AG entsandten Mitgliedern und einem von der Personalvertretung der Telekom Austria AG entsandten Mitglied. <br><br>Die Mitbestimmung der Arbeitnehmer im Aufsichtsrat ist ein gesetzlich geregelter Aspekt des Corporate-Governance-Systems in \u00d6sterreich. Der Aufsichtsrat hat zu seiner effizienten Unterst\u00fctzung drei Aussch\u00fcsse eingerichtet, die ausgew\u00e4hlte Aufgaben und Fragestellungen f\u00fcr den Gesamtaufsichtsrat vorbereiten.<\/p>\t\t\t<\/div>\n\t\t<\/div>\n\t<\/div>\n\n\n<div\n\tclass=\"wrapper wrapper__bg-color--white  wrapper__spacing-bottom-large--0       wrapper__border-color-large--primary wrapper__border-size-large--none\"\n\t>\n\n\t\n\t\t\t<div class=\"wrapper__container wrapper__container-width-large--default wrapper__gutter-desktop--default wrapper__gutter-tablet--small\">\n\t\t\t<div class=\"wrapper__inner wrapper__width-large--8 wrapper__width-mobile--12 wrapper__offset-large--2 wrapper__offset-mobile--0\">\n\t\t\t\t<div\n\tclass=\"accordion js-accordion block-accordion__accordion\"\n\tdata-accordion-open=\"false\"\n>\n\t<button\n\t\tclass=\"accordion__trigger accordion__trigger-size--small accordion__trigger-font-family--sans accordion__trigger-font-weight--regular js-accordion-trigger\"\n\t\taria-label=\"Pr\u00fcfungsausschuss\"\n\t\taria-controls\n\t>\n\t\tPr\u00fcfungsausschuss\t\t<div class=\"accordion__icon\" aria-hidden=\"true\" >\n\t\t\t<svg xmlns='http:\/\/www.w3.org\/2000\/svg' width='15' height='10' viewBox='0 0 15 10' fill='none'><g><path d='M.719 1.836 2.172.383 7.499 5.71l5.33-5.327 1.452 1.453L7.5 8.616.72 1.836Z' fill='currentColor' \/><\/g><defs><path fill='#fff' d='M0 0h15v10H0z' \/><\/defs><\/svg>\t\t<\/div>\n\t<\/button>\n\t<section\n\t\tclass=\"accordion__panel js-accordion-panel\"\n\t\taria-hidden=\"true\"\n\t>\n\t\t<div class=\"accordion__content\">\n\t\t\t\n<div class=\"wrapper wrapper__bg-color--white  wrapper__spacing-bottom-large--40       wrapper__border-color-large--primary wrapper__border-size-large--none\">\n\n\t\n\t\t\t<p class=\"paragraph paragraph__color--black paragraph__size--default paragraph__align--left paragraph__font-family--sans block-paragraph__paragraph\">\n\tDem Pr\u00fcfungsausschuss obliegen vor allem die Pr\u00fcfung und Vorbereitung der Feststellung des Jahresabschlusses, die Pr\u00fcfung des Konzernabschlusses, des Vorschlags f\u00fcr die Gewinnverwendung, des Lageberichts und Konzernlageberichts und des Corporate-Governance-Berichts. <br><br>Einen hohen Stellenwert nimmt die \u00dcberwachung des Rechnungslegungsprozesses, der Wirksamkeit des Internen Kontrollsystems, des internen Revisionssystems und des Risikomanagementsystems ein. Er bereitet auch die Auswahl des Abschlusspr\u00fcfers vor und \u00fcberpr\u00fcft die Unabh\u00e4ngigkeit des Abschlusspr\u00fcfers und Konzernabschlusspr\u00fcfers unter besonderer Ber\u00fccksichtigung der dar\u00fcber hinausgehend erbrachten Leistungen. <br><br>Dem Pr\u00fcfungsausschuss geh\u00f6ren Carlos Garc\u00eda Moreno Elizondo als Vorsitzender und Finanzexperte, Stefan F\u00fcrnsinn, Carlos Jarque, Oscar Von Hauske Sol\u00eds, Peter Hagen, Peter Kollmann sowie Gerhard Bayer, Renate Richter und Alexander Sollak als Belegschaftsvertreter an.<\/p>\t<\/div>\n\n\t\t<\/div>\n\t<\/section>\n<\/div>\t\t\t<\/div>\n\t\t<\/div>\n\t<\/div>\n\n\n<div\n\tclass=\"wrapper wrapper__bg-color--white  wrapper__spacing-bottom-large--0       wrapper__border-color-large--primary wrapper__border-size-large--none\"\n\t>\n\n\t\n\t\t\t<div class=\"wrapper__container wrapper__container-width-large--default wrapper__gutter-desktop--default wrapper__gutter-tablet--small\">\n\t\t\t<div class=\"wrapper__inner wrapper__width-large--8 wrapper__width-mobile--12 wrapper__offset-large--2 wrapper__offset-mobile--0\">\n\t\t\t\t<div\n\tclass=\"accordion js-accordion block-accordion__accordion\"\n\tdata-accordion-open=\"false\"\n>\n\t<button\n\t\tclass=\"accordion__trigger accordion__trigger-size--small accordion__trigger-font-family--sans accordion__trigger-font-weight--regular js-accordion-trigger\"\n\t\taria-label=\"Verg\u00fctungsausschuss\"\n\t\taria-controls\n\t>\n\t\tVerg\u00fctungsausschuss\t\t<div class=\"accordion__icon\" aria-hidden=\"true\" >\n\t\t\t<svg xmlns='http:\/\/www.w3.org\/2000\/svg' width='15' height='10' viewBox='0 0 15 10' fill='none'><g><path d='M.719 1.836 2.172.383 7.499 5.71l5.33-5.327 1.452 1.453L7.5 8.616.72 1.836Z' fill='currentColor' \/><\/g><defs><path fill='#fff' d='M0 0h15v10H0z' \/><\/defs><\/svg>\t\t<\/div>\n\t<\/button>\n\t<section\n\t\tclass=\"accordion__panel js-accordion-panel\"\n\t\taria-hidden=\"true\"\n\t>\n\t\t<div class=\"accordion__content\">\n\t\t\t\n<div class=\"wrapper wrapper__bg-color--white  wrapper__spacing-bottom-large--40       wrapper__border-color-large--primary wrapper__border-size-large--none\">\n\n\t\n\t\t\t<p class=\"paragraph paragraph__color--black paragraph__size--default paragraph__align--left paragraph__font-family--sans block-paragraph__paragraph\">\n\tDen Verg\u00fctungsausschuss bilden Edith Hlawati als Vorsitzende, Carlos Garc\u00eda Moreno Elizondo als Stellvertreter und Oscar Von Hauske Sol\u00eds. Der Verg\u00fctungsausschuss schlie\u00dft die Vorstandsvertr\u00e4ge ab, definiert die Vorstandsverg\u00fctung, legt die Zielvorgaben f\u00fcr die Berechnung der erfolgsabh\u00e4ngigen Komponenten fest und \u00fcberwacht die Zielerreichung.<\/p>\t<\/div>\n\n\t\t<\/div>\n\t<\/section>\n<\/div>\t\t\t<\/div>\n\t\t<\/div>\n\t<\/div>\n\n\n<div\n\tclass=\"wrapper wrapper__bg-color--white  wrapper__spacing-bottom-large--0  wrapper__spacing-bottom-in-large--100     wrapper__border-color-large--primary wrapper__border-size-large--none\"\n\t>\n\n\t\n\t\t\t<div class=\"wrapper__container wrapper__container-width-large--default wrapper__gutter-desktop--default wrapper__gutter-tablet--small\">\n\t\t\t<div class=\"wrapper__inner wrapper__width-large--8 wrapper__width-mobile--12 wrapper__offset-large--2 wrapper__offset-mobile--0\">\n\t\t\t\t<div\n\tclass=\"accordion js-accordion block-accordion__accordion\"\n\tdata-accordion-open=\"false\"\n>\n\t<button\n\t\tclass=\"accordion__trigger accordion__trigger-size--small accordion__trigger-font-family--sans accordion__trigger-font-weight--regular js-accordion-trigger\"\n\t\taria-label=\"Personal- und Nominierungsausschuss\"\n\t\taria-controls\n\t>\n\t\tPersonal- und Nominierungsausschuss\t\t<div class=\"accordion__icon\" aria-hidden=\"true\" >\n\t\t\t<svg xmlns='http:\/\/www.w3.org\/2000\/svg' width='15' height='10' viewBox='0 0 15 10' fill='none'><g><path d='M.719 1.836 2.172.383 7.499 5.71l5.33-5.327 1.452 1.453L7.5 8.616.72 1.836Z' fill='currentColor' \/><\/g><defs><path fill='#fff' d='M0 0h15v10H0z' \/><\/defs><\/svg>\t\t<\/div>\n\t<\/button>\n\t<section\n\t\tclass=\"accordion__panel js-accordion-panel\"\n\t\taria-hidden=\"true\"\n\t>\n\t\t<div class=\"accordion__content\">\n\t\t\t\n<div class=\"wrapper wrapper__bg-color--white  wrapper__spacing-bottom-large--40       wrapper__border-color-large--primary wrapper__border-size-large--none\">\n\n\t\n\t\t\t<p class=\"paragraph paragraph__color--black paragraph__size--default paragraph__align--left paragraph__font-family--sans block-paragraph__paragraph\">\n\tDer Personal- und Nominierungsausschuss unterbreitet dem Aufsichtsrat Vorschl\u00e4ge zur Besetzung frei werdender Mandate im Vorstand und im Aufsichtsrat und befasst sich mit Fragen der Nachfolgeplanung. Seine Mitglieder sind Oscar Von Hauske Sol\u00eds als Vorsitzender, Carlos Garc\u00eda Moreno Elizondo, Edith Hlawati, Carlos Jarque, Alejandro Cant\u00fa, Peter Kollmann, Gerhard Bayer, Franz Valsky und Alexander Sollak.<\/p>\t<\/div>\n\n\t\t<\/div>\n\t<\/section>\n<\/div>\t\t\t<\/div>\n\t\t<\/div>\n\t<\/div>\n\n\n<div\n\tclass=\"wrapper wrapper__bg-color--white  wrapper__spacing-bottom-large--40       wrapper__border-color-large--primary wrapper__border-size-large--none\"\n\t>\n\n\t\n\t\t\t<div class=\"wrapper__container wrapper__container-width-large--default wrapper__gutter-desktop--default wrapper__gutter-tablet--small\">\n\t\t\t<div class=\"wrapper__inner wrapper__width-large--12 wrapper__offset-large--0\">\n\t\t\t\t<h2 class=\"heading heading__color--black heading__size--default heading__align--left heading__font-family--serif heading__font-weight--bold block-heading__heading\">\n\tZugeh\u00f6rige Unterlagen<\/h2>\t\t\t<\/div>\n\t\t<\/div>\n\t<\/div>\n\n\n<div\n\tclass=\"wrapper wrapper__bg-color--white  wrapper__spacing-bottom-large--10  wrapper__spacing-bottom-in-large--80     wrapper__border-color-large--primary wrapper__border-size-large--none\"\n\t>\n\n\t\n\t\t\t<div class=\"wrapper__container wrapper__container-width-large--default wrapper__gutter-desktop--default wrapper__gutter-tablet--small\">\n\t\t\t<div class=\"wrapper__inner wrapper__width-large--12\">\n\t\t\t\t<div class=\"resource-card block-resource-card__resource-card\">\n\t<i class=\"icon icon  icon__documents-complex resource-card__icon\">\n\t<svg width='128' height='128' viewBox='0 0 128 128' xmlns='http:\/\/www.w3.org\/2000\/svg'><path d='M104.99 11.99H45a2 2 0 0 0-2 2v83.02a2 2 0 0 0 2 2h59.99a2 2 0 0 0 2-2V13.99a2 2 0 0 0-2-2Z' fill='#EB140A' \/><g><path d='M70.59 29.58 84.41 43.4c.37.38.59.88.59 1.41v69.17c0 1.1-.9 2-2 2H23c-1.1 0-2-.9-2-2V31c0-1.1.9-2 2-2h46.17c.53 0 1.04.21 1.41.59l.01-.01Z' fill='#FA8A80' \/><\/g><mask id='7824d966-ab58-4412-b194-225253562a6a'><path d='M70.59 29.58 84.41 43.4c.37.38.59.88.59 1.41v69.17c0 1.1-.9 2-2 2H23c-1.1 0-2-.9-2-2V31c0-1.1.9-2 2-2h46.17c.53 0 1.04.21 1.41.59l.01-.01Z' fill='#FA8A80' \/><\/mask><g><path d='M104.99 11.99H45a2 2 0 0 0-2 2v83.02a2 2 0 0 0 2 2h59.99a2 2 0 0 0 2-2V13.99a2 2 0 0 0-2-2Z' fill='#FF372D' \/><\/g><g><path d='M70.99 57H35v4h35.99v-4Z' fill='#FDC9C4' \/><\/g><g><path d='M70.99 69.01H35v4h35.99v-4Z' fill='#FDC9C4' \/><\/g><g><path d='M70.99 81.01H35v4h35.99v-4Z' fill='#FDC9C4' \/><\/g><path d='M23 29c13.24-.22 29.74-.27 43.05-.23.72.02 2.54 0 3.23 0 .46 0 .78.06 1.14.36 1.09 1.03 2.04 2.04 3.06 3.07 1.98 2.02 7.14 7.25 9.04 9.23l1.5 1.54c.52.48 1.01 1.09.98 1.85.01-.76-.48-1.33-1.02-1.8l-1.54-1.5c-1.95-1.88-7.22-7.07-9.22-9.04-1.02-.99-2.06-2.05-3.05-2.99-.22-.2-.51-.25-.88-.27-.69-.01-2.52.02-3.23 0-13.32.04-29.78 0-43.05-.23L23 29Z' fill='#FDC9C4' \/><defs><filter id='407e1163-27b6-401c-827b-c28782c6515f' x='19' y='29' width='68' height='90.98'><\/filter><filter id='fc84bdc8-69b3-48b8-9a5f-efac5e7673a4' x='41' y='9.98999' width='67.99' height='91.02'><\/filter><filter id='a4377fe1-893b-4b8e-a6b8-e063fd7e3b74' x='34' y='57' width='37.99' height='6'><\/filter><filter id='d45c1e32-9c9a-4fca-abbe-996a2aa5c447' x='34' y='69.01' width='37.99' height='6'><\/filter><filter id='7cc4093a-3498-41f8-af36-9469ca300d8b' x='34' y='81.01' width='37.99' height='6'><\/filter><\/defs><\/svg><\/i>\t<div class=\"resource-card__content\">\n\t\t<h5 class=\"heading heading__color--black heading__size--small-constant  heading__font-family--sans heading__font-weight--bold resource-card__heading\">\n\tMitglieder des Aufsichtsrats (pdf)<\/h5><p class=\"paragraph paragraph__color--black paragraph__size--small  paragraph__font-family--sans resource-card__paragraph\">\n\tStand: 12. Juni 2025<\/p>\t<\/div>\n\t<div class=\"link-wrap link-wrap__align--left resource-card__link-wrap\">\n\t\t\t<a\n\t\t\thref=\"https:\/\/a1.com\/wp-content\/uploads\/sites\/6\/2025\/09\/Mitglieder-des-Aufsichtsrates-per-12.-Juni-2025.pdf\"\n\t\t\tclass=\"link link__color--primary link__size--default link__icon-position--none link__font-family--sans  resource-card__link\"\n\t\t\tid=\"\"\n\t\t\ttitle=\"\"\n\t\t\taria-label=\"\"\n\t\t\t\t\t>\n\t\t\t<i class=\"icon icon  icon__arrow-download link__icon\">\n\t<svg xmlns='http:\/\/www.w3.org\/2000\/svg' width='56' height='56' viewBox='0 0 56 56'><g><circle cx='28' cy='28' r='27.5' stroke='currentColor' fill='none' \/><path d='M26 14v17l-7.726-7.905-1.972 1.986 11.189 11.19 11.19-11.19-1.973-1.972L29 31V14h-3Z' fill='currentColor' \/><path fill-rule='evenodd' clip-rule='evenodd' d='M39 42H17v-2h22v2Z' fill='currentColor' \/><\/g><defs><path fill='#fff' d='M0 0h56v56H0z' \/><\/defs><\/svg><\/i>\t\t\t<span class=\"link__content\"><\/span>\n\t\t<\/a>\n\t<\/div><\/div>\t\t\t<\/div>\n\t\t<\/div>\n\t<\/div>\n\n\n<div\n\tclass=\"wrapper wrapper__bg-color--white  wrapper__spacing-bottom-large--0       wrapper__border-color-large--primary wrapper__border-size-large--none\"\n\t>\n\n\t\n\t\t\t<div class=\"wrapper__container wrapper__container-width-large--default wrapper__gutter-desktop--default wrapper__gutter-tablet--small wrapper__gutter-mobile--small\">\n\t\t\t<div class=\"wrapper__inner wrapper__width-large--12 wrapper__offset-large--0\">\n\t\t\t\t\n<div class=\"block-group block-group__border-color-large--primary block-group__border-size-large--none block-group__gutter--none\">\n\t\n<div\n\tclass=\"wrapper wrapper__bg-color--white  wrapper__spacing-bottom-large--40    wrapper__divider-bottom-large   wrapper__border-color-large--primary wrapper__border-size-large--none\"\n\t>\n\n\t\n\t\t\t<h2 class=\"heading heading__color--black heading__size--default heading__align--left heading__font-family--serif heading__font-weight--bold block-heading__heading\">\n\tEntdecken Sie mehr<\/h2>\t<\/div>\n\n\n<div\n\tclass=\"wrapper wrapper__bg-color--white  wrapper__spacing-bottom-large--0  wrapper__spacing-bottom-in-large--0     wrapper__border-color-large--primary wrapper__border-size-large--none\"\n\t>\n\n\t\n\t\t\t\n<div class=\"block-columns block-columns__gutter-large--10 block-columns__vertical-spacing-large--30 block-columns__vertical-spacing-mobile--0\">\n\t\n\n<div class=\"block-column block-column__width-large--4 block-column__width-mobile--12     block-column__border-color-large--primary block-column__border-size-large--none block-column__no-left-gutter-large\">\n\t\n<div\n\tclass=\"wrapper wrapper__bg-color--white  wrapper__spacing-bottom-large--40       wrapper__border-color-large--primary wrapper__border-size-large--none\"\n\t>\n\n\t\n\t\t\t<div class=\"card-rounded card-rounded__color--concrete  block-card-rounded__card-rounded\">\n\t<div class=\"image-wrap card-rounded__image-wrap\" data-align=\"center center\">\n\n\t\t\t<div\n\t\t\tstyle=\"background-image:url(https:\/\/a1.com\/wp-content\/uploads\/sites\/6\/2023\/05\/Climate-Vision.jpg)\"\n\t\t\tclass=\"image image--bg image__rounded-corners--none card-rounded__image\">\n\t\t<\/div>\n\t\n\t<\/div>\n\t<div class=\"card-rounded__content\">\n\t\t<h5 class=\"heading heading__color--black heading__size--small heading__align--left heading__font-family--sans heading__font-weight--regular card-rounded__heading\">\n\tESG bei der A1 Group<\/h5><p class=\"paragraph paragraph__color--black paragraph__size--default paragraph__align--left paragraph__font-family--sans card-rounded__paragraph\">\n\tDer A1 Group ist es ein besonderes Anliegen, das Umfeld, in dem wir leben, stetig zu verbessern.<\/p><div class=\"link-wrap link-wrap__align--left card-rounded__link-wrap\">\n\t\t\t<a\n\t\t\thref=\"https:\/\/a1.com\/de\/esg\/\"\n\t\t\tclass=\"link link__color--primary link__size--default link__icon-position--right link__font-family--sans  card-rounded__link\"\n\t\t\tid=\"\"\n\t\t\ttitle=\"ESG\"\n\t\t\taria-label=\"\"\n\t\t\t\t\t>\n\t\t\t<i class=\"icon icon  icon__chevron-right link__icon\">\n\t<svg xmlns='http:\/\/www.w3.org\/2000\/svg' width='24' height='24' viewBox='0 0 24 24'><path d='m9.938 17.25-1.126-1.125 4.125-4.124-4.124-4.126L9.937 6.75l5.25 5.252-5.25 5.248Z' fill='currentColor' \/><\/svg><\/i>\t\t\t<span class=\"link__content\">ESG<\/span>\n\t\t<\/a>\n\t<\/div>\t<\/div>\n<\/div>\t<\/div>\n\n<\/div>\n\n\n\n<div class=\"block-column block-column__width-large--4 block-column__width-mobile--12     block-column__border-color-large--primary block-column__border-size-large--none block-column__no-left-gutter-large\">\n\t\n<div\n\tclass=\"wrapper wrapper__bg-color--white  wrapper__spacing-bottom-large--40       wrapper__border-color-large--primary wrapper__border-size-large--none\"\n\t>\n\n\t\n\t\t\t<div class=\"card-rounded card-rounded__color--concrete  block-card-rounded__card-rounded\">\n\t<div class=\"image-wrap card-rounded__image-wrap\" data-align=\"center center\">\n\n\t\t\t<div\n\t\t\tstyle=\"background-image:url(https:\/\/a1.com\/wp-content\/uploads\/sites\/6\/2023\/07\/image027.png)\"\n\t\t\tclass=\"image image--bg image__rounded-corners--none card-rounded__image\">\n\t\t<\/div>\n\t\n\t<\/div>\n\t<div class=\"card-rounded__content\">\n\t\t<h5 class=\"heading heading__color--black heading__size--small heading__align--left heading__font-family--sans heading__font-weight--regular card-rounded__heading\">\n\tInvestor Relations<\/h5><p class=\"paragraph paragraph__color--black paragraph__size--default paragraph__align--left paragraph__font-family--sans card-rounded__paragraph\">\n\tAls f\u00fchrendes Telekommunikationsunternehmen in CEE ist die A1 Group eine attraktive Option f\u00fcr Investoren.<\/p><div class=\"link-wrap link-wrap__align--left card-rounded__link-wrap\">\n\t\t\t<a\n\t\t\thref=\"https:\/\/a1.com\/de\/investor-relations-home\/\"\n\t\t\tclass=\"link link__color--primary link__size--default link__icon-position--right link__font-family--sans  card-rounded__link\"\n\t\t\tid=\"\"\n\t\t\ttitle=\"Investor Relations\"\n\t\t\taria-label=\"\"\n\t\t\ttarget=_blank rel=\"noopener noreferrer\" \t\t>\n\t\t\t<i class=\"icon icon  icon__chevron-right link__icon\">\n\t<svg xmlns='http:\/\/www.w3.org\/2000\/svg' width='24' height='24' viewBox='0 0 24 24'><path d='m9.938 17.25-1.126-1.125 4.125-4.124-4.124-4.126L9.937 6.75l5.25 5.252-5.25 5.248Z' fill='currentColor' \/><\/svg><\/i>\t\t\t<span class=\"link__content\">Investor Relations<\/span>\n\t\t<\/a>\n\t<\/div>\t<\/div>\n<\/div>\t<\/div>\n\n<\/div>\n\n\n\n<div class=\"block-column block-column__width-large--4 block-column__width-mobile--12     block-column__border-color-large--primary block-column__border-size-large--none block-column__no-left-gutter-large\">\n\t\n<div\n\tclass=\"wrapper wrapper__bg-color--white  wrapper__spacing-bottom-large--40       wrapper__border-color-large--primary wrapper__border-size-large--none\"\n\t>\n\n\t\n\t\t\t<div class=\"card-rounded card-rounded__color--concrete  block-card-rounded__card-rounded\">\n\t<div class=\"image-wrap card-rounded__image-wrap\" data-align=\"top center\">\n\n\t\t\t<div\n\t\t\tstyle=\"background-image:url(https:\/\/a1.com\/wp-content\/uploads\/sites\/6\/2023\/05\/A1-Logo-Brand.jpg)\"\n\t\t\tclass=\"image image--bg image__rounded-corners--none card-rounded__image\">\n\t\t<\/div>\n\t\n\t<\/div>\n\t<div class=\"card-rounded__content\">\n\t\t<h5 class=\"heading heading__color--black heading__size--small heading__align--left heading__font-family--sans heading__font-weight--regular card-rounded__heading\">\n\tEmpowering Digital Life<\/h5><p class=\"paragraph paragraph__color--black paragraph__size--default paragraph__align--left paragraph__font-family--sans card-rounded__paragraph\">\n\tDie Vision der A1 Group zielt auf einen \u00fcberzeugenden Nutzen und ein positives \u201eErlebnis\u201c f\u00fcr die Kund:innen sowie f\u00fcr die Gesellschaft ab.<\/p><div class=\"link-wrap link-wrap__align--left card-rounded__link-wrap\">\n\t\t\t<a\n\t\t\thref=\"https:\/\/a1.com\/de\/strategie\/\"\n\t\t\tclass=\"link link__color--primary link__size--default link__icon-position--right link__font-family--sans  card-rounded__link\"\n\t\t\tid=\"\"\n\t\t\ttitle=\"Strategie\"\n\t\t\taria-label=\"\"\n\t\t\t\t\t>\n\t\t\t<i class=\"icon icon  icon__chevron-right link__icon\">\n\t<svg xmlns='http:\/\/www.w3.org\/2000\/svg' width='24' height='24' viewBox='0 0 24 24'><path d='m9.938 17.25-1.126-1.125 4.125-4.124-4.124-4.126L9.937 6.75l5.25 5.252-5.25 5.248Z' fill='currentColor' \/><\/svg><\/i>\t\t\t<span class=\"link__content\">Strategie<\/span>\n\t\t<\/a>\n\t<\/div>\t<\/div>\n<\/div>\t<\/div>\n\n<\/div>\n\n<\/div>\n\t<\/div>\n\n<\/div>\n\t\t\t<\/div>\n\t\t<\/div>\n\t<\/div>\n","protected":false},"excerpt":{"rendered":"","protected":false},"author":3,"featured_media":0,"parent":0,"menu_order":0,"comment_status":"closed","ping_status":"closed","template":"","meta":{"_acf_changed":false,"footnotes":""},"departments":[20],"class_list":["post-6610","page","type-page","status-publish","hentry","department-group"],"acf":[],"yoast_head":"<!-- This site is optimized with the Yoast SEO plugin v27.4 - https:\/\/yoast.com\/product\/yoast-seo-wordpress\/ -->\n<title>Aufsichtsrat - A1 Group<\/title>\n<meta name=\"robots\" content=\"index, follow, max-snippet:-1, max-image-preview:large, max-video-preview:-1\" \/>\n<link rel=\"canonical\" href=\"https:\/\/a1.com\/de\/aufsichtsrat\/\" \/>\n<meta property=\"og:locale\" content=\"de_DE\" \/>\n<meta property=\"og:type\" content=\"article\" \/>\n<meta property=\"og:title\" content=\"Aufsichtsrat - A1 Group\" \/>\n<meta property=\"og:url\" content=\"https:\/\/a1.com\/de\/aufsichtsrat\/\" \/>\n<meta property=\"og:site_name\" content=\"A1 Group\" \/>\n<meta property=\"article:modified_time\" content=\"2025-09-18T10:35:31+00:00\" \/>\n<meta name=\"twitter:card\" content=\"summary_large_image\" \/>\n<meta name=\"twitter:label1\" content=\"Est. reading time\" \/>\n\t<meta name=\"twitter:data1\" content=\"2 minutes\" \/>\n<script type=\"application\/ld+json\" class=\"yoast-schema-graph\">{\"@context\":\"https:\\\/\\\/schema.org\",\"@graph\":[{\"@type\":\"WebPage\",\"@id\":\"https:\\\/\\\/a1.com\\\/de\\\/aufsichtsrat\\\/\",\"url\":\"https:\\\/\\\/a1.com\\\/de\\\/aufsichtsrat\\\/\",\"name\":\"Aufsichtsrat - A1 Group\",\"isPartOf\":{\"@id\":\"https:\\\/\\\/a1.com\\\/#website\"},\"datePublished\":\"2023-07-19T12:39:26+00:00\",\"dateModified\":\"2025-09-18T10:35:31+00:00\",\"breadcrumb\":{\"@id\":\"https:\\\/\\\/a1.com\\\/de\\\/aufsichtsrat\\\/#breadcrumb\"},\"inLanguage\":\"de-DE\",\"potentialAction\":[{\"@type\":\"ReadAction\",\"target\":[\"https:\\\/\\\/a1.com\\\/de\\\/aufsichtsrat\\\/\"]}]},{\"@type\":\"BreadcrumbList\",\"@id\":\"https:\\\/\\\/a1.com\\\/de\\\/aufsichtsrat\\\/#breadcrumb\",\"itemListElement\":[{\"@type\":\"ListItem\",\"position\":1,\"name\":\"Home\",\"item\":\"https:\\\/\\\/a1.com\\\/de\\\/\"},{\"@type\":\"ListItem\",\"position\":2,\"name\":\"Aufsichtsrat\"}]},{\"@type\":\"WebSite\",\"@id\":\"https:\\\/\\\/a1.com\\\/#website\",\"url\":\"https:\\\/\\\/a1.com\\\/\",\"name\":\"A1 Group\",\"description\":\"\",\"potentialAction\":[{\"@type\":\"SearchAction\",\"target\":{\"@type\":\"EntryPoint\",\"urlTemplate\":\"https:\\\/\\\/a1.com\\\/?s={search_term_string}\"},\"query-input\":{\"@type\":\"PropertyValueSpecification\",\"valueRequired\":true,\"valueName\":\"search_term_string\"}}],\"inLanguage\":\"de-DE\"}]}<\/script>\n<!-- \/ Yoast SEO plugin. -->","yoast_head_json":{"title":"Aufsichtsrat - A1 Group","robots":{"index":"index","follow":"follow","max-snippet":"max-snippet:-1","max-image-preview":"max-image-preview:large","max-video-preview":"max-video-preview:-1"},"canonical":"https:\/\/a1.com\/de\/aufsichtsrat\/","og_locale":"de_DE","og_type":"article","og_title":"Aufsichtsrat - A1 Group","og_url":"https:\/\/a1.com\/de\/aufsichtsrat\/","og_site_name":"A1 Group","article_modified_time":"2025-09-18T10:35:31+00:00","twitter_card":"summary_large_image","twitter_misc":{"Est. reading time":"2 minutes"},"schema":{"@context":"https:\/\/schema.org","@graph":[{"@type":"WebPage","@id":"https:\/\/a1.com\/de\/aufsichtsrat\/","url":"https:\/\/a1.com\/de\/aufsichtsrat\/","name":"Aufsichtsrat - A1 Group","isPartOf":{"@id":"https:\/\/a1.com\/#website"},"datePublished":"2023-07-19T12:39:26+00:00","dateModified":"2025-09-18T10:35:31+00:00","breadcrumb":{"@id":"https:\/\/a1.com\/de\/aufsichtsrat\/#breadcrumb"},"inLanguage":"de-DE","potentialAction":[{"@type":"ReadAction","target":["https:\/\/a1.com\/de\/aufsichtsrat\/"]}]},{"@type":"BreadcrumbList","@id":"https:\/\/a1.com\/de\/aufsichtsrat\/#breadcrumb","itemListElement":[{"@type":"ListItem","position":1,"name":"Home","item":"https:\/\/a1.com\/de\/"},{"@type":"ListItem","position":2,"name":"Aufsichtsrat"}]},{"@type":"WebSite","@id":"https:\/\/a1.com\/#website","url":"https:\/\/a1.com\/","name":"A1 Group","description":"","potentialAction":[{"@type":"SearchAction","target":{"@type":"EntryPoint","urlTemplate":"https:\/\/a1.com\/?s={search_term_string}"},"query-input":{"@type":"PropertyValueSpecification","valueRequired":true,"valueName":"search_term_string"}}],"inLanguage":"de-DE"}]}},"_links":{"self":[{"href":"https:\/\/a1.com\/de\/wp-json\/wp\/v2\/pages\/6610","targetHints":{"allow":["GET"]}}],"collection":[{"href":"https:\/\/a1.com\/de\/wp-json\/wp\/v2\/pages"}],"about":[{"href":"https:\/\/a1.com\/de\/wp-json\/wp\/v2\/types\/page"}],"author":[{"embeddable":true,"href":"https:\/\/a1.com\/de\/wp-json\/wp\/v2\/users\/3"}],"replies":[{"embeddable":true,"href":"https:\/\/a1.com\/de\/wp-json\/wp\/v2\/comments?post=6610"}],"version-history":[{"count":10,"href":"https:\/\/a1.com\/de\/wp-json\/wp\/v2\/pages\/6610\/revisions"}],"predecessor-version":[{"id":16257,"href":"https:\/\/a1.com\/de\/wp-json\/wp\/v2\/pages\/6610\/revisions\/16257"}],"wp:attachment":[{"href":"https:\/\/a1.com\/de\/wp-json\/wp\/v2\/media?parent=6610"}],"wp:term":[{"taxonomy":"department","embeddable":true,"href":"https:\/\/a1.com\/de\/wp-json\/wp\/v2\/departments?post=6610"}],"curies":[{"name":"wp","href":"https:\/\/api.w.org\/{rel}","templated":true}]}}