{"id":3891,"date":"2023-05-04T12:02:27","date_gmt":"2023-05-04T10:02:27","guid":{"rendered":"https:\/\/a1.com\/?page_id=3891"},"modified":"2026-03-17T15:47:04","modified_gmt":"2026-03-17T14:47:04","slug":"sustainable-development-goals","status":"publish","type":"page","link":"https:\/\/a1.com\/de\/verantwortung\/sustainable-development-goals\/","title":{"rendered":"Sustainable Development Goals"},"content":{"rendered":"\n<div class=\"block-hero-image block-hero-image__size--large\">\n\t<div class=\"image-wrap block-hero-image__image-wrap\" data-align=\"bottom center\">\n\n\t\t\t<div\n\t\t\tstyle=\"background-image:url(https:\/\/a1.com\/wp-content\/uploads\/sites\/6\/2023\/06\/SustDevGoals.jpg)\"\n\t\t\tclass=\"image image--bg image__rounded-corners--none block-hero-image__image\">\n\t\t<\/div>\n\t\n\t<\/div><\/div>\n\n\n<div\n\tclass=\"wrapper wrapper__bg-color--white wrapper__spacing-top-large--50 wrapper__spacing-bottom-large--40       wrapper__border-color-large--primary wrapper__border-size-large--none\"\n\t>\n\n\t\n\t\t\t<div class=\"wrapper__container wrapper__container-width-large--default wrapper__gutter-desktop--default wrapper__gutter-tablet--small\">\n\t\t\t<div class=\"wrapper__inner wrapper__width-large--12 wrapper__offset-large--1 wrapper__offset-mobile--0\">\n\t\t\t\t<div class='block-breadcrumbs'><a href='https:\/\/a1.com\/de\/' class='block-breadcrumbs__home' aria-label='Home link'><\/a><span><a class=\"block-breadcrumbs__link\" href=\" https:\/\/a1.com\/de\/ \">Home<\/a><\/span><\/div>\t\t\t<\/div>\n\t\t<\/div>\n\t<\/div>\n\n\n<div\n\tclass=\"wrapper wrapper__bg-color--white wrapper__spacing-top-large--40 wrapper__spacing-bottom-large--40       wrapper__border-color-large--primary wrapper__border-size-large--none\"\n\t>\n\n\t\n\t\t\t<div class=\"wrapper__container wrapper__container-width-large--default wrapper__gutter-desktop--default wrapper__gutter-tablet--small\">\n\t\t\t<div class=\"wrapper__inner wrapper__width-large--11 wrapper__offset-large--1 wrapper__offset-mobile--0\">\n\t\t\t\t<h2 class=\"heading heading__color--black heading__size--large heading__align--left heading__font-family--serif heading__font-weight--bold block-heading__heading\">\n\tUN Sustainable Development Goals<\/h2>\t\t\t<\/div>\n\t\t<\/div>\n\t<\/div>\n\n\n<div\n\tclass=\"wrapper wrapper__bg-color--white  wrapper__spacing-bottom-large--0  wrapper__spacing-bottom-in-large--20     wrapper__border-color-large--primary wrapper__border-size-large--none\"\n\t>\n\n\t\n\t\t\t<div class=\"wrapper__container wrapper__container-width-large--default wrapper__gutter-desktop--default wrapper__gutter-tablet--small\">\n\t\t\t<div class=\"wrapper__inner wrapper__width-large--8 wrapper__width-mobile--11 wrapper__offset-large--1 wrapper__offset-mobile--0\">\n\t\t\t\t<p class=\"paragraph paragraph__color--black paragraph__size--default-constant paragraph__align--left paragraph__font-family--sans block-paragraph__paragraph\">\n\tBei dem Gipfeltreffen der Vereinten Nationen im September 2015 wurde die \u201eAgenda 2030 f\u00fcr nachhaltige Entwicklung\u201c beschlossen. Alle 193 Mitgliedstaaten der Vereinten Nationen verpflichten sich, darauf hinzuarbeiten, die Agenda 2030 mit ihren 17 nachhaltigen Entwicklungszielen (Sustainable Development Goals, SDGs) auf regionaler, nationaler und internationaler Ebene bis 2030 umzusetzen. Die A1 Group unterst\u00fctzt diese Zielsetzung durch eine Vielzahl an Aktivit\u00e4ten.<\/p>\t\t\t<\/div>\n\t\t<\/div>\n\t<\/div>\n\n\n<div\n\tclass=\"wrapper wrapper__bg-color--white  wrapper__spacing-bottom-large--0 wrapper__spacing-top-in-large--30      wrapper__border-color-large--primary wrapper__border-size-large--none\"\n\t>\n\n\t\n\t\t\t<div class=\"wrapper__container wrapper__container-width-large--default wrapper__gutter-desktop--default wrapper__gutter-tablet--small\">\n\t\t\t<div class=\"wrapper__inner wrapper__width-large--12 wrapper__width-mobile--12 wrapper__offset-large--0 wrapper__offset-mobile--0\">\n\t\t\t\t\n<div class=\"block-columns block-columns__gutter-large--30 block-columns__gutter-mobile--10 block-columns__vertical-spacing-large--30 block-columns__vertical-spacing-mobile--10\">\n\t\n\n<div class=\"block-column block-column__width-large--2 block-column__width-mobile--12 block-column__offset-large--1 block-column__offset-mobile--0  block-column__order-mobile--2   block-column__border-size-large--none\">\n\t\n<div\n\tclass=\"wrapper wrapper__bg-color  wrapper__spacing-bottom-large--40 wrapper__spacing-top-in-mobile--20      wrapper__border-color-large--primary wrapper__border-size-large--none\"\n\t>\n\n\t\n\t\t\t<div class=\"image-wrap block-image__image-wrap\" data-align=\"center center\">\n\n\t\t\t<picture class=\"image image__picture\">\n\t\t\t\t\t\t<img\n\t\t\t\tsrc=\"https:\/\/a1.com\/wp-content\/uploads\/sites\/6\/2023\/07\/SDG_icons_DE-04-scaled.jpg\"\n\t\t\t\tclass=\"image  image__rounded-corners--none block-image__image\"\n\t\t\t\talt=\"\"\n\t\t\t\/>\n\t\t<\/picture>\n\t\n\t<\/div>\t<\/div>\n\n<\/div>\n\n\n\n<div class=\"block-column block-column__width-large--6 block-column__width-mobile--11 block-column__offset-mobile--1   block-column__align-large--top block-column__border-color-large--primary block-column__border-size-large--none\">\n\t\n<div\n\tclass=\"wrapper wrapper__bg-color--white  wrapper__spacing-bottom-large--20 wrapper__spacing-top-in-mobile--20      wrapper__border-color-large--primary wrapper__border-size-large--medium\"\n\t>\n\n\t\n\t\t\t<p class=\"paragraph paragraph__color--black paragraph__size--default paragraph__align--left paragraph__font-family--sans block-paragraph__paragraph\">\n\tInklusive, gleichberechtigte und hochwertige Bildung gew\u00e4hrleisten und M\u00f6glichkeiten lebenslangen Lernens f\u00fcr alle f\u00f6rdern<\/p>\t<\/div>\n\n\n<div\n\tclass=\"wrapper wrapper__bg-color--white  wrapper__spacing-bottom-large--0       wrapper__border-color-large--primary wrapper__border-size-large--medium\"\n\t>\n\n\t\n\t\t\t<div\n\tclass=\"accordion js-accordion block-accordion__accordion\"\n\tdata-accordion-open=\"false\"\n>\n\t<button\n\t\tclass=\"accordion__trigger accordion__trigger-size--small accordion__trigger-font-family--sans accordion__trigger-font-weight--regular js-accordion-trigger\"\n\t\taria-label=\"SDG 4\"\n\t\taria-controls\n\t>\n\t\tSDG 4\t\t<div class=\"accordion__icon\" aria-hidden=\"true\" >\n\t\t\t<svg xmlns='http:\/\/www.w3.org\/2000\/svg' width='15' height='10' viewBox='0 0 15 10' fill='none'><g><path d='M.719 1.836 2.172.383 7.499 5.71l5.33-5.327 1.452 1.453L7.5 8.616.72 1.836Z' fill='currentColor' \/><\/g><defs><path fill='#fff' d='M0 0h15v10H0z' \/><\/defs><\/svg>\t\t<\/div>\n\t<\/button>\n\t<section\n\t\tclass=\"accordion__panel js-accordion-panel\"\n\t\taria-hidden=\"true\"\n\t>\n\t\t<div class=\"accordion__content\">\n\t\t\t\n<div class=\"wrapper wrapper__bg-color--white  wrapper__spacing-bottom-large--40       wrapper__border-color-large--primary wrapper__border-size-large--none\">\n\n\t\n\t\t\t<p class=\"paragraph paragraph__color--black paragraph__size--default paragraph__align--left paragraph__font-family--sans block-paragraph__paragraph\">\n\t<strong>Kernziel <br><\/strong>4.4 Bis 2030 die Zahl der Jugendlichen und Erwachsenen wesentlich erh\u00f6hen, die \u00fcber die entsprechenden Qualifikationen \u2013 einschlie\u00dflich fachlicher und beruflicher Qualifikationen \u2013 f\u00fcr eine Besch\u00e4ftigung, eine menschenw\u00fcrdige Arbeit und Unternehmertum verf\u00fcgen<br><br><strong>Unser Beitrag<\/strong><br>Die A1 Group f\u00f6rdert lebenslanges Lernen und den Aufbau digitaler Kompetenzen durch gruppenweite Bildungsinitiativen. In kostenlosen Schulungen werden digitale Fertigkeiten vermittelt und es wird \u00fcber Risiken wie Cyberkriminalit\u00e4t aufgekl\u00e4rt.<br><br><br><strong>Unsere Richtlinien &amp; Ma\u00dfnahmen<br><\/strong><a href=\"https:\/\/a1.com\/de\/project\/digital-education\/\" target=\"_blank\" rel=\"noreferrer noopener\">Digitale Kompetenzen<\/a><br><br><strong>Kennzahlen<\/strong><br>\u00dcber 570,398 Teilnahmen an der digitalen Bildungsinitiative seit 2021.<\/p>\t<\/div>\n\n\t\t<\/div>\n\t<\/section>\n<\/div>\t<\/div>\n\n<\/div>\n\n<\/div>\n\t\t\t<\/div>\n\t\t<\/div>\n\t<\/div>\n\n\n<div\n\tclass=\"wrapper wrapper__bg-color--white  wrapper__spacing-bottom-large--0 wrapper__spacing-top-in-large--30      wrapper__border-color-large--primary wrapper__border-size-large--none\"\n\t>\n\n\t\n\t\t\t<div class=\"wrapper__container wrapper__container-width-large--default wrapper__gutter-desktop--default wrapper__gutter-tablet--small\">\n\t\t\t<div class=\"wrapper__inner wrapper__width-large--12 wrapper__width-mobile--12 wrapper__offset-large--0 wrapper__offset-mobile--0\">\n\t\t\t\t\n<div class=\"block-columns block-columns__gutter-large--30 block-columns__gutter-mobile--10 block-columns__vertical-spacing-large--30 block-columns__vertical-spacing-mobile--10\">\n\t\n\n<div class=\"block-column block-column__width-large--2 block-column__width-mobile--12 block-column__offset-large--1 block-column__offset-mobile--0  block-column__order-mobile--2  block-column__border-color-large--primary block-column__border-size-large--none\">\n\t\n<div\n\tclass=\"wrapper wrapper__bg-color  wrapper__spacing-bottom-large--40 wrapper__spacing-top-in-mobile--20      wrapper__border-color-large--primary wrapper__border-size-large--none\"\n\t>\n\n\t\n\t\t\t<div class=\"image-wrap block-image__image-wrap\" data-align=\"center center\">\n\n\t\t\t<picture class=\"image image__picture\">\n\t\t\t\t\t\t<img\n\t\t\t\tsrc=\"https:\/\/a1.com\/wp-content\/uploads\/sites\/6\/2023\/07\/SDG_icons_DE-05-scaled.jpg\"\n\t\t\t\tclass=\"image  image__rounded-corners--none block-image__image\"\n\t\t\t\talt=\"\"\n\t\t\t\/>\n\t\t<\/picture>\n\t\n\t<\/div>\t<\/div>\n\n<\/div>\n\n\n\n<div class=\"block-column block-column__width-large--6 block-column__width-mobile--11 block-column__offset-mobile--1   block-column__align-large--top block-column__border-color-large--primary block-column__border-size-large--none\">\n\t\n<div\n\tclass=\"wrapper wrapper__bg-color--white  wrapper__spacing-bottom-large--20 wrapper__spacing-top-in-mobile--20      wrapper__border-color-large--primary wrapper__border-size-large--medium\"\n\t>\n\n\t\n\t\t\t<p class=\"paragraph paragraph__color--black paragraph__size--default paragraph__align--left paragraph__font-family--sans block-paragraph__paragraph\">\n\tGeschlechtergleichstellung erreichen und alle Frauen und M\u00e4dchen zur Selbstbestimmung bef\u00e4higen<\/p>\t<\/div>\n\n\n<div\n\tclass=\"wrapper wrapper__bg-color--white  wrapper__spacing-bottom-large--0       wrapper__border-color-large--primary wrapper__border-size-large--medium\"\n\t>\n\n\t\n\t\t\t<div\n\tclass=\"accordion js-accordion block-accordion__accordion\"\n\tdata-accordion-open=\"false\"\n>\n\t<button\n\t\tclass=\"accordion__trigger accordion__trigger-size--small accordion__trigger-font-family--sans accordion__trigger-font-weight--regular js-accordion-trigger\"\n\t\taria-label=\"SDG 5\"\n\t\taria-controls\n\t>\n\t\tSDG 5\t\t<div class=\"accordion__icon\" aria-hidden=\"true\" >\n\t\t\t<svg xmlns='http:\/\/www.w3.org\/2000\/svg' width='15' height='10' viewBox='0 0 15 10' fill='none'><g><path d='M.719 1.836 2.172.383 7.499 5.71l5.33-5.327 1.452 1.453L7.5 8.616.72 1.836Z' fill='currentColor' \/><\/g><defs><path fill='#fff' d='M0 0h15v10H0z' \/><\/defs><\/svg>\t\t<\/div>\n\t<\/button>\n\t<section\n\t\tclass=\"accordion__panel js-accordion-panel\"\n\t\taria-hidden=\"true\"\n\t>\n\t\t<div class=\"accordion__content\">\n\t\t\t\n<div class=\"wrapper wrapper__bg-color--white  wrapper__spacing-bottom-large--40       wrapper__border-color-large--primary wrapper__border-size-large--none\">\n\n\t\n\t\t\t<p class=\"paragraph paragraph__color--black paragraph__size--default paragraph__align--left paragraph__font-family--sans block-paragraph__paragraph\">\n\t<strong>Kernziele<\/strong><br>5.1 Alle Formen der Diskriminierung von Frauen und M\u00e4dchen \u00fcberall auf der Welt beenden<br><br>5.5 Die volle und wirksame Teilhabe von Frauen und ihre Chancengleichheit bei der \u00dcbernahme von F\u00fchrungsrollen auf allen Ebenen der Entscheidungsfindung im politischen, wirtschaftlichen und \u00f6ffentlichen Leben sicherstellen<br>\u00a0<br><strong>Unser Beitrag<br><\/strong>Die A1 Group f\u00f6rdert die Gleichstellung der Geschlechter sowie die Nicht-Diskriminierung durch eine Reihe gruppenweiter Ma\u00dfnahmen f\u00fcr bessere Diversit\u00e4t und Inklusion, damit Frauen ihr Potenzial maximal aussch\u00f6pfen k\u00f6nnen. <br>\u00a0<br><strong><strong>Unsere Richtlinien &amp; Ma\u00dfnahmen<\/strong><br><\/strong><a href=\"https:\/\/a1.com\/wp-content\/uploads\/sites\/6\/2026\/01\/DEI_Policy_2023_engl_-update-2026_Jan_whistleblowerlinknew.pdf\">Diversity, Equity &amp; Inclusion Policy<\/a><br><a href=\"https:\/\/a1.com\/wp-content\/uploads\/sites\/6\/2023\/07\/A1_Group_Fair-Pay-Principles_2023.pdf\">Fair Pay Principles<\/a><br><a href=\"https:\/\/a1.com\/de\/project\/chancengleichheit-diversitaet\/\" target=\"_blank\" rel=\"noreferrer noopener\">Chancengleichheit und Diversit\u00e4t<br><\/a><a href=\"https:\/\/jobs.a1.com\/de\/chancengleichheit\/\" target=\"_blank\" rel=\"noreferrer noopener\">Gleiche Chancen f\u00fcr alle. We #MakeItHappen<\/a><br>\u00a0<br><strong>Kennzahlen<\/strong><br>\u2022  Anteil von Mitarbeiterinnen in 2025: 40%<br>\u2022  Anteil weiblicher F\u00fchrungskr\u00e4fte in 2025: 37%<\/p>\t<\/div>\n\n\t\t<\/div>\n\t<\/section>\n<\/div>\t<\/div>\n\n<\/div>\n\n<\/div>\n\t\t\t<\/div>\n\t\t<\/div>\n\t<\/div>\n\n\n<div\n\tclass=\"wrapper wrapper__bg-color--white  wrapper__spacing-bottom-large--0 wrapper__spacing-top-in-large--30      wrapper__border-color-large--primary wrapper__border-size-large--none\"\n\t>\n\n\t\n\t\t\t<div class=\"wrapper__container wrapper__container-width-large--default wrapper__gutter-desktop--default wrapper__gutter-tablet--small\">\n\t\t\t<div class=\"wrapper__inner wrapper__width-large--12 wrapper__width-mobile--12 wrapper__offset-large--0 wrapper__offset-mobile--0\">\n\t\t\t\t\n<div class=\"block-columns block-columns__gutter-large--30 block-columns__gutter-mobile--10 block-columns__vertical-spacing-large--30 block-columns__vertical-spacing-mobile--10\">\n\t\n\n<div class=\"block-column block-column__width-large--2 block-column__width-mobile--12 block-column__offset-large--1 block-column__offset-mobile--0  block-column__order-mobile--2  block-column__border-color-large--primary block-column__border-size-large--none\">\n\t\n<div\n\tclass=\"wrapper wrapper__bg-color  wrapper__spacing-bottom-large--40 wrapper__spacing-top-in-mobile--20      wrapper__border-color-large--primary wrapper__border-size-large--none\"\n\t>\n\n\t\n\t\t\t<div class=\"image-wrap block-image__image-wrap\" data-align=\"center center\">\n\n\t\t\t<picture class=\"image image__picture\">\n\t\t\t\t\t\t<img\n\t\t\t\tsrc=\"https:\/\/a1.com\/wp-content\/uploads\/sites\/6\/2023\/07\/SDG_icons_DE-07-scaled.jpg\"\n\t\t\t\tclass=\"image  image__rounded-corners--none block-image__image\"\n\t\t\t\talt=\"\"\n\t\t\t\/>\n\t\t<\/picture>\n\t\n\t<\/div>\t<\/div>\n\n<\/div>\n\n\n\n<div class=\"block-column block-column__width-large--6 block-column__width-mobile--11 block-column__offset-mobile--1   block-column__align-large--top block-column__border-color-large--primary block-column__border-size-large--none\">\n\t\n<div\n\tclass=\"wrapper wrapper__bg-color--white  wrapper__spacing-bottom-large--20 wrapper__spacing-top-in-mobile--20      wrapper__border-color-large--primary wrapper__border-size-large--medium\"\n\t>\n\n\t\n\t\t\t<p class=\"paragraph paragraph__color--black paragraph__size--default paragraph__align--left paragraph__font-family--sans block-paragraph__paragraph\">\n\tZugang zu bezahlbarer, verl\u00e4sslicher, nachhaltiger und moderner Energie f\u00fcr alle sichern<\/p>\t<\/div>\n\n\n<div\n\tclass=\"wrapper wrapper__bg-color--white  wrapper__spacing-bottom-large--0       wrapper__border-color-large--primary wrapper__border-size-large--medium\"\n\t>\n\n\t\n\t\t\t<div\n\tclass=\"accordion js-accordion block-accordion__accordion\"\n\tdata-accordion-open=\"false\"\n>\n\t<button\n\t\tclass=\"accordion__trigger accordion__trigger-size--small accordion__trigger-font-family--sans accordion__trigger-font-weight--regular js-accordion-trigger\"\n\t\taria-label=\"SDG 7\"\n\t\taria-controls\n\t>\n\t\tSDG 7\t\t<div class=\"accordion__icon\" aria-hidden=\"true\" >\n\t\t\t<svg xmlns='http:\/\/www.w3.org\/2000\/svg' width='15' height='10' viewBox='0 0 15 10' fill='none'><g><path d='M.719 1.836 2.172.383 7.499 5.71l5.33-5.327 1.452 1.453L7.5 8.616.72 1.836Z' fill='currentColor' \/><\/g><defs><path fill='#fff' d='M0 0h15v10H0z' \/><\/defs><\/svg>\t\t<\/div>\n\t<\/button>\n\t<section\n\t\tclass=\"accordion__panel js-accordion-panel\"\n\t\taria-hidden=\"true\"\n\t>\n\t\t<div class=\"accordion__content\">\n\t\t\t\n<div class=\"wrapper wrapper__bg-color--white  wrapper__spacing-bottom-large--40       wrapper__border-color-large--primary wrapper__border-size-large--none\">\n\n\t\n\t\t\t<p class=\"paragraph paragraph__color--black paragraph__size--default paragraph__align--left paragraph__font-family--sans block-paragraph__paragraph\">\n\t<strong>Kernziele<\/strong><br>7.2 Bis 2030 den Anteil erneuerbarer Energie am globalen Energiemix deutlich erh\u00f6hen<br><br>7.3 Bis 2030 die weltweite Steigerungsrate der Energieeffizienz verdoppeln<br><br><strong>Unser Beitrag<br><\/strong>Die A1 Group f\u00f6rdert den Bezug von Strom aus erneuerbarer Energie sowie die Realisierung eigener Projekte auf diesem Gebiet. Das Ziel ist dabei, den \u00f6kologischen Fu\u00dfabdruck zu reduzieren und CO\u2082-Emissionen zu vermeiden bzw. zu senken.<br><br><strong><strong>Unsere Richtlinien &amp; Ma\u00dfnahmen<\/strong><br><\/strong><a href=\"https:\/\/a1.com\/wp-content\/uploads\/sites\/6\/2023\/07\/Strategy-paper-on-clean-energy_2023.pdf\" target=\"_blank\" rel=\"noreferrer noopener\">Clean Energy Strategy<br><\/a><a href=\"https:\/\/a1.com\/de\/energie-aus-erneuerbaren-quellen-a1-kroatien\/\" target=\"_blank\" rel=\"noreferrer noopener\">A1 Kroatien dreht gr\u00fcn auf!<br><\/a><br><strong>Kennzahlen<\/strong><br>\u2022  Anteil erneuerbarer Energie 2025: 72%<br>\u2022  Anteil erneuerbarer Energie am Strom 2025: 79%<br>\u2022  Verbesserung der Energieeffizienz von 2019 auf 2025: 66%<\/p>\t<\/div>\n\n\t\t<\/div>\n\t<\/section>\n<\/div>\t<\/div>\n\n<\/div>\n\n<\/div>\n\t\t\t<\/div>\n\t\t<\/div>\n\t<\/div>\n\n\n<div\n\tclass=\"wrapper wrapper__bg-color--white  wrapper__spacing-bottom-large--0 wrapper__spacing-top-in-large--30      wrapper__border-color-large--primary wrapper__border-size-large--none\"\n\t>\n\n\t\n\t\t\t<div class=\"wrapper__container wrapper__container-width-large--default wrapper__gutter-desktop--default wrapper__gutter-tablet--small\">\n\t\t\t<div class=\"wrapper__inner wrapper__width-large--12 wrapper__width-mobile--12 wrapper__offset-large--0 wrapper__offset-mobile--0\">\n\t\t\t\t\n<div class=\"block-columns block-columns__gutter-large--30 block-columns__gutter-mobile--10 block-columns__vertical-spacing-large--30 block-columns__vertical-spacing-mobile--10\">\n\t\n\n<div class=\"block-column block-column__width-large--2 block-column__width-mobile--12 block-column__offset-large--1 block-column__offset-mobile--0  block-column__order-mobile--2  block-column__border-color-large--primary block-column__border-size-large--none\">\n\t\n<div\n\tclass=\"wrapper wrapper__bg-color  wrapper__spacing-bottom-large--40 wrapper__spacing-top-in-mobile--20      wrapper__border-color-large--primary wrapper__border-size-large--none\"\n\t>\n\n\t\n\t\t\t<div class=\"image-wrap block-image__image-wrap\" data-align=\"center center\">\n\n\t\t\t<picture class=\"image image__picture\">\n\t\t\t\t\t\t<img\n\t\t\t\tsrc=\"https:\/\/a1.com\/wp-content\/uploads\/sites\/6\/2023\/07\/SDG_icons_DE-08-scaled.jpg\"\n\t\t\t\tclass=\"image  image__rounded-corners--none block-image__image\"\n\t\t\t\talt=\"\"\n\t\t\t\/>\n\t\t<\/picture>\n\t\n\t<\/div>\t<\/div>\n\n<\/div>\n\n\n\n<div class=\"block-column block-column__width-large--6 block-column__width-mobile--11 block-column__offset-mobile--1   block-column__align-large--top block-column__border-color-large--primary block-column__border-size-large--none\">\n\t\n<div\n\tclass=\"wrapper wrapper__bg-color--white  wrapper__spacing-bottom-large--20 wrapper__spacing-top-in-mobile--20      wrapper__border-color-large--primary wrapper__border-size-large--medium\"\n\t>\n\n\t\n\t\t\t<p class=\"paragraph paragraph__color--black paragraph__size--default paragraph__align--left paragraph__font-family--sans block-paragraph__paragraph\">\n\tDauerhaftes, inklusives und nachhaltiges Wirtschaftswachstum, produktive Vollbesch\u00e4ftigung und menschenw\u00fcrdige Arbeit f\u00fcr alle f\u00f6rdern<\/p>\t<\/div>\n\n\n<div\n\tclass=\"wrapper wrapper__bg-color--white  wrapper__spacing-bottom-large--0       wrapper__border-color-large--primary wrapper__border-size-large--medium\"\n\t>\n\n\t\n\t\t\t<div\n\tclass=\"accordion js-accordion block-accordion__accordion\"\n\tdata-accordion-open=\"false\"\n>\n\t<button\n\t\tclass=\"accordion__trigger accordion__trigger-size--small accordion__trigger-font-family--sans accordion__trigger-font-weight--regular js-accordion-trigger\"\n\t\taria-label=\"SDG 8\"\n\t\taria-controls\n\t>\n\t\tSDG 8\t\t<div class=\"accordion__icon\" aria-hidden=\"true\" >\n\t\t\t<svg xmlns='http:\/\/www.w3.org\/2000\/svg' width='15' height='10' viewBox='0 0 15 10' fill='none'><g><path d='M.719 1.836 2.172.383 7.499 5.71l5.33-5.327 1.452 1.453L7.5 8.616.72 1.836Z' fill='currentColor' \/><\/g><defs><path fill='#fff' d='M0 0h15v10H0z' \/><\/defs><\/svg>\t\t<\/div>\n\t<\/button>\n\t<section\n\t\tclass=\"accordion__panel js-accordion-panel\"\n\t\taria-hidden=\"true\"\n\t>\n\t\t<div class=\"accordion__content\">\n\t\t\t\n<div class=\"wrapper wrapper__bg-color--white  wrapper__spacing-bottom-large--40       wrapper__border-color-large--primary wrapper__border-size-large--none\">\n\n\t\n\t\t\t<p class=\"paragraph paragraph__color--black paragraph__size--default paragraph__align--left paragraph__font-family--sans block-paragraph__paragraph\">\n\t<strong>Kernziele<br><\/strong>8.2 Eine h\u00f6here wirtschaftliche Produktivit\u00e4t durch Diversifizierung, technologische Modernisierung und Innovation erreichen, einschlie\u00dflich durch Konzentration auf mit hoher Wertsch\u00f6pfung verbundene und arbeitsintensive Sektoren<br><br>8.5 Bis 2030 produktive Vollbesch\u00e4ftigung und menschenw\u00fcrdige Arbeit f\u00fcr alle Frauen und M\u00e4nner, einschlie\u00dflich junger Menschen und Menschen mit Behinderungen, sowie gleiches Entgelt f\u00fcr gleichwertige Arbeit erreichen<br><br><strong>Unser Beitrag<\/strong><br>Die A1 Group bietet ihren Mitarbeiter:innen attraktive, faire und flexible Arbeitswelten und f\u00f6rdert ihre Gesundheit. Durch das Vorantreiben der Digitalisierung tr\u00e4gt sie zu einer Entkoppelung von Wirtschaftswachstum und Ressourcenverbrauch bei.<br><br><strong><strong>Unsere Richtlinien &amp; Ma\u00dfnahmen<\/strong><\/strong><br><a href=\"https:\/\/a1.com\/de\/project\/chancengleichheit-diversitaet\/\" target=\"_blank\" rel=\"noreferrer noopener\">Chancengleichheit und Diversit\u00e4t<br><\/a><a href=\"https:\/\/jobs.a1.com\/working-at-a1\/\">Working at A1<\/a><br><a href=\"https:\/\/jobs.a1.com\/working-at-a1\/\" target=\"_blank\" rel=\"noreferrer noopener\">Neues Arbeiten bei A1<\/a><br>\u00a0<br><strong>Kennzahlen<\/strong><br>\u2022  Investitionen (CAPEX) \u2013 Fokus Ausbau von 5G und Breitbanddiensten im Festnetz \u2013 2025: 889 Mio. EUR<br>\u2022  Anzahl der Mitarbeiter:innen mit Behinderung 2025: 430<br> \u2022 Prozentsatz der Mitarbeiter:innen die unter Kollektivvertr\u00e4ge fallen in 2025: 52%<br>\u2022  Top 3 Nationalit\u00e4ten der Mitarbeiter:innen: \u00d6sterreich, Bulgarien, Belarus<\/p>\t<\/div>\n\n\t\t<\/div>\n\t<\/section>\n<\/div>\t<\/div>\n\n<\/div>\n\n<\/div>\n\t\t\t<\/div>\n\t\t<\/div>\n\t<\/div>\n\n\n<div\n\tclass=\"wrapper wrapper__bg-color--white  wrapper__spacing-bottom-large--0 wrapper__spacing-top-in-large--30      wrapper__border-color-large--primary wrapper__border-size-large--none\"\n\t>\n\n\t\n\t\t\t<div class=\"wrapper__container wrapper__container-width-large--default wrapper__gutter-desktop--default wrapper__gutter-tablet--small\">\n\t\t\t<div class=\"wrapper__inner wrapper__width-large--12 wrapper__width-mobile--12 wrapper__offset-large--0 wrapper__offset-mobile--0\">\n\t\t\t\t\n<div class=\"block-columns block-columns__gutter-large--30 block-columns__gutter-mobile--10 block-columns__vertical-spacing-large--30 block-columns__vertical-spacing-mobile--10\">\n\t\n\n<div class=\"block-column block-column__width-large--2 block-column__width-mobile--12 block-column__offset-large--1 block-column__offset-mobile--0  block-column__order-mobile--2  block-column__border-color-large--primary block-column__border-size-large--none\">\n\t\n<div\n\tclass=\"wrapper wrapper__bg-color  wrapper__spacing-bottom-large--40 wrapper__spacing-top-in-mobile--20      wrapper__border-color-large--primary wrapper__border-size-large--none\"\n\t>\n\n\t\n\t\t\t<div class=\"image-wrap block-image__image-wrap\" data-align=\"center center\">\n\n\t\t\t<picture class=\"image image__picture\">\n\t\t\t\t\t\t<img\n\t\t\t\tsrc=\"https:\/\/a1.com\/wp-content\/uploads\/sites\/6\/2023\/07\/SDG_icons_DE-09-scaled.jpg\"\n\t\t\t\tclass=\"image  image__rounded-corners--none block-image__image\"\n\t\t\t\talt=\"\"\n\t\t\t\/>\n\t\t<\/picture>\n\t\n\t<\/div>\t<\/div>\n\n<\/div>\n\n\n\n<div class=\"block-column block-column__width-large--6 block-column__width-mobile--11 block-column__offset-mobile--1   block-column__align-large--top block-column__border-color-large--primary block-column__border-size-large--none\">\n\t\n<div\n\tclass=\"wrapper wrapper__bg-color--white  wrapper__spacing-bottom-large--20 wrapper__spacing-top-in-mobile--20      wrapper__border-color-large--primary wrapper__border-size-large--medium\"\n\t>\n\n\t\n\t\t\t<p class=\"paragraph paragraph__color--black paragraph__size--default paragraph__align--left paragraph__font-family--sans block-paragraph__paragraph\">\n\tEine widerstandsf\u00e4hige Infrastruktur aufbauen, inklusive und nachhaltige Industrialisierung f\u00f6rdern und Innovationen unterst\u00fctzen<\/p>\t<\/div>\n\n\n<div\n\tclass=\"wrapper wrapper__bg-color--white  wrapper__spacing-bottom-large--0       wrapper__border-color-large--primary wrapper__border-size-large--medium\"\n\t>\n\n\t\n\t\t\t<div\n\tclass=\"accordion js-accordion block-accordion__accordion\"\n\tdata-accordion-open=\"false\"\n>\n\t<button\n\t\tclass=\"accordion__trigger accordion__trigger-size--small accordion__trigger-font-family--sans accordion__trigger-font-weight--regular js-accordion-trigger\"\n\t\taria-label=\"SDG 9\"\n\t\taria-controls\n\t>\n\t\tSDG 9\t\t<div class=\"accordion__icon\" aria-hidden=\"true\" >\n\t\t\t<svg xmlns='http:\/\/www.w3.org\/2000\/svg' width='15' height='10' viewBox='0 0 15 10' fill='none'><g><path d='M.719 1.836 2.172.383 7.499 5.71l5.33-5.327 1.452 1.453L7.5 8.616.72 1.836Z' fill='currentColor' \/><\/g><defs><path fill='#fff' d='M0 0h15v10H0z' \/><\/defs><\/svg>\t\t<\/div>\n\t<\/button>\n\t<section\n\t\tclass=\"accordion__panel js-accordion-panel\"\n\t\taria-hidden=\"true\"\n\t>\n\t\t<div class=\"accordion__content\">\n\t\t\t\n<div class=\"wrapper wrapper__bg-color--white  wrapper__spacing-bottom-large--40       wrapper__border-color-large--primary wrapper__border-size-large--none\">\n\n\t\n\t\t\t<p class=\"paragraph paragraph__color--black paragraph__size--default paragraph__align--left paragraph__font-family--sans block-paragraph__paragraph\">\n\t<strong>Kernziele<br><\/strong>9.1 Eine hochwertige, verl\u00e4ssliche, nachhaltige und widerstandsf\u00e4hige Infrastruktur aufbauen, einschlie\u00dflich regionaler und grenz\u00fcberschreitender Infrastruktur, um die wirtschaftliche Entwicklung und das menschliche Wohlergehen zu unterst\u00fctzen, und dabei den Schwerpunkt auf einen erschwinglichen und gleichberechtigten Zugang f\u00fcr alle legen<br><br>9.4 Bis 2030 die Infrastruktur modernisieren und die Industrien nachr\u00fcsten, um sie nachhaltig zu machen, mit effizienterem Ressourceneinsatz und unter vermehrter Nutzung sauberer und umweltvertr\u00e4glicher Technologien und Industrieprozesse, wobei alle L\u00e4nder Ma\u00dfnahmen entsprechend ihren jeweiligen Kapazit\u00e4ten ergreifen<br><br><strong>Unser Beitrag<\/strong><br>Die A1 Group treibt die Digitalisierung kontinuierlich voran. Dabei stehen die Ausrollung von neuen Technologien wie 5G und eine leistungsf\u00e4hige und sichere Infrastruktur im Vordergrund. Durch die F\u00f6rderung von Start-ups werden Innovationen gest\u00fctzt und gef\u00f6rdert. <br><br><strong><strong>Unsere Richtlinien &amp; Ma\u00dfnahmen<\/strong><br><\/strong><a href=\"https:\/\/a1.com\/de\/wholesale\/\" target=\"_blank\" rel=\"noreferrer noopener\">Ausbau von Breitbandinternet, Wholesale-Produkten und Leistungen<\/a><br><a href=\"https:\/\/a1startup.net\/\" target=\"_blank\" rel=\"noreferrer noopener\">Start-ups-Campus<\/a><strong><br><br>Kennzahlen<br><\/strong>\u2022  Investitionen (CAPEX) \u2013 Fokus Ausbau von 5G und Breitbanddiensten im Festnetz \u2013 2025: 889 Mio. EUR<br>\u2022  Jahresumsatz der Start-ups 2025: EUR 45 Mio.<\/p>\t<\/div>\n\n\t\t<\/div>\n\t<\/section>\n<\/div>\t<\/div>\n\n<\/div>\n\n<\/div>\n\t\t\t<\/div>\n\t\t<\/div>\n\t<\/div>\n\n\n<div\n\tclass=\"wrapper wrapper__bg-color--white  wrapper__spacing-bottom-large--0 wrapper__spacing-top-in-large--30      wrapper__border-color-large--primary wrapper__border-size-large--none\"\n\t>\n\n\t\n\t\t\t<div class=\"wrapper__container wrapper__container-width-large--default wrapper__gutter-desktop--default wrapper__gutter-tablet--small\">\n\t\t\t<div class=\"wrapper__inner wrapper__width-large--12 wrapper__width-mobile--12 wrapper__offset-large--0 wrapper__offset-mobile--0\">\n\t\t\t\t\n<div class=\"block-columns block-columns__gutter-large--30 block-columns__gutter-mobile--10 block-columns__vertical-spacing-large--30 block-columns__vertical-spacing-mobile--10\">\n\t\n\n<div class=\"block-column block-column__width-large--2 block-column__width-mobile--12 block-column__offset-large--1 block-column__offset-mobile--0  block-column__order-mobile--2  block-column__border-color-large--primary block-column__border-size-large--none\">\n\t\n<div\n\tclass=\"wrapper wrapper__bg-color  wrapper__spacing-bottom-large--40 wrapper__spacing-top-in-mobile--20      wrapper__border-color-large--primary wrapper__border-size-large--none\"\n\t>\n\n\t\n\t\t\t<div class=\"image-wrap block-image__image-wrap\" data-align=\"center center\">\n\n\t\t\t<picture class=\"image image__picture\">\n\t\t\t\t\t\t<img\n\t\t\t\tsrc=\"https:\/\/a1.com\/wp-content\/uploads\/sites\/6\/2023\/07\/SDG_icons_DE-10-scaled.jpg\"\n\t\t\t\tclass=\"image  image__rounded-corners--none block-image__image\"\n\t\t\t\talt=\"\"\n\t\t\t\/>\n\t\t<\/picture>\n\t\n\t<\/div>\t<\/div>\n\n<\/div>\n\n\n\n<div class=\"block-column block-column__width-large--6 block-column__width-mobile--11 block-column__offset-mobile--1   block-column__align-large--top block-column__border-color-large--primary block-column__border-size-large--none\">\n\t\n<div\n\tclass=\"wrapper wrapper__bg-color--white  wrapper__spacing-bottom-large--20 wrapper__spacing-top-in-mobile--20      wrapper__border-color-large--primary wrapper__border-size-large--medium\"\n\t>\n\n\t\n\t\t\t<p class=\"paragraph paragraph__color--black paragraph__size--default paragraph__align--left paragraph__font-family--sans block-paragraph__paragraph\">\n\tUngleichheit in und zwischen L\u00e4ndern verringern<\/p>\t<\/div>\n\n\n<div\n\tclass=\"wrapper wrapper__bg-color--white  wrapper__spacing-bottom-large--0       wrapper__border-color-large--primary wrapper__border-size-large--medium\"\n\t>\n\n\t\n\t\t\t<div\n\tclass=\"accordion js-accordion block-accordion__accordion\"\n\tdata-accordion-open=\"false\"\n>\n\t<button\n\t\tclass=\"accordion__trigger accordion__trigger-size--small accordion__trigger-font-family--sans accordion__trigger-font-weight--regular js-accordion-trigger\"\n\t\taria-label=\"SDG 10\"\n\t\taria-controls\n\t>\n\t\tSDG 10\t\t<div class=\"accordion__icon\" aria-hidden=\"true\" >\n\t\t\t<svg xmlns='http:\/\/www.w3.org\/2000\/svg' width='15' height='10' viewBox='0 0 15 10' fill='none'><g><path d='M.719 1.836 2.172.383 7.499 5.71l5.33-5.327 1.452 1.453L7.5 8.616.72 1.836Z' fill='currentColor' \/><\/g><defs><path fill='#fff' d='M0 0h15v10H0z' \/><\/defs><\/svg>\t\t<\/div>\n\t<\/button>\n\t<section\n\t\tclass=\"accordion__panel js-accordion-panel\"\n\t\taria-hidden=\"true\"\n\t>\n\t\t<div class=\"accordion__content\">\n\t\t\t\n<div class=\"wrapper wrapper__bg-color--white  wrapper__spacing-bottom-large--40       wrapper__border-color-large--primary wrapper__border-size-large--none\">\n\n\t\n\t\t\t<p class=\"paragraph paragraph__color--black paragraph__size--default paragraph__align--left paragraph__font-family--sans block-paragraph__paragraph\">\n\t<strong>Kernziel<br><\/strong>10.3 Chancengleichheit gew\u00e4hrleisten und Ungleichheit der Ergebnisse reduzieren, namentlich durch die Abschaffung diskriminierender Gesetze, Politiken und Praktiken und die F\u00f6rderung geeigneter gesetzgeberischer, politischer und sonstiger Ma\u00dfnahmen in dieser Hinsicht<br><br><strong>Unser Beitrag<\/strong><br>Der A1 Group Code of Conduct enth\u00e4lt ein klares Bekenntnis der A1 Group zum Schutz und zur Wahrung der Menschenrechte. Die konzernweite Human Rights Policy, die im Fr\u00fchjahr 2022 ver\u00f6ffentlicht wurde, bekr\u00e4ftigt und konkretisiert das Engagement und die Bem\u00fchungen des Unternehmens zum Schutz der Menschenrechte.<br>\u00a0<br><strong><strong>Unsere Richtlinien &amp; Ma\u00dfnahmen<\/strong><\/strong><br><a href=\"https:\/\/a1.com\/wp-content\/uploads\/sites\/6\/2025\/12\/Human-Rights-Policy_August-2025_FINAL.pdf\" target=\"_blank\" rel=\"noreferrer noopener\">Human Rights Policy<br><\/a><a href=\"https:\/\/a1.com\/de\/compliance\/\" target=\"_blank\" rel=\"noreferrer noopener\">Compliance<\/a><br><a href=\"https:\/\/a1.com\/wp-content\/uploads\/sites\/6\/2026\/01\/DEI_Policy_2023_engl_-update-2026_Jan_whistleblowerlinknew.pdf\" target=\"_blank\" rel=\"noreferrer noopener\">Diversity, Equity &amp; Inclusion Policy<\/a><br><a href=\"https:\/\/a1.com\/wp-content\/uploads\/sites\/6\/2024\/06\/A1-Group-Responsible-Sourcing-Policy-2024.pdf\">Responsible Sourcing Policy<\/a><a href=\"https:\/\/a1.com\/de\/compliance\/\" target=\"_blank\" rel=\"noreferrer noopener\"><br><\/a>\u00a0<br><strong>Kennzahlen<br><\/strong>Eingelangte Menschenrechtsbeschwerden \u00fcber die Compliance-Whistleblowing-Plattform 2025: 5<\/p>\t<\/div>\n\n\t\t<\/div>\n\t<\/section>\n<\/div>\t<\/div>\n\n<\/div>\n\n<\/div>\n\t\t\t<\/div>\n\t\t<\/div>\n\t<\/div>\n\n\n<div\n\tclass=\"wrapper wrapper__bg-color--white  wrapper__spacing-bottom-large--0 wrapper__spacing-top-in-large--30      wrapper__border-color-large--primary wrapper__border-size-large--none\"\n\t>\n\n\t\n\t\t\t<div class=\"wrapper__container wrapper__container-width-large--default wrapper__gutter-desktop--default wrapper__gutter-tablet--small\">\n\t\t\t<div class=\"wrapper__inner wrapper__width-large--12 wrapper__width-mobile--12 wrapper__offset-large--0 wrapper__offset-mobile--0\">\n\t\t\t\t\n<div class=\"block-columns block-columns__gutter-large--30 block-columns__gutter-mobile--10 block-columns__vertical-spacing-large--30 block-columns__vertical-spacing-mobile--10\">\n\t\n\n<div class=\"block-column block-column__width-large--2 block-column__width-mobile--12 block-column__offset-large--1 block-column__offset-mobile--0  block-column__order-mobile--2  block-column__border-color-large--primary block-column__border-size-large--none\">\n\t\n<div\n\tclass=\"wrapper wrapper__bg-color  wrapper__spacing-bottom-large--40 wrapper__spacing-top-in-mobile--20      wrapper__border-color-large--primary wrapper__border-size-large--none\"\n\t>\n\n\t\n\t\t\t<div class=\"image-wrap block-image__image-wrap\" data-align=\"center center\">\n\n\t\t\t<picture class=\"image image__picture\">\n\t\t\t\t\t\t<img\n\t\t\t\tsrc=\"https:\/\/a1.com\/wp-content\/uploads\/sites\/6\/2023\/07\/SDG_icons_DE-11-scaled.jpg\"\n\t\t\t\tclass=\"image  image__rounded-corners--none block-image__image\"\n\t\t\t\talt=\"\"\n\t\t\t\/>\n\t\t<\/picture>\n\t\n\t<\/div>\t<\/div>\n\n<\/div>\n\n\n\n<div class=\"block-column block-column__width-large--6 block-column__width-mobile--11 block-column__offset-mobile--1   block-column__align-large--top block-column__border-color-large--primary block-column__border-size-large--none\">\n\t\n<div\n\tclass=\"wrapper wrapper__bg-color--white  wrapper__spacing-bottom-large--20 wrapper__spacing-top-in-mobile--20      wrapper__border-color-large--primary wrapper__border-size-large--medium\"\n\t>\n\n\t\n\t\t\t<p class=\"paragraph paragraph__color--black paragraph__size--default paragraph__align--left paragraph__font-family--sans block-paragraph__paragraph\">\n\tSt\u00e4dte und Siedlungen inklusiv, sicher, widerstandsf\u00e4hig und nachhaltig gestalten<\/p>\t<\/div>\n\n\n<div\n\tclass=\"wrapper wrapper__bg-color--white  wrapper__spacing-bottom-large--0       wrapper__border-color-large--primary wrapper__border-size-large--medium\"\n\t>\n\n\t\n\t\t\t<div\n\tclass=\"accordion js-accordion block-accordion__accordion\"\n\tdata-accordion-open=\"false\"\n>\n\t<button\n\t\tclass=\"accordion__trigger accordion__trigger-size--small accordion__trigger-font-family--sans accordion__trigger-font-weight--regular js-accordion-trigger\"\n\t\taria-label=\"SDG 11\"\n\t\taria-controls\n\t>\n\t\tSDG 11\t\t<div class=\"accordion__icon\" aria-hidden=\"true\" >\n\t\t\t<svg xmlns='http:\/\/www.w3.org\/2000\/svg' width='15' height='10' viewBox='0 0 15 10' fill='none'><g><path d='M.719 1.836 2.172.383 7.499 5.71l5.33-5.327 1.452 1.453L7.5 8.616.72 1.836Z' fill='currentColor' \/><\/g><defs><path fill='#fff' d='M0 0h15v10H0z' \/><\/defs><\/svg>\t\t<\/div>\n\t<\/button>\n\t<section\n\t\tclass=\"accordion__panel js-accordion-panel\"\n\t\taria-hidden=\"true\"\n\t>\n\t\t<div class=\"accordion__content\">\n\t\t\t\n<div class=\"wrapper wrapper__bg-color--white  wrapper__spacing-bottom-large--40       wrapper__border-color-large--primary wrapper__border-size-large--none\">\n\n\t\n\t\t\t<p class=\"paragraph paragraph__color--black paragraph__size--default paragraph__align--left paragraph__font-family--sans block-paragraph__paragraph\">\n\t<strong>Kernziele<\/strong><br>11.3 Bis 2030 die Verst\u00e4dterung inklusiver und nachhaltiger gestalten und die Kapazit\u00e4ten f\u00fcr eine partizipatorische, integrierte und nachhaltige Siedlungsplanung und -steuerung in allen L\u00e4ndern verst\u00e4rken<br><br>11.6 Bis 2030 die von den St\u00e4dten ausgehende Umweltbelastung pro Kopf senken, unter anderem mit besonderer Aufmerksamkeit auf der Luftqualit\u00e4t und der kommunalen und sonstigen Abfallbehandlung<br><br><strong>Unser Beitrag<\/strong><br>Die A1 Group baut stetig das Produktportfolio an nachhaltigen Diensten aus \u2013 zum Beispiel in den Bereichen Internet der Dinge (IoT) sowie Smart Home f\u00fcr Kund:innen.<br><br><strong><strong>Unsere Richtlinien &amp; Ma\u00dfnahmen<\/strong><\/strong><br><a href=\"https:\/\/a1.com\/de\/a1-smart-home\/\" target=\"_blank\" rel=\"noreferrer noopener\">Smart-Home-Produkte<\/a><br><a href=\"https:\/\/www.a1.digital\/de\/iot\/\" target=\"_blank\" rel=\"noreferrer noopener\">IoT &#8211; Internet of Things<\/a><br><a href=\"https:\/\/www.a1.digital\/de\/case-studies\/hawle-hydranten-iot\/\" target=\"_blank\" rel=\"noreferrer noopener\">Smarte Hydranten<\/a><br>\u00a0<br><strong>Kennzahlen<br><\/strong>\u2022  Glasfaserl\u00e4nge: 140.176 km<br>\u2022  An Glasfaser angebundene   Mobilfunkstandorte: 61\u202f% \u00d6sterreich f\u00fchrend mit 86\u202f%<br>\u2022 5G-Abdeckung: 79 % der Bev\u00f6lkerung<br>\u2022 4G-Abdeckung: &gt;99\u202f%<\/p>\t<\/div>\n\n\t\t<\/div>\n\t<\/section>\n<\/div>\t<\/div>\n\n<\/div>\n\n<\/div>\n\t\t\t<\/div>\n\t\t<\/div>\n\t<\/div>\n\n\n<div\n\tclass=\"wrapper wrapper__bg-color--white  wrapper__spacing-bottom-large--0 wrapper__spacing-top-in-large--30      wrapper__border-color-large--primary wrapper__border-size-large--none\"\n\t>\n\n\t\n\t\t\t<div class=\"wrapper__container wrapper__container-width-large--default wrapper__gutter-desktop--default wrapper__gutter-tablet--small\">\n\t\t\t<div class=\"wrapper__inner wrapper__width-large--12 wrapper__width-mobile--12 wrapper__offset-large--0 wrapper__offset-mobile--0\">\n\t\t\t\t\n<div class=\"block-columns block-columns__gutter-large--30 block-columns__gutter-mobile--10 block-columns__vertical-spacing-large--30 block-columns__vertical-spacing-mobile--10\">\n\t\n\n<div class=\"block-column block-column__width-large--2 block-column__width-mobile--12 block-column__offset-large--1 block-column__offset-mobile--0  block-column__order-mobile--2  block-column__border-color-large--primary block-column__border-size-large--none\">\n\t\n<div\n\tclass=\"wrapper wrapper__bg-color  wrapper__spacing-bottom-large--40 wrapper__spacing-top-in-mobile--20      wrapper__border-color-large--primary wrapper__border-size-large--none\"\n\t>\n\n\t\n\t\t\t<div class=\"image-wrap block-image__image-wrap\" data-align=\"center center\">\n\n\t\t\t<picture class=\"image image__picture\">\n\t\t\t\t\t\t<img\n\t\t\t\tsrc=\"https:\/\/a1.com\/wp-content\/uploads\/sites\/6\/2023\/07\/SDG_icons_DE-12-scaled.jpg\"\n\t\t\t\tclass=\"image  image__rounded-corners--none block-image__image\"\n\t\t\t\talt=\"\"\n\t\t\t\/>\n\t\t<\/picture>\n\t\n\t<\/div>\t<\/div>\n\n<\/div>\n\n\n\n<div class=\"block-column block-column__width-large--6 block-column__width-mobile--11 block-column__offset-mobile--1   block-column__align-large--top block-column__border-color-large--primary block-column__border-size-large--none\">\n\t\n<div\n\tclass=\"wrapper wrapper__bg-color--white  wrapper__spacing-bottom-large--20 wrapper__spacing-top-in-mobile--20      wrapper__border-color-large--primary wrapper__border-size-large--medium\"\n\t>\n\n\t\n\t\t\t<p class=\"paragraph paragraph__color--black paragraph__size--default paragraph__align--left paragraph__font-family--sans block-paragraph__paragraph\">\n\tNachhaltige Konsum- und Produktionsmuster sicherstellen<\/p>\t<\/div>\n\n\n<div\n\tclass=\"wrapper wrapper__bg-color--white  wrapper__spacing-bottom-large--0       wrapper__border-color-large--primary wrapper__border-size-large--medium\"\n\t>\n\n\t\n\t\t\t<div\n\tclass=\"accordion js-accordion block-accordion__accordion\"\n\tdata-accordion-open=\"false\"\n>\n\t<button\n\t\tclass=\"accordion__trigger accordion__trigger-size--small accordion__trigger-font-family--sans accordion__trigger-font-weight--regular js-accordion-trigger\"\n\t\taria-label=\"SDG 12\"\n\t\taria-controls\n\t>\n\t\tSDG 12\t\t<div class=\"accordion__icon\" aria-hidden=\"true\" >\n\t\t\t<svg xmlns='http:\/\/www.w3.org\/2000\/svg' width='15' height='10' viewBox='0 0 15 10' fill='none'><g><path d='M.719 1.836 2.172.383 7.499 5.71l5.33-5.327 1.452 1.453L7.5 8.616.72 1.836Z' fill='currentColor' \/><\/g><defs><path fill='#fff' d='M0 0h15v10H0z' \/><\/defs><\/svg>\t\t<\/div>\n\t<\/button>\n\t<section\n\t\tclass=\"accordion__panel js-accordion-panel\"\n\t\taria-hidden=\"true\"\n\t>\n\t\t<div class=\"accordion__content\">\n\t\t\t\n<div class=\"wrapper wrapper__bg-color--white  wrapper__spacing-bottom-large--40       wrapper__border-color-large--primary wrapper__border-size-large--none\">\n\n\t\n\t\t\t<p class=\"paragraph paragraph__color--black paragraph__size--default paragraph__align--left paragraph__font-family--sans block-paragraph__paragraph\">\n\t<strong>Kernziele<\/strong><br>12.1 Den Zehnjahres-Programmrahmen f\u00fcr nachhaltige Konsum- und Produktionsmuster umsetzen, wobei alle L\u00e4nder, an der Spitze die entwickelten L\u00e4nder, Ma\u00dfnahmen ergreifen, unter Ber\u00fccksichtigung des Entwicklungsstands und der Kapazit\u00e4ten der Entwicklungsl\u00e4nder<br><br>12.2 Bis 2030 die nachhaltige Bewirtschaftung und effiziente Nutzung der nat\u00fcrlichen Ressourcen erreichen<br><br>12.5 Bis 2030 das Abfallaufkommen durch Vermeidung, Verminderung, Wiederverwertung und Wiederverwendung deutlich verringern<br><br>12.6 Die Unternehmen, insbesondere gro\u00dfe und transnationale Unternehmen, dazu ermutigen, nachhaltige Verfahren einzuf\u00fchren und in ihre Berichterstattung Nachhaltigkeitsinformationen aufzunehmen<br><br>12.7 In der \u00f6ffentlichen Beschaffung nachhaltige Verfahren f\u00f6rdern, im Einklang mit den nationalen Politiken und Priorit\u00e4ten<br><br>12.8 Bis 2030 sicherstellen, dass die Menschen \u00fcberall \u00fcber einschl\u00e4gige Informationen und das Bewusstsein f\u00fcr nachhaltige Entwicklung und eine Lebensweise in Harmonie mit der Natur verf\u00fcgen<br>\u00a0<br><strong>Unser Beitrag<br><\/strong>Die A1 Group tr\u00e4gt zur nachhaltigen Produktion bei, indem sie die Kreislaufwirtschaft f\u00f6rdert, etwa durch konsequentes Lifecycle-Management. Recycling- und Reuse-Initiativen wie das Handy-Recyclingprogramm f\u00f6rdern den nachhaltigen Konsum. <br>\u00a0<br><strong><strong>Unsere Richtlinien &amp; Ma\u00dfnahmen<\/strong><br><\/strong><a href=\"https:\/\/a1.com\/wp-content\/uploads\/sites\/6\/2024\/07\/A1_Group_Supplier-Code-of-Conduct-2024.pdf\">Supplier Code of Conduct<\/a><br><a href=\"https:\/\/a1.com\/wp-content\/uploads\/sites\/6\/2024\/06\/A1-Group-Responsible-Sourcing-Policy-2024.pdf\">Responsible Sourcing Policy<\/a><br><a href=\"https:\/\/a1.com\/de\/project\/supply-chain-standards\/\">Supply-Chain Standards<\/a><br><a href=\"https:\/\/a1.com\/wp-content\/uploads\/sites\/6\/2023\/07\/A1-Group-Conflict-Minerals-Policy_2023.pdf\">Conflict Minerals Policy<\/a><br><a href=\"https:\/\/a1.com\/wp-content\/uploads\/sites\/6\/2024\/08\/CE_Sustainable_Packaging_Quality_Criteria.pdf\">Sustainable Packaging Guidelines<\/a><br><a href=\"https:\/\/a1.com\/wp-content\/uploads\/sites\/6\/2024\/08\/A1_Group_Due-Diligence-Form.pdf\">Due Diligence Form<\/a><br><a href=\"https:\/\/a1.com\/wp-content\/uploads\/sites\/6\/2024\/08\/A1-TAG-Environmental-Policy-August-2024.pdf\">Environmental Policy<\/a><br><a href=\"https:\/\/a1.com\/de\/project\/circular-economy-und-zero-waste-to-landfill\/\" target=\"_blank\" rel=\"noreferrer noopener\">Circular Economy und Zero-Waste-to-Landfill<br><\/a><a href=\"https:\/\/a1.com\/de\/a1-groesstes-refurbishment-center-in-bulgarien\/\" target=\"_blank\" rel=\"noreferrer noopener\">Refurbishment Center in Bulgarien<br><\/a><a href=\"https:\/\/a1.com\/de\/reuse-recycle-a1-slowenien\/\" id=\"3417\" target=\"_blank\" rel=\"noreferrer noopener\">Reuse &amp; Recycle in Slowenien<\/a><br>\u00a0<br><strong>Kennzahlen<\/strong><br>\u2022  Quote der R\u00fccknahme von auf den Markt gebrachten Ger\u00e4ten 2025: 28%<br>\u2022  Anzahl in Zusammenarbeit mit JAC auditierter Lieferanten 2025: 151 (5 davon von A1 Group durchgef\u00fchrt)<br>\u2022 Stunden an durchgef\u00fchrten Purchasing Trainings: 174 <br>\u2022 Teilnehmeranzahl an Purchasing Trainings: 49<br>\u2022 Korrekturma\u00dfnahmenpl\u00e4ne: 794 erstellt, 221 abgeschlossen; Hauptthemen (87\u202f% der Feststellungen): Arbeitssicherheit und Gesundheitsschutz (50\u202f%), Arbeitszeiten (15\u202f%), Umwelt (12\u202f%), Gesch\u00e4ftsethik (10\u202f%)<\/p>\t<\/div>\n\n\t\t<\/div>\n\t<\/section>\n<\/div>\t<\/div>\n\n<\/div>\n\n<\/div>\n\t\t\t<\/div>\n\t\t<\/div>\n\t<\/div>\n\n\n<div\n\tclass=\"wrapper wrapper__bg-color--white  wrapper__spacing-bottom-large--0 wrapper__spacing-top-in-large--30      wrapper__border-color-large--primary wrapper__border-size-large--none\"\n\t>\n\n\t\n\t\t\t<div class=\"wrapper__container wrapper__container-width-large--default wrapper__gutter-desktop--default wrapper__gutter-tablet--small\">\n\t\t\t<div class=\"wrapper__inner wrapper__width-large--12 wrapper__width-mobile--12 wrapper__offset-large--0 wrapper__offset-mobile--0\">\n\t\t\t\t\n<div class=\"block-columns block-columns__gutter-large--30 block-columns__gutter-mobile--10 block-columns__vertical-spacing-large--30 block-columns__vertical-spacing-mobile--10\">\n\t\n\n<div class=\"block-column block-column__width-large--2 block-column__width-mobile--12 block-column__offset-large--1 block-column__offset-mobile--0  block-column__order-mobile--2  block-column__border-color-large--primary block-column__border-size-large--none\">\n\t\n<div\n\tclass=\"wrapper wrapper__bg-color  wrapper__spacing-bottom-large--40 wrapper__spacing-top-in-mobile--20      wrapper__border-color-large--primary wrapper__border-size-large--none\"\n\t>\n\n\t\n\t\t\t<div class=\"image-wrap block-image__image-wrap\" data-align=\"center center\">\n\n\t\t\t<picture class=\"image image__picture\">\n\t\t\t\t\t\t<img\n\t\t\t\tsrc=\"https:\/\/a1.com\/wp-content\/uploads\/sites\/6\/2023\/07\/SDG_icons_DE-13-scaled.jpg\"\n\t\t\t\tclass=\"image  image__rounded-corners--none block-image__image\"\n\t\t\t\talt=\"\"\n\t\t\t\/>\n\t\t<\/picture>\n\t\n\t<\/div>\t<\/div>\n\n<\/div>\n\n\n\n<div class=\"block-column block-column__width-large--6 block-column__width-mobile--11 block-column__offset-mobile--1   block-column__align-large--top block-column__border-color-large--primary block-column__border-size-large--none\">\n\t\n<div\n\tclass=\"wrapper wrapper__bg-color--white  wrapper__spacing-bottom-large--20 wrapper__spacing-top-in-mobile--20      wrapper__border-color-large--primary wrapper__border-size-large--medium\"\n\t>\n\n\t\n\t\t\t<p class=\"paragraph paragraph__color--black paragraph__size--default paragraph__align--left paragraph__font-family--sans block-paragraph__paragraph\">\n\tUmgehend Ma\u00dfnahmen zur Bek\u00e4mpfung des Klimawandels und seiner Auswirkungen ergreifen<\/p>\t<\/div>\n\n\n<div\n\tclass=\"wrapper wrapper__bg-color--white  wrapper__spacing-bottom-large--0       wrapper__border-color-large--primary wrapper__border-size-large--medium\"\n\t>\n\n\t\n\t\t\t<div\n\tclass=\"accordion js-accordion block-accordion__accordion\"\n\tdata-accordion-open=\"false\"\n>\n\t<button\n\t\tclass=\"accordion__trigger accordion__trigger-size--small accordion__trigger-font-family--sans accordion__trigger-font-weight--regular js-accordion-trigger\"\n\t\taria-label=\"SDG 13\"\n\t\taria-controls\n\t>\n\t\tSDG 13\t\t<div class=\"accordion__icon\" aria-hidden=\"true\" >\n\t\t\t<svg xmlns='http:\/\/www.w3.org\/2000\/svg' width='15' height='10' viewBox='0 0 15 10' fill='none'><g><path d='M.719 1.836 2.172.383 7.499 5.71l5.33-5.327 1.452 1.453L7.5 8.616.72 1.836Z' fill='currentColor' \/><\/g><defs><path fill='#fff' d='M0 0h15v10H0z' \/><\/defs><\/svg>\t\t<\/div>\n\t<\/button>\n\t<section\n\t\tclass=\"accordion__panel js-accordion-panel\"\n\t\taria-hidden=\"true\"\n\t>\n\t\t<div class=\"accordion__content\">\n\t\t\t\n<div class=\"wrapper wrapper__bg-color--white  wrapper__spacing-bottom-large--40       wrapper__border-color-large--primary wrapper__border-size-large--none\">\n\n\t\n\t\t\t<p class=\"paragraph paragraph__color--black paragraph__size--default paragraph__align--left paragraph__font-family--sans block-paragraph__paragraph\">\n\t<strong>Kernziel<\/strong><br>13.2 Klimaschutzma\u00dfnahmen in die nationalen Politiken, Strategien und Planungen einbeziehen<br><br><strong>Unser Beitrag<br><\/strong>Die A1 Group tr\u00e4gt zum Klimaschutz bei, indem sie Ma\u00dfnahmen zur Verbesserung der Energieeffizienz ergreift, Produkte und Dienstleistungen zur Senkung von CO\u2082-Emissionen anbietet und den Anteil an Strom aus erneuerbarer Energie erh\u00f6ht.<br>\u00a0<br><strong><strong>Unsere Richtlinien &amp; Ma\u00dfnahmen<\/strong><br><\/strong><a href=\"https:\/\/a1.com\/de\/esg\/umwelt\/\" target=\"_blank\" rel=\"noreferrer noopener\">A1 Klimavision<br><\/a><a href=\"https:\/\/a1.com\/de\/project\/netto-null\/\" target=\"_blank\" rel=\"noreferrer noopener\">Netto-Null<br><\/a><a href=\"https:\/\/a1.com\/wp-content\/uploads\/sites\/6\/2024\/08\/A1-TAG-Environmental-Policy-August-2024.pdf\" target=\"_blank\" rel=\"noreferrer noopener\">Environmental Policy<br><\/a><a href=\"https:\/\/a1.com\/wp-content\/uploads\/sites\/6\/2023\/07\/Strategy-paper-on-clean-energy_2023.pdf\" target=\"_blank\" rel=\"noreferrer noopener\">Clean Energy Strategy<\/a><br><br><strong>Kennzahlen<\/strong><br>\u2022  Reduktion Scope 1 und Scope 2: -63% (2019 vs. 2025)<br>\u2022  Reduction in Scope 3: -22% (2019 vs. 2025)<\/p>\t<\/div>\n\n\t\t<\/div>\n\t<\/section>\n<\/div>\t<\/div>\n\n<\/div>\n\n<\/div>\n\t\t\t<\/div>\n\t\t<\/div>\n\t<\/div>\n\n\n<div\n\tclass=\"wrapper wrapper__bg-color--white  wrapper__spacing-bottom-large--0 wrapper__spacing-top-in-large--30 wrapper__spacing-bottom-in-large--120     wrapper__border-color-large--primary wrapper__border-size-large--none\"\n\t>\n\n\t\n\t\t\t<div class=\"wrapper__container wrapper__container-width-large--default wrapper__gutter-desktop--default wrapper__gutter-tablet--small\">\n\t\t\t<div class=\"wrapper__inner wrapper__width-large--12 wrapper__width-mobile--12 wrapper__offset-large--0 wrapper__offset-mobile--0\">\n\t\t\t\t\n<div class=\"block-columns block-columns__gutter-large--30 block-columns__gutter-mobile--10 block-columns__vertical-spacing-large--30 block-columns__vertical-spacing-mobile--10\">\n\t\n\n<div class=\"block-column block-column__width-large--2 block-column__width-mobile--12 block-column__offset-large--1 block-column__offset-mobile--0  block-column__order-mobile--2  block-column__border-color-large--primary block-column__border-size-large--none\">\n\t\n<div\n\tclass=\"wrapper wrapper__bg-color  wrapper__spacing-bottom-large--40 wrapper__spacing-top-in-mobile--20      wrapper__border-color-large--primary wrapper__border-size-large--none\"\n\t>\n\n\t\n\t\t\t<div class=\"image-wrap block-image__image-wrap\" data-align=\"center center\">\n\n\t\t\t<picture class=\"image image__picture\">\n\t\t\t\t\t\t<img\n\t\t\t\tsrc=\"https:\/\/a1.com\/wp-content\/uploads\/sites\/6\/2023\/07\/SDG_icons_DE-16-scaled.jpg\"\n\t\t\t\tclass=\"image  image__rounded-corners--none block-image__image\"\n\t\t\t\talt=\"\"\n\t\t\t\/>\n\t\t<\/picture>\n\t\n\t<\/div>\t<\/div>\n\n<\/div>\n\n\n\n<div class=\"block-column block-column__width-large--6 block-column__width-mobile--11 block-column__offset-mobile--1   block-column__align-large--top block-column__border-color-large--primary block-column__border-size-large--none\">\n\t\n<div\n\tclass=\"wrapper wrapper__bg-color--white  wrapper__spacing-bottom-large--20 wrapper__spacing-top-in-mobile--20      wrapper__border-color-large--primary wrapper__border-size-large--medium\"\n\t>\n\n\t\n\t\t\t<p class=\"paragraph paragraph__color--black paragraph__size--default paragraph__align--left paragraph__font-family--sans block-paragraph__paragraph\">\n\tFriedliche und inklusive Gesellschaften f\u00fcr eine nachhaltige Entwicklung f\u00f6rdern, allen Menschen Zugang zur Justiz erm\u00f6glichen und leistungsf\u00e4hige, rechenschaftspflichtige und inklusive Institutionen auf allen Ebenen aufbauen<\/p>\t<\/div>\n\n\n<div\n\tclass=\"wrapper wrapper__bg-color--white  wrapper__spacing-bottom-large--0       wrapper__border-color-large--primary wrapper__border-size-large--medium\"\n\t>\n\n\t\n\t\t\t<div\n\tclass=\"accordion js-accordion block-accordion__accordion\"\n\tdata-accordion-open=\"false\"\n>\n\t<button\n\t\tclass=\"accordion__trigger accordion__trigger-size--small accordion__trigger-font-family--sans accordion__trigger-font-weight--regular js-accordion-trigger\"\n\t\taria-label=\"SDG 16\"\n\t\taria-controls\n\t>\n\t\tSDG 16\t\t<div class=\"accordion__icon\" aria-hidden=\"true\" >\n\t\t\t<svg xmlns='http:\/\/www.w3.org\/2000\/svg' width='15' height='10' viewBox='0 0 15 10' fill='none'><g><path d='M.719 1.836 2.172.383 7.499 5.71l5.33-5.327 1.452 1.453L7.5 8.616.72 1.836Z' fill='currentColor' \/><\/g><defs><path fill='#fff' d='M0 0h15v10H0z' \/><\/defs><\/svg>\t\t<\/div>\n\t<\/button>\n\t<section\n\t\tclass=\"accordion__panel js-accordion-panel\"\n\t\taria-hidden=\"true\"\n\t>\n\t\t<div class=\"accordion__content\">\n\t\t\t\n<div class=\"wrapper wrapper__bg-color--white  wrapper__spacing-bottom-large--40       wrapper__border-color-large--primary wrapper__border-size-large--none\">\n\n\t\n\t\t\t<p class=\"paragraph paragraph__color--black paragraph__size--default paragraph__align--left paragraph__font-family--sans block-paragraph__paragraph\">\n\t<strong>Kernziel<\/strong><br>16.5 Korruption und Bestechung in allen ihren Formen erheblich reduzieren<br>\u00a0<br><strong>Unser Beitrag<br><\/strong>Handeln mit Ehrlichkeit, Fairness und Transparenz ist eine wesentliche Komponente der Unternehmenskultur, die bei A1 gelebt wird. Um seinen Integrit\u00e4tsstandard zu erreichen, setzt das Unternehmen auf ein umfassendes Compliance-Management-System (CMS).<br>\u00a0<br><strong><strong>Unsere Richtlinien &amp; Ma\u00dfnahmen<\/strong><br><\/strong><a href=\"https:\/\/a1.com\/de\/compliance\/\" target=\"_blank\" rel=\"noreferrer noopener\">Compliance<\/a><br><a href=\"https:\/\/a1.com\/de\/project\/supply-chain-standards\/\" target=\"_blank\" rel=\"noreferrer noopener\">Supply-Chain Standards<\/a><a href=\"https:\/\/a1.com\/de\/compliance\/\" target=\"_blank\" rel=\"noreferrer noopener\"><br><\/a><a href=\"https:\/\/a1.com\/wp-content\/uploads\/sites\/6\/2023\/07\/A1_Group_Human-Rights-Policy_2023.pdf\" target=\"_blank\" rel=\"noreferrer noopener\">Human Rights Policy<br><\/a><a href=\"https:\/\/a1.com\/wp-content\/uploads\/sites\/6\/2023\/07\/A1-TAG-Media-Ethics-Policy_2022.pdf\" target=\"_blank\" rel=\"noreferrer noopener\">Media Ethics Policy<br><\/a><br><strong>Kennzahlen<\/strong><br>\u2022  Schulungsquote f\u00fcr risikohaftete Funktionen im Unternehmen 2025: 95%<\/p>\t<\/div>\n\n\t\t<\/div>\n\t<\/section>\n<\/div>\t<\/div>\n\n<\/div>\n\n<\/div>\n\t\t\t<\/div>\n\t\t<\/div>\n\t<\/div>\n\n\n<div\n\tclass=\"wrapper wrapper__bg-color--white  wrapper__spacing-bottom-large--0       wrapper__border-color-large--primary wrapper__border-size-large--none\"\n\t>\n\n\t\n\t\t\t<div class=\"wrapper__container wrapper__container-width-large--default wrapper__gutter-desktop--default wrapper__gutter-tablet--small\">\n\t\t\t<div class=\"wrapper__inner wrapper__width-large--12 wrapper__offset-large--0\">\n\t\t\t\t\n<div class=\"block-group block-group__border-color-large--primary block-group__border-size-large--none block-group__gutter--none\">\n\t\n<div\n\tclass=\"wrapper wrapper__bg-color--white  wrapper__spacing-bottom-large--40    wrapper__divider-bottom-large   wrapper__border-color-large--primary wrapper__border-size-large--none\"\n\t>\n\n\t\n\t\t\t<h2 class=\"heading heading__color--black heading__size--default heading__align--left heading__font-family--serif heading__font-weight--bold block-heading__heading\">\n\tDiscover more<\/h2>\t<\/div>\n\n\n<div\n\tclass=\"wrapper wrapper__bg-color--white  wrapper__spacing-bottom-large--0  wrapper__spacing-bottom-in-large--0     wrapper__border-color-large--primary wrapper__border-size-large--none\"\n\t>\n\n\t\n\t\t\t\n<div class=\"block-columns block-columns__gutter-large--10 block-columns__vertical-spacing-large--30\">\n\t\n\n<div class=\"block-column block-column__width-large--4 block-column__width-mobile--12     block-column__border-color-large--primary block-column__border-size-large--none block-column__no-left-gutter-large\">\n\t\n<div\n\tclass=\"wrapper wrapper__bg-color--white  wrapper__spacing-bottom-large--40       wrapper__border-color-large--primary wrapper__border-size-large--none\"\n\t>\n\n\t\n\t\t\t<div class=\"card-rounded card-rounded__color--concrete  block-card-rounded__card-rounded\">\n\t<div class=\"image-wrap card-rounded__image-wrap\" data-align=\"center center\">\n\n\t\t\t<div\n\t\t\tstyle=\"background-image:url(https:\/\/a1.com\/wp-content\/uploads\/sites\/6\/2023\/06\/ESG-3.jpg)\"\n\t\t\tclass=\"image image--bg image__rounded-corners--none card-rounded__image\">\n\t\t<\/div>\n\t\n\t<\/div>\n\t<div class=\"card-rounded__content\">\n\t\t<h5 class=\"heading heading__color--black heading__size--small heading__align--left heading__font-family--sans heading__font-weight--regular card-rounded__heading\">\n\tESG Ratings<\/h5><p class=\"paragraph paragraph__color--black paragraph__size--default paragraph__align--left paragraph__font-family--sans card-rounded__paragraph\">\n\tDie A1 Group l\u00e4sst j\u00e4hrlich ihre nachhaltigen Aktivit\u00e4ten von Ratingagenturen bewerten und ist in den wichtigsten Nachhaltigkeitsindizes gelistet.<\/p><div class=\"link-wrap link-wrap__align--left card-rounded__link-wrap\">\n\t\t\t<a\n\t\t\thref=\"https:\/\/a1.com\/de\/esg\/ratings-und-zertifikate\/\"\n\t\t\tclass=\"link link__color--primary link__size--default link__icon-position--right link__font-family--sans  card-rounded__link\"\n\t\t\tid=\"\"\n\t\t\ttitle=\"ESG Ratings\"\n\t\t\taria-label=\"\"\n\t\t\t\t\t>\n\t\t\t<i class=\"icon icon  icon__chevron-right link__icon\">\n\t<svg xmlns='http:\/\/www.w3.org\/2000\/svg' width='24' height='24' viewBox='0 0 24 24'><path d='m9.938 17.25-1.126-1.125 4.125-4.124-4.124-4.126L9.937 6.75l5.25 5.252-5.25 5.248Z' fill='currentColor' \/><\/svg><\/i>\t\t\t<span class=\"link__content\">ESG Ratings<\/span>\n\t\t<\/a>\n\t<\/div>\t<\/div>\n<\/div>\t<\/div>\n\n<\/div>\n\n\n\n<div class=\"block-column block-column__width-large--4 block-column__width-mobile--12     block-column__border-color-large--primary block-column__border-size-large--none block-column__no-left-gutter-large\">\n\t\n<div\n\tclass=\"wrapper wrapper__bg-color--white  wrapper__spacing-bottom-large--40       wrapper__border-color-large--primary wrapper__border-size-large--none\"\n\t>\n\n\t\n\t\t\t<div class=\"card-rounded card-rounded__color--concrete  block-card-rounded__card-rounded\">\n\t<div class=\"image-wrap card-rounded__image-wrap\" data-align=\"center center\">\n\n\t\t\t<div\n\t\t\tstyle=\"background-image:url(https:\/\/a1.com\/wp-content\/uploads\/sites\/6\/2023\/06\/iStock-1226926060-1.jpg)\"\n\t\t\tclass=\"image image--bg image__rounded-corners--none card-rounded__image\">\n\t\t<\/div>\n\t\n\t<\/div>\n\t<div class=\"card-rounded__content\">\n\t\t<h5 class=\"heading heading__color--black heading__size--small heading__align--left heading__font-family--sans heading__font-weight--regular card-rounded__heading\">\n\tNachhaltigkeitsstrategie<\/h5><p class=\"paragraph paragraph__color--black paragraph__size--default paragraph__align--left paragraph__font-family--sans card-rounded__paragraph\">\n\tDie A1 Group nimmt ihre \u00f6kologische und soziale Verantwortung aktiv wahr, indem sie effizientere, ressourcenschonende und damit nachhaltigere Arbeits- und Lebensweisen f\u00f6rdert.<\/p><div class=\"link-wrap link-wrap__align--left card-rounded__link-wrap\">\n\t\t\t<a\n\t\t\thref=\"https:\/\/a1.com\/de\/esg\/nachhaltigkeitsstrategie\/\"\n\t\t\tclass=\"link link__color--primary link__size--default link__icon-position--right link__font-family--sans  card-rounded__link\"\n\t\t\tid=\"\"\n\t\t\ttitle=\"Nachhaltigkeitsstrategie\"\n\t\t\taria-label=\"\"\n\t\t\t\t\t>\n\t\t\t<i class=\"icon icon  icon__chevron-right link__icon\">\n\t<svg xmlns='http:\/\/www.w3.org\/2000\/svg' width='24' height='24' viewBox='0 0 24 24'><path d='m9.938 17.25-1.126-1.125 4.125-4.124-4.124-4.126L9.937 6.75l5.25 5.252-5.25 5.248Z' fill='currentColor' \/><\/svg><\/i>\t\t\t<span class=\"link__content\">Nachhaltigkeitsstrategie<\/span>\n\t\t<\/a>\n\t<\/div>\t<\/div>\n<\/div>\t<\/div>\n\n<\/div>\n\n\n\n<div class=\"block-column block-column__width-large--4 block-column__width-mobile--12     block-column__border-color-large--primary block-column__border-size-large--none block-column__no-left-gutter-large\">\n\t\n<div\n\tclass=\"wrapper wrapper__bg-color--white  wrapper__spacing-bottom-large--40       wrapper__border-color-large--primary wrapper__border-size-large--none\"\n\t>\n\n\t\n\t\t\t<div class=\"card-rounded card-rounded__color--concrete  block-card-rounded__card-rounded\">\n\t<div class=\"image-wrap card-rounded__image-wrap\" data-align=\"bottom center\">\n\n\t\t\t<div\n\t\t\tstyle=\"background-image:url(https:\/\/a1.com\/wp-content\/uploads\/sites\/6\/2023\/06\/iStock-1303391886-scaled.jpg)\"\n\t\t\tclass=\"image image--bg image__rounded-corners--none card-rounded__image\">\n\t\t<\/div>\n\t\n\t<\/div>\n\t<div class=\"card-rounded__content\">\n\t\t<h5 class=\"heading heading__color--black heading__size--small heading__align--left heading__font-family--sans heading__font-weight--regular card-rounded__heading\">\n\tESG-Ziele<\/h5><p class=\"paragraph paragraph__color--black paragraph__size--default paragraph__align--left paragraph__font-family--sans card-rounded__paragraph\">\n\tMit 13 Zielen in den drei Nachhaltigkeitskategorien wollen wir unseren \u00f6kologischen Fu\u00dfabdruck minimieren, eine Kreislaufwirtschaft f\u00f6rdern und unsere Initiativen sowohl f\u00fcr unsere Mitarbeiter:innen als auch f\u00fcr die Gesellschaft ausbauen.<\/p><div class=\"link-wrap link-wrap__align--left card-rounded__link-wrap\">\n\t\t\t<a\n\t\t\thref=\"https:\/\/a1.com\/de\/esg\/esg-ziele\/\"\n\t\t\tclass=\"link link__color--primary link__size--default link__icon-position--right link__font-family--sans  card-rounded__link\"\n\t\t\tid=\"\"\n\t\t\ttitle=\"ESG-Ziele\"\n\t\t\taria-label=\"\"\n\t\t\t\t\t>\n\t\t\t<i class=\"icon icon  icon__chevron-right link__icon\">\n\t<svg xmlns='http:\/\/www.w3.org\/2000\/svg' width='24' height='24' viewBox='0 0 24 24'><path d='m9.938 17.25-1.126-1.125 4.125-4.124-4.124-4.126L9.937 6.75l5.25 5.252-5.25 5.248Z' fill='currentColor' \/><\/svg><\/i>\t\t\t<span class=\"link__content\">ESG-Ziele<\/span>\n\t\t<\/a>\n\t<\/div>\t<\/div>\n<\/div>\t<\/div>\n\n<\/div>\n\n<\/div>\n\t<\/div>\n\n<\/div>\n\t\t\t<\/div>\n\t\t<\/div>\n\t<\/div>\n","protected":false},"excerpt":{"rendered":"","protected":false},"author":3,"featured_media":0,"parent":192,"menu_order":0,"comment_status":"closed","ping_status":"closed","template":"","meta":{"_acf_changed":false,"footnotes":""},"departments":[19],"class_list":["post-3891","page","type-page","status-publish","hentry","department-esg"],"acf":[],"yoast_head":"<!-- This site is optimized with the Yoast SEO plugin v27.4 - https:\/\/yoast.com\/product\/yoast-seo-wordpress\/ -->\n<title>Sustainable Development Goals - A1 Group<\/title>\n<meta name=\"robots\" content=\"index, follow, max-snippet:-1, max-image-preview:large, max-video-preview:-1\" \/>\n<link rel=\"canonical\" href=\"https:\/\/a1.com\/de\/verantwortung\/sustainable-development-goals\/\" \/>\n<meta property=\"og:locale\" content=\"de_DE\" \/>\n<meta property=\"og:type\" content=\"article\" \/>\n<meta property=\"og:title\" content=\"Sustainable Development Goals - A1 Group\" \/>\n<meta property=\"og:url\" content=\"https:\/\/a1.com\/de\/verantwortung\/sustainable-development-goals\/\" \/>\n<meta property=\"og:site_name\" content=\"A1 Group\" \/>\n<meta property=\"article:modified_time\" content=\"2026-03-17T14:47:04+00:00\" \/>\n<meta name=\"twitter:card\" content=\"summary_large_image\" \/>\n<meta name=\"twitter:label1\" content=\"Est. reading time\" \/>\n\t<meta name=\"twitter:data1\" content=\"9 minutes\" \/>\n<script type=\"application\/ld+json\" class=\"yoast-schema-graph\">{\"@context\":\"https:\\\/\\\/schema.org\",\"@graph\":[{\"@type\":\"WebPage\",\"@id\":\"https:\\\/\\\/a1.com\\\/de\\\/verantwortung\\\/sustainable-development-goals\\\/\",\"url\":\"https:\\\/\\\/a1.com\\\/de\\\/verantwortung\\\/sustainable-development-goals\\\/\",\"name\":\"Sustainable Development Goals - A1 Group\",\"isPartOf\":{\"@id\":\"https:\\\/\\\/a1.com\\\/#website\"},\"datePublished\":\"2023-05-04T10:02:27+00:00\",\"dateModified\":\"2026-03-17T14:47:04+00:00\",\"breadcrumb\":{\"@id\":\"https:\\\/\\\/a1.com\\\/de\\\/verantwortung\\\/sustainable-development-goals\\\/#breadcrumb\"},\"inLanguage\":\"de-DE\",\"potentialAction\":[{\"@type\":\"ReadAction\",\"target\":[\"https:\\\/\\\/a1.com\\\/de\\\/verantwortung\\\/sustainable-development-goals\\\/\"]}]},{\"@type\":\"BreadcrumbList\",\"@id\":\"https:\\\/\\\/a1.com\\\/de\\\/verantwortung\\\/sustainable-development-goals\\\/#breadcrumb\",\"itemListElement\":[{\"@type\":\"ListItem\",\"position\":1,\"name\":\"Home\",\"item\":\"https:\\\/\\\/a1.com\\\/de\\\/\"},{\"@type\":\"ListItem\",\"position\":2,\"name\":\"Verantwortung\",\"item\":\"https:\\\/\\\/a1.com\\\/de\\\/verantwortung\\\/\"},{\"@type\":\"ListItem\",\"position\":3,\"name\":\"Sustainable Development Goals\"}]},{\"@type\":\"WebSite\",\"@id\":\"https:\\\/\\\/a1.com\\\/#website\",\"url\":\"https:\\\/\\\/a1.com\\\/\",\"name\":\"A1 Group\",\"description\":\"\",\"potentialAction\":[{\"@type\":\"SearchAction\",\"target\":{\"@type\":\"EntryPoint\",\"urlTemplate\":\"https:\\\/\\\/a1.com\\\/?s={search_term_string}\"},\"query-input\":{\"@type\":\"PropertyValueSpecification\",\"valueRequired\":true,\"valueName\":\"search_term_string\"}}],\"inLanguage\":\"de-DE\"}]}<\/script>\n<!-- \/ Yoast SEO plugin. -->","yoast_head_json":{"title":"Sustainable Development Goals - A1 Group","robots":{"index":"index","follow":"follow","max-snippet":"max-snippet:-1","max-image-preview":"max-image-preview:large","max-video-preview":"max-video-preview:-1"},"canonical":"https:\/\/a1.com\/de\/verantwortung\/sustainable-development-goals\/","og_locale":"de_DE","og_type":"article","og_title":"Sustainable Development Goals - A1 Group","og_url":"https:\/\/a1.com\/de\/verantwortung\/sustainable-development-goals\/","og_site_name":"A1 Group","article_modified_time":"2026-03-17T14:47:04+00:00","twitter_card":"summary_large_image","twitter_misc":{"Est. reading time":"9 minutes"},"schema":{"@context":"https:\/\/schema.org","@graph":[{"@type":"WebPage","@id":"https:\/\/a1.com\/de\/verantwortung\/sustainable-development-goals\/","url":"https:\/\/a1.com\/de\/verantwortung\/sustainable-development-goals\/","name":"Sustainable Development Goals - A1 Group","isPartOf":{"@id":"https:\/\/a1.com\/#website"},"datePublished":"2023-05-04T10:02:27+00:00","dateModified":"2026-03-17T14:47:04+00:00","breadcrumb":{"@id":"https:\/\/a1.com\/de\/verantwortung\/sustainable-development-goals\/#breadcrumb"},"inLanguage":"de-DE","potentialAction":[{"@type":"ReadAction","target":["https:\/\/a1.com\/de\/verantwortung\/sustainable-development-goals\/"]}]},{"@type":"BreadcrumbList","@id":"https:\/\/a1.com\/de\/verantwortung\/sustainable-development-goals\/#breadcrumb","itemListElement":[{"@type":"ListItem","position":1,"name":"Home","item":"https:\/\/a1.com\/de\/"},{"@type":"ListItem","position":2,"name":"Verantwortung","item":"https:\/\/a1.com\/de\/verantwortung\/"},{"@type":"ListItem","position":3,"name":"Sustainable Development Goals"}]},{"@type":"WebSite","@id":"https:\/\/a1.com\/#website","url":"https:\/\/a1.com\/","name":"A1 Group","description":"","potentialAction":[{"@type":"SearchAction","target":{"@type":"EntryPoint","urlTemplate":"https:\/\/a1.com\/?s={search_term_string}"},"query-input":{"@type":"PropertyValueSpecification","valueRequired":true,"valueName":"search_term_string"}}],"inLanguage":"de-DE"}]}},"_links":{"self":[{"href":"https:\/\/a1.com\/de\/wp-json\/wp\/v2\/pages\/3891","targetHints":{"allow":["GET"]}}],"collection":[{"href":"https:\/\/a1.com\/de\/wp-json\/wp\/v2\/pages"}],"about":[{"href":"https:\/\/a1.com\/de\/wp-json\/wp\/v2\/types\/page"}],"author":[{"embeddable":true,"href":"https:\/\/a1.com\/de\/wp-json\/wp\/v2\/users\/3"}],"replies":[{"embeddable":true,"href":"https:\/\/a1.com\/de\/wp-json\/wp\/v2\/comments?post=3891"}],"version-history":[{"count":10,"href":"https:\/\/a1.com\/de\/wp-json\/wp\/v2\/pages\/3891\/revisions"}],"predecessor-version":[{"id":17222,"href":"https:\/\/a1.com\/de\/wp-json\/wp\/v2\/pages\/3891\/revisions\/17222"}],"up":[{"embeddable":true,"href":"https:\/\/a1.com\/de\/wp-json\/wp\/v2\/pages\/192"}],"wp:attachment":[{"href":"https:\/\/a1.com\/de\/wp-json\/wp\/v2\/media?parent=3891"}],"wp:term":[{"taxonomy":"department","embeddable":true,"href":"https:\/\/a1.com\/de\/wp-json\/wp\/v2\/departments?post=3891"}],"curies":[{"name":"wp","href":"https:\/\/api.w.org\/{rel}","templated":true}]}}