{"id":3887,"date":"2024-12-18T14:28:06","date_gmt":"2024-12-18T13:28:06","guid":{"rendered":"https:\/\/a1.com\/?page_id=3887"},"modified":"2026-04-15T08:54:49","modified_gmt":"2026-04-15T06:54:49","slug":"esg-ziele","status":"publish","type":"page","link":"https:\/\/a1.com\/de\/verantwortung\/esg-ziele\/","title":{"rendered":"ESG-Ziele"},"content":{"rendered":"\n<div class=\"block-hero-image block-hero-image__size--large\">\n\t<div class=\"image-wrap block-hero-image__image-wrap\" data-align=\"center center\">\n\n\t\t\t<div\n\t\t\tstyle=\"background-image:url(https:\/\/a1.com\/wp-content\/uploads\/sites\/6\/2023\/06\/iStock-1303391886-scaled.jpg)\"\n\t\t\tclass=\"image image--bg image__rounded-corners--none block-hero-image__image\">\n\t\t<\/div>\n\t\n\t<\/div><\/div>\n\n\n<div\n\tclass=\"wrapper wrapper__bg-color--white wrapper__spacing-top-large--50 wrapper__spacing-bottom-large--40       wrapper__border-color-large--primary wrapper__border-size-large--none\"\n\t>\n\n\t\n\t\t\t<div class=\"wrapper__container wrapper__container-width-large--default wrapper__gutter-desktop--default wrapper__gutter-tablet--small\">\n\t\t\t<div class=\"wrapper__inner wrapper__width-large--12 wrapper__offset-large--1 wrapper__offset-mobile--0\">\n\t\t\t\t<div class='block-breadcrumbs'><a href='https:\/\/a1.com\/de\/' class='block-breadcrumbs__home' aria-label='Home link'><\/a><span><a class=\"block-breadcrumbs__link\" href=\" https:\/\/a1.com\/de\/ \">Home<\/a><\/span><\/div>\t\t\t<\/div>\n\t\t<\/div>\n\t<\/div>\n\n\n<div\n\tclass=\"wrapper wrapper__bg-color--white wrapper__spacing-top-large--40 wrapper__spacing-bottom-large--40       wrapper__border-color-large--primary wrapper__border-size-large--none\"\n\t>\n\n\t\n\t\t\t<div class=\"wrapper__container wrapper__container-width-large--default wrapper__gutter-desktop--default wrapper__gutter-tablet--small\">\n\t\t\t<div class=\"wrapper__inner wrapper__width-large--10 wrapper__width-desktop--10 wrapper__width-tablet--10 wrapper__width-mobile--12 wrapper__offset-large--1 wrapper__offset-mobile--0\">\n\t\t\t\t<h2 class=\"heading heading__color--black heading__size--large heading__align--left heading__font-family--serif heading__font-weight--bold block-heading__heading\">\n\tESG-Ziele<\/h2>\t\t\t<\/div>\n\t\t<\/div>\n\t<\/div>\n\n\n<div\n\tclass=\"wrapper wrapper__bg-color--white  wrapper__spacing-bottom-large--40  wrapper__spacing-bottom-in-large--70     wrapper__border-color-large--primary wrapper__border-size-large--none\"\n\t>\n\n\t\n\t\t\t<div class=\"wrapper__container wrapper__container-width-large--default wrapper__gutter-desktop--default wrapper__gutter-tablet--small\">\n\t\t\t<div class=\"wrapper__inner wrapper__width-large--8 wrapper__width-desktop--8 wrapper__width-tablet--10 wrapper__width-mobile--12 wrapper__offset-large--1 wrapper__offset-mobile--0\">\n\t\t\t\t<p class=\"paragraph paragraph__color--black paragraph__size--default-constant paragraph__align--left paragraph__font-family--sans block-paragraph__paragraph\">\n\tDie A1 Group \u00fcbernimmt aktiv \u00f6kologische und soziale Verantwortung, indem sie effizientere, ressourcenschonende und damit nachhaltigere Arbeits- und Lebensweisen f\u00f6rdert. Environmental, Social &amp; Corporate Governance (ESG) ist ein integraler Bestandteil der Unternehmensstrategie und wird als langfristiger Werttreiber gesehen, der auch wirtschaftliche Vorteile mit sich bringt \u2013 beispielsweise durch einen geringeren Energieverbrauch, der sowohl die Umweltbelastung als auch die Kosten senkt.<br><br>Mit 12 Zielen in den drei Nachhaltigkeitskategorien wollen wir unseren \u00f6kologischen Fu\u00dfabdruck minimieren, eine Kreislaufwirtschaft f\u00f6rdern und unsere Initiativen sowohl f\u00fcr unsere Mitarbeiter:innen als auch f\u00fcr die Gesellschaft ausbauen. Nachstehend finden Sie unsere vollst\u00e4ndigen Ziele:<\/p>\t\t\t<\/div>\n\t\t<\/div>\n\t<\/div>\n\n\n<div\n\tclass=\"wrapper wrapper__bg-color--white wrapper__spacing-top-large---60 wrapper__spacing-bottom-large--40  wrapper__spacing-bottom-in-large--0     wrapper__border-color-large--primary wrapper__border-size-large--none\"\n\t>\n\n\t\n\t\t\t<div class=\"wrapper__container wrapper__container-width-large--default wrapper__gutter-desktop--default wrapper__gutter-tablet--small\">\n\t\t\t<div class=\"wrapper__inner wrapper__width-large--12\">\n\t\t\t\t<div class=\"image-wrap block-image__image-wrap\" data-align=\"center center\">\n\n\t\t\t<picture class=\"image image__picture\">\n\t\t\t\t\t\t<img\n\t\t\t\tsrc=\"https:\/\/a1.com\/wp-content\/uploads\/sites\/6\/2024\/12\/Screenshot-2024-12-18-121516-e1734520740640.png\"\n\t\t\t\tclass=\"image  image__rounded-corners--none block-image__image\"\n\t\t\t\talt=\"\"\n\t\t\t\/>\n\t\t<\/picture>\n\t\n\t<\/div>\t\t\t<\/div>\n\t\t<\/div>\n\t<\/div>\n\n\n<div\n\tclass=\"wrapper wrapper__bg-color--white wrapper__spacing-top-large--100 wrapper__spacing-bottom-large--40       wrapper__border-color-large--primary wrapper__border-size-large--none\"\n\t>\n\n\t\n\t\t\t<div class=\"wrapper__container wrapper__container-width-large--default wrapper__gutter-desktop--default wrapper__gutter-tablet--small\">\n\t\t\t<div class=\"wrapper__inner wrapper__width-large--9 wrapper__offset-large--1 wrapper__offset-mobile--0\">\n\t\t\t\t<h2 class=\"heading heading__color--black heading__size--default heading__align--left heading__font-family--serif heading__font-weight--bold block-heading__heading\">\n\tUmwelt<\/h2>\t\t\t<\/div>\n\t\t<\/div>\n\t<\/div>\n\n\n<div\n\tclass=\"wrapper wrapper__bg-color--white  wrapper__spacing-bottom-large--0       wrapper__border-color-large--primary wrapper__border-size-large--none\"\n\t>\n\n\t\n\t\t\t<div class=\"wrapper__container wrapper__container-width-large--default wrapper__gutter-desktop--default wrapper__gutter-tablet--small\">\n\t\t\t<div class=\"wrapper__inner wrapper__width-large--8 wrapper__width-desktop--8 wrapper__width-tablet--10 wrapper__width-mobile--12 wrapper__offset-large--1 wrapper__offset-mobile--0\">\n\t\t\t\t<div\n\tclass=\"accordion js-accordion block-accordion__accordion\"\n\tdata-accordion-open=\"false\"\n>\n\t<button\n\t\tclass=\"accordion__trigger accordion__trigger-size--small accordion__trigger-font-family--sans accordion__trigger-font-weight--regular js-accordion-trigger\"\n\t\taria-label=\"CO\u2082 Emissionen\"\n\t\taria-controls\n\t>\n\t\tCO\u2082 Emissionen\t\t<div class=\"accordion__icon\" aria-hidden=\"true\" >\n\t\t\t<svg xmlns='http:\/\/www.w3.org\/2000\/svg' width='15' height='10' viewBox='0 0 15 10' fill='none'><g><path d='M.719 1.836 2.172.383 7.499 5.71l5.33-5.327 1.452 1.453L7.5 8.616.72 1.836Z' fill='currentColor' \/><\/g><defs><path fill='#fff' d='M0 0h15v10H0z' \/><\/defs><\/svg>\t\t<\/div>\n\t<\/button>\n\t<section\n\t\tclass=\"accordion__panel js-accordion-panel\"\n\t\taria-hidden=\"true\"\n\t>\n\t\t<div class=\"accordion__content\">\n\t\t\t\n<div class=\"wrapper wrapper__bg-color--white  wrapper__spacing-bottom-large--40       wrapper__border-color-large--primary wrapper__border-size-large--none\">\n\n\t\n\t\t\t<p class=\"paragraph paragraph__color--black paragraph__size--default paragraph__align--left paragraph__font-family--sans block-paragraph__paragraph\">\n\t<strong>Auf unserem Weg zu Netto-Null \u2013 Bis 2030:<br><br>Reduzierung der CO\u2082e-Emissionen von Scope 1 und Scope 2 gegen\u00fcber 2019 um 90%<br>Reduzierung der CO\u2082e-Emissionen von Scope 3 gegen\u00fcber 2019 um 60%<br><\/strong><br>Die A1 Group befindet sich auf dem Weg zu Netto-Null-Emissionen. Unsere ambitionierten und von SBTi validierten Ziele sehen vor, die direkten, durch das Unternehmen verantworteten Emissionen (Scope 1) sowie unsere indirekten, im Einflussbereich des Unternehmens stehenden Emissionen (Scope 2), bis 2030 um 90% zu reduzieren. Zus\u00e4tzlich streben wir an, unsere anderen indirekten Emissionen, die durch unsere Wertsch\u00f6pfungskette verantwortet werden (Scope 3), bis 2030 um 60% und bis sp\u00e4testens 2040 um 90% zu senken. [Basisjahr = 2019]<br><br><strong>Unsere Initiativen &amp; Ma\u00dfnahmen:<\/strong><br><a href=\"https:\/\/a1.com\/wp-content\/uploads\/sites\/6\/2024\/08\/A1-TAG-Environmental-Policy-August-2024.pdf\" target=\"_blank\" rel=\"noreferrer noopener\">Umweltpolitik<br><\/a><a href=\"https:\/\/a1.com\/de\/project\/netto-null\/\" target=\"_blank\" rel=\"noreferrer noopener\">Netto-Null<\/a><br><a href=\"https:\/\/a1.com\/wp-content\/uploads\/sites\/6\/2023\/07\/Strategy-paper-on-clean-energy_2023.pdf\" target=\"_blank\" rel=\"noreferrer noopener\">Clean Energy Strategy<\/a><\/p>\t<\/div>\n\n\t\t<\/div>\n\t<\/section>\n<\/div>\t\t\t<\/div>\n\t\t<\/div>\n\t<\/div>\n\n\n<div\n\tclass=\"wrapper wrapper__bg-color--white  wrapper__spacing-bottom-large--0       wrapper__border-color-large--primary wrapper__border-size-large--none\"\n\t>\n\n\t\n\t\t\t<div class=\"wrapper__container wrapper__container-width-large--default wrapper__gutter-desktop--default wrapper__gutter-tablet--small\">\n\t\t\t<div class=\"wrapper__inner wrapper__width-large--8 wrapper__width-desktop--8 wrapper__width-tablet--10 wrapper__width-mobile--12 wrapper__offset-large--1 wrapper__offset-mobile--0\">\n\t\t\t\t<div\n\tclass=\"accordion js-accordion block-accordion__accordion\"\n\tdata-accordion-open=\"false\"\n>\n\t<button\n\t\tclass=\"accordion__trigger accordion__trigger-size--small accordion__trigger-font-family--sans accordion__trigger-font-weight--regular js-accordion-trigger\"\n\t\taria-label=\"Energieeffizienz\"\n\t\taria-controls\n\t>\n\t\tEnergieeffizienz\t\t<div class=\"accordion__icon\" aria-hidden=\"true\" >\n\t\t\t<svg xmlns='http:\/\/www.w3.org\/2000\/svg' width='15' height='10' viewBox='0 0 15 10' fill='none'><g><path d='M.719 1.836 2.172.383 7.499 5.71l5.33-5.327 1.452 1.453L7.5 8.616.72 1.836Z' fill='currentColor' \/><\/g><defs><path fill='#fff' d='M0 0h15v10H0z' \/><\/defs><\/svg>\t\t<\/div>\n\t<\/button>\n\t<section\n\t\tclass=\"accordion__panel js-accordion-panel\"\n\t\taria-hidden=\"true\"\n\t>\n\t\t<div class=\"accordion__content\">\n\t\t\t\n<div class=\"wrapper wrapper__bg-color--white  wrapper__spacing-bottom-large--40       wrapper__border-color-large--primary wrapper__border-size-large--none\">\n\n\t\n\t\t\t<p class=\"paragraph paragraph__color--black paragraph__size--default paragraph__align--left paragraph__font-family--sans block-paragraph__paragraph\">\n\t<strong>Effizienzziel \u2013 Bis 2030:<br><br>Steigerung der Energieeffizienz [MWh \/ TB] um 80% gegen\u00fcber 2019<\/strong><br><br>Als A1 Group wollen wir die Energieeffizienz [MWh\/TB] bis 2030 um 80% steigern, indem wir auf den neuen, effizienteren Mobilfunkstandard 5G umsteigen und \u00e4ltere Generationen von Mobilfunknetzen in den kommenden Jahren abschalten. Energieeffizienzprogramme, der Ausbau von Glasfaser im Festnetz, innovative K\u00fchlverfahren und die Nutzung von Cloud-L\u00f6sungen tragen zus\u00e4tzlich dazu bei, den Stromverbrauch zu verringern. [Basisjahr = 2019]<br><br>MWh = Megawattstunde<br>TB = Terabyte an \u00fcbermittelten Daten<br><strong>\u00a0<\/strong><br><strong>Unsere Initiativen &amp; Ma\u00dfnahmen:<\/strong><br><a href=\"https:\/\/a1.com\/de\/project\/energieeffizienz\/\" target=\"_blank\" rel=\"noreferrer noopener\">Energieeffizienz<\/a><a href=\"https:\/\/a1.com\/wp-content\/uploads\/sites\/6\/2023\/07\/Strategy-paper-on-clean-e nergy_2023.pdf\" target=\"_blank\" rel=\"noreferrer noopener\"><br><\/a><a href=\"https:\/\/a1.com\/de\/energie-aus-erneuerbaren-quellen-a1-kroatien\/\" target=\"_blank\" rel=\"noreferrer noopener\">A1 Kroatien dreht gr\u00fcn auf!<\/a><\/p>\t<\/div>\n\n\t\t<\/div>\n\t<\/section>\n<\/div>\t\t\t<\/div>\n\t\t<\/div>\n\t<\/div>\n\n\n<div\n\tclass=\"wrapper wrapper__bg-color--white  wrapper__spacing-bottom-large--0       wrapper__border-color-large--primary wrapper__border-size-large--none\"\n\t>\n\n\t\n\t\t\t<div class=\"wrapper__container wrapper__container-width-large--default wrapper__gutter-desktop--default wrapper__gutter-tablet--small\">\n\t\t\t<div class=\"wrapper__inner wrapper__width-large--8 wrapper__width-desktop--8 wrapper__width-tablet--10 wrapper__width-mobile--12 wrapper__offset-large--1 wrapper__offset-mobile--0\">\n\t\t\t\t<div\n\tclass=\"accordion js-accordion block-accordion__accordion\"\n\tdata-accordion-open=\"false\"\n>\n\t<button\n\t\tclass=\"accordion__trigger accordion__trigger-size--small accordion__trigger-font-family--sans accordion__trigger-font-weight--regular js-accordion-trigger\"\n\t\taria-label=\"Elektronischer Abfall\"\n\t\taria-controls\n\t>\n\t\tElektronischer Abfall\t\t<div class=\"accordion__icon\" aria-hidden=\"true\" >\n\t\t\t<svg xmlns='http:\/\/www.w3.org\/2000\/svg' width='15' height='10' viewBox='0 0 15 10' fill='none'><g><path d='M.719 1.836 2.172.383 7.499 5.71l5.33-5.327 1.452 1.453L7.5 8.616.72 1.836Z' fill='currentColor' \/><\/g><defs><path fill='#fff' d='M0 0h15v10H0z' \/><\/defs><\/svg>\t\t<\/div>\n\t<\/button>\n\t<section\n\t\tclass=\"accordion__panel js-accordion-panel\"\n\t\taria-hidden=\"true\"\n\t>\n\t\t<div class=\"accordion__content\">\n\t\t\t\n<div class=\"wrapper wrapper__bg-color--white  wrapper__spacing-bottom-large--40       wrapper__border-color-large--primary wrapper__border-size-large--none\">\n\n\t\n\t\t\t<p class=\"paragraph paragraph__color--black paragraph__size--default paragraph__align--left paragraph__font-family--sans block-paragraph__paragraph\">\n\t<strong>Nachhaltige Aufbereitung von Ger\u00e4ten \u2013 Bis 2030:<br><br>Wir streben eine nachhaltige Aufbereitung* von 100 % der CPEs (Modems, Router, TV-Empf\u00e4nger, etc.) bis 2030 an. (*Recycling, Wiederaufbereitung, Wiederverwendung)<\/strong><br><br>Unser Ziel ist es, nachhaltige Methoden in unserem gesamten operativen Spektrum zu f\u00f6rdern, um es bis 2030 zu erreichen, dass jedes zur\u00fcckgenommene Ger\u00e4t einer nachhaltigen Aufbereitung zugef\u00fchrt wird. Um dies zu erreichen, werden wir weitere Ma\u00dfnahmen zur Abfallvermeidung implementieren, die R\u00fcckgewinnung, Wiederverwendung, Recycling usw. gegen\u00fcber Verbrennung mit Energier\u00fcckgewinnung den Vorrang geben und gleichzeitig unsere Abh\u00e4ngigkeit von neuen Materialien verringern.<\/p>\t<\/div>\n\n\t\t<\/div>\n\t<\/section>\n<\/div>\t\t\t<\/div>\n\t\t<\/div>\n\t<\/div>\n\n\n<div\n\tclass=\"wrapper wrapper__bg-color--white  wrapper__spacing-bottom-large--0       wrapper__border-color-large--primary wrapper__border-size-large--none\"\n\t>\n\n\t\n\t\t\t<div class=\"wrapper__container wrapper__container-width-large--default wrapper__gutter-desktop--default wrapper__gutter-tablet--small\">\n\t\t\t<div class=\"wrapper__inner wrapper__width-large--8 wrapper__width-desktop--8 wrapper__width-tablet--10 wrapper__width-mobile--12 wrapper__offset-large--1 wrapper__offset-mobile--0\">\n\t\t\t\t<div\n\tclass=\"accordion js-accordion block-accordion__accordion\"\n\tdata-accordion-open=\"false\"\n>\n\t<button\n\t\tclass=\"accordion__trigger accordion__trigger-size--small accordion__trigger-font-family--sans accordion__trigger-font-weight--regular js-accordion-trigger\"\n\t\taria-label=\"Kreislaufwirtschaft\"\n\t\taria-controls\n\t>\n\t\tKreislaufwirtschaft\t\t<div class=\"accordion__icon\" aria-hidden=\"true\" >\n\t\t\t<svg xmlns='http:\/\/www.w3.org\/2000\/svg' width='15' height='10' viewBox='0 0 15 10' fill='none'><g><path d='M.719 1.836 2.172.383 7.499 5.71l5.33-5.327 1.452 1.453L7.5 8.616.72 1.836Z' fill='currentColor' \/><\/g><defs><path fill='#fff' d='M0 0h15v10H0z' \/><\/defs><\/svg>\t\t<\/div>\n\t<\/button>\n\t<section\n\t\tclass=\"accordion__panel js-accordion-panel\"\n\t\taria-hidden=\"true\"\n\t>\n\t\t<div class=\"accordion__content\">\n\t\t\t\n<div class=\"wrapper wrapper__bg-color--white  wrapper__spacing-bottom-large--40       wrapper__border-color-large--primary wrapper__border-size-large--none\">\n\n\t\n\t\t\t<p class=\"paragraph paragraph__color--black paragraph__size--default paragraph__align--left paragraph__font-family--sans block-paragraph__paragraph\">\n\t<strong>Kreislaufwirtschaft Ziel \u2013 Bis 2030:<br><br>Die R\u00fccknahme von Ger\u00e4ten* wird bis 2030 auf 50% erh\u00f6ht im Vergleich zum j\u00e4hrlich auf den Markt gebrachten Volumen. (*mobile und fixed)<\/strong><br><br>Unser Ziel ist es, die Kreislaufwirtschaft innerhalb der A1 Group zu forcieren, indem wir unsere Ma\u00dfnahmen zum Recycling und zur Wiederaufbereitung (Refurbishment) von Altger\u00e4ten kontinuierlich ausbauen. Dies gelingt uns durch eine R\u00fccknahme der von uns ausgegebenen Ger\u00e4ten, welche wir einer Nachhaltigen Aufbereitung zuf\u00fchren. Bis zum Jahr 2030 wollen wir das ambitionierte Ziel &#8211; ein R\u00fccknahmeqote von mindestens 50% &#8211; erreichen. Damit streben wir an, Abf\u00e4lle zu minimieren, Ressourcen zu schonen und wertvolle Rohstoffe durch effizientes Management so lange wie m\u00f6glich im Produktlebenszyklus zu halten.<\/p>\t<\/div>\n\n\t\t<\/div>\n\t<\/section>\n<\/div>\t\t\t<\/div>\n\t\t<\/div>\n\t<\/div>\n\n\n<div\n\tclass=\"wrapper wrapper__bg-color--white wrapper__spacing-top-large--50 wrapper__spacing-bottom-large--40       wrapper__border-color-large--primary wrapper__border-size-large--none\"\n\t>\n\n\t\n\t\t\t<div class=\"wrapper__container wrapper__container-width-large--default wrapper__gutter-desktop--default wrapper__gutter-tablet--small\">\n\t\t\t<div class=\"wrapper__inner wrapper__width-large--9 wrapper__offset-large--1 wrapper__offset-mobile--0\">\n\t\t\t\t<h2 class=\"heading heading__color--black heading__size--default heading__align--left heading__font-family--serif heading__font-weight--bold block-heading__heading\">\n\tSoziales<\/h2>\t\t\t<\/div>\n\t\t<\/div>\n\t<\/div>\n\n\n<div\n\tclass=\"wrapper wrapper__bg-color--white  wrapper__spacing-bottom-large--0       wrapper__border-color-large--primary wrapper__border-size-large--none\"\n\t>\n\n\t\n\t\t\t<div class=\"wrapper__container wrapper__container-width-large--default wrapper__gutter-desktop--default wrapper__gutter-tablet--small\">\n\t\t\t<div class=\"wrapper__inner wrapper__width-large--8 wrapper__width-desktop--8 wrapper__width-tablet--10 wrapper__width-mobile--12 wrapper__offset-large--1 wrapper__offset-mobile--0\">\n\t\t\t\t<div\n\tclass=\"accordion js-accordion block-accordion__accordion\"\n\tdata-accordion-open=\"false\"\n>\n\t<button\n\t\tclass=\"accordion__trigger accordion__trigger-size--small accordion__trigger-font-family--sans accordion__trigger-font-weight--regular js-accordion-trigger\"\n\t\taria-label=\"Digitale Kompetenz\"\n\t\taria-controls\n\t>\n\t\tDigitale Kompetenz\t\t<div class=\"accordion__icon\" aria-hidden=\"true\" >\n\t\t\t<svg xmlns='http:\/\/www.w3.org\/2000\/svg' width='15' height='10' viewBox='0 0 15 10' fill='none'><g><path d='M.719 1.836 2.172.383 7.499 5.71l5.33-5.327 1.452 1.453L7.5 8.616.72 1.836Z' fill='currentColor' \/><\/g><defs><path fill='#fff' d='M0 0h15v10H0z' \/><\/defs><\/svg>\t\t<\/div>\n\t<\/button>\n\t<section\n\t\tclass=\"accordion__panel js-accordion-panel\"\n\t\taria-hidden=\"true\"\n\t>\n\t\t<div class=\"accordion__content\">\n\t\t\t\n<div class=\"wrapper wrapper__bg-color--white  wrapper__spacing-bottom-large--40       wrapper__border-color-large--primary wrapper__border-size-large--none\">\n\n\t\n\t\t\t<p class=\"paragraph paragraph__color--black paragraph__size--default paragraph__align--left paragraph__font-family--sans block-paragraph__paragraph\">\n\t<strong>Community Ziel \u2013 Bis 2030:<br><br>Bis 2030 wollen wir insgesamt 1 Mio. Menschen die Teilnahme an Initiativen zur F\u00f6rderung digitaler Kompetenzen erm\u00f6glichen. (Basisjahr 2021)<\/strong><br><br>Uns ist bewusst, dass sich die digitale Welt stetig weiterentwickelt \u2013 und wir wollen sicherstellen, dass jede und jeder die M\u00f6glichkeit hat, im Gleichklang mit ihr dazuzulernen und zu wachsen. Deshalb haben wir es uns zum Ziel gesetzt, bis 2030 \u00fcber 1.000.000 Menschen (mehr als das vierfache wie im zur\u00fcckliegenden Jahrzehnt) mit unseren digitalen Bildungsinitiativen zu erreichen. Der besondere Fokus liegt dabei auf Kindern und Jugendlichen an den Orten, an denen wir operativ t\u00e4tig sind.<\/p>\t<\/div>\n\n\t\t<\/div>\n\t<\/section>\n<\/div>\t\t\t<\/div>\n\t\t<\/div>\n\t<\/div>\n\n\n<div\n\tclass=\"wrapper wrapper__bg-color--white  wrapper__spacing-bottom-large--0       wrapper__border-color-large--primary wrapper__border-size-large--none\"\n\t>\n\n\t\n\t\t\t<div class=\"wrapper__container wrapper__container-width-large--default wrapper__gutter-desktop--default wrapper__gutter-tablet--small\">\n\t\t\t<div class=\"wrapper__inner wrapper__width-large--8 wrapper__width-desktop--8 wrapper__width-tablet--10 wrapper__width-mobile--12 wrapper__offset-large--1 wrapper__offset-mobile--0\">\n\t\t\t\t<div\n\tclass=\"accordion js-accordion block-accordion__accordion\"\n\tdata-accordion-open=\"false\"\n>\n\t<button\n\t\tclass=\"accordion__trigger accordion__trigger-size--small accordion__trigger-font-family--sans accordion__trigger-font-weight--regular js-accordion-trigger\"\n\t\taria-label=\"Diversit\u00e4t, Chancengleichheit und Inklusion\"\n\t\taria-controls\n\t>\n\t\tDiversit\u00e4t, Chancengleichheit und Inklusion\t\t<div class=\"accordion__icon\" aria-hidden=\"true\" >\n\t\t\t<svg xmlns='http:\/\/www.w3.org\/2000\/svg' width='15' height='10' viewBox='0 0 15 10' fill='none'><g><path d='M.719 1.836 2.172.383 7.499 5.71l5.33-5.327 1.452 1.453L7.5 8.616.72 1.836Z' fill='currentColor' \/><\/g><defs><path fill='#fff' d='M0 0h15v10H0z' \/><\/defs><\/svg>\t\t<\/div>\n\t<\/button>\n\t<section\n\t\tclass=\"accordion__panel js-accordion-panel\"\n\t\taria-hidden=\"true\"\n\t>\n\t\t<div class=\"accordion__content\">\n\t\t\t\n<div class=\"wrapper wrapper__bg-color--white  wrapper__spacing-bottom-large--40       wrapper__border-color-large--primary wrapper__border-size-large--none\">\n\n\t\n\t\t\t<p class=\"paragraph paragraph__color--black paragraph__size--default paragraph__align--left paragraph__font-family--sans block-paragraph__paragraph\">\n\t<strong>Diversit\u00e4tsziel \u2013 Bis 2030:<br><br>Erh\u00f6hung des Anteils von Frauen in F\u00fchrungspositionen auf 40% bis 2030<br>Erh\u00f6hung des Anteils von Frauen im Unternehmen auf 40% bis 2030<\/strong><br><br>Im Rahmen unserer Initiativen f\u00fcr Diversit\u00e4t, Chancengleichheit und Inklusion wollen wir den Anteil von Frauen in F\u00fchrungspositionen bis 2030 auf 40% erh\u00f6hen und sicherstellen, dass der Gesamtanteil von Frauen im Unternehmen bis 2030 ebenfalls auf 40% erh\u00f6ht und gehalten wird. Wir erkennen den Wert einer vielf\u00e4ltigen Belegschaft und m\u00f6chten einen Arbeitsplatz schaffen, der die individuellen Sichtweisen und Beitr\u00e4ge aller Mitarbeiter:innen wertsch\u00e4tzt und respektiert.<br><br><strong>Unsere Initiativen und Ma\u00dfnahmen:<\/strong><br><a href=\"https:\/\/a1.com\/wp-content\/uploads\/sites\/6\/2023\/07\/A1_Group_Diversity-Equity-Inclusion-Policy_2023.pdf\" target=\"_blank\" rel=\"noreferrer noopener\">Diversity, Equal Opportunities &amp; Inclusion Policy<\/a><br><a href=\"https:\/\/a1.com\/de\/project\/chancengleichheit-diversitaet\/\" target=\"_blank\" rel=\"noreferrer noopener\">Chancengleichheit &amp; Diversit\u00e4t<br><\/a><a href=\"https:\/\/jobs.a1.com\/de\/chancengleichheit\/\" target=\"_blank\" rel=\"noreferrer noopener\">Gleiche Chancen f\u00fcr alle. We #MakeItHappen<\/a><\/p>\t<\/div>\n\n\t\t<\/div>\n\t<\/section>\n<\/div>\t\t\t<\/div>\n\t\t<\/div>\n\t<\/div>\n\n\n<div\n\tclass=\"wrapper wrapper__bg-color--white  wrapper__spacing-bottom-large--0       wrapper__border-color-large--primary wrapper__border-size-large--none\"\n\t>\n\n\t\n\t\t\t<div class=\"wrapper__container wrapper__container-width-large--default wrapper__gutter-desktop--default wrapper__gutter-tablet--small\">\n\t\t\t<div class=\"wrapper__inner wrapper__width-large--8 wrapper__width-desktop--8 wrapper__width-tablet--10 wrapper__width-mobile--12 wrapper__offset-large--1 wrapper__offset-mobile--0\">\n\t\t\t\t<div\n\tclass=\"accordion js-accordion block-accordion__accordion\"\n\tdata-accordion-open=\"false\"\n>\n\t<button\n\t\tclass=\"accordion__trigger accordion__trigger-size--small accordion__trigger-font-family--sans accordion__trigger-font-weight--regular js-accordion-trigger\"\n\t\taria-label=\"Corporate Volunteering\"\n\t\taria-controls\n\t>\n\t\tCorporate Volunteering\t\t<div class=\"accordion__icon\" aria-hidden=\"true\" >\n\t\t\t<svg xmlns='http:\/\/www.w3.org\/2000\/svg' width='15' height='10' viewBox='0 0 15 10' fill='none'><g><path d='M.719 1.836 2.172.383 7.499 5.71l5.33-5.327 1.452 1.453L7.5 8.616.72 1.836Z' fill='currentColor' \/><\/g><defs><path fill='#fff' d='M0 0h15v10H0z' \/><\/defs><\/svg>\t\t<\/div>\n\t<\/button>\n\t<section\n\t\tclass=\"accordion__panel js-accordion-panel\"\n\t\taria-hidden=\"true\"\n\t>\n\t\t<div class=\"accordion__content\">\n\t\t\t\n<div class=\"wrapper wrapper__bg-color--white  wrapper__spacing-bottom-large--40       wrapper__border-color-large--primary wrapper__border-size-large--none\">\n\n\t\n\t\t\t<p class=\"paragraph paragraph__color--black paragraph__size--default paragraph__align--left paragraph__font-family--sans block-paragraph__paragraph\">\n\t<strong>Community-Ziel \u2013 Bis 2030:<br><br>Die A1 Group bietet seinen Mitarbeiter:innen j\u00e4hrlich bis 2030 mindestens vier Optionen f\u00fcr Corporate Volunteering.<\/strong><br><br>Die A1 Group will seinen Mitarbeiter:innen die M\u00f6glichkeit bieten, sich bei sozialen Projekten zu engagieren. Hierzu werden wir unsere bestehenden Corporate-Volunteering Aktivit\u00e4ten in allen L\u00e4ndern der A1 Group ausweiten. Im Jahr 2023 haben wir mit einem Ehrenamt-Leuchtturmprojekt in jedem Land begonnen und erh\u00f6hen st\u00e4tig das Angebot zum ehrenamtlichen Engagement f\u00fcr unsere Mitarbeiter:innen.<\/p>\t<\/div>\n\n\t\t<\/div>\n\t<\/section>\n<\/div>\t\t\t<\/div>\n\t\t<\/div>\n\t<\/div>\n\n\n<div\n\tclass=\"wrapper wrapper__bg-color--white  wrapper__spacing-bottom-large--0       wrapper__border-color-large--primary wrapper__border-size-large--none\"\n\t>\n\n\t\n\t\t\t<div class=\"wrapper__container wrapper__container-width-large--default wrapper__gutter-desktop--default wrapper__gutter-tablet--small\">\n\t\t\t<div class=\"wrapper__inner wrapper__width-large--8 wrapper__width-desktop--8 wrapper__width-tablet--10 wrapper__width-mobile--12 wrapper__offset-large--1 wrapper__offset-mobile--0\">\n\t\t\t\t<div\n\tclass=\"accordion js-accordion block-accordion__accordion\"\n\tdata-accordion-open=\"false\"\n>\n\t<button\n\t\tclass=\"accordion__trigger accordion__trigger-size--small accordion__trigger-font-family--sans accordion__trigger-font-weight--regular js-accordion-trigger\"\n\t\taria-label=\"Gender Pay Gap\"\n\t\taria-controls\n\t>\n\t\tGender Pay Gap\t\t<div class=\"accordion__icon\" aria-hidden=\"true\" >\n\t\t\t<svg xmlns='http:\/\/www.w3.org\/2000\/svg' width='15' height='10' viewBox='0 0 15 10' fill='none'><g><path d='M.719 1.836 2.172.383 7.499 5.71l5.33-5.327 1.452 1.453L7.5 8.616.72 1.836Z' fill='currentColor' \/><\/g><defs><path fill='#fff' d='M0 0h15v10H0z' \/><\/defs><\/svg>\t\t<\/div>\n\t<\/button>\n\t<section\n\t\tclass=\"accordion__panel js-accordion-panel\"\n\t\taria-hidden=\"true\"\n\t>\n\t\t<div class=\"accordion__content\">\n\t\t\t\n<div class=\"wrapper wrapper__bg-color--white  wrapper__spacing-bottom-large--40       wrapper__border-color-large--primary wrapper__border-size-large--none\">\n\n\t\n\t\t\t<p class=\"paragraph paragraph__color--black paragraph__size--default paragraph__align--left paragraph__font-family--sans block-paragraph__paragraph\">\n\t<strong>Gender-Pay-Gap Ziel \u2013 Bis 2030:<br><br>Den bereinigten Einkommensunterschied auf 1% oder weniger verringern und unsere Bestrebungen fortsetzen, den unbereinigten Einkommensunterschied* bis 2030 zu reduzieren<br>(*gem\u00e4\u00df der CSRD-Definition<\/strong>).<br><br>Der geschlechtsspezifische Einkommensunterschied stellt ein signifikantes Problem unserer Gesellschaft dar. Als internationales Unternehmen erkennen wir diese Problematik und verpflichten uns, Ma\u00dfnahmen dagegen zu ergreifen. Wir identifizieren Aktivit\u00e4ten zur Behebung des Einkommensunterschieds und setzen sie um. Hierdurch kommen wir zu einer standardisierten und wissenschaftlich fundierten Messmethode, um den bestehenden, geschlechtsspezifischen Einkommensunterschied transparent zu machen, den wir in der Group bis 2030 signifikant verringern wollen.<\/p>\t<\/div>\n\n\t\t<\/div>\n\t<\/section>\n<\/div>\t\t\t<\/div>\n\t\t<\/div>\n\t<\/div>\n\n\n<div\n\tclass=\"wrapper wrapper__bg-color--white  wrapper__spacing-bottom-large--0  wrapper__spacing-bottom-in-large--70     wrapper__border-color-large--primary wrapper__border-size-large--none\"\n\t>\n\n\t\n\t\t\t<div class=\"wrapper__container wrapper__container-width-large--default wrapper__gutter-desktop--default wrapper__gutter-tablet--small\">\n\t\t\t<div class=\"wrapper__inner wrapper__width-large--8 wrapper__width-desktop--8 wrapper__width-tablet--10 wrapper__width-mobile--12 wrapper__offset-large--1 wrapper__offset-mobile--0\">\n\t\t\t\t<div\n\tclass=\"accordion js-accordion block-accordion__accordion accordion--is-last\"\n\tdata-accordion-open=\"false\"\n>\n\t<button\n\t\tclass=\"accordion__trigger accordion__trigger-size--small accordion__trigger-font-family--sans accordion__trigger-font-weight--regular js-accordion-trigger\"\n\t\taria-label=\"Schulung von Mitarbeiter:innen\"\n\t\taria-controls\n\t>\n\t\tSchulung von Mitarbeiter:innen\t\t<div class=\"accordion__icon\" aria-hidden=\"true\" >\n\t\t\t<svg xmlns='http:\/\/www.w3.org\/2000\/svg' width='15' height='10' viewBox='0 0 15 10' fill='none'><g><path d='M.719 1.836 2.172.383 7.499 5.71l5.33-5.327 1.452 1.453L7.5 8.616.72 1.836Z' fill='currentColor' \/><\/g><defs><path fill='#fff' d='M0 0h15v10H0z' \/><\/defs><\/svg>\t\t<\/div>\n\t<\/button>\n\t<section\n\t\tclass=\"accordion__panel js-accordion-panel\"\n\t\taria-hidden=\"true\"\n\t>\n\t\t<div class=\"accordion__content\">\n\t\t\t\n<div class=\"wrapper wrapper__bg-color--white  wrapper__spacing-bottom-large--40       wrapper__border-color-large--primary wrapper__border-size-large--none\">\n\n\t\n\t\t\t<p class=\"paragraph paragraph__color--black paragraph__size--default paragraph__align--left paragraph__font-family--sans block-paragraph__paragraph\">\n\t<strong>Ziel f\u00fcr Mitarbeiter:innen \u2013 Bis 2030:<br><br>Wir wollen mit unseren Mitarbeiter:innen bis 2030 durchschnittlich 40 Trainingsstunden pro Mitarbeiter:in (FTE) und Jahr erreichen \/ beibehalten.<\/strong><br><br>Die Digitalisierung und der Klimawandel sind historische Entwicklungen von kaum zu \u00fcbersch\u00e4tzender Bedeutung, die unsere Welt fundamental ver\u00e4ndern. Wir m\u00f6chten sicherstellen, dass unsere Mitarbeiter:innen mit den F\u00e4higkeiten und Kenntnissen ausgestattet sind, die sie ben\u00f6tigen, um in dieser Welt im Umbruch erfolgreich zu sein. Aus diesem Grund wollen wir die durchschnittlichen Trainingsstunden bis 2030 auf 40 Stunden pro Jahr erh\u00f6hen \/ beibehalten. Um dieses Ziel zu erreichen, werden wir verschiedene Trainingsprogramme anbieten, wie z.B. spezifische Schulungen zu bestimmten Themen und berufliche Aus- und Weiterbildungen, um unsere Mitarbeiter:innen zu st\u00e4rken und ihr berufliches Wachstum zu f\u00f6rdern.<br>\u00a0<br><strong>Unsere Initiativen &amp; Ma\u00dfnahmen:<br><\/strong><a href=\"https:\/\/jobs.a1.com\/de\/working-at-a1-benefits\/lernen-ja-bitte\/\" target=\"_blank\" rel=\"noreferrer noopener\">A1 Learning Hub<\/a><\/p>\t<\/div>\n\n\t\t<\/div>\n\t<\/section>\n<\/div>\t\t\t<\/div>\n\t\t<\/div>\n\t<\/div>\n\n\n<div\n\tclass=\"wrapper wrapper__bg-color--white  wrapper__spacing-bottom-large--40       wrapper__border-color-large--primary wrapper__border-size-large--none\"\n\t>\n\n\t\n\t\t\t<div class=\"wrapper__container wrapper__container-width-large--default wrapper__gutter-desktop--default wrapper__gutter-tablet--small\">\n\t\t\t<div class=\"wrapper__inner wrapper__width-large--9 wrapper__offset-large--1 wrapper__offset-mobile--0\">\n\t\t\t\t<h2 class=\"heading heading__color--black heading__size--default heading__align--left heading__font-family--serif heading__font-weight--bold block-heading__heading\">\n\tGovernance<\/h2>\t\t\t<\/div>\n\t\t<\/div>\n\t<\/div>\n\n\n<div\n\tclass=\"wrapper wrapper__bg-color--white  wrapper__spacing-bottom-large--0       wrapper__border-color-large--primary wrapper__border-size-large--none\"\n\t>\n\n\t\n\t\t\t<div class=\"wrapper__container wrapper__container-width-large--default wrapper__gutter-desktop--default wrapper__gutter-tablet--small\">\n\t\t\t<div class=\"wrapper__inner wrapper__width-large--8 wrapper__width-desktop--8 wrapper__width-tablet--10 wrapper__width-mobile--12 wrapper__offset-large--1 wrapper__offset-mobile--0\">\n\t\t\t\t<div\n\tclass=\"accordion js-accordion block-accordion__accordion\"\n\tdata-accordion-open=\"false\"\n>\n\t<button\n\t\tclass=\"accordion__trigger accordion__trigger-size--small accordion__trigger-font-family--sans accordion__trigger-font-weight--regular js-accordion-trigger\"\n\t\taria-label=\"Compliance\"\n\t\taria-controls\n\t>\n\t\tCompliance\t\t<div class=\"accordion__icon\" aria-hidden=\"true\" >\n\t\t\t<svg xmlns='http:\/\/www.w3.org\/2000\/svg' width='15' height='10' viewBox='0 0 15 10' fill='none'><g><path d='M.719 1.836 2.172.383 7.499 5.71l5.33-5.327 1.452 1.453L7.5 8.616.72 1.836Z' fill='currentColor' \/><\/g><defs><path fill='#fff' d='M0 0h15v10H0z' \/><\/defs><\/svg>\t\t<\/div>\n\t<\/button>\n\t<section\n\t\tclass=\"accordion__panel js-accordion-panel\"\n\t\taria-hidden=\"true\"\n\t>\n\t\t<div class=\"accordion__content\">\n\t\t\t\n<div class=\"wrapper wrapper__bg-color--white  wrapper__spacing-bottom-large--40       wrapper__border-color-large--primary wrapper__border-size-large--none\">\n\n\t\n\t\t\t<p class=\"paragraph paragraph__color--black paragraph__size--default paragraph__align--left paragraph__font-family--sans block-paragraph__paragraph\">\n\t<strong>Audit Ziel \u2013 Bis 2030:<br><br>Beibehaltung des extern zertifizierten, Best-Practice Compliance-Management-Systems<\/strong><br><br>Wir m\u00f6chten auf ein Compliance-Management-System setzen, dass sich an bew\u00e4hrten Verfahren orientiert und extern zertifiziert ist, um die Integrit\u00e4t und Vertrauensw\u00fcrdigkeit der A1 Group zu wahren. Wir werden unser System regelm\u00e4\u00dfig \u00fcberpr\u00fcfen und aktualisieren, um sicherzustellen, dass unser Unternehmen effektiv und effizient alle relevanten Compliance-Anforderungen und -Vorschriften erf\u00fcllt.<br>\u00a0<br><strong>Unsere Initiativen &amp; Ma\u00dfnahmen:<br><\/strong><a href=\"https:\/\/a1.com\/de\/compliance\/\" target=\"_blank\" rel=\"noreferrer noopener\">Compliance<\/a><\/p>\t<\/div>\n\n\t\t<\/div>\n\t<\/section>\n<\/div>\t\t\t<\/div>\n\t\t<\/div>\n\t<\/div>\n\n\n<div\n\tclass=\"wrapper wrapper__bg-color--white  wrapper__spacing-bottom-large--0       wrapper__border-color-large--primary wrapper__border-size-large--none\"\n\t>\n\n\t\n\t\t\t<div class=\"wrapper__container wrapper__container-width-large--default wrapper__gutter-desktop--default wrapper__gutter-tablet--small\">\n\t\t\t<div class=\"wrapper__inner wrapper__width-large--8 wrapper__width-desktop--8 wrapper__width-tablet--10 wrapper__width-mobile--12 wrapper__offset-large--1 wrapper__offset-mobile--0\">\n\t\t\t\t<div\n\tclass=\"accordion js-accordion block-accordion__accordion\"\n\tdata-accordion-open=\"false\"\n>\n\t<button\n\t\tclass=\"accordion__trigger accordion__trigger-size--small accordion__trigger-font-family--sans accordion__trigger-font-weight--regular js-accordion-trigger\"\n\t\taria-label=\"Vorstandsverg\u00fctung\"\n\t\taria-controls\n\t>\n\t\tVorstandsverg\u00fctung\t\t<div class=\"accordion__icon\" aria-hidden=\"true\" >\n\t\t\t<svg xmlns='http:\/\/www.w3.org\/2000\/svg' width='15' height='10' viewBox='0 0 15 10' fill='none'><g><path d='M.719 1.836 2.172.383 7.499 5.71l5.33-5.327 1.452 1.453L7.5 8.616.72 1.836Z' fill='currentColor' \/><\/g><defs><path fill='#fff' d='M0 0h15v10H0z' \/><\/defs><\/svg>\t\t<\/div>\n\t<\/button>\n\t<section\n\t\tclass=\"accordion__panel js-accordion-panel\"\n\t\taria-hidden=\"true\"\n\t>\n\t\t<div class=\"accordion__content\">\n\t\t\t\n<div class=\"wrapper wrapper__bg-color--white  wrapper__spacing-bottom-large--40       wrapper__border-color-large--primary wrapper__border-size-large--none\">\n\n\t\n\t\t\t<p class=\"paragraph paragraph__color--black paragraph__size--default paragraph__align--left paragraph__font-family--sans block-paragraph__paragraph\">\n\t<strong>Verg\u00fctungsziel \u2013 Bis 2030:<br><br>Implementierung von ESG-Zielen innerhalb des Vorstandsverg\u00fctungsplans in allen Jahren bis 2030<\/strong><br><br>Nachhaltigkeit hat f\u00fcr unser Unternehmen weiterhin hohe Priorit\u00e4t, wie auch die Einbeziehung der ESG-Ziele in die Managementverg\u00fctung seit 2020 verdeutlicht. Die Erreichung unserer ESG-Ziele hat direkte Auswirkungen auf die Verg\u00fctung des Managementteams der A1 Group sowie der CEOs unserer Tochtergesellschaften. Wir wollen ESG-Ziele weiterhin jedes Jahr in unseren Vorstandsverg\u00fctungsplan aufnehmen und ihre Erreichung auf diese Weise incentivieren.<\/p>\t<\/div>\n\n\t\t<\/div>\n\t<\/section>\n<\/div>\t\t\t<\/div>\n\t\t<\/div>\n\t<\/div>\n\n\n<div\n\tclass=\"wrapper wrapper__bg-color--white  wrapper__spacing-bottom-large--0  wrapper__spacing-bottom-in-large--70     wrapper__border-color-large--primary wrapper__border-size-large--none\"\n\t>\n\n\t\n\t\t\t<div class=\"wrapper__container wrapper__container-width-large--default wrapper__gutter-desktop--default wrapper__gutter-tablet--small\">\n\t\t\t<div class=\"wrapper__inner wrapper__width-large--8 wrapper__width-desktop--8 wrapper__width-tablet--10 wrapper__width-mobile--12 wrapper__offset-large--1 wrapper__offset-mobile--0\">\n\t\t\t\t<div\n\tclass=\"accordion js-accordion block-accordion__accordion accordion--is-last\"\n\tdata-accordion-open=\"false\"\n>\n\t<button\n\t\tclass=\"accordion__trigger accordion__trigger-size--small accordion__trigger-font-family--sans accordion__trigger-font-weight--regular js-accordion-trigger\"\n\t\taria-label=\"Verantwortungsvolle Lieferkette\"\n\t\taria-controls\n\t>\n\t\tVerantwortungsvolle Lieferkette\t\t<div class=\"accordion__icon\" aria-hidden=\"true\" >\n\t\t\t<svg xmlns='http:\/\/www.w3.org\/2000\/svg' width='15' height='10' viewBox='0 0 15 10' fill='none'><g><path d='M.719 1.836 2.172.383 7.499 5.71l5.33-5.327 1.452 1.453L7.5 8.616.72 1.836Z' fill='currentColor' \/><\/g><defs><path fill='#fff' d='M0 0h15v10H0z' \/><\/defs><\/svg>\t\t<\/div>\n\t<\/button>\n\t<section\n\t\tclass=\"accordion__panel js-accordion-panel\"\n\t\taria-hidden=\"true\"\n\t>\n\t\t<div class=\"accordion__content\">\n\t\t\t\n<div class=\"wrapper wrapper__bg-color--white  wrapper__spacing-bottom-large--40       wrapper__border-color-large--primary wrapper__border-size-large--none\">\n\n\t\n\t\t\t<p class=\"paragraph paragraph__color--black paragraph__size--default paragraph__align--left paragraph__font-family--sans block-paragraph__paragraph\">\n\t<strong>Audit-Ziel \u2013 Bis 2030:<br><br>Durchf\u00fchrung von f\u00fcnf Vor-Ort-Pr\u00fcfungen bei Lieferanten, um entlang unserer Lieferkette in jedem Jahr bis 2030 hohe Lieferantenstandards sicherzustellen<\/strong><br><br>Die Kenntnis unserer Lieferkette ist entscheidend um Risiken zu minimieren und sowohl ethische als auch nachhaltige Praktiken zu f\u00f6rdern. Wir wollen alle Risikostufen unserer Lieferanten kennen, um fragw\u00fcrdige Praktiken zu identifizieren und entsprechende Ma\u00dfnahmen zu ergreifen. Angesichts unserer engen Zusammenarbeit mit JAC, einem Verband von Telekommunikationsunternehmen, der sich der \u00dcberpr\u00fcfung, Bewertung und Verbesserung der CSR-Praktiken von Lieferanten widmet, f\u00fchlen wir uns verpflichtet, die Nachhaltigkeit der Lieferketten gemeinsam mit anderen Telekommunikationsunternehmen zu verbessern. Dar\u00fcber hinaus entwickeln wir eine verantwortungsvolle Beschaffungspolitik, die unsere strengen Beschaffungsverfahren unterstreicht und eine j\u00e4hrliche \u00dcberpr\u00fcfung von mindestens f\u00fcnf Lieferanten auf Basis unserer Richtlinien vorsieht.<br><strong>\u00a0<\/strong><br><strong>Unsere Initiativen &amp; Ma\u00dfnahmen:<\/strong><br><a href=\"https:\/\/a1.com\/de\/project\/supply-chain-standards\/\" target=\"_blank\" rel=\"noreferrer noopener\">Supply-Chain Standards<\/a><br><a href=\"https:\/\/a1.com\/wp-content\/uploads\/sites\/6\/2024\/06\/A1-Group-Responsible-Sourcing-Policy-2024.pdf\">Responsible Sourcing Policy<\/a><br><a href=\"https:\/\/a1.com\/wp-content\/uploads\/sites\/6\/2023\/07\/A1-Group-Conflict-Minerals-Policy_2023.pdf\" target=\"_blank\" rel=\"noreferrer noopener\">Conflict Minerals Policy<br><\/a><a href=\"https:\/\/a1.com\/wp-content\/uploads\/sites\/6\/2024\/07\/A1_Group_Supplier-Code-of-Conduct-2024.pdf\">Supplier Code of Conduct<\/a><br><a href=\"https:\/\/a1.com\/wp-content\/uploads\/sites\/6\/2024\/08\/A1_Group_Due-Diligence-Form.pdf\">Due Diligence Form<\/a><br><a href=\"https:\/\/jac-initiative.com\/\">JAC<\/a><\/p>\t<\/div>\n\n\n<div class=\"wrapper wrapper__bg-color--white  wrapper__spacing-bottom-large--40       wrapper__border-color-large--primary wrapper__border-size-large--none\">\n\n\t\n\t\t\t<p class=\"paragraph paragraph__color--black paragraph__size--default paragraph__align--left paragraph__font-family--sans block-paragraph__paragraph\">\n\t<\/p>\t<\/div>\n\n\t\t<\/div>\n\t<\/section>\n<\/div>\t\t\t<\/div>\n\t\t<\/div>\n\t<\/div>\n\n\n<div\n\tclass=\"wrapper wrapper__bg-color--white  wrapper__spacing-bottom-large--40       wrapper__border-color-large--primary wrapper__border-size-large--none\"\n\t>\n\n\t\n\t\t\t<div class=\"wrapper__container wrapper__container-width-large--default wrapper__gutter-desktop--default wrapper__gutter-tablet--small\">\n\t\t\t<div class=\"wrapper__inner wrapper__width-large--10 wrapper__offset-large--1\">\n\t\t\t\t<p class=\"paragraph paragraph__color--black paragraph__size--large paragraph__align--left paragraph__font-family--sans block-paragraph__paragraph\">\n\tDownloaden Sie unsere <a href=\"https:\/\/a1.com\/wp-content\/uploads\/sites\/6\/2025\/04\/ESG-Strategy-Feb-2025-DE.pdf\" id=\"https:\/\/a1.com\/wp-content\/uploads\/sites\/6\/2025\/04\/ESG-Strategy-Feb-2025-DE.pdf\">ESG Ziele<\/a> hier. <\/p>\t\t\t<\/div>\n\t\t<\/div>\n\t<\/div>\n\n\n<div\n\tclass=\"wrapper wrapper__bg-color--white  wrapper__spacing-bottom-large--0       wrapper__border-color-large--primary wrapper__border-size-large--none\"\n\t>\n\n\t\n\t\t\t<div class=\"wrapper__container wrapper__container-width-large--default wrapper__gutter-desktop--default wrapper__gutter-tablet--small\">\n\t\t\t<div class=\"wrapper__inner wrapper__width-large--12 wrapper__offset-large--0\">\n\t\t\t\t\n<div class=\"block-group block-group__border-color-large--primary block-group__border-size-large--none block-group__gutter--none\">\n\t\n<div\n\tclass=\"wrapper wrapper__bg-color--white  wrapper__spacing-bottom-large--40    wrapper__divider-bottom-large   wrapper__border-color-large--primary wrapper__border-size-large--none\"\n\t>\n\n\t\n\t\t\t<h2 class=\"heading heading__color--black heading__size--default heading__align--left heading__font-family--serif heading__font-weight--bold block-heading__heading\">\n\tDiscover more<\/h2>\t<\/div>\n\n\n<div\n\tclass=\"wrapper wrapper__bg-color--white  wrapper__spacing-bottom-large--0  wrapper__spacing-bottom-in-large--0     wrapper__border-color-large--primary wrapper__border-size-large--none\"\n\t>\n\n\t\n\t\t\t\n<div class=\"block-columns block-columns__gutter-large--10 block-columns__vertical-spacing-large--30\">\n\t\n\n<div class=\"block-column block-column__width-large--4 block-column__width-mobile--12     block-column__border-color-large--primary block-column__border-size-large--none block-column__no-left-gutter-large\">\n\t\n<div\n\tclass=\"wrapper wrapper__bg-color--white  wrapper__spacing-bottom-large--40       wrapper__border-color-large--primary wrapper__border-size-large--none\"\n\t>\n\n\t\n\t\t\t<div class=\"card-rounded card-rounded__color--concrete  block-card-rounded__card-rounded\">\n\t<div class=\"image-wrap card-rounded__image-wrap\" data-align=\"center center\">\n\n\t\t\t<div\n\t\t\tstyle=\"background-image:url(https:\/\/a1.com\/wp-content\/uploads\/sites\/6\/2023\/06\/iStock-1226926060-1.jpg)\"\n\t\t\tclass=\"image image--bg image__rounded-corners--none card-rounded__image\">\n\t\t<\/div>\n\t\n\t<\/div>\n\t<div class=\"card-rounded__content\">\n\t\t<h5 class=\"heading heading__color--black heading__size--small heading__align--left heading__font-family--sans heading__font-weight--regular card-rounded__heading\">\n\tNachhaltigkeitsstrategie<\/h5><p class=\"paragraph paragraph__color--black paragraph__size--default paragraph__align--left paragraph__font-family--sans card-rounded__paragraph\">\n\tDie A1 Group nimmt ihre \u00f6kologische und soziale Verantwortung aktiv wahr, indem sie effizientere, ressourcenschonende und damit nachhaltigere Arbeits- und Lebensweisen f\u00f6rdert.<\/p><div class=\"link-wrap link-wrap__align--left card-rounded__link-wrap\">\n\t\t\t<a\n\t\t\thref=\"https:\/\/a1.com\/de\/esg\/nachhaltigkeitsstrategie\/\"\n\t\t\tclass=\"link link__color--primary link__size--default link__icon-position--right link__font-family--sans  card-rounded__link\"\n\t\t\tid=\"\"\n\t\t\ttitle=\"Nachhaltigkeitsstrategie\"\n\t\t\taria-label=\"\"\n\t\t\t\t\t>\n\t\t\t<i class=\"icon icon  icon__chevron-right link__icon\">\n\t<svg xmlns='http:\/\/www.w3.org\/2000\/svg' width='24' height='24' viewBox='0 0 24 24'><path d='m9.938 17.25-1.126-1.125 4.125-4.124-4.124-4.126L9.937 6.75l5.25 5.252-5.25 5.248Z' fill='currentColor' \/><\/svg><\/i>\t\t\t<span class=\"link__content\">Nachhaltigkeitsstrategie<\/span>\n\t\t<\/a>\n\t<\/div>\t<\/div>\n<\/div>\t<\/div>\n\n<\/div>\n\n\n\n<div class=\"block-column block-column__width-large--4 block-column__width-mobile--12     block-column__border-color-large--primary block-column__border-size-large--none block-column__no-left-gutter-large\">\n\t\n<div\n\tclass=\"wrapper wrapper__bg-color--white  wrapper__spacing-bottom-large--40       wrapper__border-color-large--primary wrapper__border-size-large--none\"\n\t>\n\n\t\n\t\t\t<div class=\"card-rounded card-rounded__color--concrete  block-card-rounded__card-rounded\">\n\t<div class=\"image-wrap card-rounded__image-wrap\" data-align=\"center center\">\n\n\t\t\t<div\n\t\t\tstyle=\"background-image:url(https:\/\/a1.com\/wp-content\/uploads\/sites\/6\/2023\/05\/iStock-898686788-scaled.jpg)\"\n\t\t\tclass=\"image image--bg image__rounded-corners--none card-rounded__image\">\n\t\t<\/div>\n\t\n\t<\/div>\n\t<div class=\"card-rounded__content\">\n\t\t<h5 class=\"heading heading__color--black heading__size--small heading__align--left heading__font-family--sans heading__font-weight--regular card-rounded__heading\">\n\tSustainable Development Goals<\/h5><p class=\"paragraph paragraph__color--black paragraph__size--default paragraph__align--left paragraph__font-family--sans card-rounded__paragraph\">\n\tUm einen positiven Beitrag zu Umwelt-, Sozial- und Governance-Themen zu leisten, setzt sich die A1 Group f\u00fcr die Erreichung der Sustainable Development Goals der UN ein.<\/p><div class=\"link-wrap link-wrap__align--left card-rounded__link-wrap\">\n\t\t\t<a\n\t\t\thref=\"https:\/\/a1.com\/esg\/social\/\"\n\t\t\tclass=\"link link__color--primary link__size--default link__icon-position--right link__font-family--sans  card-rounded__link\"\n\t\t\tid=\"\"\n\t\t\ttitle=\"Sustainable Development Goals\"\n\t\t\taria-label=\"\"\n\t\t\t\t\t>\n\t\t\t<i class=\"icon icon  icon__chevron-right link__icon\">\n\t<svg xmlns='http:\/\/www.w3.org\/2000\/svg' width='24' height='24' viewBox='0 0 24 24'><path d='m9.938 17.25-1.126-1.125 4.125-4.124-4.124-4.126L9.937 6.75l5.25 5.252-5.25 5.248Z' fill='currentColor' \/><\/svg><\/i>\t\t\t<span class=\"link__content\">Sustainable Development Goals<\/span>\n\t\t<\/a>\n\t<\/div>\t<\/div>\n<\/div>\t<\/div>\n\n<\/div>\n\n\n\n<div class=\"block-column block-column__width-large--4 block-column__width-mobile--12     block-column__border-color-large--primary block-column__border-size-large--none block-column__no-left-gutter-large\">\n\t\n<div\n\tclass=\"wrapper wrapper__bg-color--white  wrapper__spacing-bottom-large--40       wrapper__border-color-large--primary wrapper__border-size-large--none\"\n\t>\n\n\t\n\t\t\t<div class=\"card-rounded card-rounded__color--concrete  block-card-rounded__card-rounded\">\n\t<div class=\"image-wrap card-rounded__image-wrap\" data-align=\"top center\">\n\n\t\t\t<div\n\t\t\tstyle=\"background-image:url(https:\/\/a1.com\/wp-content\/uploads\/sites\/6\/2023\/06\/ESG-3.jpg)\"\n\t\t\tclass=\"image image--bg image__rounded-corners--none card-rounded__image\">\n\t\t<\/div>\n\t\n\t<\/div>\n\t<div class=\"card-rounded__content\">\n\t\t<h5 class=\"heading heading__color--black heading__size--small heading__align--left heading__font-family--sans heading__font-weight--regular card-rounded__heading\">\n\tESG Ratings<\/h5><p class=\"paragraph paragraph__color--black paragraph__size--default paragraph__align--left paragraph__font-family--sans card-rounded__paragraph\">\n\tDie A1 Group l\u00e4sst j\u00e4hrlich ihre nachhaltigen Aktivit\u00e4ten von Ratingagenturen bewerten und ist in den wichtigsten Nachhaltigkeitsindizes gelistet.<\/p><div class=\"link-wrap link-wrap__align--left card-rounded__link-wrap\">\n\t\t\t<a\n\t\t\thref=\"https:\/\/a1.com\/de\/esg\/ratings-und-zertifikate\/\"\n\t\t\tclass=\"link link__color--primary link__size--default link__icon-position--right link__font-family--sans  card-rounded__link\"\n\t\t\tid=\"\"\n\t\t\ttitle=\"ESG Ratings\"\n\t\t\taria-label=\"\"\n\t\t\t\t\t>\n\t\t\t<i class=\"icon icon  icon__chevron-right link__icon\">\n\t<svg xmlns='http:\/\/www.w3.org\/2000\/svg' width='24' height='24' viewBox='0 0 24 24'><path d='m9.938 17.25-1.126-1.125 4.125-4.124-4.124-4.126L9.937 6.75l5.25 5.252-5.25 5.248Z' fill='currentColor' \/><\/svg><\/i>\t\t\t<span class=\"link__content\">ESG Ratings<\/span>\n\t\t<\/a>\n\t<\/div>\t<\/div>\n<\/div>\t<\/div>\n\n<\/div>\n\n<\/div>\n\t<\/div>\n\n<\/div>\n\t\t\t<\/div>\n\t\t<\/div>\n\t<\/div>\n","protected":false},"excerpt":{"rendered":"","protected":false},"author":3,"featured_media":0,"parent":192,"menu_order":0,"comment_status":"closed","ping_status":"closed","template":"","meta":{"_acf_changed":false,"footnotes":""},"departments":[19],"class_list":["post-3887","page","type-page","status-publish","hentry","department-esg"],"acf":[],"yoast_head":"<!-- This site is optimized with the Yoast SEO plugin v27.4 - https:\/\/yoast.com\/product\/yoast-seo-wordpress\/ -->\n<title>ESG-Ziele - A1 Group<\/title>\n<meta name=\"robots\" content=\"index, follow, max-snippet:-1, max-image-preview:large, max-video-preview:-1\" \/>\n<link rel=\"canonical\" href=\"https:\/\/a1.com\/de\/verantwortung\/esg-ziele\/\" \/>\n<meta property=\"og:locale\" content=\"de_DE\" \/>\n<meta property=\"og:type\" content=\"article\" \/>\n<meta property=\"og:title\" content=\"ESG-Ziele - A1 Group\" \/>\n<meta property=\"og:url\" content=\"https:\/\/a1.com\/de\/verantwortung\/esg-ziele\/\" \/>\n<meta property=\"og:site_name\" content=\"A1 Group\" \/>\n<meta property=\"article:modified_time\" content=\"2026-04-15T06:54:49+00:00\" \/>\n<meta name=\"twitter:card\" content=\"summary_large_image\" \/>\n<meta name=\"twitter:label1\" content=\"Est. reading time\" \/>\n\t<meta name=\"twitter:data1\" content=\"7 minutes\" \/>\n<script type=\"application\/ld+json\" class=\"yoast-schema-graph\">{\"@context\":\"https:\\\/\\\/schema.org\",\"@graph\":[{\"@type\":\"WebPage\",\"@id\":\"https:\\\/\\\/a1.com\\\/de\\\/verantwortung\\\/esg-ziele\\\/\",\"url\":\"https:\\\/\\\/a1.com\\\/de\\\/verantwortung\\\/esg-ziele\\\/\",\"name\":\"ESG-Ziele - A1 Group\",\"isPartOf\":{\"@id\":\"https:\\\/\\\/a1.com\\\/#website\"},\"datePublished\":\"2024-12-18T13:28:06+00:00\",\"dateModified\":\"2026-04-15T06:54:49+00:00\",\"breadcrumb\":{\"@id\":\"https:\\\/\\\/a1.com\\\/de\\\/verantwortung\\\/esg-ziele\\\/#breadcrumb\"},\"inLanguage\":\"de-DE\",\"potentialAction\":[{\"@type\":\"ReadAction\",\"target\":[\"https:\\\/\\\/a1.com\\\/de\\\/verantwortung\\\/esg-ziele\\\/\"]}]},{\"@type\":\"BreadcrumbList\",\"@id\":\"https:\\\/\\\/a1.com\\\/de\\\/verantwortung\\\/esg-ziele\\\/#breadcrumb\",\"itemListElement\":[{\"@type\":\"ListItem\",\"position\":1,\"name\":\"Home\",\"item\":\"https:\\\/\\\/a1.com\\\/de\\\/\"},{\"@type\":\"ListItem\",\"position\":2,\"name\":\"Verantwortung\",\"item\":\"https:\\\/\\\/a1.com\\\/de\\\/verantwortung\\\/\"},{\"@type\":\"ListItem\",\"position\":3,\"name\":\"ESG-Ziele\"}]},{\"@type\":\"WebSite\",\"@id\":\"https:\\\/\\\/a1.com\\\/#website\",\"url\":\"https:\\\/\\\/a1.com\\\/\",\"name\":\"A1 Group\",\"description\":\"\",\"potentialAction\":[{\"@type\":\"SearchAction\",\"target\":{\"@type\":\"EntryPoint\",\"urlTemplate\":\"https:\\\/\\\/a1.com\\\/?s={search_term_string}\"},\"query-input\":{\"@type\":\"PropertyValueSpecification\",\"valueRequired\":true,\"valueName\":\"search_term_string\"}}],\"inLanguage\":\"de-DE\"}]}<\/script>\n<!-- \/ Yoast SEO plugin. -->","yoast_head_json":{"title":"ESG-Ziele - A1 Group","robots":{"index":"index","follow":"follow","max-snippet":"max-snippet:-1","max-image-preview":"max-image-preview:large","max-video-preview":"max-video-preview:-1"},"canonical":"https:\/\/a1.com\/de\/verantwortung\/esg-ziele\/","og_locale":"de_DE","og_type":"article","og_title":"ESG-Ziele - A1 Group","og_url":"https:\/\/a1.com\/de\/verantwortung\/esg-ziele\/","og_site_name":"A1 Group","article_modified_time":"2026-04-15T06:54:49+00:00","twitter_card":"summary_large_image","twitter_misc":{"Est. reading time":"7 minutes"},"schema":{"@context":"https:\/\/schema.org","@graph":[{"@type":"WebPage","@id":"https:\/\/a1.com\/de\/verantwortung\/esg-ziele\/","url":"https:\/\/a1.com\/de\/verantwortung\/esg-ziele\/","name":"ESG-Ziele - A1 Group","isPartOf":{"@id":"https:\/\/a1.com\/#website"},"datePublished":"2024-12-18T13:28:06+00:00","dateModified":"2026-04-15T06:54:49+00:00","breadcrumb":{"@id":"https:\/\/a1.com\/de\/verantwortung\/esg-ziele\/#breadcrumb"},"inLanguage":"de-DE","potentialAction":[{"@type":"ReadAction","target":["https:\/\/a1.com\/de\/verantwortung\/esg-ziele\/"]}]},{"@type":"BreadcrumbList","@id":"https:\/\/a1.com\/de\/verantwortung\/esg-ziele\/#breadcrumb","itemListElement":[{"@type":"ListItem","position":1,"name":"Home","item":"https:\/\/a1.com\/de\/"},{"@type":"ListItem","position":2,"name":"Verantwortung","item":"https:\/\/a1.com\/de\/verantwortung\/"},{"@type":"ListItem","position":3,"name":"ESG-Ziele"}]},{"@type":"WebSite","@id":"https:\/\/a1.com\/#website","url":"https:\/\/a1.com\/","name":"A1 Group","description":"","potentialAction":[{"@type":"SearchAction","target":{"@type":"EntryPoint","urlTemplate":"https:\/\/a1.com\/?s={search_term_string}"},"query-input":{"@type":"PropertyValueSpecification","valueRequired":true,"valueName":"search_term_string"}}],"inLanguage":"de-DE"}]}},"_links":{"self":[{"href":"https:\/\/a1.com\/de\/wp-json\/wp\/v2\/pages\/3887","targetHints":{"allow":["GET"]}}],"collection":[{"href":"https:\/\/a1.com\/de\/wp-json\/wp\/v2\/pages"}],"about":[{"href":"https:\/\/a1.com\/de\/wp-json\/wp\/v2\/types\/page"}],"author":[{"embeddable":true,"href":"https:\/\/a1.com\/de\/wp-json\/wp\/v2\/users\/3"}],"replies":[{"embeddable":true,"href":"https:\/\/a1.com\/de\/wp-json\/wp\/v2\/comments?post=3887"}],"version-history":[{"count":10,"href":"https:\/\/a1.com\/de\/wp-json\/wp\/v2\/pages\/3887\/revisions"}],"predecessor-version":[{"id":17484,"href":"https:\/\/a1.com\/de\/wp-json\/wp\/v2\/pages\/3887\/revisions\/17484"}],"up":[{"embeddable":true,"href":"https:\/\/a1.com\/de\/wp-json\/wp\/v2\/pages\/192"}],"wp:attachment":[{"href":"https:\/\/a1.com\/de\/wp-json\/wp\/v2\/media?parent=3887"}],"wp:term":[{"taxonomy":"department","embeddable":true,"href":"https:\/\/a1.com\/de\/wp-json\/wp\/v2\/departments?post=3887"}],"curies":[{"name":"wp","href":"https:\/\/api.w.org\/{rel}","templated":true}]}}