{"id":3867,"date":"2023-02-21T15:26:43","date_gmt":"2023-02-21T14:26:43","guid":{"rendered":"https:\/\/a1.com\/?page_id=3867"},"modified":"2026-04-13T12:29:33","modified_gmt":"2026-04-13T10:29:33","slug":"aktie","status":"publish","type":"page","link":"https:\/\/a1.com\/de\/investor-relations-home\/aktie\/","title":{"rendered":"Aktie"},"content":{"rendered":"<div\n\tclass=\"wrapper wrapper__bg-color--white wrapper__spacing-top-large--20 wrapper__spacing-bottom-large--90       wrapper__border-color-large--primary wrapper__border-size-large--none\"\n\t>\n\n\t\n\t\t\t<div class=\"wrapper__container wrapper__container-width-large--default wrapper__gutter-desktop--default wrapper__gutter-tablet--small\">\n\t\t\t<div class=\"wrapper__inner wrapper__width-large--12\">\n\t\t\t\t<div class='block-breadcrumbs'><a href='https:\/\/a1.com\/de\/' class='block-breadcrumbs__home' aria-label='Home link'><\/a><span><a class=\"block-breadcrumbs__link\" href=\" https:\/\/a1.com\/de\/ \">Home<\/a><\/span><\/div>\t\t\t<\/div>\n\t\t<\/div>\n\t<\/div>\n\n\n<div\n\tclass=\"wrapper wrapper__bg-color--white  wrapper__spacing-bottom-large--40 wrapper__spacing-top-in-large--0 wrapper__spacing-bottom-in-large--0     wrapper__border-color-large--primary wrapper__border-size-large--none\"\n\t>\n\n\t\n\t\t\t<div class=\"wrapper__container wrapper__container-width-large--default wrapper__gutter-desktop--default wrapper__gutter-tablet--small\">\n\t\t\t<div class=\"wrapper__inner wrapper__width-large--12 wrapper__offset-large--0\">\n\t\t\t\t\n<div class=\"block-inline-text js-block-inline-text swiper\">\n\t<div class=\"block-inline-text__content swiper-wrapper\">\n\t\t\n<div class=\"block-inline-text__item\">\n\t\t\t<div class=\"block-inline-text__item-inner\"><p class=\"paragraph paragraph__color--black paragraph__size--large paragraph__align--left paragraph__font-family--sans block-paragraph__paragraph\">\n\tISIN: <strong>AT0000720008<\/strong><\/p><\/div>\n\t\t<\/div>\n\n<div class=\"block-inline-text__item\">\n\t\t\t<div class=\"block-inline-text__item-inner\"><p class=\"paragraph paragraph__color--black paragraph__size--large paragraph__align--left paragraph__font-family--sans block-paragraph__paragraph\">\n\tB\u00f6rsek\u00fcrzel: <strong>TKA<\/strong><\/p><\/div>\n\t\t<\/div>\n\n<div class=\"block-inline-text__item\">\n\t\t\t<div class=\"block-inline-text__item-inner\"><p class=\"paragraph paragraph__color--black paragraph__size--default paragraph__align--left paragraph__font-family--sans block-paragraph__paragraph\">\n\t<a href=\"https:\/\/a1.com\/de\/investor-relations-home\/aktienchart\/\" target=\"_blank\" rel=\"noreferrer noopener\">Detaillierter Aktienchart &amp; Tool<\/a><\/p><\/div>\n\t\t<\/div>\n\t<\/div>\n<\/div>\n\t\t\t<\/div>\n\t\t<\/div>\n\t<\/div>\n\n\n<div\n\tclass=\"wrapper wrapper__bg-color--white  wrapper__spacing-bottom-large--40 wrapper__spacing-bottom-mobile--0       wrapper__border-color-large--primary wrapper__border-size-large--none\"\n\t>\n\n\t\n\t\t\t<div class=\"wrapper__container wrapper__container-width-large--default wrapper__gutter-desktop--default wrapper__gutter-tablet--small\">\n\t\t\t<div class=\"wrapper__inner wrapper__width-large--12\">\n\t\t\t\t\n<iframe\n\tclass=\"block-iframe\"\n\tsrc=\"https:\/\/tools.eurolandir.com\/tools\/ticker\/html\/?companycode=at-ta1&#038;v=static&#038;lang=en-gb\"\n\ttitle=\"Aktie Chart Short \"\n\tframeborder=\"0\"\n\theight=\"200\"\n>\n<\/iframe>\n\t\t\t<\/div>\n\t\t<\/div>\n\t<\/div>\n\n\n<div\n\tclass=\"wrapper wrapper__bg-color--white wrapper__spacing-top-large--60 wrapper__spacing-top-mobile--0 wrapper__spacing-bottom-large--40       wrapper__border-color-large--primary wrapper__border-size-large--none\"\n\t>\n\n\t\n\t\t\t<div class=\"wrapper__container wrapper__container-width-large--default wrapper__gutter-desktop--default wrapper__gutter-tablet--small\">\n\t\t\t<div class=\"wrapper__inner wrapper__width-large--12 wrapper__offset-large--0\">\n\t\t\t\t<h2 class=\"heading heading__color--black heading__size--default heading__align--left heading__font-family--serif heading__font-weight--bold block-heading__heading\">\n\tBasisinformationen<\/h2>\t\t\t<\/div>\n\t\t<\/div>\n\t<\/div>\n\n\n<div\n\tclass=\"wrapper wrapper__bg-color--white wrapper__spacing-top-large--40 wrapper__spacing-bottom-large--0       wrapper__border-color-large--primary wrapper__border-size-large--none\"\n\t>\n\n\t\n\t\t\t<div class=\"wrapper__container wrapper__container-width-large--default wrapper__gutter-desktop--default wrapper__gutter-tablet--small\">\n\t\t\t<div class=\"wrapper__inner wrapper__width-large--12 wrapper__offset-large--0\">\n\t\t\t\t\n<div class=\"block-group block-group__border-color-large--primary block-group__border-size-large--none block-group__gutter--none\">\n\t\n\n<figure class=\"wp-block-table is-style-stripes has-medium-font-size\"><table class=\"has-fixed-layout\"><thead><tr><th class=\"has-text-align-left\" data-align=\"left\">Bezeichnung<\/th><th class=\"has-text-align-left\" data-align=\"left\">Wert<\/th><\/tr><\/thead><tbody><tr><td class=\"has-text-align-left\" data-align=\"left\">ISIN<\/td><td class=\"has-text-align-left\" data-align=\"left\">AT0000720008<\/td><\/tr><tr><td class=\"has-text-align-left\" data-align=\"left\">B\u00d6RSEK\u00dcRZEL<\/td><td class=\"has-text-align-left\" data-align=\"left\">TKA<\/td><\/tr><tr><td class=\"has-text-align-left\" data-align=\"left\">REUTERS<\/td><td class=\"has-text-align-left\" data-align=\"left\">TELA.VI<\/td><\/tr><tr><td class=\"has-text-align-left\" data-align=\"left\">BLOOMBERG<\/td><td class=\"has-text-align-left\" data-align=\"left\">TKA AV<\/td><\/tr><tr><td class=\"has-text-align-left\" data-align=\"left\">Anzahl der ausgegebenen Aktien<\/td><td class=\"has-text-align-left\" data-align=\"left\">664.500.000 St\u00fcck*<\/td><\/tr><tr><td class=\"has-text-align-left\" data-align=\"left\">Anzahl der im Umlauf befindlichen Aktien<\/td><td class=\"has-text-align-left\" data-align=\"left\">664.084.841 St\u00fcck**<\/td><\/tr><tr><td class=\"has-text-align-left\" data-align=\"left\">Grundkapital<\/td><td class=\"has-text-align-left\" data-align=\"left\">EUR 1.449.274.500<\/td><\/tr><tr><td class=\"has-text-align-left\" data-align=\"left\">Notierung<\/td><td class=\"has-text-align-left\" data-align=\"left\">Wiener B\u00f6rse<\/td><\/tr><\/tbody><\/table><\/figure>\n\n<\/div>\n\t\t\t<\/div>\n\t\t<\/div>\n\t<\/div>\n\n\n<div\n\tclass=\"wrapper wrapper__bg-color--white wrapper__spacing-top-large--10 wrapper__spacing-bottom-large--100       wrapper__border-color-large--primary wrapper__border-size-large--none\"\n\t>\n\n\t\n\t\t\t<div class=\"wrapper__container wrapper__container-width-large--default wrapper__gutter-desktop--default wrapper__gutter-tablet--small\">\n\t\t\t<div class=\"wrapper__inner wrapper__width-large--12 wrapper__offset-large--0\">\n\t\t\t\t<p class=\"paragraph paragraph__color--black paragraph__size--smaller-constant paragraph__align--left paragraph__font-family--sans block-paragraph__paragraph\">\n\t*Die Aktienanzahl hat sich durch die Kapitalerh\u00f6hung per 26. November 2014 von 443,0 Millionen auf 664,5 Millionen St\u00fcck Aktien gesteigert.<br>**Das Unternehmen h\u00e4lt 415.159 eigene Aktien.<\/p>\t\t\t<\/div>\n\t\t<\/div>\n\t<\/div>\n\n\n<div\n\tclass=\"wrapper wrapper__bg-color--white  wrapper__spacing-bottom-large--40       wrapper__border-color-large--primary wrapper__border-size-large--none\"\n\t>\n\n\t\n\t\t\t<div class=\"wrapper__container wrapper__container-width-large--default wrapper__gutter-desktop--default wrapper__gutter-tablet--small\">\n\t\t\t<div class=\"wrapper__inner wrapper__width-large--12\">\n\t\t\t\t<h2 class=\"heading heading__color--black heading__size--default heading__align--left heading__font-family--serif heading__font-weight--bold block-heading__heading\">\n\tAktienkurs-Information<\/h2>\t\t\t<\/div>\n\t\t<\/div>\n\t<\/div>\n\n\n<div\n\tclass=\"wrapper wrapper__bg-color--white  wrapper__spacing-bottom-large--40       wrapper__border-color-large--primary wrapper__border-size-large--none\"\n\t>\n\n\t\n\t\t\t<div class=\"wrapper__container wrapper__container-width-large--default wrapper__gutter-desktop--default wrapper__gutter-tablet--small\">\n\t\t\t<div class=\"wrapper__inner wrapper__width-large--12\">\n\t\t\t\t<p class=\"paragraph paragraph__color--black paragraph__size--default paragraph__align--left paragraph__font-family--sans block-paragraph__paragraph\">\n\tWir senden Ihnen gerne Informationen zum Kurs der Telekom Austria Aktie zu. Sie erhalten diese per E-Mail. Bitte klicken Sie daf\u00fcr auf Registrierung.<\/p>\t\t\t<\/div>\n\t\t<\/div>\n\t<\/div>\n\n\n<div\n\tclass=\"wrapper wrapper__bg-color--white  wrapper__spacing-bottom-large--40       wrapper__border-color-large--primary wrapper__border-size-large--none\"\n\t>\n\n\t\n\t\t\t<div class=\"wrapper__container wrapper__container-width-large--default wrapper__gutter-desktop--default wrapper__gutter-tablet--small\">\n\t\t\t<div class=\"wrapper__inner wrapper__width-large--12\">\n\t\t\t\t<div class=\"btn-wrap btn-wrap__align--left block-button__btn-wrap\">\n\t\t\t<button\n\t\t\tclass=\"btn btn__color--primary btn__size--default btn__size-width--default btn__icon-position--left btn__font-family--sans  block-button__btn\"\n\t\t\tid=\"\"\n\t\t\ttitle=\"Registrierung\"\n\t\t\taria-label=\"\"\n\t\t\t\t\t>\n\t\t\t\t\t\tRegistrierung\t\t<\/button>\n\n\t<\/div>\t\t\t<\/div>\n\t\t<\/div>\n\t<\/div>\n\n\n<div\n\tclass=\"wrapper wrapper__bg-color--white wrapper__spacing-top-large--60 wrapper__spacing-bottom-large--40       wrapper__border-color-large--primary wrapper__border-size-large--none\"\n\t>\n\n\t\n\t\t\t<div class=\"wrapper__container wrapper__container-width-large--default wrapper__gutter-desktop--default wrapper__gutter-tablet--small\">\n\t\t\t<div class=\"wrapper__inner wrapper__width-large--12 wrapper__offset-large--0\">\n\t\t\t\t<h2 class=\"heading heading__color--black heading__size--default heading__align--left heading__font-family--serif heading__font-weight--bold block-heading__heading\">\n\tAnalysten<\/h2>\t\t\t<\/div>\n\t\t<\/div>\n\t<\/div>\n\n\n<div\n\tclass=\"wrapper wrapper__bg-color--white wrapper__spacing-top-large--0 wrapper__spacing-bottom-large--100       wrapper__border-color-large--primary wrapper__border-size-large--none\"\n\t>\n\n\t\n\t\t\t<div class=\"wrapper__container wrapper__container-width-large--default wrapper__gutter-desktop--default wrapper__gutter-tablet--small\">\n\t\t\t<div class=\"wrapper__inner wrapper__width-large--12 wrapper__offset-large--0\">\n\t\t\t\t\n<div class=\"block-group block-group__border-color-large--primary block-group__border-size-large--none block-group__gutter--none\">\n\t\n\n<figure class=\"wp-block-table aligncenter is-style-border-rows-highlight has-medium-font-size\"><table class=\"has-white-background-color has-background\"><thead><tr><th class=\"has-text-align-left\" data-align=\"left\">Institut<\/th><th class=\"has-text-align-left\" data-align=\"left\">Telefon\/E-Mail<\/th><th class=\"has-text-align-center\" data-align=\"center\">Kursziel<\/th><th class=\"has-text-align-center\" data-align=\"center\">Empfehlung<\/th><\/tr><\/thead><tbody><tr><td class=\"has-text-align-left\" data-align=\"left\"><strong>Alpha Value<\/strong><br><br>Jean-Michel Salvador <\/td><td class=\"has-text-align-left\" data-align=\"left\">jm.salvador@alphavalue.eu<br><br>+33 170611055<\/td><td class=\"has-text-align-center\" data-align=\"center\"><strong>11,80<\/strong><br><br>11. Feb 2025<\/td><td class=\"has-text-align-center\" data-align=\"center\"><strong>kaufen<\/strong><br><br>7. M\u00e4rz 2023<\/td><\/tr><tr><td class=\"has-text-align-left\" data-align=\"left\"><strong>Bank Pekao<\/strong><br><br>Konrad Musial<\/td><td class=\"has-text-align-left\" data-align=\"left\">konrad.musial@pekao.com.pl<br><br>+48 603 059 375<\/td><td class=\"has-text-align-center\" data-align=\"center\"><strong>11,60<\/strong><br><br>20. Mai 2025<\/td><td class=\"has-text-align-center\" data-align=\"center\"><strong>kaufen<\/strong><br><br>20. Mai 2025<\/td><\/tr><tr><td class=\"has-text-align-left\" data-align=\"left\"><strong>Citigroup<\/strong><br><br>Rohit Modi<\/td><td class=\"has-text-align-left\" data-align=\"left\">rohit1.modi@citi.com<br><br>+44 207 986 6318<\/td><td class=\"has-text-align-center\" data-align=\"center\"><strong>9,60<\/strong><br><br>18. Jun 2025<\/td><td class=\"has-text-align-center\" data-align=\"center\"><strong>halten<\/strong><br><br>26. Okt 2023<\/td><\/tr><tr><td class=\"has-text-align-left\" data-align=\"left\"><strong>Erste Group Bank<\/strong><br><br>Nora Varga-Nagy<\/td><td class=\"has-text-align-left\" data-align=\"left\">Nora.Varga-Nagy@erstegroup.com<br><br>+43 (0) 50100 17416<\/td><td class=\"has-text-align-center\" data-align=\"center\"><strong>12,00<\/strong><br><br>10. April 2026<\/td><td class=\"has-text-align-center\" data-align=\"center\"><strong>kaufen<\/strong><br><br>10. April 2026<\/td><\/tr><tr><td class=\"has-text-align-left\" data-align=\"left\"><strong>JP Morgan<\/strong><br><br>Ajay Soni<\/td><td class=\"has-text-align-left\" data-align=\"left\">ajay.soni@jpmorgan.com<br><br>+44 (0) 203 493 8462<\/td><td class=\"has-text-align-center\" data-align=\"center\"><strong>9,90<\/strong><br><br>29. Apr 2025<\/td><td class=\"has-text-align-center\" data-align=\"center\"><strong>halten<\/strong><br><br>30. Mai 2024<\/td><\/tr><tr><td class=\"has-text-align-left\" data-align=\"left\"><strong>Kepler Cheuvreux<\/strong><br><br>Javier Borrachero<\/td><td class=\"has-text-align-left\" data-align=\"left\">jborrachero@keplercheuvreux.com<br><br>+34 91 436 5161<\/td><td class=\"has-text-align-center\" data-align=\"center\"><strong>9,20<\/strong><br><br>29. Oct 2025<\/td><td class=\"has-text-align-center\" data-align=\"center\"><strong>halten<\/strong><br><br>30. Apr 2025<\/td><\/tr><tr><td class=\"has-text-align-left\" data-align=\"left\"><strong>ODDO BHF<\/strong><br><br>Bojan Djurickovic<\/td><td class=\"has-text-align-left\" data-align=\"left\">bojan.djurickovic@oddo-bhf.com<br><br>+43 1 25 3121 6609<\/td><td class=\"has-text-align-center\" data-align=\"center\"><strong>9,60<\/strong><br><br>25. Feb 2025<\/td><td class=\"has-text-align-center\" data-align=\"center\"><strong>halten<\/strong><br><br>5. Aug 2024<\/td><\/tr><tr><td class=\"has-text-align-left\" data-align=\"left\"><strong>Deutsche Bank<\/strong><br><br>John Karidis<\/td><td class=\"has-text-align-left\" data-align=\"left\">john.karidis@db.com<br><br>+44 (0) 7818 093 258<\/td><td class=\"has-text-align-center\" data-align=\"center\"><strong>11,40<\/strong><br><br>13. Feb 2025<\/td><td class=\"has-text-align-center\" data-align=\"center\"><strong>halten<\/strong><br><br>19. Juni 2025<\/td><\/tr><\/tbody><tfoot><tr><td class=\"has-text-align-left\" data-align=\"left\">Konsensus Kursziel<br><\/td><td class=\"has-text-align-left\" data-align=\"left\"><br><\/td><td class=\"has-text-align-center\" data-align=\"center\">10,64<br><\/td><td class=\"has-text-align-center\" data-align=\"center\"><\/td><\/tr><\/tfoot><\/table><figcaption class=\"wp-element-caption\"><strong>Kaufen: 3 Halten: 5 Verkaufen: 0<\/strong><\/figcaption><\/figure>\n\n<\/div>\n\t\t\t<\/div>\n\t\t<\/div>\n\t<\/div>\n\n\n<div\n\tclass=\"wrapper wrapper__bg-color--white wrapper__spacing-top-large---100 wrapper__spacing-bottom-large--50       wrapper__border-color-large--primary wrapper__border-size-large--none\"\n\t>\n\n\t\n\t\t\t<div class=\"wrapper__container wrapper__container-width-large--default wrapper__gutter-desktop--default wrapper__gutter-tablet--small\">\n\t\t\t<div class=\"wrapper__inner wrapper__width-large--12 wrapper__offset-large--0\">\n\t\t\t\t<p class=\"paragraph paragraph__color--black paragraph__size--smaller-constant paragraph__align--left paragraph__font-family--sans block-paragraph__paragraph\">\n\t<br>Stand 13. Februar 2026<br>Hinweis: Kursziele und Empfehlungen ohne Gew\u00e4hr.<\/p>\t\t\t<\/div>\n\t\t<\/div>\n\t<\/div>\n\n\n<div\n\tclass=\"wrapper wrapper__bg-color--white  wrapper__spacing-bottom-large--20       wrapper__border-color-large--primary wrapper__border-size-large--none\"\n\t>\n\n\t\n\t\t\t<div class=\"wrapper__container wrapper__container-width-large--default wrapper__gutter-desktop--default wrapper__gutter-tablet--small\">\n\t\t\t<div class=\"wrapper__inner wrapper__width-large--12 wrapper__width-mobile--12\">\n\t\t\t\t\n<div class=\"block-columns block-columns__gutter-large--30 block-columns__vertical-spacing-large--30\">\n\t\n\n<div class=\"block-column block-column__width-large--6 block-column__width-mobile--12     block-column__border-color-large--primary block-column__border-size-large--none\">\n\t\n<div\n\tclass=\"wrapper wrapper__bg-color--white  wrapper__spacing-bottom-large--40 wrapper__spacing-top-in-large--30      wrapper__border-color-large--primary wrapper__border-size-large--none\"\n\t>\n\n\t\n\t\t\t<h2 class=\"heading heading__color--black heading__size--default heading__align--left heading__font-family--serif heading__font-weight--bold block-heading__heading\">\n\tDividende<\/h2>\t<\/div>\n\n\n<div\n\tclass=\"wrapper wrapper__bg-color--white  wrapper__spacing-bottom-large--40       wrapper__border-color-large--primary wrapper__border-size-large--none\"\n\t>\n\n\t\n\t\t\t<p class=\"paragraph paragraph__color--black paragraph__size--default paragraph__align--left paragraph__font-family--sans block-paragraph__paragraph\">\n\tDie Dividendenpolitik zielt auf eine zuverl\u00e4ssige Aussch\u00fcttung mit nachhaltigem Wachstum und auf langfristige Stabilit\u00e4t ab.<br><br>Im Jahr 2023 wurde eine j\u00e4hrliche Mindestdividende von EUR 0,32 festgelegt.<br><br>Die Dividendenaussch\u00fcttung soll im Rahmen der operativen und wirtschaftlichen Entwicklung der Unternehmensgruppe nachhaltig wachsen.<br><br>F\u00fcr das Gesch\u00e4ftsjahr 2025 wird der Hauptversammlung 2026 eine Dividende von EUR 0,42 vorgeschlagen. (2024: EUR 0,40)<\/p>\t<\/div>\n\n<\/div>\n\n\n\n<div class=\"block-column block-column__width-large--5 block-column__offset-large--1 block-column__hide-mobile   block-column__border-color-large--primary block-column__border-size-large--none\">\n\t\n<div\n\tclass=\"wrapper wrapper__bg-color--white wrapper__spacing-top-large--40 wrapper__spacing-bottom-large--40       wrapper__border-color-large--primary wrapper__border-size-large--none\"\n\t>\n\n\t\n\t\t\t<div class=\"image-wrap block-image__image-wrap\" data-align=\"center center\">\n\n\t\t\t<picture class=\"image image__picture\">\n\t\t\t\t\t\t<img\n\t\t\t\tsrc=\"https:\/\/a1.com\/wp-content\/uploads\/sites\/6\/2023\/06\/Aktienverlauf-1-scaled.jpg\"\n\t\t\t\tclass=\"image  image__rounded-corners--none block-image__image\"\n\t\t\t\talt=\"\"\n\t\t\t\/>\n\t\t<\/picture>\n\t\n\t<\/div>\t<\/div>\n\n<\/div>\n\n<\/div>\n\t\t\t<\/div>\n\t\t<\/div>\n\t<\/div>\n\n\n<div\n\tclass=\"wrapper wrapper__bg-color--white wrapper__spacing-top-large--0 wrapper__spacing-bottom-large--80 wrapper__spacing-top-in-large--20      wrapper__border-color-large--primary wrapper__border-size-large--none\"\n\t>\n\n\t\n\t\t\t<div class=\"wrapper__container wrapper__container-width-large--default wrapper__gutter-desktop--default wrapper__gutter-tablet--small\">\n\t\t\t<div class=\"wrapper__inner wrapper__width-large--12 wrapper__offset-large--0\">\n\t\t\t\t\n<div class=\"block-group block-group__border-color-large--primary block-group__border-size-large--none block-group__gutter--none\">\n\t\n\n<figure class=\"wp-block-table is-style-stripes has-medium-font-size\"><table><thead><tr><th class=\"has-text-align-left\" data-align=\"left\">Jahr<\/th><th class=\"has-text-align-left\" data-align=\"left\">Dividende je Aktie<br>(f\u00fcr das Gesch\u00e4ftsjahr)<\/th><th class=\"has-text-align-left\" data-align=\"left\">Ergebnis je Aktie<\/th><th class=\"has-text-align-left\" data-align=\"left\">Free Cashflow<\/th><th class=\"has-text-align-left\" data-align=\"left\">Aussch\u00fcttungsquote<\/th><\/tr><\/thead><tbody><tr><td class=\"has-text-align-left\" data-align=\"left\">2025<\/td><td class=\"has-text-align-left\" data-align=\"left\">\u20ac 0,42<\/td><td class=\"has-text-align-left\" data-align=\"left\">\u20ac 0,92<\/td><td class=\"has-text-align-left\" data-align=\"left\">\u20ac 0,84<\/td><td class=\"has-text-align-left\" data-align=\"left\">45,6%<\/td><\/tr><tr><td class=\"has-text-align-left\" data-align=\"left\">2024<\/td><td class=\"has-text-align-left\" data-align=\"left\">\u20ac 0,40<\/td><td class=\"has-text-align-left\" data-align=\"left\">\u20ac 0,94<\/td><td class=\"has-text-align-left\" data-align=\"left\">\u20ac 0,80<\/td><td class=\"has-text-align-left\" data-align=\"left\">42,4%<\/td><\/tr><tr><td class=\"has-text-align-left\" data-align=\"left\">2023<\/td><td class=\"has-text-align-left\" data-align=\"left\">\u20ac 0,36<\/td><td class=\"has-text-align-left\" data-align=\"left\">\u20ac 0,97<\/td><td class=\"has-text-align-left\" data-align=\"left\">\u20ac 0,53<\/td><td class=\"has-text-align-left\" data-align=\"left\">37,1%<\/td><\/tr><tr><td class=\"has-text-align-left\" data-align=\"left\">2022<\/td><td class=\"has-text-align-left\" data-align=\"left\">\u20ac 0,32<\/td><td class=\"has-text-align-left\" data-align=\"left\">\u20ac 0,95<\/td><td class=\"has-text-align-left\" data-align=\"left\">\u20ac 0,90<\/td><td class=\"has-text-align-left\" data-align=\"left\">33,5 %<\/td><\/tr><tr><td class=\"has-text-align-left\" data-align=\"left\">2021<\/td><td class=\"has-text-align-left\" data-align=\"left\">\u20ac 0,28<\/td><td class=\"has-text-align-left\" data-align=\"left\">\u20ac 0,68<\/td><td class=\"has-text-align-left\" data-align=\"left\">\u20ac 0,73<\/td><td class=\"has-text-align-left\" data-align=\"left\">40,9 %<\/td><\/tr><tr><td class=\"has-text-align-left\" data-align=\"left\">2020<\/td><td class=\"has-text-align-left\" data-align=\"left\">\u20ac 0,25<\/td><td class=\"has-text-align-left\" data-align=\"left\">\u20ac 0,58<\/td><td class=\"has-text-align-left\" data-align=\"left\">\u20ac 0,76<\/td><td class=\"has-text-align-left\" data-align=\"left\">42,7 %<\/td><\/tr><tr><td class=\"has-text-align-left\" data-align=\"left\">2019<\/td><td class=\"has-text-align-left\" data-align=\"left\">\u20ac 0,23<\/td><td class=\"has-text-align-left\" data-align=\"left\">\u20ac 0,49<\/td><td class=\"has-text-align-left\" data-align=\"left\">\u20ac 0,51<\/td><td class=\"has-text-align-left\" data-align=\"left\">46,7 %<\/td><\/tr><tr><td class=\"has-text-align-left\" data-align=\"left\">2018<\/td><td class=\"has-text-align-left\" data-align=\"left\">\u20ac 0,21<\/td><td class=\"has-text-align-left\" data-align=\"left\">\u20ac 0,36<\/td><td class=\"has-text-align-left\" data-align=\"left\">\u20ac 0,58<\/td><td class=\"has-text-align-left\" data-align=\"left\">57,8 %<\/td><\/tr><tr><td class=\"has-text-align-left\" data-align=\"left\">2017<\/td><td class=\"has-text-align-left\" data-align=\"left\">\u20ac 0,20<\/td><td class=\"has-text-align-left\" data-align=\"left\">\u20ac 0,48<\/td><td class=\"has-text-align-left\" data-align=\"left\">\u20ac 0,58<\/td><td class=\"has-text-align-left\" data-align=\"left\">41,6 %<\/td><\/tr><tr><td class=\"has-text-align-left\" data-align=\"left\">2016<\/td><td class=\"has-text-align-left\" data-align=\"left\">\u20ac 0,20<\/td><td class=\"has-text-align-left\" data-align=\"left\">\u20ac 0,58<\/td><td class=\"has-text-align-left\" data-align=\"left\">\u20ac 0,35<\/td><td class=\"has-text-align-left\" data-align=\"left\">34,4 %<\/td><\/tr><\/tbody><\/table><\/figure>\n\n<\/div>\n\t\t\t<\/div>\n\t\t<\/div>\n\t<\/div>\n\n\n<div\n\tclass=\"wrapper wrapper__bg-color--white  wrapper__spacing-bottom-large--40       wrapper__border-color-large--primary wrapper__border-size-large--none\"\n\t>\n\n\t\n\t\t\t<div class=\"wrapper__container wrapper__container-width-large--default wrapper__gutter-desktop--default wrapper__gutter-tablet--small\">\n\t\t\t<div class=\"wrapper__inner wrapper__width-large--12\">\n\t\t\t\t<h2 class=\"heading heading__color--black heading__size--default heading__align--left heading__font-family--serif heading__font-weight--bold block-heading__heading\">\n\tAktion\u00e4rsstruktur<\/h2>\t\t\t<\/div>\n\t\t<\/div>\n\t<\/div>\n\n\n<div\n\tclass=\"wrapper wrapper__bg-color--white  wrapper__spacing-bottom-large--40       wrapper__border-color-large--primary wrapper__border-size-large--none\"\n\t>\n\n\t\n\t\t\t<div class=\"wrapper__container wrapper__container-width-large--default wrapper__gutter-desktop--default wrapper__gutter-tablet--small\">\n\t\t\t<div class=\"wrapper__inner wrapper__width-large--12\">\n\t\t\t\t<div class=\"image-wrap block-image__image-wrap\" data-align=\"center center\">\n\n\t\t\t<picture class=\"image image__picture\">\n\t\t\t\t\t\t<img\n\t\t\t\tsrc=\"https:\/\/a1.com\/wp-content\/uploads\/sites\/6\/2026\/03\/Aktionaersstruktur_Maerz-2026.png\"\n\t\t\t\tclass=\"image  image__rounded-corners--none block-image__image\"\n\t\t\t\talt=\"\"\n\t\t\t\/>\n\t\t<\/picture>\n\t\n\t<\/div>\t\t\t<\/div>\n\t\t<\/div>\n\t<\/div>\n\n\n<div\n\tclass=\"wrapper wrapper__bg-color--white  wrapper__spacing-bottom-large--20 wrapper__spacing-top-in-large--50      wrapper__border-color-large--primary wrapper__border-size-large--none\"\n\t>\n\n\t\n\t\t\t<div class=\"wrapper__container wrapper__container-width-large--default wrapper__gutter-desktop--default wrapper__gutter-tablet--small\">\n\t\t\t<div class=\"wrapper__inner wrapper__width-large--12\">\n\t\t\t\t<h2 class=\"heading heading__color--black heading__size--small heading__align--left heading__font-family--serif heading__font-weight--bold block-heading__heading\">\n\tKernaktion\u00e4re<\/h2>\t\t\t<\/div>\n\t\t<\/div>\n\t<\/div>\n\n\n<div\n\tclass=\"wrapper wrapper__bg-color--white  wrapper__spacing-bottom-large--40       wrapper__border-color-large--primary wrapper__border-size-large--none\"\n\t>\n\n\t\n\t\t\t<div class=\"wrapper__container wrapper__container-width-large--default wrapper__gutter-desktop--default wrapper__gutter-tablet--small\">\n\t\t\t<div class=\"wrapper__inner wrapper__width-large--12\">\n\t\t\t\t<p class=\"paragraph paragraph__color--black paragraph__size--default paragraph__align--left paragraph__font-family--sans block-paragraph__paragraph\">\n\t<strong>Am\u00e9rica M\u00f3vil<\/strong> ist das f\u00fchrende Telekommunikationsunternehmen in Lateinamerika mit einem Gesamtumsatz von rund EUR 44 Milliarden*. Die Gruppe bedient rund 331 Millionen Mobilfunkkunden und 79 Millionen RGUs. Am\u00e9rica M\u00f3vil ist an der mexikanischen B\u00f6rse und an der NYSE notiert.<br>\u00a0\u00a0<br>Die <strong>\u00d6BAG <\/strong>(\u00d6sterreichische Beteiligungs AG) ist eine unabh\u00e4ngige Holdinggesellschaft f\u00fcr Staatsverm\u00f6gen in \u00d6sterreich. Der Schwerpunkt des Handelns liegt darauf, das Verm\u00f6gen der \u00d6sterreicherinnen und \u00d6sterreicher sicher und stabil zu verwalten. Zum Beteiligungsportfolio der \u00d6BAG geh\u00f6ren unter anderem auch: OMV, Verbund, Post, Casinos Austria, etc.<br><br>*berechnet mit dem Wechselkurs zum Periodenende<\/p>\t\t\t<\/div>\n\t\t<\/div>\n\t<\/div>\n\n\n<div\n\tclass=\"wrapper wrapper__bg-color--white wrapper__spacing-top-large--10 wrapper__spacing-bottom-large--20       wrapper__border-color-large--primary wrapper__border-size-large--none\"\n\t>\n\n\t\n\t\t\t<div class=\"wrapper__container wrapper__container-width-large--default wrapper__gutter-desktop--default wrapper__gutter-tablet--small\">\n\t\t\t<div class=\"wrapper__inner wrapper__width-large--12 wrapper__width-mobile--12 wrapper__offset-large--0\">\n\t\t\t\t<h2 class=\"heading heading__color--black heading__size--small heading__align--left heading__font-family--serif heading__font-weight--bold block-heading__heading\">\n\tBeteiligungsmeldungen<\/h2>\t\t\t<\/div>\n\t\t<\/div>\n\t<\/div>\n\n\n<div\n\tclass=\"wrapper wrapper__bg-color--white  wrapper__spacing-bottom-large--0       wrapper__border-color-large--primary wrapper__border-size-large--none\"\n\t>\n\n\t\n\t\t\t<div class=\"wrapper__container wrapper__container-width-large--default wrapper__gutter-desktop--default wrapper__gutter-tablet--small\">\n\t\t\t<div class=\"wrapper__inner wrapper__width-large--12\">\n\t\t\t\t\n<div class=\"block-columns block-columns__gutter-large--30 block-columns__vertical-spacing-large--30\">\n\t\n\n<div class=\"block-column block-column__width-large--12 block-column__width-mobile--12     block-column__border-color-large--primary block-column__border-size-large--none\">\n\t\n<div\n\tclass=\"wrapper wrapper__bg-color--white  wrapper__spacing-bottom-large--40       wrapper__border-color-large--primary wrapper__border-size-large--none\"\n\t>\n\n\t\n\t\t\t<p class=\"paragraph paragraph__color--black paragraph__size--default paragraph__align--left paragraph__font-family--sans block-paragraph__paragraph\">\n\tBeteiligungsmeldungen sind erforderlich, wenn der Stimmrechtsanteil an einem Emittenten im Zuge von Erwerbs-, Ver\u00e4u\u00dferungs- oder sonstigen Vorg\u00e4ngen folgende Schwellen erreicht, \u00fcber- oder unterschreitet:<br><br>4%, 5%, 10%, 15%, 20%, 25 %, 30%, 35%, 40%, 45%, 50%, 75% oder 90%.<br><br>Das entsprechende Formular <a href=\"https:\/\/www.fma.gv.at\/kapitalmaerkte\/publizitaetsverpflichtungen-der-emittenten\/beteiligungsmeldungen\/\" target=\"_blank\" rel=\"noreferrer noopener\">finden Sie hier.<\/a><\/p>\t<\/div>\n\n<\/div>\n\n<\/div>\n\t\t\t<\/div>\n\t\t<\/div>\n\t<\/div>\n\n\n<div\n\tclass=\"wrapper wrapper__bg-color--white  wrapper__spacing-bottom-large--40       wrapper__border-color-large--primary wrapper__border-size-large--none\"\n\t>\n\n\t\n\t\t\t<div class=\"wrapper__container wrapper__container-width-large--default wrapper__gutter-desktop--default wrapper__gutter-tablet--small\">\n\t\t\t<div class=\"wrapper__inner wrapper__width-large--12\">\n\t\t\t\t\n<div class=\"block-group block-group__border-color-large--primary block-group__border-size-large--none block-group__gutter--none\">\n\t\n<div\n\tclass=\"wrapper wrapper__bg-color--white  wrapper__spacing-bottom-large--0       wrapper__border-color-large--primary wrapper__border-size-large--none\"\n\t>\n\n\t\n\t\t\t<div\n\tclass=\"accordion js-accordion block-accordion__accordion\"\n\tdata-accordion-open=\"false\"\n>\n\t<button\n\t\tclass=\"accordion__trigger accordion__trigger-size--small accordion__trigger-font-family--sans accordion__trigger-font-weight--regular js-accordion-trigger\"\n\t\taria-label=\"2023\"\n\t\taria-controls\n\t>\n\t\t2023\t\t<div class=\"accordion__icon\" aria-hidden=\"true\" >\n\t\t\t<svg xmlns='http:\/\/www.w3.org\/2000\/svg' width='15' height='10' viewBox='0 0 15 10' fill='none'><g><path d='M.719 1.836 2.172.383 7.499 5.71l5.33-5.327 1.452 1.453L7.5 8.616.72 1.836Z' fill='currentColor' \/><\/g><defs><path fill='#fff' d='M0 0h15v10H0z' \/><\/defs><\/svg>\t\t<\/div>\n\t<\/button>\n\t<section\n\t\tclass=\"accordion__panel js-accordion-panel\"\n\t\taria-hidden=\"true\"\n\t>\n\t\t<div class=\"accordion__content\">\n\t\t\t\n<div class=\"wrapper wrapper__bg-color--white  wrapper__spacing-bottom-large--20 wrapper__spacing-top-in-large--0      wrapper__border-color-large--primary wrapper__border-size-large--none\">\n\n\t\n\t\t\t<p class=\"paragraph paragraph__color--black paragraph__size--default-constant paragraph__align--left paragraph__font-family--sans block-paragraph__paragraph\">\n\t27. Juli 2023 &#8211;<strong> <\/strong><a href=\"https:\/\/a1.com\/wp-content\/uploads\/sites\/6\/2023\/09\/Beteiligungsmeldung_2023_07_27_DE.pdf\">Beteiligungsmeldung gem \u00a7\u00a7 130 bis 134 B\u00f6rseG 2018<\/a><strong><br><\/strong>26. Juli 2023 &#8211;<strong> <\/strong><a href=\"https:\/\/a1.com\/wp-content\/uploads\/sites\/6\/2023\/09\/Beteiligungsmeldung_2023_07_26_DE.pdf\">Beteiligungsmeldung gem \u00a7\u00a7 130 bis 134 B\u00f6rseG 2018<\/a><br>12. Juni 2023 &#8211;\u00a0<a href=\"https:\/\/a1.com\/wp-content\/uploads\/sites\/6\/2023\/07\/Beteiligungsmeldung_20230612.pdf\" target=\"_blank\" rel=\"noreferrer noopener\">Mitteilung gem\u00e4\u00df \u00a7\u00a7 130 bis 134 B\u00f6rseG 2018<\/a><\/p>\t<\/div>\n\n\t\t<\/div>\n\t<\/section>\n<\/div>\t<\/div>\n\n\n<div\n\tclass=\"wrapper wrapper__bg-color--white  wrapper__spacing-bottom-large--0       wrapper__border-color-large--primary wrapper__border-size-large--none\"\n\t>\n\n\t\n\t\t\t<div\n\tclass=\"accordion js-accordion block-accordion__accordion\"\n\tdata-accordion-open=\"false\"\n>\n\t<button\n\t\tclass=\"accordion__trigger accordion__trigger-size--small accordion__trigger-font-family--sans accordion__trigger-font-weight--regular js-accordion-trigger\"\n\t\taria-label=\"2016\"\n\t\taria-controls\n\t>\n\t\t2016\t\t<div class=\"accordion__icon\" aria-hidden=\"true\" >\n\t\t\t<svg xmlns='http:\/\/www.w3.org\/2000\/svg' width='15' height='10' viewBox='0 0 15 10' fill='none'><g><path d='M.719 1.836 2.172.383 7.499 5.71l5.33-5.327 1.452 1.453L7.5 8.616.72 1.836Z' fill='currentColor' \/><\/g><defs><path fill='#fff' d='M0 0h15v10H0z' \/><\/defs><\/svg>\t\t<\/div>\n\t<\/button>\n\t<section\n\t\tclass=\"accordion__panel js-accordion-panel\"\n\t\taria-hidden=\"true\"\n\t>\n\t\t<div class=\"accordion__content\">\n\t\t\t\n<div class=\"wrapper wrapper__bg-color--white  wrapper__spacing-bottom-large--20 wrapper__spacing-top-in-large--0      wrapper__border-color-large--primary wrapper__border-size-large--none\">\n\n\t\n\t\t\t<p class=\"paragraph paragraph__color--black paragraph__size--default-constant paragraph__align--left paragraph__font-family--sans block-paragraph__paragraph\">\n\t11. Oktober 2016 &#8211;\u00a0<a href=\"https:\/\/www.a1.com\/de\/newsroom\/2016-10-11-mitteilung-gemaess-91ff-oesterreichisches-boersegesetz\">Mitteilung gem\u00e4\u00df \u00a7 91ff \u00f6sterreichisches B\u00f6rsegesetz<\/a><br>1. August 2016 &#8211; <a href=\"https:\/\/www.a1.com\/de\/newsroom\/2016-8-1-mitteilung-gemaess-91ff-oesterreichisches-boersegesetz\">Mitteilung gem\u00e4\u00df \u00a7 91ff \u00f6sterreichisches B\u00f6rsegesetz<\/a><br>29. Juli 2016 &#8211;\u00a0 <a href=\"https:\/\/www.a1.com\/de\/newsroom\/2016-7-29-mitteilung-gemaess-91ff-oesterreichisches-boersegesetz\">Mitteilung gem\u00e4\u00df \u00a7 91ff \u00f6sterreichisches B\u00f6rsegesetz<\/a><\/p>\t<\/div>\n\n\t\t<\/div>\n\t<\/section>\n<\/div>\t<\/div>\n\n\n<div\n\tclass=\"wrapper wrapper__bg-color--white  wrapper__spacing-bottom-large--0       wrapper__border-color-large--primary wrapper__border-size-large--none\"\n\t>\n\n\t\n\t\t\t<div\n\tclass=\"accordion js-accordion block-accordion__accordion\"\n\tdata-accordion-open=\"false\"\n>\n\t<button\n\t\tclass=\"accordion__trigger accordion__trigger-size--small accordion__trigger-font-family--sans accordion__trigger-font-weight--regular js-accordion-trigger\"\n\t\taria-label=\"2014\"\n\t\taria-controls\n\t>\n\t\t2014\t\t<div class=\"accordion__icon\" aria-hidden=\"true\" >\n\t\t\t<svg xmlns='http:\/\/www.w3.org\/2000\/svg' width='15' height='10' viewBox='0 0 15 10' fill='none'><g><path d='M.719 1.836 2.172.383 7.499 5.71l5.33-5.327 1.452 1.453L7.5 8.616.72 1.836Z' fill='currentColor' \/><\/g><defs><path fill='#fff' d='M0 0h15v10H0z' \/><\/defs><\/svg>\t\t<\/div>\n\t<\/button>\n\t<section\n\t\tclass=\"accordion__panel js-accordion-panel\"\n\t\taria-hidden=\"true\"\n\t>\n\t\t<div class=\"accordion__content\">\n\t\t\t\n<div class=\"wrapper wrapper__bg-color--white  wrapper__spacing-bottom-large--20 wrapper__spacing-top-in-large--0      wrapper__border-color-large--primary wrapper__border-size-large--none\">\n\n\t\n\t\t\t<p class=\"paragraph paragraph__color--black paragraph__size--default paragraph__align--left paragraph__font-family--sans block-paragraph__paragraph\">\n\t24. November 2014 &#8211; <a href=\"https:\/\/www.a1.com\/de\/newsroom\/2014-11-24-telekom-austria-group-schliesst-ihre-kapitalerhoehung-erfolgreich-ab-ad-hoc-\">Telekom Austria Group schlie\u00dft ihre Kapitalerh\u00f6hung erfolgreich ab (Ad-hoc)<\/a><br>21.\u00a0Oktober 2014 &#8211; <a href=\"https:\/\/newsroom.a1.group\/news-freiwillige-mitteilung-analog-zu-91ff-oesterreichisches-boersegesetz?id=65486&amp;menueid=13506&amp;l=deutsch\" target=\"_blank\" rel=\"noreferrer noopener\">Mitteilung gem\u00e4\u00df \u00a7\u00a7 91ff \u00f6sterreichisches B\u00f6rsegesetz<\/a><br>18. Juli 2014 &#8211; <a href=\"https:\/\/www.a1.com\/de\/newsroom\/2014-7-18-mitteilung-gemaess-91ff-oesterreichisches-boersegesetz.1.2\">Mitteilung gem\u00e4\u00df \u00a7\u00a7 91ff \u00f6sterreichisches B\u00f6rsegesetz<\/a><br>18. Juli 2014 &#8211; <a href=\"https:\/\/www.a1.com\/de\/newsroom\/2014-7-18-mitteilung-gemaess-91ff-oesterreichisches-boersegesetz\">Mitteilung gem\u00e4\u00df \u00a7\u00a7 91ff \u00f6sterreichisches B\u00f6rsegesetz<\/a><br>16. Juli 2014 &#8211; <a href=\"https:\/\/www.a1.com\/de\/newsroom\/2014-7-16-mitteilung-gemaess-91ff-oesterreichisches-boersegesetz\">Mitteilung gem\u00e4\u00df \u00a7\u00a7 91ff \u00f6sterreichisches B\u00f6rsegesetz<\/a><br>15. Juli 2014 &#8211; <a href=\"https:\/\/www.a1.com\/de\/newsroom\/2014-7-15-mitteilung-gemaess-91ff-oesterreichisches-boersegesetz\">Mitteilung gem\u00e4\u00df \u00a7 91ff \u00f6sterreichisches B\u00f6rsegesetz<\/a><br>1. Juli 2014 &#8211; <a href=\"https:\/\/www.a1.com\/de\/newsroom\/2014-7-1-mitteilung-gemaess-91-ff-oesterreichisches-boersegesetz\">Mitteilung gem\u00e4\u00df \u00a791 ff \u00f6sterreichisches B\u00f6rseGesetz<\/a><br>30. Juni 2014 &#8211; <a href=\"https:\/\/www.a1.com\/de\/newsroom\/2014-6-30-mitteilung-gemaess-91ff-oesterreichisches-boersegesetz\">Mitteilung gem\u00e4\u00df \u00a7 91ff \u00f6sterreichisches B\u00f6rsegesetz<\/a><br>25. April 2014 &#8211; <a href=\"https:\/\/www.a1.com\/de\/newsroom\/2014-4-25-mitteilung-gemaess-91ff-oesterreichisches-boersegesetz.1\">Mitteilung gem\u00e4\u00df \u00a7 91ff \u00f6sterreichisches B\u00f6rsegesetz<\/a><br>25. April 2014 &#8211; <a href=\"https:\/\/www.a1.com\/de\/newsroom\/2014-4-25-mitteilung-gemaess-91ff-oesterreichisches-boersegesetz\">Mitteilung gem\u00e4\u00df \u00a7 91ff \u00f6sterreichisches B\u00f6rsegesetz<\/a><br>17. M\u00e4rz 2014 &#8211; <a href=\"https:\/\/www.a1.com\/de\/newsroom\/2014-3-17-mitteilung-gemaess-91ff-oesterreichisches-boersegesetz\">Mitteilung gem\u00e4\u00df \u00a7 91ff \u00f6sterreichisches B\u00f6rsegesetz<\/a><br>16. Januar 2014 \u2013 <a href=\"https:\/\/www.a1.com\/de\/newsroom\/2014-1-16-mitteilung-gemaess-91ff-oesterreichisches-boersegesetz\">Mitteilung gem\u00e4\u00df \u00a7 91ff \u00f6sterreichisches B\u00f6rsegesetz<\/a><\/p>\t<\/div>\n\n\t\t<\/div>\n\t<\/section>\n<\/div>\t<\/div>\n\n\n<div\n\tclass=\"wrapper wrapper__bg-color--white  wrapper__spacing-bottom-large--0       wrapper__border-color-large--primary wrapper__border-size-large--none\"\n\t>\n\n\t\n\t\t\t<div\n\tclass=\"accordion js-accordion block-accordion__accordion\"\n\tdata-accordion-open=\"false\"\n>\n\t<button\n\t\tclass=\"accordion__trigger accordion__trigger-size--small accordion__trigger-font-family--sans accordion__trigger-font-weight--regular js-accordion-trigger\"\n\t\taria-label=\"2012\"\n\t\taria-controls\n\t>\n\t\t2012\t\t<div class=\"accordion__icon\" aria-hidden=\"true\" >\n\t\t\t<svg xmlns='http:\/\/www.w3.org\/2000\/svg' width='15' height='10' viewBox='0 0 15 10' fill='none'><g><path d='M.719 1.836 2.172.383 7.499 5.71l5.33-5.327 1.452 1.453L7.5 8.616.72 1.836Z' fill='currentColor' \/><\/g><defs><path fill='#fff' d='M0 0h15v10H0z' \/><\/defs><\/svg>\t\t<\/div>\n\t<\/button>\n\t<section\n\t\tclass=\"accordion__panel js-accordion-panel\"\n\t\taria-hidden=\"true\"\n\t>\n\t\t<div class=\"accordion__content\">\n\t\t\t\n<div class=\"wrapper wrapper__bg-color--white  wrapper__spacing-bottom-large--20 wrapper__spacing-top-in-large--0      wrapper__border-color-large--primary wrapper__border-size-large--none\">\n\n\t\n\t\t\t<p class=\"paragraph paragraph__color--black paragraph__size--default paragraph__align--left paragraph__font-family--sans block-paragraph__paragraph\">\n\tPer<strong> 25. September<\/strong> <strong>2012 <\/strong>h\u00e4lt Am\u00e9rica M\u00f3vil Europa B.V., Niederlande, 16,01% der Aktien an der Telekom Austria AG, da heute der Abschluss des am 15. Juni 2012 bekannt gegebenen aufschiebend bedingten Aktienkaufvertrages, der mit einem Beteiligungsunternehmen der RPR Privatstiftung, Wien, abgeschlossen worden war, stattgefunden hat.<br>Da dieser Aktienkaufvertrag nun erf\u00fcllt wurde, h\u00e4lt Am\u00e9rica M\u00f3vil direkt und indirekt insgesamt 100.836.874 Aktien oder 22,76% am Grundkapital der Telekom Austria AG.<br><br>Per<strong> 15. Juni 2012<\/strong> hat folgender Aktion\u00e4r seine Anteile gemeldet:<br>Am\u00e9rica M\u00f3vil S.A.B. de C.V. (\u201eAm\u00e9rica M\u00f3vil&#8221;), Mexiko, h\u00e4lt mit 15. Juni 2012 direkt und indirekt gesamt 6,75% des Stammkapitals an der Telekom Austria AG. Dieser direkte und indirekte Anteil setzt sich wie folgt zusammen:<br>Am\u00e9rica M\u00f3vil h\u00e4lt direkt 7.935.700 Aktien der Telekom Austria AG, was einem Anteil von 1,79% am Stammkapital der Telekom Austria AG entspricht.<br><br>Weiters hat Am\u00e9rica M\u00f3vil indirekt \u00fcber die 100% Enkelgesellschaft AMOV Europa B.V. (\u201eAMOV&#8221;), Niederlande, 21.977.284 Aktien der Telekom Austria AG, was einem Anteil von 4,96% am Stammkapital der Telekom Austria AG entspricht, am 15. Juni 2012 erworben. AMOV ist eine 100% Tochtergesellschaft der Sercotel S.A. (\u201eSercotel&#8221;), Mexiko. Sercotel ist zu 100% eine Tochtergesellschaft der Am\u00e9rica M\u00f3vil.<br><br>Per <strong>19. J\u00e4nner 2012<\/strong> hat folgender Aktion\u00e4r seine Anteile gemeldet:<br>Die RPR Privatstiftung, Wien, h\u00e4lt direkt und indirekt 20,118% der Aktien der Telekom Austria AG.<br>Die Marathon Zwei Beteiligungs GmbH, eine 100% Beteiligungsgesellschaft der RPR Privatstiftung, \u00fcbte heute die bestehenden Call Optionen aus, um 22.593.000 Aktien der Telekom Austria AG oder 5,100% des Grundkapitals zu kaufen. Diese Aktien m\u00fcssen innerhalb von 3 Werktagen geliefert werden. Dar\u00fcber hinaus h\u00e4lt die Marathon Zwei Beteiligungs GmbH weiterhin 66.467.000 Aktien der Telekom Austria AG, welches 15,004% des Grundkapitals entspricht. Somit h\u00e4lt die Marathon Zwei Beteiligungs GmbH insgesamt 89.060.000 Aktien der Telekom Austria AG, welches 20,103% des Grundkapitals entspricht. Marathon Zwei Beteiligungs GmbH wird zu 100% von Marathon Beteiligungs GmbH gehalten, deren Alleineigent\u00fcmerin die RPR Privatstiftung ist. Folge dessen h\u00e4lt die RPR Privatstiftung insgesamt direkt 64.721 Aktien der Telekom Austria AG, die 0,015% des Grundkapitals entsprechen. Insgesamt h\u00e4lt die RPR Privatstiftung direkt und indirekt 89.124.721 Aktien der Telekom Austria AG, welches 20,118% des Grundkapitals entspricht.<br><br>Per <strong>16. J\u00e4nner 2012<\/strong> hat folgender Aktion\u00e4r seine Anteile gemeldet:<br>Die RPR Privatstiftung, Wien, h\u00e4lt direkt und indirekt 15,018% der Aktien der Telekom Austria AG. Zus\u00e4tzlich h\u00e4lt RPR Privatstiftung indirekt \u00fcber die 100% Beteiligungsgesellschaft der RPR Privatstiftung Marathon Zwei Beteiligungs GmbH (Wien) Call-Optionen f\u00fcr 5,100% des Grundkapitals der Telekom Austria AG. Somit h\u00e4lt RPR Privatstiftung insgesamt direkt und indirekt 20,118% an Telekom Austria AG \u00fcber Aktien und Optionen.<\/p>\t<\/div>\n\n\t\t<\/div>\n\t<\/section>\n<\/div>\t<\/div>\n\n\n<div\n\tclass=\"wrapper wrapper__bg-color--white  wrapper__spacing-bottom-large--0       wrapper__border-color-large--primary wrapper__border-size-large--none\"\n\t>\n\n\t\n\t\t\t<div\n\tclass=\"accordion js-accordion block-accordion__accordion\"\n\tdata-accordion-open=\"false\"\n>\n\t<button\n\t\tclass=\"accordion__trigger accordion__trigger-size--small accordion__trigger-font-family--sans accordion__trigger-font-weight--regular js-accordion-trigger\"\n\t\taria-label=\"2011\"\n\t\taria-controls\n\t>\n\t\t2011\t\t<div class=\"accordion__icon\" aria-hidden=\"true\" >\n\t\t\t<svg xmlns='http:\/\/www.w3.org\/2000\/svg' width='15' height='10' viewBox='0 0 15 10' fill='none'><g><path d='M.719 1.836 2.172.383 7.499 5.71l5.33-5.327 1.452 1.453L7.5 8.616.72 1.836Z' fill='currentColor' \/><\/g><defs><path fill='#fff' d='M0 0h15v10H0z' \/><\/defs><\/svg>\t\t<\/div>\n\t<\/button>\n\t<section\n\t\tclass=\"accordion__panel js-accordion-panel\"\n\t\taria-hidden=\"true\"\n\t>\n\t\t<div class=\"accordion__content\">\n\t\t\t\n<div class=\"wrapper wrapper__bg-color--white  wrapper__spacing-bottom-large--20 wrapper__spacing-top-in-large--0      wrapper__border-color-large--primary wrapper__border-size-large--none\">\n\n\t\n\t\t\t<p class=\"paragraph paragraph__color--black paragraph__size--default paragraph__align--left paragraph__font-family--sans block-paragraph__paragraph\">\n\tPer <strong>25. November 2011<\/strong> hat folgender Aktion\u00e4r seine Anteile gemeldet:<br>Die RPR Privatstiftung, Wien, h\u00e4lt direkt und indirekt 15,018% der Aktien der Telekom Austria AG. Zus\u00e4tzlich h\u00e4lt RPR Privatstiftung indirekt Call-Optionen f\u00fcr 0,79% des Grundkapitals der Telekom Austria AG. Somit h\u00e4lt RPR Privatstiftung insgesamt direkt und indirekt 15,81% an Telekom Austria AG \u00fcber Aktien und Optionen.<br><br>Per <strong>14. Oktober 2011<\/strong> hat folgender Fond eine Call-Option gemeldet:<br>RPR Privatstiftung (Wien) indirekt \u00fcber die 100% Tochtergesellschaft Marathon Beteiligungs GmbH (Wien) und deren 100% Tochtergesellschaft Marathon Zwei Beteiligungs GmbH (Wien) 5,4%. Diese Call-Option erm\u00f6glicht es der Marathon Zwei Beteiligungs GmbH bis zum Juni 2012 Aktien in einem Ausma\u00df von h\u00f6chstens 5,4% zu erwerben. Dar\u00fcber hinaus h\u00e4lt die RPR Privatstiftung 64.721 Aktien und die Tochtergesellschaften 310.000 Aktien an der Telekom Austria AG, wodurch der RPR Privatstiftung insgesamt ca. 5,485% der Aktien zurechenbar w\u00e4ren.<br><br>Per <strong>5. September 2011<\/strong> hat folgender Aktion\u00e4r seine Anteile gemeldet:<br>Capital Research &amp; Management (Kalifornien) 4,99 %. Da die Fondsmanager in diesen Gesellschaften in ihren Investmententscheidungen vollkommen unabh\u00e4ngig agieren, werden diese Anteile als Streubesitz angesehen.<br><br>Per <strong>21. Juni 2011<\/strong> hat folgender Aktion\u00e4r seine Anteile gemeldet:<br>Capital Research &amp; Management (Kalifornien) 7,94 %. Da die Fondsmanager in diesen Gesellschaften in ihren Investmententscheidungen vollkommen unabh\u00e4ngig agieren, werden diese Anteile als Streubesitz angesehen.<\/p>\t<\/div>\n\n\t\t<\/div>\n\t<\/section>\n<\/div>\t<\/div>\n\n\n<div\n\tclass=\"wrapper wrapper__bg-color--white  wrapper__spacing-bottom-large--0       wrapper__border-color-large--primary wrapper__border-size-large--none\"\n\t>\n\n\t\n\t\t\t<div\n\tclass=\"accordion js-accordion block-accordion__accordion\"\n\tdata-accordion-open=\"false\"\n>\n\t<button\n\t\tclass=\"accordion__trigger accordion__trigger-size--small accordion__trigger-font-family--sans accordion__trigger-font-weight--regular js-accordion-trigger\"\n\t\taria-label=\"2010\"\n\t\taria-controls\n\t>\n\t\t2010\t\t<div class=\"accordion__icon\" aria-hidden=\"true\" >\n\t\t\t<svg xmlns='http:\/\/www.w3.org\/2000\/svg' width='15' height='10' viewBox='0 0 15 10' fill='none'><g><path d='M.719 1.836 2.172.383 7.499 5.71l5.33-5.327 1.452 1.453L7.5 8.616.72 1.836Z' fill='currentColor' \/><\/g><defs><path fill='#fff' d='M0 0h15v10H0z' \/><\/defs><\/svg>\t\t<\/div>\n\t<\/button>\n\t<section\n\t\tclass=\"accordion__panel js-accordion-panel\"\n\t\taria-hidden=\"true\"\n\t>\n\t\t<div class=\"accordion__content\">\n\t\t\t\n<div class=\"wrapper wrapper__bg-color--white  wrapper__spacing-bottom-large--0 wrapper__spacing-top-in-large--0 wrapper__spacing-bottom-in-large--0     wrapper__border-color-large--primary wrapper__border-size-large--none\">\n\n\t\n\t\t\t<p class=\"paragraph paragraph__color--black paragraph__size--default paragraph__align--left paragraph__font-family--sans block-paragraph__paragraph\">\n\tPer <strong>22. J\u00e4nner 2010<\/strong> hat folgender Aktion\u00e4r seine Anteile gemeldet:<br>Capital Research &amp; Management (Kalifornien) 15,13 %. Da die Fondsmanager in diesen Gesellschaften in ihren Investmententscheidungen vollkommen unabh\u00e4ngig agieren, werden diese Anteile als Streubesitz angesehen.<\/p>\t<\/div>\n\n\t\t<\/div>\n\t<\/section>\n<\/div>\t<\/div>\n\n\n<div\n\tclass=\"wrapper wrapper__bg-color--white  wrapper__spacing-bottom-large--0       wrapper__border-color-large--primary wrapper__border-size-large--none\"\n\t>\n\n\t\n\t\t\t<div\n\tclass=\"accordion js-accordion block-accordion__accordion\"\n\tdata-accordion-open=\"false\"\n>\n\t<button\n\t\tclass=\"accordion__trigger accordion__trigger-size--small accordion__trigger-font-family--sans accordion__trigger-font-weight--regular js-accordion-trigger\"\n\t\taria-label=\"2009\"\n\t\taria-controls\n\t>\n\t\t2009\t\t<div class=\"accordion__icon\" aria-hidden=\"true\" >\n\t\t\t<svg xmlns='http:\/\/www.w3.org\/2000\/svg' width='15' height='10' viewBox='0 0 15 10' fill='none'><g><path d='M.719 1.836 2.172.383 7.499 5.71l5.33-5.327 1.452 1.453L7.5 8.616.72 1.836Z' fill='currentColor' \/><\/g><defs><path fill='#fff' d='M0 0h15v10H0z' \/><\/defs><\/svg>\t\t<\/div>\n\t<\/button>\n\t<section\n\t\tclass=\"accordion__panel js-accordion-panel\"\n\t\taria-hidden=\"true\"\n\t>\n\t\t<div class=\"accordion__content\">\n\t\t\t\n<div class=\"wrapper wrapper__bg-color--white  wrapper__spacing-bottom-large--20 wrapper__spacing-top-in-large--0      wrapper__border-color-large--primary wrapper__border-size-large--none\">\n\n\t\n\t\t\t<p class=\"paragraph paragraph__color--black paragraph__size--default paragraph__align--left paragraph__font-family--sans block-paragraph__paragraph\">\n\tPer <strong>20. August 2009<\/strong> hat folgender Aktion\u00e4r seine Anteile gemeldet:<br>UBS AG, Z\u00fcrich, und ihre Tochtergesellschaften 4,95 %*. Da die Fondsmanager in diesen Gesellschaften in ihren Investmententscheidungen vollkommen unabh\u00e4ngig agieren, werden diese Anteile als Streubesitz angesehen.<br>Der Vorstand der Telekom Austria AG hat am <strong>19. August 2009<\/strong> beschlossen, 17 Millionen eigene Aktien oder 3,7 % des Grundkapitals der Telekom Austria AG einzuziehen. Die Aktienanzahl wurde per 24. August 2009 von 460 Millionen auf 443 Millionen St\u00fcck Aktien herabgesetzt.<br><br><a href=\"https:\/\/a1.com\/wp-content\/uploads\/sites\/6\/2023\/10\/Aktie_31082009-2.pdf\">Aussendung vom 31.08.2009<\/a><br>* basierend auf 460 Mio. ausstehende Aktien<\/p>\t<\/div>\n\n\t\t<\/div>\n\t<\/section>\n<\/div>\t<\/div>\n\n\n<div\n\tclass=\"wrapper wrapper__bg-color--white  wrapper__spacing-bottom-large--0       wrapper__border-color-large--primary wrapper__border-size-large--none\"\n\t>\n\n\t\n\t\t\t<div\n\tclass=\"accordion js-accordion block-accordion__accordion\"\n\tdata-accordion-open=\"false\"\n>\n\t<button\n\t\tclass=\"accordion__trigger accordion__trigger-size--small accordion__trigger-font-family--sans accordion__trigger-font-weight--regular js-accordion-trigger\"\n\t\taria-label=\"2007\"\n\t\taria-controls\n\t>\n\t\t2007\t\t<div class=\"accordion__icon\" aria-hidden=\"true\" >\n\t\t\t<svg xmlns='http:\/\/www.w3.org\/2000\/svg' width='15' height='10' viewBox='0 0 15 10' fill='none'><g><path d='M.719 1.836 2.172.383 7.499 5.71l5.33-5.327 1.452 1.453L7.5 8.616.72 1.836Z' fill='currentColor' \/><\/g><defs><path fill='#fff' d='M0 0h15v10H0z' \/><\/defs><\/svg>\t\t<\/div>\n\t<\/button>\n\t<section\n\t\tclass=\"accordion__panel js-accordion-panel\"\n\t\taria-hidden=\"true\"\n\t>\n\t\t<div class=\"accordion__content\">\n\t\t\t\n<div class=\"wrapper wrapper__bg-color--white  wrapper__spacing-bottom-large--20       wrapper__border-color-large--primary wrapper__border-size-large--none\">\n\n\t\n\t\t\t<p class=\"paragraph paragraph__color--black paragraph__size--default paragraph__align--left paragraph__font-family--sans block-paragraph__paragraph\">\n\tDer Vorstand der Telekom Austria AG hat am <strong>19. M\u00e4rz 2007<\/strong> beschlossen, 40 Millionen eigene Aktien oder 8 % des Grundkapitals einzuziehen. Damit wurde per 19. M\u00e4rz 2007 die Aktienanzahl von 500 Millionen auf 460 Millionen St\u00fcck Aktien herabgesetzt.<\/p>\t<\/div>\n\n\t\t<\/div>\n\t<\/section>\n<\/div>\t<\/div>\n\n\n<div\n\tclass=\"wrapper wrapper__bg-color--white  wrapper__spacing-bottom-large--0       wrapper__border-color-large--primary wrapper__border-size-large--none\"\n\t>\n\n\t\n\t\t\t<div\n\tclass=\"accordion js-accordion block-accordion__accordion\"\n\tdata-accordion-open=\"false\"\n>\n\t<button\n\t\tclass=\"accordion__trigger accordion__trigger-size--small accordion__trigger-font-family--sans accordion__trigger-font-weight--regular js-accordion-trigger\"\n\t\taria-label=\"2006\"\n\t\taria-controls\n\t>\n\t\t2006\t\t<div class=\"accordion__icon\" aria-hidden=\"true\" >\n\t\t\t<svg xmlns='http:\/\/www.w3.org\/2000\/svg' width='15' height='10' viewBox='0 0 15 10' fill='none'><g><path d='M.719 1.836 2.172.383 7.499 5.71l5.33-5.327 1.452 1.453L7.5 8.616.72 1.836Z' fill='currentColor' \/><\/g><defs><path fill='#fff' d='M0 0h15v10H0z' \/><\/defs><\/svg>\t\t<\/div>\n\t<\/button>\n\t<section\n\t\tclass=\"accordion__panel js-accordion-panel\"\n\t\taria-hidden=\"true\"\n\t>\n\t\t<div class=\"accordion__content\">\n\t\t\t\n<div class=\"wrapper wrapper__bg-color--white  wrapper__spacing-bottom-large--20       wrapper__border-color-large--primary wrapper__border-size-large--none\">\n\n\t\n\t\t\t<p class=\"paragraph paragraph__color--black paragraph__size--default paragraph__align--left paragraph__font-family--sans block-paragraph__paragraph\">\n\tPer <strong>10. Oktober 2006 <\/strong>reduzierte sich der Anteil der \u00d6IAG an der Telekom Austria AG nach dem Verkauf von rund 1 Million Aktien \u00fcber die B\u00f6rse.<br><br>Per <strong>23. Juni 2006<\/strong> reduzierte sich der Anteil der \u00d6IAG an der Telekom Austria AG durch die teilweise Wandlung einer Umtauschanleihe bedienbar in Telekom Austria Aktien von 30,2 % auf rund 25,4 %.<br><br>Per <strong>31. J\u00e4nner 2006<\/strong> reduzierte sich der Anteil der \u00d6IAG an der Telekom Austria AG durch die Lieferung von Aktien an Investoren der Umtauschanleihe von 30,2 % auf unter 30 %.<\/p>\t<\/div>\n\n\t\t<\/div>\n\t<\/section>\n<\/div>\t<\/div>\n\n\n<div\n\tclass=\"wrapper wrapper__bg-color--white  wrapper__spacing-bottom-large--0       wrapper__border-color-large--primary wrapper__border-size-large--none\"\n\t>\n\n\t\n\t\t\t<div\n\tclass=\"accordion js-accordion block-accordion__accordion\"\n\tdata-accordion-open=\"false\"\n>\n\t<button\n\t\tclass=\"accordion__trigger accordion__trigger-size--small accordion__trigger-font-family--sans accordion__trigger-font-weight--regular js-accordion-trigger\"\n\t\taria-label=\"2004\"\n\t\taria-controls\n\t>\n\t\t2004\t\t<div class=\"accordion__icon\" aria-hidden=\"true\" >\n\t\t\t<svg xmlns='http:\/\/www.w3.org\/2000\/svg' width='15' height='10' viewBox='0 0 15 10' fill='none'><g><path d='M.719 1.836 2.172.383 7.499 5.71l5.33-5.327 1.452 1.453L7.5 8.616.72 1.836Z' fill='currentColor' \/><\/g><defs><path fill='#fff' d='M0 0h15v10H0z' \/><\/defs><\/svg>\t\t<\/div>\n\t<\/button>\n\t<section\n\t\tclass=\"accordion__panel js-accordion-panel\"\n\t\taria-hidden=\"true\"\n\t>\n\t\t<div class=\"accordion__content\">\n\t\t\t\n<div class=\"wrapper wrapper__bg-color--white  wrapper__spacing-bottom-large--20       wrapper__border-color-large--primary wrapper__border-size-large--none\">\n\n\t\n\t\t\t<p class=\"paragraph paragraph__color--black paragraph__size--default paragraph__align--left paragraph__font-family--sans block-paragraph__paragraph\">\n\tDie \u00d6IAG plazierte im <strong>Juli 2003 <\/strong>eine Umtauschanleihe (&#8220;Notes Exchangeable&#8221;) mit F\u00e4lligkeit 2006 umtauschbar in 25 Mio. bestehende Aktien der Telekom Austria AG. Dies entspricht 5 % des Aktienkapitals.<br><br>Die Umtauschanleihe wurde mit einem Kupon von 1,125 % p.a ausgestattet. Der Umtauschpreis wurde auf 13 Euro festgesetzt. Dies entspricht einer Umtauschpr\u00e4mie von 35 Prozent.<\/p>\t<\/div>\n\n\t\t<\/div>\n\t<\/section>\n<\/div>\t<\/div>\n\n<\/div>\n\t\t\t<\/div>\n\t\t<\/div>\n\t<\/div>\n\n\n<div\n\tclass=\"wrapper wrapper__bg-color--white  wrapper__spacing-bottom-large--40       wrapper__border-color-large--primary wrapper__border-size-large--none\"\n\t>\n\n\t\n\t\t\t<div class=\"wrapper__container wrapper__container-width-large--default wrapper__gutter-desktop--default wrapper__gutter-tablet--small\">\n\t\t\t<div class=\"wrapper__inner wrapper__width-large--12\">\n\t\t\t\t<h2 class=\"heading heading__color--black heading__size--default heading__align--left heading__font-family--serif heading__font-weight--bold block-heading__heading\">\n\tSonderthemen<\/h2>\t\t\t<\/div>\n\t\t<\/div>\n\t<\/div>\n\n\n<div\n\tclass=\"wrapper wrapper__bg-color--white  wrapper__spacing-bottom-large--80       wrapper__border-color-large--primary wrapper__border-size-large--none\"\n\t>\n\n\t\n\t\t\t<div class=\"wrapper__container wrapper__container-width-large--default wrapper__gutter-desktop--default wrapper__gutter-tablet--small\">\n\t\t\t<div class=\"wrapper__inner wrapper__width-large--12 wrapper__width-mobile--12\">\n\t\t\t\t\n<div class=\"block-group block-group__border-color-large--primary block-group__border-size-large--none block-group__gutter--none\">\n\t\n\n<figure class=\"wp-block-table is-style-border-rows-highlight has-medium-font-size\"><table><tbody><tr><td>Aktienr\u00fcckkauf<\/td><td class=\"has-text-align-right\" data-align=\"right\"><a href=\"https:\/\/a1.com\/de\/investor-relations-home\/aktie\/aktienruckkauf\/\" target=\"_blank\" rel=\"noreferrer noopener\">Link<\/a><\/td><\/tr><tr><td>\u00dcbernahmeangebot<\/td><td class=\"has-text-align-right\" data-align=\"right\"><a href=\"https:\/\/a1.com\/de\/investor-relations-home\/aktie\/verbreitungsbeschrankung\/\" target=\"_blank\" rel=\"noreferrer noopener\">Link<\/a><\/td><\/tr><tr><td>Kapitalerh\u00f6hung<\/td><td class=\"has-text-align-right\" data-align=\"right\"><a href=\"https:\/\/a1.com\/de\/investor-relations-home\/aktie\/verbreitungsbeschrankung-kapitalerhohung\/\" target=\"_blank\" rel=\"noreferrer noopener\">L<\/a><a href=\"https:\/\/a1.com\/de\/investor-relations-home\/aktie\/verbreitungsbeschrankung-kapitalerhohung\/\">ink<\/a><\/td><\/tr><\/tbody><\/table><\/figure>\n\n<\/div>\n\t\t\t<\/div>\n\t\t<\/div>\n\t<\/div>\n\n\n<div\n\tclass=\"wrapper wrapper__bg-color--white  wrapper__spacing-bottom-large--0       wrapper__border-color-large--primary wrapper__border-size-large--none\"\n\t>\n\n\t\n\t\t\t<div class=\"wrapper__container wrapper__container-width-large--default wrapper__gutter-desktop--default wrapper__gutter-tablet--small\">\n\t\t\t<div class=\"wrapper__inner wrapper__width-large--12 wrapper__offset-large--0\">\n\t\t\t\t\n<div class=\"block-group block-group__border-color-large--primary block-group__border-size-large--none block-group__gutter--none\">\n\t\n<div\n\tclass=\"wrapper wrapper__bg-color--white  wrapper__spacing-bottom-large--40    wrapper__divider-bottom-large   wrapper__border-color-large--primary wrapper__border-size-large--none\"\n\t>\n\n\t\n\t\t\t<h2 class=\"heading heading__color--black heading__size--default heading__align--left heading__font-family--serif heading__font-weight--bold block-heading__heading\">\n\t<br>Erfahren Sie mehr<\/h2>\t<\/div>\n\n\n<div\n\tclass=\"wrapper wrapper__bg-color--white  wrapper__spacing-bottom-large--0  wrapper__spacing-bottom-in-large--0     wrapper__border-color-large--primary wrapper__border-size-large--none\"\n\t>\n\n\t\n\t\t\t\n<div class=\"block-columns block-columns__gutter-large--10 block-columns__vertical-spacing-large--30\">\n\t\n\n<div class=\"block-column block-column__width-large--4 block-column__width-mobile--12     block-column__border-color-large--primary block-column__border-size-large--none block-column__no-left-gutter-large\">\n\t\n<div\n\tclass=\"wrapper wrapper__bg-color--white  wrapper__spacing-bottom-large--40       wrapper__border-color-large--primary wrapper__border-size-large--none\"\n\t>\n\n\t\n\t\t\t<div class=\"card-rounded card-rounded__color--concrete  block-card-rounded__card-rounded\">\n\t<div class=\"image-wrap card-rounded__image-wrap\" data-align=\"center center\">\n\n\t\t\t<div\n\t\t\tstyle=\"background-image:url(https:\/\/a1.com\/wp-content\/uploads\/sites\/6\/2023\/05\/1341348088-1.jpg)\"\n\t\t\tclass=\"image image--bg image__rounded-corners--none card-rounded__image\">\n\t\t<\/div>\n\t\n\t<\/div>\n\t<div class=\"card-rounded__content\">\n\t\t<h5 class=\"heading heading__color--black heading__size--small heading__align--left heading__font-family--sans heading__font-weight--regular card-rounded__heading\">\n\tCorporate Governance<\/h5><p class=\"paragraph paragraph__color--black paragraph__size--default paragraph__align--left paragraph__font-family--sans card-rounded__paragraph\">\n\tDie<strong>\u00a0Corporate Governance\u00a0<\/strong>stellt ein Regelwerk zur verantwortungsvollen F\u00fchrung und Kontrolle eines Unternehmens dar und ist damit gewisserma\u00dfen die \u201eUnternehmensverfassung\u201c.<br><a id=\"\" href=\"https:\/\/a1.com\/de\/investor-relations-home\/corporate-governance\/\"><\/a><\/p><div class=\"link-wrap link-wrap__align--left card-rounded__link-wrap\">\n\t\t\t<a\n\t\t\thref=\"https:\/\/a1.com\/de\/investor-relations-home\/corporate-governance\/\"\n\t\t\tclass=\"link link__color--primary link__size--default link__icon-position--right link__font-family--sans  card-rounded__link\"\n\t\t\tid=\"\"\n\t\t\ttitle=\"Corporate Governance\"\n\t\t\taria-label=\"\"\n\t\t\t\t\t>\n\t\t\t<i class=\"icon icon  icon__chevron-right link__icon\">\n\t<svg xmlns='http:\/\/www.w3.org\/2000\/svg' width='24' height='24' viewBox='0 0 24 24'><path d='m9.938 17.25-1.126-1.125 4.125-4.124-4.124-4.126L9.937 6.75l5.25 5.252-5.25 5.248Z' fill='currentColor' \/><\/svg><\/i>\t\t\t<span class=\"link__content\">Corporate Governance<\/span>\n\t\t<\/a>\n\t<\/div>\t<\/div>\n<\/div>\t<\/div>\n\n<\/div>\n\n\n\n<div class=\"block-column block-column__width-large--4 block-column__width-mobile--12     block-column__border-color-large--primary block-column__border-size-large--none block-column__no-left-gutter-large\">\n\t\n<div\n\tclass=\"wrapper wrapper__bg-color--white  wrapper__spacing-bottom-large--40       wrapper__border-color-large--primary wrapper__border-size-large--none\"\n\t>\n\n\t\n\t\t\t<div class=\"card-rounded card-rounded__color--concrete  block-card-rounded__card-rounded\">\n\t<div class=\"image-wrap card-rounded__image-wrap\" data-align=\"center center\">\n\n\t\t\t<div\n\t\t\tstyle=\"background-image:url(https:\/\/a1.com\/wp-content\/uploads\/sites\/6\/2023\/06\/discovermore-ir-ergebniscenter-1321402517-Kopie.jpg)\"\n\t\t\tclass=\"image image--bg image__rounded-corners--none card-rounded__image\">\n\t\t<\/div>\n\t\n\t<\/div>\n\t<div class=\"card-rounded__content\">\n\t\t<h5 class=\"heading heading__color--black heading__size--small heading__align--left heading__font-family--sans heading__font-weight--regular card-rounded__heading\">\n\tKapitalmarkt-Publikationen<\/h5><p class=\"paragraph paragraph__color--black paragraph__size--default paragraph__align--left paragraph__font-family--sans card-rounded__paragraph\">\n\tHier finden Sie \u00fcbersichtlich die wichtigsten Berichte und Materialien<br><a id=\"\" href=\"https:\/\/a1.com\/de\/investor-relations-home\/ergebnis-center\/\"><\/a><\/p><div class=\"link-wrap link-wrap__align--left card-rounded__link-wrap\">\n\t\t\t<a\n\t\t\thref=\"https:\/\/a1.com\/de\/investor-relations-home\/ergebnis-center\/\"\n\t\t\tclass=\"link link__color--primary link__size--default link__icon-position--right link__font-family--sans  card-rounded__link\"\n\t\t\tid=\"\"\n\t\t\ttitle=\"Ergebnis Center\"\n\t\t\taria-label=\"\"\n\t\t\t\t\t>\n\t\t\t<i class=\"icon icon  icon__chevron-right link__icon\">\n\t<svg xmlns='http:\/\/www.w3.org\/2000\/svg' width='24' height='24' viewBox='0 0 24 24'><path d='m9.938 17.25-1.126-1.125 4.125-4.124-4.124-4.126L9.937 6.75l5.25 5.252-5.25 5.248Z' fill='currentColor' \/><\/svg><\/i>\t\t\t<span class=\"link__content\">Ergebnis Center<\/span>\n\t\t<\/a>\n\t<\/div>\t<\/div>\n<\/div>\t<\/div>\n\n<\/div>\n\n\n\n<div class=\"block-column block-column__width-large--4 block-column__width-mobile--12     block-column__border-color-large--primary block-column__border-size-large--none block-column__no-left-gutter-large\">\n\t\n<div\n\tclass=\"wrapper wrapper__bg-color--white  wrapper__spacing-bottom-large--40       wrapper__border-color-large--primary wrapper__border-size-large--none\"\n\t>\n\n\t\n\t\t\t<div class=\"card-rounded card-rounded__color--concrete  block-card-rounded__card-rounded\">\n\t<div class=\"image-wrap card-rounded__image-wrap\" data-align=\"top center\">\n\n\t\t\t<div\n\t\t\tstyle=\"background-image:url(https:\/\/a1.com\/wp-content\/uploads\/sites\/6\/2023\/06\/Kontakt.jpg)\"\n\t\t\tclass=\"image image--bg image__rounded-corners--none card-rounded__image\">\n\t\t<\/div>\n\t\n\t<\/div>\n\t<div class=\"card-rounded__content\">\n\t\t<h5 class=\"heading heading__color--black heading__size--small heading__align--left heading__font-family--sans heading__font-weight--regular card-rounded__heading\">\n\tIR Kontakt<\/h5><p class=\"paragraph paragraph__color--black paragraph__size--default paragraph__align--left paragraph__font-family--sans card-rounded__paragraph\">\n\tUnser IR-Team steht Ihnen bei kapitalmarktrelevanten Fragen und Anliegen gerne zur Verf\u00fcgung.<br><a id=\"\" href=\"https:\/\/a1.com\/de\/tables-test\/service-und-kontakt\/\"><\/a><\/p><div class=\"link-wrap link-wrap__align--left card-rounded__link-wrap\">\n\t\t\t<a\n\t\t\thref=\"https:\/\/a1.com\/de\/investor-relations-home\/investor-relations-kontakt\/\"\n\t\t\tclass=\"link link__color--primary link__size--default link__icon-position--right link__font-family--sans  card-rounded__link\"\n\t\t\tid=\"\"\n\t\t\ttitle=\"Kontakt\"\n\t\t\taria-label=\"\"\n\t\t\t\t\t>\n\t\t\t<i class=\"icon icon  icon__chevron-right link__icon\">\n\t<svg xmlns='http:\/\/www.w3.org\/2000\/svg' width='24' height='24' viewBox='0 0 24 24'><path d='m9.938 17.25-1.126-1.125 4.125-4.124-4.124-4.126L9.937 6.75l5.25 5.252-5.25 5.248Z' fill='currentColor' \/><\/svg><\/i>\t\t\t<span class=\"link__content\">Kontakt<\/span>\n\t\t<\/a>\n\t<\/div>\t<\/div>\n<\/div>\t<\/div>\n\n<\/div>\n\n<\/div>\n\t<\/div>\n\n<\/div>\n\t\t\t<\/div>\n\t\t<\/div>\n\t<\/div>\n","protected":false},"excerpt":{"rendered":"","protected":false},"author":3,"featured_media":0,"parent":3859,"menu_order":0,"comment_status":"closed","ping_status":"closed","template":"","meta":{"_acf_changed":false,"footnotes":""},"departments":[18],"class_list":["post-3867","page","type-page","status-publish","hentry","department-investor-relations"],"acf":[],"yoast_head":"<!-- This site is optimized with the Yoast SEO plugin v27.4 - https:\/\/yoast.com\/product\/yoast-seo-wordpress\/ -->\n<title>Aktie - A1 Group<\/title>\n<meta name=\"robots\" content=\"index, follow, max-snippet:-1, max-image-preview:large, max-video-preview:-1\" \/>\n<link rel=\"canonical\" href=\"https:\/\/a1.com\/de\/investor-relations-home\/aktie\/\" \/>\n<meta property=\"og:locale\" content=\"de_DE\" \/>\n<meta property=\"og:type\" content=\"article\" \/>\n<meta property=\"og:title\" content=\"Aktie - A1 Group\" \/>\n<meta property=\"og:url\" content=\"https:\/\/a1.com\/de\/investor-relations-home\/aktie\/\" \/>\n<meta property=\"og:site_name\" content=\"A1 Group\" \/>\n<meta property=\"article:modified_time\" content=\"2026-04-13T10:29:33+00:00\" \/>\n<meta name=\"twitter:card\" content=\"summary_large_image\" \/>\n<meta name=\"twitter:label1\" content=\"Est. reading time\" \/>\n\t<meta name=\"twitter:data1\" content=\"9 minutes\" \/>\n<script type=\"application\/ld+json\" class=\"yoast-schema-graph\">{\"@context\":\"https:\\\/\\\/schema.org\",\"@graph\":[{\"@type\":\"WebPage\",\"@id\":\"https:\\\/\\\/a1.com\\\/de\\\/investor-relations-home\\\/aktie\\\/\",\"url\":\"https:\\\/\\\/a1.com\\\/de\\\/investor-relations-home\\\/aktie\\\/\",\"name\":\"Aktie - A1 Group\",\"isPartOf\":{\"@id\":\"https:\\\/\\\/a1.com\\\/#website\"},\"datePublished\":\"2023-02-21T14:26:43+00:00\",\"dateModified\":\"2026-04-13T10:29:33+00:00\",\"breadcrumb\":{\"@id\":\"https:\\\/\\\/a1.com\\\/de\\\/investor-relations-home\\\/aktie\\\/#breadcrumb\"},\"inLanguage\":\"de-DE\",\"potentialAction\":[{\"@type\":\"ReadAction\",\"target\":[\"https:\\\/\\\/a1.com\\\/de\\\/investor-relations-home\\\/aktie\\\/\"]}]},{\"@type\":\"BreadcrumbList\",\"@id\":\"https:\\\/\\\/a1.com\\\/de\\\/investor-relations-home\\\/aktie\\\/#breadcrumb\",\"itemListElement\":[{\"@type\":\"ListItem\",\"position\":1,\"name\":\"Home\",\"item\":\"https:\\\/\\\/a1.com\\\/de\\\/\"},{\"@type\":\"ListItem\",\"position\":2,\"name\":\"Investor Relations\",\"item\":\"https:\\\/\\\/a1.com\\\/de\\\/investor-relations-home\\\/\"},{\"@type\":\"ListItem\",\"position\":3,\"name\":\"Aktie\"}]},{\"@type\":\"WebSite\",\"@id\":\"https:\\\/\\\/a1.com\\\/#website\",\"url\":\"https:\\\/\\\/a1.com\\\/\",\"name\":\"A1 Group\",\"description\":\"\",\"potentialAction\":[{\"@type\":\"SearchAction\",\"target\":{\"@type\":\"EntryPoint\",\"urlTemplate\":\"https:\\\/\\\/a1.com\\\/?s={search_term_string}\"},\"query-input\":{\"@type\":\"PropertyValueSpecification\",\"valueRequired\":true,\"valueName\":\"search_term_string\"}}],\"inLanguage\":\"de-DE\"}]}<\/script>\n<!-- \/ Yoast SEO plugin. -->","yoast_head_json":{"title":"Aktie - A1 Group","robots":{"index":"index","follow":"follow","max-snippet":"max-snippet:-1","max-image-preview":"max-image-preview:large","max-video-preview":"max-video-preview:-1"},"canonical":"https:\/\/a1.com\/de\/investor-relations-home\/aktie\/","og_locale":"de_DE","og_type":"article","og_title":"Aktie - A1 Group","og_url":"https:\/\/a1.com\/de\/investor-relations-home\/aktie\/","og_site_name":"A1 Group","article_modified_time":"2026-04-13T10:29:33+00:00","twitter_card":"summary_large_image","twitter_misc":{"Est. reading time":"9 minutes"},"schema":{"@context":"https:\/\/schema.org","@graph":[{"@type":"WebPage","@id":"https:\/\/a1.com\/de\/investor-relations-home\/aktie\/","url":"https:\/\/a1.com\/de\/investor-relations-home\/aktie\/","name":"Aktie - A1 Group","isPartOf":{"@id":"https:\/\/a1.com\/#website"},"datePublished":"2023-02-21T14:26:43+00:00","dateModified":"2026-04-13T10:29:33+00:00","breadcrumb":{"@id":"https:\/\/a1.com\/de\/investor-relations-home\/aktie\/#breadcrumb"},"inLanguage":"de-DE","potentialAction":[{"@type":"ReadAction","target":["https:\/\/a1.com\/de\/investor-relations-home\/aktie\/"]}]},{"@type":"BreadcrumbList","@id":"https:\/\/a1.com\/de\/investor-relations-home\/aktie\/#breadcrumb","itemListElement":[{"@type":"ListItem","position":1,"name":"Home","item":"https:\/\/a1.com\/de\/"},{"@type":"ListItem","position":2,"name":"Investor Relations","item":"https:\/\/a1.com\/de\/investor-relations-home\/"},{"@type":"ListItem","position":3,"name":"Aktie"}]},{"@type":"WebSite","@id":"https:\/\/a1.com\/#website","url":"https:\/\/a1.com\/","name":"A1 Group","description":"","potentialAction":[{"@type":"SearchAction","target":{"@type":"EntryPoint","urlTemplate":"https:\/\/a1.com\/?s={search_term_string}"},"query-input":{"@type":"PropertyValueSpecification","valueRequired":true,"valueName":"search_term_string"}}],"inLanguage":"de-DE"}]}},"_links":{"self":[{"href":"https:\/\/a1.com\/de\/wp-json\/wp\/v2\/pages\/3867","targetHints":{"allow":["GET"]}}],"collection":[{"href":"https:\/\/a1.com\/de\/wp-json\/wp\/v2\/pages"}],"about":[{"href":"https:\/\/a1.com\/de\/wp-json\/wp\/v2\/types\/page"}],"author":[{"embeddable":true,"href":"https:\/\/a1.com\/de\/wp-json\/wp\/v2\/users\/3"}],"replies":[{"embeddable":true,"href":"https:\/\/a1.com\/de\/wp-json\/wp\/v2\/comments?post=3867"}],"version-history":[{"count":10,"href":"https:\/\/a1.com\/de\/wp-json\/wp\/v2\/pages\/3867\/revisions"}],"predecessor-version":[{"id":17452,"href":"https:\/\/a1.com\/de\/wp-json\/wp\/v2\/pages\/3867\/revisions\/17452"}],"up":[{"embeddable":true,"href":"https:\/\/a1.com\/de\/wp-json\/wp\/v2\/pages\/3859"}],"wp:attachment":[{"href":"https:\/\/a1.com\/de\/wp-json\/wp\/v2\/media?parent=3867"}],"wp:term":[{"taxonomy":"department","embeddable":true,"href":"https:\/\/a1.com\/de\/wp-json\/wp\/v2\/departments?post=3867"}],"curies":[{"name":"wp","href":"https:\/\/api.w.org\/{rel}","templated":true}]}}