{"id":3861,"date":"2023-03-02T08:40:04","date_gmt":"2023-03-02T07:40:04","guid":{"rendered":"https:\/\/a1.com\/?page_id=3861"},"modified":"2025-07-30T08:59:53","modified_gmt":"2025-07-30T06:59:53","slug":"hauptversammlung","status":"publish","type":"page","link":"https:\/\/a1.com\/de\/investor-relations-home\/hauptversammlung\/","title":{"rendered":"Hauptversammlung"},"content":{"rendered":"<div\n\tclass=\"wrapper wrapper__bg-color--white wrapper__spacing-top-large--20 wrapper__spacing-bottom-large--90       wrapper__border-color-large--primary wrapper__border-size-large--none\"\n\t>\n\n\t\n\t\t\t<div class=\"wrapper__container wrapper__container-width-large--default wrapper__gutter-desktop--default wrapper__gutter-tablet--small\">\n\t\t\t<div class=\"wrapper__inner wrapper__width-large--12\">\n\t\t\t\t<div class='block-breadcrumbs'><a href='https:\/\/a1.com\/de\/' class='block-breadcrumbs__home' aria-label='Home link'><\/a><span><a class=\"block-breadcrumbs__link\" href=\" https:\/\/a1.com\/de\/ \">Home<\/a><\/span><\/div>\t\t\t<\/div>\n\t\t<\/div>\n\t<\/div>\n\n\n<div\n\tclass=\"wrapper wrapper__bg-color--white  wrapper__spacing-bottom-large--40       wrapper__border-color-large--primary wrapper__border-size-large--none\"\n\t>\n\n\t\n\t\t\t<div class=\"wrapper__container wrapper__container-width-large--default wrapper__gutter-desktop--default wrapper__gutter-tablet--small\">\n\t\t\t<div class=\"wrapper__inner wrapper__width-large--12\">\n\t\t\t\t<h2 class=\"heading heading__color--black heading__size--default heading__align--left heading__font-family--serif heading__font-weight--bold block-heading__heading\">\n\tDie Aktion\u00e4rsversammlung der Telekom Austria AG fand am 3. Juni 2025 statt.<\/h2>\t\t\t<\/div>\n\t\t<\/div>\n\t<\/div>\n\n\n<div\n\tclass=\"wrapper wrapper__bg-color--white  wrapper__spacing-bottom-large--0       wrapper__border-color-large--primary wrapper__border-size-large--none\"\n\t>\n\n\t\n\t\t\t<div class=\"wrapper__container wrapper__container-width-large--default wrapper__gutter-desktop--default wrapper__gutter-tablet--small\">\n\t\t\t<div class=\"wrapper__inner wrapper__width-large--12\">\n\t\t\t\t<div\n\tclass=\"accordion js-accordion block-accordion__accordion\"\n\tdata-accordion-open=\"true\"\n>\n\t<button\n\t\tclass=\"accordion__trigger accordion__trigger-size--small accordion__trigger-font-family--sans accordion__trigger-font-weight--regular js-accordion-trigger\"\n\t\taria-label=\"Hauptversammlung 2025\"\n\t\taria-controls\n\t>\n\t\tHauptversammlung 2025\t\t<div class=\"accordion__icon\" aria-hidden=\"true\" >\n\t\t\t<svg xmlns='http:\/\/www.w3.org\/2000\/svg' width='15' height='10' viewBox='0 0 15 10' fill='none'><g><path d='M.719 1.836 2.172.383 7.499 5.71l5.33-5.327 1.452 1.453L7.5 8.616.72 1.836Z' fill='currentColor' \/><\/g><defs><path fill='#fff' d='M0 0h15v10H0z' \/><\/defs><\/svg>\t\t<\/div>\n\t<\/button>\n\t<section\n\t\tclass=\"accordion__panel js-accordion-panel\"\n\t\taria-hidden=\"false\"\n\t>\n\t\t<div class=\"accordion__content\">\n\t\t\t\n<div class=\"wrapper wrapper__bg-color--white  wrapper__spacing-bottom-large--40       wrapper__border-color-large--primary wrapper__border-size-large--none\">\n\n\t\n\t\t\t\n<div class=\"block-group block-group__border-color-large--primary block-group__border-size-large--none block-group__gutter--none\">\n\t\n\n<figure class=\"wp-block-table is-style-border-rows-highlight has-medium-font-size\"><table><tbody><tr><td class=\"has-text-align-left\" data-align=\"left\"><strong>Dokumente<\/strong><\/td><td class=\"has-text-align-right\" data-align=\"right\"><\/td><\/tr><tr><td class=\"has-text-align-left\" data-align=\"left\">Beschlussergebnisse<\/td><td class=\"has-text-align-right\" data-align=\"right\"><a href=\"https:\/\/a1.com\/wp-content\/uploads\/sites\/6\/2025\/06\/Telekom-Austria-AG_HV-2025-Beschlussergebnisse.pdf\">PDF<\/a><\/td><\/tr><tr><td class=\"has-text-align-left\" data-align=\"left\">Dividendenbekanntmachung<\/td><td class=\"has-text-align-right\" data-align=\"right\"><a href=\"https:\/\/a1.com\/wp-content\/uploads\/sites\/6\/2025\/06\/Telekom-Austria-AG_Dividendenbekanntmachung-2025.pdf\">PDF<\/a><\/td><\/tr><tr><td class=\"has-text-align-left\" data-align=\"left\">Pr\u00e4sentation<\/td><td class=\"has-text-align-right\" data-align=\"right\"><a href=\"https:\/\/a1.com\/wp-content\/uploads\/sites\/6\/2025\/06\/Telekom-Austria-AG_-HV-Prasentation-2025.pdf\">PDF<\/a><\/td><\/tr><tr><td class=\"has-text-align-left\" data-align=\"left\"><\/td><td class=\"has-text-align-right\" data-align=\"right\"><\/td><\/tr><tr><td class=\"has-text-align-left\" data-align=\"left\"><strong>Einladung und Tagesordnungspunkte<\/strong><\/td><td class=\"has-text-align-right\" data-align=\"right\"><\/td><\/tr><tr><td class=\"has-text-align-left\" data-align=\"left\">Einberufung samt Tagesordnung<\/td><td class=\"has-text-align-right\" data-align=\"right\"><a href=\"https:\/\/a1.com\/wp-content\/uploads\/sites\/6\/2025\/04\/Telekom-Austria-AG_HV-Einberufung-und-Tagesordnung-2025.pdf\">PDF<\/a><\/td><\/tr><tr><td class=\"has-text-align-left\" data-align=\"left\">Green Meeting Informationen<\/td><td class=\"has-text-align-right\" data-align=\"right\"><a href=\"https:\/\/a1.com\/wp-content\/uploads\/sites\/6\/2025\/05\/Green-Meeting-Info-DE.pdf\">PDF<\/a><\/td><\/tr><tr><td class=\"has-text-align-left\" data-align=\"left\">Beschlussvorschl\u00e4ge<\/td><td class=\"has-text-align-right\" data-align=\"right\"><a href=\"https:\/\/a1.com\/wp-content\/uploads\/sites\/6\/2025\/05\/HV-2025_Agenda-und-Beschlussvorschlage.pdf\">PDF<\/a><\/td><\/tr><tr><td class=\"has-text-align-left\" data-align=\"left\">Gewinnverwendungsvorschlag des Vorstands<\/td><td class=\"has-text-align-right\" data-align=\"right\"><a href=\"https:\/\/a1.com\/wp-content\/uploads\/sites\/6\/2025\/05\/Gewinnverwendungsvorschlag.pdf\">PDF<\/a><\/td><\/tr><tr><td class=\"has-text-align-left\" data-align=\"left\">Webcast Deutsch<\/td><td class=\"has-text-align-right\" data-align=\"right\"><a href=\"https:\/\/a1.com\/de\/investor-relations-home\/webcast-hauptversammlung-2025\/\">Webcast<\/a><\/td><\/tr><tr><td class=\"has-text-align-left\" data-align=\"left\">Webcast Englisch<\/td><td class=\"has-text-align-right\" data-align=\"right\"><a href=\"https:\/\/a1.com\/de\/investor-relations-home\/webcast-hauptversammlung-2025\/\">Webcast<\/a><\/td><\/tr><tr><td class=\"has-text-align-left\" data-align=\"left\"><\/td><td class=\"has-text-align-right\" data-align=\"right\"><\/td><\/tr><tr><td class=\"has-text-align-left\" data-align=\"left\"><strong>Wahlen in den Aufsichtsrat<\/strong><\/td><td class=\"has-text-align-right\" data-align=\"right\"><\/td><\/tr><tr><td class=\"has-text-align-left\" data-align=\"left\">Lebenslauf Lecuona Torras<br>Erkl\u00e4rung \u00a787 AktG Lecuona Torras<\/td><td class=\"has-text-align-right\" data-align=\"right\"><a href=\"https:\/\/a1.com\/wp-content\/uploads\/sites\/6\/2025\/05\/CV_Lecuona-Torras_DE.pdf\">PDF<\/a><br><a href=\"https:\/\/a1.com\/wp-content\/uploads\/sites\/6\/2025\/05\/Torras_\u00a7-87-Erklarung.pdf\">PDF<\/a><\/td><\/tr><tr><td class=\"has-text-align-left\" data-align=\"left\">Lebenslauf Cant\u00fa Jim\u00e9nez<br>Erkl\u00e4rung \u00a787 AktG Cant\u00fa Jim\u00e9nez<\/td><td class=\"has-text-align-right\" data-align=\"right\"><a href=\"https:\/\/a1.com\/wp-content\/uploads\/sites\/6\/2025\/05\/CV_Cantu-2025_DE.pdf\">PDF<\/a><br><a href=\"https:\/\/a1.com\/wp-content\/uploads\/sites\/6\/2025\/05\/Cantu_\u00a7-87-Erklarung.pdf\">PDF<\/a><\/td><\/tr><tr><td class=\"has-text-align-left\" data-align=\"left\">Lebenslauf Jarque<br>Erkl\u00e4rung \u00a787 AktG Jarque<\/td><td class=\"has-text-align-right\" data-align=\"right\"><a href=\"https:\/\/a1.com\/wp-content\/uploads\/sites\/6\/2025\/05\/CV_Jarque-2025_DE.pdf\">PDF<\/a><br><a href=\"https:\/\/a1.com\/wp-content\/uploads\/sites\/6\/2025\/05\/Jarque_\u00a7-87-Erklarung.pdf\">PDF<\/a><\/td><\/tr><tr><td class=\"has-text-align-left\" data-align=\"left\"><\/td><td class=\"has-text-align-right\" data-align=\"right\"><\/td><\/tr><tr><td class=\"has-text-align-left\" data-align=\"left\"><strong>Verg\u00fctungsbericht<\/strong><\/td><td class=\"has-text-align-right\" data-align=\"right\"><\/td><\/tr><tr><td class=\"has-text-align-left\" data-align=\"left\">Verg\u00fctungsbericht<\/td><td class=\"has-text-align-right\" data-align=\"right\"><a href=\"https:\/\/a1.com\/wp-content\/uploads\/sites\/6\/2025\/05\/Vergutungsbericht-2024.pdf\">PDF<\/a><\/td><\/tr><tr><td class=\"has-text-align-left\" data-align=\"left\"><\/td><td class=\"has-text-align-right\" data-align=\"right\"><\/td><\/tr><tr><td class=\"has-text-align-left\" data-align=\"left\"><strong>Formulare und Berichte<\/strong><\/td><td class=\"has-text-align-right\" data-align=\"right\"><\/td><\/tr><tr><td class=\"has-text-align-left\" data-align=\"left\">Bericht des Aufsichtsrats<\/td><td class=\"has-text-align-right\" data-align=\"right\"><a href=\"https:\/\/a1.com\/wp-content\/uploads\/sites\/6\/2025\/05\/A1-Bericht-des-Aufsichtsrats-2024.pdf\">PDF<\/a><\/td><\/tr><tr><td class=\"has-text-align-left\" data-align=\"left\">Ergebnisbericht A1 Group konsolidiert <\/td><td class=\"has-text-align-right\" data-align=\"right\"><a href=\"https:\/\/a1.com\/wp-content\/uploads\/sites\/6\/2025\/06\/A1-Group_Ergebnisbericht-2024-1.pdf\">PDF<\/a><\/td><\/tr><tr><td class=\"has-text-align-left\" data-align=\"left\">Ergebnisbericht Telekom Austria AG<\/td><td class=\"has-text-align-right\" data-align=\"right\"><a href=\"https:\/\/a1.com\/wp-content\/uploads\/sites\/6\/2025\/04\/Ergebnisbericht-Telekom-Austria-AG.pdf\">PDF<\/a><\/td><\/tr><tr><td class=\"has-text-align-left\" data-align=\"left\">Nachhaltigkeitserkl\u00e4rung<\/td><td class=\"has-text-align-right\" data-align=\"right\"><a href=\"https:\/\/a1.com\/wp-content\/uploads\/sites\/6\/2025\/05\/A1-Group_Nachhaltigkeitserklarung_2024_de.pdf\">PDF<\/a><\/td><\/tr><tr><td class=\"has-text-align-left\" data-align=\"left\">Konsolidierter Corporate-Governance-Bericht<\/td><td class=\"has-text-align-right\" data-align=\"right\"><a href=\"https:\/\/a1.com\/wp-content\/uploads\/sites\/6\/2025\/03\/Telekom-Austria-AG_-Kons.-Corp-Governance-Bericht-2024.pdf\">PDF<\/a><\/td><\/tr><tr><td class=\"has-text-align-left\" data-align=\"left\">Depotbest\u00e4tigung<\/td><td class=\"has-text-align-right\" data-align=\"right\"><a href=\"https:\/\/a1.com\/wp-content\/uploads\/sites\/6\/2025\/05\/Depotbestatigung_2025.pdf\">PDF<\/a><\/td><\/tr><tr><td class=\"has-text-align-left\" data-align=\"left\">Vollmacht und Widerruf<\/td><td class=\"has-text-align-right\" data-align=\"right\"><a href=\"https:\/\/a1.com\/wp-content\/uploads\/sites\/6\/2025\/05\/Vollmacht-2024.pdf\">PDF<\/a><\/td><\/tr><tr><td class=\"has-text-align-left\" data-align=\"left\">Vollmacht IVA<\/td><td class=\"has-text-align-right\" data-align=\"right\"><a href=\"https:\/\/a1.com\/wp-content\/uploads\/sites\/6\/2025\/05\/Vollmacht-IVA-2024-1.pdf\">PDF<\/a><\/td><\/tr><tr><td class=\"has-text-align-left\" data-align=\"left\">Informationen zur Dividende f\u00fcr das Gesch\u00e4ftsjahr 2024<\/td><td class=\"has-text-align-right\" data-align=\"right\"><a href=\"https:\/\/a1.com\/wp-content\/uploads\/sites\/6\/2025\/05\/Information-Dividende_HV-2025.pdf\">PDF<\/a><\/td><\/tr><\/tbody><\/table><\/figure>\n\n<\/div>\n\t<\/div>\n\n\t\t<\/div>\n\t<\/section>\n<\/div>\t\t\t<\/div>\n\t\t<\/div>\n\t<\/div>\n\n\n<div\n\tclass=\"wrapper wrapper__bg-color--white wrapper__spacing-top-large--0 wrapper__spacing-bottom-large--0 wrapper__spacing-top-in-large--0      wrapper__border-color-large--primary wrapper__border-size-large--none\"\n\t>\n\n\t\n\t\t\t<div class=\"wrapper__container wrapper__container-width-large--default wrapper__gutter-desktop--default wrapper__gutter-tablet--small\">\n\t\t\t<div class=\"wrapper__inner wrapper__width-large--12\">\n\t\t\t\t<div\n\tclass=\"accordion js-accordion block-accordion__accordion\"\n\tdata-accordion-open=\"false\"\n>\n\t<button\n\t\tclass=\"accordion__trigger accordion__trigger-size--small accordion__trigger-font-family--sans accordion__trigger-font-weight--regular js-accordion-trigger\"\n\t\taria-label=\"Hauptversammlung 2024\"\n\t\taria-controls\n\t>\n\t\tHauptversammlung 2024\t\t<div class=\"accordion__icon\" aria-hidden=\"true\" >\n\t\t\t<svg xmlns='http:\/\/www.w3.org\/2000\/svg' width='15' height='10' viewBox='0 0 15 10' fill='none'><g><path d='M.719 1.836 2.172.383 7.499 5.71l5.33-5.327 1.452 1.453L7.5 8.616.72 1.836Z' fill='currentColor' \/><\/g><defs><path fill='#fff' d='M0 0h15v10H0z' \/><\/defs><\/svg>\t\t<\/div>\n\t<\/button>\n\t<section\n\t\tclass=\"accordion__panel js-accordion-panel\"\n\t\taria-hidden=\"true\"\n\t>\n\t\t<div class=\"accordion__content\">\n\t\t\t\n<div class=\"wrapper wrapper__bg-color--white  wrapper__spacing-bottom-large--40       wrapper__border-color-large--primary wrapper__border-size-large--none\">\n\n\t\n\t\t\t\n<div class=\"block-group block-group__border-color-large--primary block-group__border-size-large--none block-group__gutter--none\">\n\t\n\n<figure class=\"wp-block-table is-style-border-rows-highlight has-medium-font-size\"><table><tbody><tr><td class=\"has-text-align-left\" data-align=\"left\"><strong>Dokumente<\/strong><\/td><td class=\"has-text-align-right\" data-align=\"right\"><\/td><\/tr><tr><td class=\"has-text-align-left\" data-align=\"left\">Beschlussergebnisse<\/td><td class=\"has-text-align-right\" data-align=\"right\"><a href=\"https:\/\/a1.com\/wp-content\/uploads\/sites\/6\/2024\/06\/Telekom-Austria-AG-HV-2024-Beschlussergebnisse.pdf\">PDF<\/a><\/td><\/tr><tr><td class=\"has-text-align-left\" data-align=\"left\">Dividendenbekanntmachung<\/td><td class=\"has-text-align-right\" data-align=\"right\"><a href=\"https:\/\/a1.com\/wp-content\/uploads\/sites\/6\/2024\/06\/Dividendenbekanntmachung.pdf\">PDF<\/a><\/td><\/tr><tr><td class=\"has-text-align-left\" data-align=\"left\">Pr\u00e4sentation<\/td><td class=\"has-text-align-right\" data-align=\"right\"><a href=\"https:\/\/a1.com\/wp-content\/uploads\/sites\/6\/2024\/06\/HV-Prasentation-Deutsch.pdf\">PDF<\/a><\/td><\/tr><tr><td class=\"has-text-align-left\" data-align=\"left\"><\/td><td class=\"has-text-align-right\" data-align=\"right\"><\/td><\/tr><tr><td class=\"has-text-align-left\" data-align=\"left\"><strong>Einladung und Tagesordnungspunkte<\/strong><\/td><td class=\"has-text-align-right\" data-align=\"right\"><\/td><\/tr><tr><td class=\"has-text-align-left\" data-align=\"left\">Einberufung samt Tagesordnung<\/td><td class=\"has-text-align-right\" data-align=\"right\"><a href=\"https:\/\/a1.com\/wp-content\/uploads\/sites\/6\/2024\/05\/Telekom-Austria-AG_HV-Einberufung-und-Tagesordnung-2024.pdf\">PDF<\/a><\/td><\/tr><tr><td class=\"has-text-align-left\" data-align=\"left\">Green Meeting Informationen<\/td><td class=\"has-text-align-right\" data-align=\"right\"><br><a href=\"https:\/\/a1.com\/wp-content\/uploads\/sites\/6\/2024\/06\/Green-Meeting-Info-DE-1.pdf\">PDF<\/a><\/td><\/tr><tr><td class=\"has-text-align-left\" data-align=\"left\">Beschlussvorschl\u00e4ge<\/td><td class=\"has-text-align-right\" data-align=\"right\"><a href=\"https:\/\/a1.com\/wp-content\/uploads\/sites\/6\/2024\/05\/HV-2024_Agenda-u-Beschlussvorschlage.pdf\">PDF<\/a><\/td><\/tr><tr><td class=\"has-text-align-left\" data-align=\"left\">Gewinnverwendungsvorschlag des Vorstandes<\/td><td class=\"has-text-align-right\" data-align=\"right\"><a href=\"https:\/\/a1.com\/wp-content\/uploads\/sites\/6\/2024\/05\/Gewinnverwendungsvorschlag.pdf\">PDF<\/a><\/td><\/tr><tr><td class=\"has-text-align-left\" data-align=\"left\">Webcast Deutsch<\/td><td class=\"has-text-align-right\" data-align=\"right\"><a href=\"https:\/\/bevideo.videosync.fi\/hv-telekom-austria-2024\" target=\"_blank\" rel=\"noreferrer noopener\">Webcast<\/a><\/td><\/tr><tr><td class=\"has-text-align-left\" data-align=\"left\">Webcast Englisch<\/td><td class=\"has-text-align-right\" data-align=\"right\"><a href=\"https:\/\/bevideo.videosync.fi\/gm-telekom-austria-2024\" target=\"_blank\" rel=\"noreferrer noopener\">Webcast<\/a><\/td><\/tr><tr><td class=\"has-text-align-left\" data-align=\"left\"><\/td><td class=\"has-text-align-right\" data-align=\"right\"><\/td><\/tr><tr><td class=\"has-text-align-left\" data-align=\"left\"><strong>Wahlen in den Aufsichtsrat<\/strong><\/td><td class=\"has-text-align-right\" data-align=\"right\"><\/td><\/tr><tr><td class=\"has-text-align-left\" data-align=\"left\">Lebenslauf Kollmann<br>Erkl\u00e4rung \u00a7 87 AktG Kollmann<\/td><td class=\"has-text-align-right\" data-align=\"right\"><a href=\"https:\/\/a1.com\/wp-content\/uploads\/sites\/6\/2024\/05\/CV_Kollmann_DE-final_HV-2024.pdf\">PDF<\/a><br><a href=\"https:\/\/a1.com\/wp-content\/uploads\/sites\/6\/2024\/05\/Erklarung-\u00a7-87-Abs-2-AktG-Kollmann_DE.pdf\">PDF<\/a><\/td><\/tr><tr><td class=\"has-text-align-left\" data-align=\"left\">Lebenslauf Hagen<br>Erkl\u00e4rung \u00a7 87 AktG Hagen<\/td><td class=\"has-text-align-right\" data-align=\"right\"><a href=\"https:\/\/a1.com\/wp-content\/uploads\/sites\/6\/2024\/05\/CV_Hagen_DE_final_HV-2024.pdf\">PDF<\/a><br><a href=\"https:\/\/a1.com\/wp-content\/uploads\/sites\/6\/2024\/05\/Erklarung-\u00a7-87-Abs-2-AktG-Hagen_DE.pdf\">PDF<\/a><\/td><\/tr><tr><td class=\"has-text-align-left\" data-align=\"left\"><\/td><td class=\"has-text-align-right\" data-align=\"right\"><\/td><\/tr><tr><td class=\"has-text-align-left\" data-align=\"left\"><strong>Verg\u00fctungspolitik<\/strong> <strong>und Verg\u00fctungsbericht<\/strong><\/td><td class=\"has-text-align-right\" data-align=\"right\"><\/td><\/tr><tr><td class=\"has-text-align-left\" data-align=\"left\">Verg\u00fctungspolitik<\/td><td class=\"has-text-align-right\" data-align=\"right\"><a href=\"https:\/\/a1.com\/wp-content\/uploads\/sites\/6\/2024\/05\/Vergutungspolitik-VST-u-AR.pdf\">PDF<\/a><\/td><\/tr><tr><td class=\"has-text-align-left\" data-align=\"left\">Verg\u00fctungsbericht<\/td><td class=\"has-text-align-right\" data-align=\"right\"><a href=\"https:\/\/a1.com\/wp-content\/uploads\/sites\/6\/2024\/06\/HV-2024_Vergutungsbericht_2023-1.pdf\">PDF<\/a><\/td><\/tr><tr><td class=\"has-text-align-left\" data-align=\"left\"><\/td><td class=\"has-text-align-right\" data-align=\"right\"><\/td><\/tr><tr><td class=\"has-text-align-left\" data-align=\"left\"><strong>Formulare und Berichte<\/strong><\/td><td class=\"has-text-align-right\" data-align=\"right\"><\/td><\/tr><tr><td class=\"has-text-align-left\" data-align=\"left\">Bericht des Aufsichtsrats<\/td><td class=\"has-text-align-right\" data-align=\"right\"><br><a href=\"https:\/\/a1.com\/wp-content\/uploads\/sites\/6\/2024\/05\/Bericht-des-AR-an-HV-2024.pdf\">PDF<\/a><\/td><\/tr><tr><td class=\"has-text-align-left\" data-align=\"left\">Satzung<\/td><td class=\"has-text-align-right\" data-align=\"right\"><a href=\"https:\/\/a1.com\/wp-content\/uploads\/sites\/6\/2024\/05\/Satzung-TA-Anpassungen-Mark-Up.pdf\">PDF<\/a><\/td><\/tr><tr><td class=\"has-text-align-left\" data-align=\"left\">Konzernbericht<\/td><td class=\"has-text-align-right\" data-align=\"right\"><a href=\"https:\/\/a1.com\/wp-content\/uploads\/sites\/6\/2024\/03\/A1-Group-Finanzbericht-2023.pdf\">PDF<\/a><\/td><\/tr><tr><td class=\"has-text-align-left\" data-align=\"left\">Jahresbericht Telekom Austria AG<\/td><td class=\"has-text-align-right\" data-align=\"right\"><a href=\"https:\/\/a1.com\/wp-content\/uploads\/sites\/6\/2024\/03\/Telekom-Austria-AG-Jahresbericht-2023.pdf\">PDF<\/a><\/td><\/tr><tr><td class=\"has-text-align-left\" data-align=\"left\">Konsolidierter nichtfinanzieller Bericht<\/td><td class=\"has-text-align-right\" data-align=\"right\"><a href=\"https:\/\/a1.com\/wp-content\/uploads\/sites\/6\/2024\/03\/A1_Group_NFB_2023.pdf\">PDF<\/a><\/td><\/tr><tr><td class=\"has-text-align-left\" data-align=\"left\">Konsolidierter Corporate-Governance-Bericht<\/td><td class=\"has-text-align-right\" data-align=\"right\"><a href=\"https:\/\/a1.com\/wp-content\/uploads\/sites\/6\/2024\/03\/A1-Group-Corporate-Governance-Bericht-2023.pdf\">PDF<\/a><\/td><\/tr><tr><td class=\"has-text-align-left\" data-align=\"left\">Depotbest\u00e4tigung<\/td><td class=\"has-text-align-right\" data-align=\"right\"><a href=\"https:\/\/a1.com\/wp-content\/uploads\/sites\/6\/2024\/05\/Depotbestatigung_2024.pdf\">PDF<\/a><\/td><\/tr><tr><td class=\"has-text-align-left\" data-align=\"left\">Vollmacht und Widerruf<\/td><td class=\"has-text-align-right\" data-align=\"right\"><a href=\"https:\/\/a1.com\/wp-content\/uploads\/sites\/6\/2024\/05\/Vollmacht-2024.pdf\">PDF<\/a><\/td><\/tr><tr><td class=\"has-text-align-left\" data-align=\"left\">Vollmacht IVA<\/td><td class=\"has-text-align-right\" data-align=\"right\"><a href=\"https:\/\/a1.com\/wp-content\/uploads\/sites\/6\/2024\/05\/Vollmacht-IVA-2024.pdf\">PDF<\/a><\/td><\/tr><tr><td class=\"has-text-align-left\" data-align=\"left\">Informationen zur Dividende f\u00fcr das Gesch\u00e4ftsjahr 2023<\/td><td class=\"has-text-align-right\" data-align=\"right\"><a href=\"https:\/\/a1.com\/wp-content\/uploads\/sites\/6\/2024\/06\/HV-2024_Information-zur-Dividende-fur-GJ-23.pdf\">PDF<\/a><\/td><\/tr><\/tbody><\/table><\/figure>\n\n<\/div>\n\t<\/div>\n\n\t\t<\/div>\n\t<\/section>\n<\/div>\t\t\t<\/div>\n\t\t<\/div>\n\t<\/div>\n\n\n<div\n\tclass=\"wrapper wrapper__bg-color--white wrapper__spacing-top-large--0 wrapper__spacing-bottom-large--0  wrapper__spacing-bottom-in-large--0     wrapper__border-color-large--primary wrapper__border-size-large--none\"\n\t>\n\n\t\n\t\t\t<div class=\"wrapper__container wrapper__container-width-large--default wrapper__gutter-desktop--default wrapper__gutter-tablet--small\">\n\t\t\t<div class=\"wrapper__inner wrapper__width-large--12\">\n\t\t\t\t<div\n\tclass=\"accordion js-accordion block-accordion__accordion\"\n\tdata-accordion-open=\"false\"\n>\n\t<button\n\t\tclass=\"accordion__trigger accordion__trigger-size--small accordion__trigger-font-family--sans accordion__trigger-font-weight--regular js-accordion-trigger\"\n\t\taria-label=\"Hauptversammlung 2023\"\n\t\taria-controls\n\t>\n\t\tHauptversammlung 2023\t\t<div class=\"accordion__icon\" aria-hidden=\"true\" >\n\t\t\t<svg xmlns='http:\/\/www.w3.org\/2000\/svg' width='15' height='10' viewBox='0 0 15 10' fill='none'><g><path d='M.719 1.836 2.172.383 7.499 5.71l5.33-5.327 1.452 1.453L7.5 8.616.72 1.836Z' fill='currentColor' \/><\/g><defs><path fill='#fff' d='M0 0h15v10H0z' \/><\/defs><\/svg>\t\t<\/div>\n\t<\/button>\n\t<section\n\t\tclass=\"accordion__panel js-accordion-panel\"\n\t\taria-hidden=\"true\"\n\t>\n\t\t<div class=\"accordion__content\">\n\t\t\t\n<div class=\"wrapper wrapper__bg-color--white  wrapper__spacing-bottom-large--40       wrapper__border-color-large--primary wrapper__border-size-large--none\">\n\n\t\n\t\t\t\n<div class=\"block-group block-group__border-color-large--primary block-group__border-size-large--none block-group__gutter--none\">\n\t\n\n<figure class=\"wp-block-table is-style-border-rows-highlight has-medium-font-size\"><table><thead><tr><th class=\"has-text-align-left\" data-align=\"left\">Dokumente<\/th><th class=\"has-text-align-right\" data-align=\"right\"><\/th><\/tr><\/thead><tbody><tr><td class=\"has-text-align-left\" data-align=\"left\">Beschlussergebnisse<\/td><td class=\"has-text-align-right\" data-align=\"right\"><a href=\"https:\/\/a1.com\/wp-content\/uploads\/sites\/6\/2023\/07\/Abstimmergebnisse-Telekom_Austria_AG-07_06_2023.pdf\" target=\"_blank\" rel=\"noreferrer noopener\">PDF<\/a><\/td><\/tr><tr><td class=\"has-text-align-left\" data-align=\"left\">Dividendenbekanntmachung<\/td><td class=\"has-text-align-right\" data-align=\"right\"><a href=\"https:\/\/a1.com\/wp-content\/uploads\/sites\/6\/2023\/07\/Dividendenbekanntmachung-2023-de.pdf\" target=\"_blank\" rel=\"noreferrer noopener\">PDF<\/a><\/td><\/tr><tr><td class=\"has-text-align-left\" data-align=\"left\">Pr\u00e4sentation<\/td><td class=\"has-text-align-right\" data-align=\"right\"><a href=\"https:\/\/a1.com\/wp-content\/uploads\/sites\/6\/2023\/07\/HV-Prasentation_2023_web.pdf\" target=\"_blank\" rel=\"noreferrer noopener\">PDF<\/a><\/td><\/tr><tr><td class=\"has-text-align-left\" data-align=\"left\">Webcast<\/td><td class=\"has-text-align-right\" data-align=\"right\"><a href=\"https:\/\/a1.com\/de\/investor-relations-home\/webcast-hauptversammlung-2023\/\" target=\"_blank\" rel=\"noreferrer noopener\">Webcast<\/a><a href=\"https:\/\/a1.com\/de\/investor-relations-home\/webcast-hauptversammlung-2022\/\"> <\/a><\/td><\/tr><tr><td class=\"has-text-align-left\" data-align=\"left\"><\/td><td class=\"has-text-align-right\" data-align=\"right\"><\/td><\/tr><tr><td class=\"has-text-align-left\" data-align=\"left\"><strong>Einladung und Tagesordnungspunkte<\/strong><\/td><td class=\"has-text-align-right\" data-align=\"right\"><\/td><\/tr><tr><td class=\"has-text-align-left\" data-align=\"left\">Einberufung samt Tagesordnung<\/td><td class=\"has-text-align-right\" data-align=\"right\"><a href=\"https:\/\/a1.com\/wp-content\/uploads\/sites\/6\/2023\/07\/HV_2023_Einberufung-und-Tagesordnung.pdf\" target=\"_blank\" rel=\"noreferrer noopener\">PDF<\/a><\/td><\/tr><tr><td class=\"has-text-align-left\" data-align=\"left\">Beschlussvorschl\u00e4ge<\/td><td class=\"has-text-align-right\" data-align=\"right\"><a href=\"https:\/\/a1.com\/wp-content\/uploads\/sites\/6\/2023\/07\/hv2023_Beschlussvorschlage.pdf\" target=\"_blank\" rel=\"noreferrer noopener\">P<\/a><a href=\"https:\/\/a1.com\/wp-content\/uploads\/sites\/6\/2023\/07\/hv2023_Beschlussvorschlage.pdf\">DF<\/a><\/td><\/tr><tr><td class=\"has-text-align-left\" data-align=\"left\">Gewinnverwendungsvorschlag des Vorstandes<\/td><td class=\"has-text-align-right\" data-align=\"right\"><a href=\"https:\/\/a1.com\/wp-content\/uploads\/sites\/6\/2023\/07\/hv2023_Gewinnverwendungsvorschlag.pdf\" target=\"_blank\" rel=\"noreferrer noopener\">PDF<\/a><\/td><\/tr><tr><td class=\"has-text-align-left\" data-align=\"left\">IVA Schwerpunktfragen<\/td><td class=\"has-text-align-right\" data-align=\"right\"><a href=\"https:\/\/a1.com\/wp-content\/uploads\/sites\/6\/2023\/09\/IVA_Schwerpunktfragen_2023_Telekom-Austria-AG-de.pdf\" target=\"_blank\" rel=\"noreferrer noopener\">PDF<\/a><\/td><\/tr><tr><td class=\"has-text-align-left\" data-align=\"left\"><\/td><td class=\"has-text-align-right\" data-align=\"right\"><\/td><\/tr><tr><td class=\"has-text-align-left\" data-align=\"left\"><strong>Wahlen in den Aufsichtsrat<\/strong><\/td><td class=\"has-text-align-right\" data-align=\"right\"><\/td><\/tr><tr><td class=\"has-text-align-left\" data-align=\"left\">Lebenslauf Cantu<br>Erkl\u00e4rung \u00a7 87 AktG Cantu<\/td><td class=\"has-text-align-right\" data-align=\"right\"><a href=\"https:\/\/a1.com\/wp-content\/uploads\/sites\/6\/2023\/07\/hv2023_CV_Cantu.pdf\" target=\"_blank\" rel=\"noreferrer noopener\">PDF<\/a><br><a href=\"https:\/\/a1.com\/wp-content\/uploads\/sites\/6\/2023\/07\/hv2023_Erklarung_Cantu.pdf\" target=\"_blank\" rel=\"noreferrer noopener\">PD<\/a><a href=\"https:\/\/a1.com\/wp-content\/uploads\/sites\/6\/2023\/07\/hv2023_Erklarung_Cantu.pdf\">F<\/a><\/td><\/tr><tr><td class=\"has-text-align-left\" data-align=\"left\">Lebenslauf Exner-W\u00f6hrer<br>Erkl\u00e4rung \u00a7 87 AktG Exner-W\u00f6hrer<\/td><td class=\"has-text-align-right\" data-align=\"right\"><a href=\"https:\/\/a1.com\/wp-content\/uploads\/sites\/6\/2023\/07\/hv2023_Lebenslauf_Exner-Wohrer.pdf\" target=\"_blank\" rel=\"noreferrer noopener\">P<\/a><a href=\"https:\/\/a1.com\/wp-content\/uploads\/sites\/6\/2023\/07\/hv2023_Lebenslauf_Exner-Wohrer.pdf\">DF<\/a><br><a href=\"https:\/\/a1.com\/wp-content\/uploads\/sites\/6\/2023\/07\/hv2023_Erklarung_Exner-Wohrer.pdf\" target=\"_blank\" rel=\"noreferrer noopener\">PDF<\/a><\/td><\/tr><tr><td class=\"has-text-align-left\" data-align=\"left\">Lebenslauf F\u00fcrnsinn<br>Erkl\u00e4rung \u00a7 87 AktG F\u00fcrnsinn<\/td><td class=\"has-text-align-right\" data-align=\"right\"><a href=\"https:\/\/a1.com\/wp-content\/uploads\/sites\/6\/2023\/07\/hv2023_Lebenslauf_Furnsinn.pdf\" target=\"_blank\" rel=\"noreferrer noopener\">P<\/a><a href=\"https:\/\/a1.com\/wp-content\/uploads\/sites\/6\/2023\/07\/hv2023_Lebenslauf_Furnsinn.pdf\">DF<\/a><br><a href=\"https:\/\/a1.com\/wp-content\/uploads\/sites\/6\/2023\/07\/hv2023_Erklarung_Furnsinn.pdf\" target=\"_blank\" rel=\"noreferrer noopener\">PDF<\/a><\/td><\/tr><tr><td class=\"has-text-align-left\" data-align=\"left\">Lebenslauf Hlawati<br>Erkl\u00e4rung \u00a7 87 AktG Hlawati<\/td><td class=\"has-text-align-right\" data-align=\"right\"><a href=\"https:\/\/a1.com\/wp-content\/uploads\/sites\/6\/2023\/07\/hv2023_Lebenslauf_Hlawati.pdf\" target=\"_blank\" rel=\"noreferrer noopener\">PDF<\/a><br><a href=\"https:\/\/a1.com\/wp-content\/uploads\/sites\/6\/2023\/07\/hv2023_Erklarung_Hlawati.pdf\" target=\"_blank\" rel=\"noreferrer noopener\">PDF<\/a><\/td><\/tr><tr><td class=\"has-text-align-left\" data-align=\"left\">Lebenslauf Moreno<br>Erkl\u00e4rung \u00a7 87 AktG Moreno<\/td><td class=\"has-text-align-right\" data-align=\"right\"><a href=\"https:\/\/a1.com\/wp-content\/uploads\/sites\/6\/2023\/07\/hv2023_Lebenslauf_Moreno.pdf\" target=\"_blank\" rel=\"noreferrer noopener\">PDF<\/a><br><a href=\"https:\/\/a1.com\/wp-content\/uploads\/sites\/6\/2023\/07\/hv2023_Erklarung_Moreno.pdf\" target=\"_blank\" rel=\"noreferrer noopener\">PDF<\/a><\/td><\/tr><tr><td class=\"has-text-align-left\" data-align=\"left\">Lebenslauf Von Hauske Sol\u00eds<br>Erkl\u00e4rung \u00a7 87 AktG Von Hauske Sol\u00eds<\/td><td class=\"has-text-align-right\" data-align=\"right\"><a href=\"https:\/\/a1.com\/wp-content\/uploads\/sites\/6\/2023\/07\/hv2023_CV_Von_Hauske.pdf\" target=\"_blank\" rel=\"noreferrer noopener\">PDF<\/a><br><a href=\"https:\/\/a1.com\/wp-content\/uploads\/sites\/6\/2023\/07\/hv2023_Erklarung_Von_Hauske.pdf\" target=\"_blank\" rel=\"noreferrer noopener\">PDF<\/a><\/td><\/tr><tr><td class=\"has-text-align-left\" data-align=\"left\"><\/td><td class=\"has-text-align-right\" data-align=\"right\"><\/td><\/tr><tr><td class=\"has-text-align-left\" data-align=\"left\"><strong>Beschlussfassung \u00fcber den Verg\u00fctungsbericht<\/strong><\/td><td class=\"has-text-align-right\" data-align=\"right\"><\/td><\/tr><tr><td class=\"has-text-align-left\" data-align=\"left\">Verg\u00fctungsbericht<\/td><td class=\"has-text-align-right\" data-align=\"right\"><a href=\"https:\/\/a1.com\/wp-content\/uploads\/sites\/6\/2023\/07\/hv2023_Vergutungsbericht_2022.pdf\" target=\"_blank\" rel=\"noreferrer noopener\">PDF<\/a><\/td><\/tr><tr><td class=\"has-text-align-left\" data-align=\"left\"><\/td><td class=\"has-text-align-right\" data-align=\"right\"><\/td><\/tr><tr><td class=\"has-text-align-left\" data-align=\"left\"><strong>Formulare und Berichte<\/strong><\/td><td class=\"has-text-align-right\" data-align=\"right\"><\/td><\/tr><tr><td class=\"has-text-align-left\" data-align=\"left\">Bericht des Aufsichtsrats<\/td><td class=\"has-text-align-right\" data-align=\"right\"><a href=\"https:\/\/a1.com\/wp-content\/uploads\/sites\/6\/2023\/08\/hv2023_Bericht-des-AR.pdf\" target=\"_blank\" rel=\"noreferrer noopener\">PDF<\/a><\/td><\/tr><tr><td class=\"has-text-align-left\" data-align=\"left\">Konzernbericht<\/td><td class=\"has-text-align-right\" data-align=\"right\"><a href=\"https:\/\/a1.com\/wp-content\/uploads\/sites\/6\/2023\/08\/hv2023_Konzernbericht_2022.pdf\" target=\"_blank\" rel=\"noreferrer noopener\">PDF<\/a><\/td><\/tr><tr><td class=\"has-text-align-left\" data-align=\"left\">Jahresbericht Telekom Austria AG<\/td><td class=\"has-text-align-right\" data-align=\"right\"><a href=\"https:\/\/a1.com\/wp-content\/uploads\/sites\/6\/2023\/08\/A1_Jahresbericht_TelekomAustriaAG_2022_DE.pdf\" target=\"_blank\" rel=\"noreferrer noopener\">PDF<\/a><\/td><\/tr><tr><td class=\"has-text-align-left\" data-align=\"left\">Konsolidierter nichtfinanzieller Bericht<\/td><td class=\"has-text-align-right\" data-align=\"right\"><a href=\"https:\/\/a1.com\/wp-content\/uploads\/sites\/6\/2023\/07\/hv2023_Nichtfinanzieller_Bericht_2022.pdf\" target=\"_blank\" rel=\"noreferrer noopener\">PDF<\/a><\/td><\/tr><tr><td class=\"has-text-align-left\" data-align=\"left\">Konsolidierter Corporate-Governance-Bericht<\/td><td class=\"has-text-align-right\" data-align=\"right\"><a href=\"https:\/\/a1.com\/wp-content\/uploads\/sites\/6\/2023\/07\/hv2023_CG_Bericht_2022.pdf\" target=\"_blank\" rel=\"noreferrer noopener\">PDF<\/a><\/td><\/tr><tr><td class=\"has-text-align-left\" data-align=\"left\">Depotbest\u00e4tigung<\/td><td class=\"has-text-align-right\" data-align=\"right\"><a href=\"https:\/\/a1.com\/wp-content\/uploads\/sites\/6\/2023\/07\/hv2023_Depotbestatigung.pdf\" target=\"_blank\" rel=\"noreferrer noopener\">PDF<\/a><\/td><\/tr><tr><td class=\"has-text-align-left\" data-align=\"left\">Vollmacht<\/td><td class=\"has-text-align-right\" data-align=\"right\"><a href=\"https:\/\/a1.com\/wp-content\/uploads\/sites\/6\/2023\/07\/hv2023_Vollmacht.pdf\" target=\"_blank\" rel=\"noreferrer noopener\">PDF<\/a><\/td><\/tr><tr><td class=\"has-text-align-left\" data-align=\"left\">Vollmacht IVA<\/td><td class=\"has-text-align-right\" data-align=\"right\"><a href=\"https:\/\/a1.com\/wp-content\/uploads\/sites\/6\/2023\/07\/hv2023_Vollmacht_IVA.pdf\" target=\"_blank\" rel=\"noreferrer noopener\">PDF<\/a><\/td><\/tr><\/tbody><\/table><\/figure>\n\n<\/div>\n\t<\/div>\n\n\t\t<\/div>\n\t<\/section>\n<\/div>\t\t\t<\/div>\n\t\t<\/div>\n\t<\/div>\n\n\n<div\n\tclass=\"wrapper wrapper__bg-color--white wrapper__spacing-top-large--0 wrapper__spacing-bottom-large--0  wrapper__spacing-bottom-in-large--0     wrapper__border-color-large--primary wrapper__border-size-large--none\"\n\t>\n\n\t\n\t\t\t<div class=\"wrapper__container wrapper__container-width-large--default wrapper__gutter-desktop--default wrapper__gutter-tablet--small\">\n\t\t\t<div class=\"wrapper__inner wrapper__width-large--12\">\n\t\t\t\t<div\n\tclass=\"accordion js-accordion block-accordion__accordion\"\n\tdata-accordion-open=\"false\"\n>\n\t<button\n\t\tclass=\"accordion__trigger accordion__trigger-size--small accordion__trigger-font-family--sans accordion__trigger-font-weight--regular js-accordion-trigger\"\n\t\taria-label=\"- Au\u00dferordentliche Hauptversammlung 2023\"\n\t\taria-controls\n\t>\n\t\t&#8211; Au\u00dferordentliche Hauptversammlung 2023\t\t<div class=\"accordion__icon\" aria-hidden=\"true\" >\n\t\t\t<svg xmlns='http:\/\/www.w3.org\/2000\/svg' width='15' height='10' viewBox='0 0 15 10' fill='none'><g><path d='M.719 1.836 2.172.383 7.499 5.71l5.33-5.327 1.452 1.453L7.5 8.616.72 1.836Z' fill='currentColor' \/><\/g><defs><path fill='#fff' d='M0 0h15v10H0z' \/><\/defs><\/svg>\t\t<\/div>\n\t<\/button>\n\t<section\n\t\tclass=\"accordion__panel js-accordion-panel\"\n\t\taria-hidden=\"true\"\n\t>\n\t\t<div class=\"accordion__content\">\n\t\t\t\n<div class=\"wrapper wrapper__bg-color--white  wrapper__spacing-bottom-large--40       wrapper__border-color-large--primary wrapper__border-size-large--none\">\n\n\t\n\t\t\t\n<div class=\"block-group block-group__border-color-large--primary block-group__border-size-large--none block-group__gutter--none\">\n\t\n\n<figure class=\"wp-block-table is-style-border-rows-highlight has-medium-font-size\"><table><thead><tr><th class=\"has-text-align-left\" data-align=\"left\">Dokumente<\/th><th class=\"has-text-align-right\" data-align=\"right\"><\/th><\/tr><\/thead><tbody><tr><td class=\"has-text-align-left\" data-align=\"left\">Beschlussergebnisse<\/td><td class=\"has-text-align-right\" data-align=\"right\"><a href=\"https:\/\/a1.com\/wp-content\/uploads\/sites\/6\/2023\/09\/Abstimmergebnisse-Telekom_Austria_AG-01_08_2023.pdf\" target=\"_blank\" rel=\"noreferrer noopener\">PDF<\/a><\/td><\/tr><tr><td class=\"has-text-align-left\" data-align=\"left\">Pr\u00e4sentation<\/td><td class=\"has-text-align-right\" data-align=\"right\"><a href=\"https:\/\/a1.com\/wp-content\/uploads\/sites\/6\/2023\/07\/TKA-HV-Prasentation-2022_DE.pdf\" target=\"_blank\" rel=\"noreferrer noopener\"><\/a><a href=\"https:\/\/a1.com\/wp-content\/uploads\/sites\/6\/2023\/09\/HV-Prasentation_2023_DE.pdf\" target=\"_blank\" rel=\"noreferrer noopener\">PDF<\/a><\/td><\/tr><tr><td class=\"has-text-align-left\" data-align=\"left\">Webcast<\/td><td class=\"has-text-align-right\" data-align=\"right\"><a href=\"https:\/\/a1.com\/de\/investor-relations-home\/webcast-ausserordentliche-hauptversammlung-2023\/\" target=\"_blank\" rel=\"noreferrer noopener\">Webcast<\/a><a href=\"https:\/\/a1.com\/de\/investor-relations-home\/webcast-hauptversammlung-2022\/\"> <\/a><\/td><\/tr><tr><td class=\"has-text-align-left\" data-align=\"left\"><\/td><td class=\"has-text-align-right\" data-align=\"right\"><\/td><\/tr><tr><td class=\"has-text-align-left\" data-align=\"left\"><strong>Einladung und Tagesordnungspunkte<\/strong><\/td><td class=\"has-text-align-right\" data-align=\"right\"><\/td><\/tr><tr><td class=\"has-text-align-left\" data-align=\"left\">Einberufung samt Tagesordnung<\/td><td class=\"has-text-align-right\" data-align=\"right\"><a href=\"https:\/\/a1.com\/wp-content\/uploads\/sites\/6\/2023\/09\/aoHV2023_Einberufung_samt_Tagesordnung.pdf\" target=\"_blank\" rel=\"noreferrer noopener\">PDF<\/a><\/td><\/tr><tr><td class=\"has-text-align-left\" data-align=\"left\">Beschlussvorschl\u00e4ge<\/td><td class=\"has-text-align-right\" data-align=\"right\"><a href=\"https:\/\/a1.com\/wp-content\/uploads\/sites\/6\/2023\/09\/aoHV2023_Beschlussvorschlage.pdf\" target=\"_blank\" rel=\"noreferrer noopener\">PDF<\/a><\/td><\/tr><tr><td class=\"has-text-align-left\" data-align=\"left\"><\/td><td class=\"has-text-align-right\" data-align=\"right\"><\/td><\/tr><tr><td class=\"has-text-align-left\" data-align=\"left\"><strong>Formulare und Berichte<\/strong><\/td><td class=\"has-text-align-right\" data-align=\"right\"><\/td><\/tr><tr><td class=\"has-text-align-left\" data-align=\"left\">Spaltungs- und \u00dcbernahmevertrag samt Spaltungsplan<\/td><td class=\"has-text-align-right\" data-align=\"right\"><a href=\"https:\/\/a1.com\/wp-content\/uploads\/sites\/6\/2023\/09\/aoHV2023_Spaltungs-_und_Uebernahmevertrag_samt_Spaltungsplan.pdf\" target=\"_blank\" rel=\"noreferrer noopener\">PDF<\/a><\/td><\/tr><tr><td class=\"has-text-align-left\" data-align=\"left\">Spaltungsbericht des Vorstandes<\/td><td class=\"has-text-align-right\" data-align=\"right\"><a href=\"https:\/\/a1.com\/wp-content\/uploads\/sites\/6\/2023\/09\/aoHV2023_Spaltungsbericht_des_Vorstandes.pdf\" target=\"_blank\" rel=\"noreferrer noopener\">PDF<\/a><\/td><\/tr><tr><td class=\"has-text-align-left\" data-align=\"left\">Pr\u00fcfbericht des Spaltungspr\u00fcfers<\/td><td class=\"has-text-align-right\" data-align=\"right\"><a href=\"https:\/\/a1.com\/wp-content\/uploads\/sites\/6\/2023\/09\/aoHV2023_Pruefbericht_des_Spaltungspruefers.pdf\" target=\"_blank\" rel=\"noreferrer noopener\">PDF<\/a><\/td><\/tr><tr><td class=\"has-text-align-left\" data-align=\"left\">Pr\u00fcfbericht des Aufsichtsrats<\/td><td class=\"has-text-align-right\" data-align=\"right\"><a href=\"https:\/\/a1.com\/wp-content\/uploads\/sites\/6\/2023\/09\/aoHV2023_Prufbericht_des_Aufsichtsrats.pdf\" target=\"_blank\" rel=\"noreferrer noopener\">PDF<\/a><\/td><\/tr><tr><td class=\"has-text-align-left\" data-align=\"left\">Schlussbilanz 30 03 2023<\/td><td class=\"has-text-align-right\" data-align=\"right\"><a href=\"https:\/\/a1.com\/wp-content\/uploads\/sites\/6\/2023\/09\/aoHV2023_Schlussbilanz_30_03_2023.pdf\" target=\"_blank\" rel=\"noreferrer noopener\">PDF<\/a><\/td><\/tr><tr><td class=\"has-text-align-left\" data-align=\"left\">Schlussbilanz 31 03 2023<\/td><td class=\"has-text-align-right\" data-align=\"right\"><a href=\"https:\/\/a1.com\/wp-content\/uploads\/sites\/6\/2023\/09\/aoHV2023_Schlussbilanz_31_03_2023.pdf\" target=\"_blank\" rel=\"noreferrer noopener\">PDF<\/a><\/td><\/tr><tr><td class=\"has-text-align-left\" data-align=\"left\">Jahresabschluss und Lagebericht 2022<\/td><td class=\"has-text-align-right\" data-align=\"right\"><a href=\"https:\/\/a1.com\/wp-content\/uploads\/sites\/6\/2023\/09\/aohv2023_Jahresabschluss_und_Lagebericht_2022.pdf\" target=\"_blank\" rel=\"noreferrer noopener\">PDF<\/a><\/td><\/tr><tr><td class=\"has-text-align-left\" data-align=\"left\">Jahresabschluss und Lagebericht 2021<\/td><td class=\"has-text-align-right\" data-align=\"right\"><a href=\"https:\/\/a1.com\/wp-content\/uploads\/sites\/6\/2023\/09\/aohv2023_Jahresabschluss_und_Lagebericht_2021.pdf\" target=\"_blank\" rel=\"noreferrer noopener\">PDF<\/a><\/td><\/tr><tr><td class=\"has-text-align-left\" data-align=\"left\">Jahresabschluss und Lagebericht 2020<\/td><td class=\"has-text-align-right\" data-align=\"right\"><a href=\"https:\/\/a1.com\/wp-content\/uploads\/sites\/6\/2023\/09\/aohv2023_Jahresabschluss_und_Lagebericht_2020.pdf\" target=\"_blank\" rel=\"noreferrer noopener\">PDF<\/a><\/td><\/tr><tr><td class=\"has-text-align-left\" data-align=\"left\">A1 Towers Holding GmbH JA 2022 (inkl Anhang)<\/td><td class=\"has-text-align-right\" data-align=\"right\"><a href=\"https:\/\/a1.com\/wp-content\/uploads\/sites\/6\/2023\/09\/aoHV2023_A1_Towers_Holding_GmbH_JA_2021_ink_-Anhang.pdf\" target=\"_blank\" rel=\"noreferrer noopener\">PDF<\/a><\/td><\/tr><tr><td class=\"has-text-align-left\" data-align=\"left\">A1 Towers Holding GmbH JA 2021 (inkl Anhang)<\/td><td class=\"has-text-align-right\" data-align=\"right\"><a href=\"https:\/\/a1.com\/wp-content\/uploads\/sites\/6\/2023\/09\/aoHV2023_A1_Towers_Holding_GmbH_JA_2021_ink_-Anhang.pdf\" target=\"_blank\" rel=\"noreferrer noopener\">P<\/a><a href=\"https:\/\/a1.com\/wp-content\/uploads\/sites\/6\/2023\/09\/aoHV2023_A1_Towers_Holding_GmbH_JA_2021_ink_-Anhang.pdf\">DF<\/a><\/td><\/tr><tr><td class=\"has-text-align-left\" data-align=\"left\">A1 Towers Holding GmbH JA 2020 (inkl Anhang)<\/td><td class=\"has-text-align-right\" data-align=\"right\"><a href=\"https:\/\/a1.com\/wp-content\/uploads\/sites\/6\/2023\/09\/aoHV2023_A1_Towers_Holding_GmbH_JA_2020_ink_-Anhang.pdf\" target=\"_blank\" rel=\"noreferrer noopener\">PDF<\/a><\/td><\/tr><\/tbody><\/table><\/figure>\n\n<\/div>\n\t<\/div>\n\n\t\t<\/div>\n\t<\/section>\n<\/div>\t\t\t<\/div>\n\t\t<\/div>\n\t<\/div>\n\n\n<div\n\tclass=\"wrapper wrapper__bg-color--white wrapper__spacing-top-large--0 wrapper__spacing-bottom-large--0       wrapper__border-color-large--primary wrapper__border-size-large--none\"\n\t>\n\n\t\n\t\t\t<div class=\"wrapper__container wrapper__container-width-large--default wrapper__gutter-desktop--default wrapper__gutter-tablet--small\">\n\t\t\t<div class=\"wrapper__inner wrapper__width-large--12\">\n\t\t\t\t<div\n\tclass=\"accordion js-accordion block-accordion__accordion\"\n\tdata-accordion-open=\"false\"\n>\n\t<button\n\t\tclass=\"accordion__trigger accordion__trigger-size--small accordion__trigger-font-family--sans accordion__trigger-font-weight--regular js-accordion-trigger\"\n\t\taria-label=\"Hauptversammlung 2022\"\n\t\taria-controls\n\t>\n\t\tHauptversammlung 2022\t\t<div class=\"accordion__icon\" aria-hidden=\"true\" >\n\t\t\t<svg xmlns='http:\/\/www.w3.org\/2000\/svg' width='15' height='10' viewBox='0 0 15 10' fill='none'><g><path d='M.719 1.836 2.172.383 7.499 5.71l5.33-5.327 1.452 1.453L7.5 8.616.72 1.836Z' fill='currentColor' \/><\/g><defs><path fill='#fff' d='M0 0h15v10H0z' \/><\/defs><\/svg>\t\t<\/div>\n\t<\/button>\n\t<section\n\t\tclass=\"accordion__panel js-accordion-panel\"\n\t\taria-hidden=\"true\"\n\t>\n\t\t<div class=\"accordion__content\">\n\t\t\t\n<div class=\"wrapper wrapper__bg-color--white  wrapper__spacing-bottom-large--40       wrapper__border-color-large--primary wrapper__border-size-large--none\">\n\n\t\n\t\t\t\n<div class=\"block-group block-group__border-color-large--primary block-group__border-size-large--none block-group__gutter--none\">\n\t\n\n<figure class=\"wp-block-table is-style-border-rows-highlight has-medium-font-size\"><table><thead><tr><th class=\"has-text-align-left\" data-align=\"left\">Dokumente<\/th><th class=\"has-text-align-right\" data-align=\"right\"><\/th><\/tr><\/thead><tbody><tr><td class=\"has-text-align-left\" data-align=\"left\">Einberufung samt Tagesordnung<\/td><td class=\"has-text-align-right\" data-align=\"right\"><a href=\"https:\/\/a1.com\/wp-content\/uploads\/sites\/6\/2023\/07\/Telekom-Austria-AG_HV-Einberufung-und-Tagesordnung-2022.pdf\" target=\"_blank\" rel=\"noreferrer noopener\">PDF<\/a><\/td><\/tr><tr><td class=\"has-text-align-left\" data-align=\"left\">Bericht des Aufsichtsrats<\/td><td class=\"has-text-align-right\" data-align=\"right\"><a href=\"https:\/\/a1.com\/wp-content\/uploads\/sites\/6\/2023\/07\/Bericht-des-Aufsichtsrats-2021.pdf\" target=\"_blank\" rel=\"noreferrer noopener\">PDF<\/a><\/td><\/tr><tr><td class=\"has-text-align-left\" data-align=\"left\">Beschlussergebnisse<\/td><td class=\"has-text-align-right\" data-align=\"right\"><a href=\"https:\/\/a1.com\/wp-content\/uploads\/sites\/6\/2023\/07\/TKA-HV-Beschlussergebnisse-2022-1.pdf\" target=\"_blank\" rel=\"noreferrer noopener\">PDF<\/a><\/td><\/tr><tr><td class=\"has-text-align-left\" data-align=\"left\">Dividendenbekanntmachung<\/td><td class=\"has-text-align-right\" data-align=\"right\"><a href=\"https:\/\/a1.com\/wp-content\/uploads\/sites\/6\/2023\/07\/Dividendenbekanntmachung-2022.pdf\" target=\"_blank\" rel=\"noreferrer noopener\">PDF<\/a><\/td><\/tr><tr><td class=\"has-text-align-left\" data-align=\"left\">Pr\u00e4sentation<\/td><td class=\"has-text-align-right\" data-align=\"right\"><a href=\"https:\/\/a1.com\/wp-content\/uploads\/sites\/6\/2023\/07\/TKA-HV-Prasentation-2022_DE.pdf\" target=\"_blank\" rel=\"noreferrer noopener\">PDF<\/a><\/td><\/tr><tr><td class=\"has-text-align-left\" data-align=\"left\">IVA Schwerpunktfragen<\/td><td class=\"has-text-align-right\" data-align=\"right\"><a href=\"https:\/\/a1.com\/wp-content\/uploads\/sites\/6\/2023\/07\/IVA-Schwerpunktfragen_2022_Telekom-Austria.pdf\" target=\"_blank\" rel=\"noreferrer noopener\">PDF<\/a><\/td><\/tr><tr><td class=\"has-text-align-left\" data-align=\"left\">Webcast<\/td><td class=\"has-text-align-right\" data-align=\"right\"><a href=\"https:\/\/a1.com\/de\/investor-relations-home\/webcast-hauptversammlung-2022\/\">Zum Webcast ***<\/a><\/td><\/tr><tr><td class=\"has-text-align-left\" data-align=\"left\"><\/td><td class=\"has-text-align-right\" data-align=\"right\"><\/td><\/tr><\/tbody><\/table><\/figure>\n\n\n<div class=\"wrapper wrapper__bg-color--white  wrapper__spacing-bottom-large--40       wrapper__border-color-large--primary wrapper__border-size-large--none\">\n\n\t\n\t\t\t\n<div class=\"block-group block-group__border-color-large--primary block-group__border-size-large--none block-group__gutter--none\">\n\t\n\n<figure class=\"wp-block-table is-style-border-rows-highlight has-medium-font-size\"><table><thead><tr><th class=\"has-text-align-left\" data-align=\"left\">Wahlen in den Aufsichtsrat<\/th><th class=\"has-text-align-right\" data-align=\"right\"><\/th><\/tr><\/thead><tbody><tr><td class=\"has-text-align-left\" data-align=\"left\">Lebenslauf Catasta<br>Erkl\u00e4rung \u00a7 87 AktG Catasta<\/td><td class=\"has-text-align-right\" data-align=\"right\"><a href=\"https:\/\/a1.com\/wp-content\/uploads\/sites\/6\/2023\/07\/Lebenslauf-Catasta.pdf\" target=\"_blank\" rel=\"noreferrer noopener\">PDF<\/a><br><a href=\"https:\/\/a1.com\/wp-content\/uploads\/sites\/6\/2023\/07\/Erklarung-Catasta-Para-87-AktG.pdf\" target=\"_blank\" rel=\"noreferrer noopener\">PDF<\/a><\/td><\/tr><tr><td class=\"has-text-align-left\" data-align=\"left\">Lebenslauf Jarque<br>Erkl\u00e4rung \u00a7 87 AktG Jarque<\/td><td class=\"has-text-align-right\" data-align=\"right\"><a href=\"https:\/\/a1.com\/wp-content\/uploads\/sites\/6\/2023\/07\/Lebenslauf-Jarque.pdf\" target=\"_blank\" rel=\"noreferrer noopener\">PDF<\/a><br><a href=\"https:\/\/a1.com\/wp-content\/uploads\/sites\/6\/2023\/07\/Erklarung-Jarque-Para-87-AktG.pdf\" target=\"_blank\" rel=\"noreferrer noopener\">PDF<\/a><\/td><\/tr><tr><td class=\"has-text-align-left\" data-align=\"left\">Lebenslauf Lecuona <br>Erkl\u00e4rung \u00a7 87 AktG Lecuona<\/td><td class=\"has-text-align-right\" data-align=\"right\"><a href=\"https:\/\/a1.com\/wp-content\/uploads\/sites\/6\/2023\/07\/Lebenslauf-Lecuona.pdf\" target=\"_blank\" rel=\"noreferrer noopener\">PDF<\/a><br><a href=\"https:\/\/a1.com\/wp-content\/uploads\/sites\/6\/2023\/07\/Erklarung-Lecuona-Para-87-AktG.pdf\" target=\"_blank\" rel=\"noreferrer noopener\">PDF<\/a><\/td><\/tr><\/tbody><\/table><\/figure>\n\n<\/div>\n\t<\/div>\n\n<\/div>\n\t<\/div>\n\n\t\t<\/div>\n\t<\/section>\n<\/div>\t\t\t<\/div>\n\t\t<\/div>\n\t<\/div>\n\n\n<div\n\tclass=\"wrapper wrapper__bg-color--white wrapper__spacing-top-large--0 wrapper__spacing-bottom-large--0       wrapper__border-color-large--primary wrapper__border-size-large--none\"\n\t>\n\n\t\n\t\t\t<div class=\"wrapper__container wrapper__container-width-large--default wrapper__gutter-desktop--default wrapper__gutter-tablet--small\">\n\t\t\t<div class=\"wrapper__inner wrapper__width-large--12\">\n\t\t\t\t<div\n\tclass=\"accordion js-accordion block-accordion__accordion\"\n\tdata-accordion-open=\"false\"\n>\n\t<button\n\t\tclass=\"accordion__trigger accordion__trigger-size--small accordion__trigger-font-family--sans accordion__trigger-font-weight--regular js-accordion-trigger\"\n\t\taria-label=\"Hauptversammlung 2021\"\n\t\taria-controls\n\t>\n\t\tHauptversammlung 2021\t\t<div class=\"accordion__icon\" aria-hidden=\"true\" >\n\t\t\t<svg xmlns='http:\/\/www.w3.org\/2000\/svg' width='15' height='10' viewBox='0 0 15 10' fill='none'><g><path d='M.719 1.836 2.172.383 7.499 5.71l5.33-5.327 1.452 1.453L7.5 8.616.72 1.836Z' fill='currentColor' \/><\/g><defs><path fill='#fff' d='M0 0h15v10H0z' \/><\/defs><\/svg>\t\t<\/div>\n\t<\/button>\n\t<section\n\t\tclass=\"accordion__panel js-accordion-panel\"\n\t\taria-hidden=\"true\"\n\t>\n\t\t<div class=\"accordion__content\">\n\t\t\t\n<div class=\"wrapper wrapper__bg-color--white  wrapper__spacing-bottom-large--40       wrapper__border-color-large--primary wrapper__border-size-large--none\">\n\n\t\n\t\t\t\n<div class=\"block-group block-group__border-color-large--primary block-group__border-size-large--none block-group__gutter--none\">\n\t\n\n<figure class=\"wp-block-table is-style-border-rows-highlight has-medium-font-size\"><table><thead><tr><th class=\"has-text-align-left\" data-align=\"left\">Dokumente<\/th><th class=\"has-text-align-right\" data-align=\"right\"><\/th><\/tr><\/thead><tbody><tr><td class=\"has-text-align-left\" data-align=\"left\">Einberufung samt Tagesordnung<\/td><td class=\"has-text-align-right\" data-align=\"right\"><a href=\"https:\/\/a1.com\/wp-content\/uploads\/sites\/6\/2023\/07\/hv2021_Einberufung-und-Tagesordnung.pdf\" target=\"_blank\" rel=\"noreferrer noopener\">PDF<\/a><\/td><\/tr><tr><td class=\"has-text-align-left\" data-align=\"left\">Bericht des Aufsichtsrats<\/td><td class=\"has-text-align-right\" data-align=\"right\"><a href=\"https:\/\/a1.com\/wp-content\/uploads\/sites\/6\/2023\/07\/Bericht-des-Aufsichtsrats.pdf\" target=\"_blank\" rel=\"noreferrer noopener\">PDF<\/a><\/td><\/tr><tr><td class=\"has-text-align-left\" data-align=\"left\">Beschlussergebnisse<\/td><td class=\"has-text-align-right\" data-align=\"right\"><a href=\"https:\/\/a1.com\/wp-content\/uploads\/sites\/6\/2023\/07\/TKA-HV-Beschlussergebnisse-2021.pdf\" target=\"_blank\" rel=\"noreferrer noopener\">PDF<\/a><\/td><\/tr><tr><td class=\"has-text-align-left\" data-align=\"left\">Dividendenbekanntmachung<\/td><td class=\"has-text-align-right\" data-align=\"right\"><a href=\"https:\/\/a1.com\/wp-content\/uploads\/sites\/6\/2023\/07\/Dividendenbekanntmachung-2021.pdf\" target=\"_blank\" rel=\"noreferrer noopener\">PDF<\/a><\/td><\/tr><tr><td class=\"has-text-align-left\" data-align=\"left\">Pr\u00e4sentation<\/td><td class=\"has-text-align-right\" data-align=\"right\"><a href=\"https:\/\/a1.com\/wp-content\/uploads\/sites\/6\/2023\/07\/HV-2021-Prasentation.pdf\" target=\"_blank\" rel=\"noreferrer noopener\">PDF<\/a><\/td><\/tr><tr><td class=\"has-text-align-left\" data-align=\"left\">IVA Schwerpunktfragen<\/td><td class=\"has-text-align-right\" data-align=\"right\"><a href=\"https:\/\/a1.com\/wp-content\/uploads\/sites\/6\/2023\/07\/IVA_Schwerpunktfragen_2021_Telekom-Austria.pdf\" target=\"_blank\" rel=\"noreferrer noopener\">PDF<\/a><\/td><\/tr><tr><td class=\"has-text-align-left\" data-align=\"left\">Webcast<\/td><td class=\"has-text-align-right\" data-align=\"right\"><a href=\"https:\/\/a1.com\/de\/investor-relations-home\/webcast-hauptversammlung-2021\/\" target=\"_blank\" rel=\"noreferrer noopener\">Zum Webcast ***<\/a><\/td><\/tr><\/tbody><\/table><\/figure>\n\n\n<div class=\"wrapper wrapper__bg-color--white  wrapper__spacing-bottom-large--40       wrapper__border-color-large--primary wrapper__border-size-large--none\">\n\n\t\n\t\t\t\n<div class=\"block-group block-group__border-color-large--primary block-group__border-size-large--none block-group__gutter--none\">\n\t\n\n<figure class=\"wp-block-table is-style-border-rows-highlight has-medium-font-size\"><table><thead><tr><th class=\"has-text-align-left\" data-align=\"left\">Wahlen in den Aufsichtsrat<\/th><th class=\"has-text-align-right\" data-align=\"right\"><\/th><\/tr><\/thead><tbody><tr><td class=\"has-text-align-left\" data-align=\"left\">Lebenslauf Hagen<br>   Erkl\u00e4rung \u00a7 87 AktG Hagen<\/td><td class=\"has-text-align-right\" data-align=\"right\"><a href=\"https:\/\/a1.com\/wp-content\/uploads\/sites\/6\/2023\/07\/Lebenslauf-Hagen.pdf\" target=\"_blank\" rel=\"noreferrer noopener\">PDF<\/a><br><a href=\"https:\/\/a1.com\/wp-content\/uploads\/sites\/6\/2023\/07\/Erklarung_Hagen.pdf\" target=\"_blank\" rel=\"noreferrer noopener\">PDF<\/a><\/td><\/tr><tr><td class=\"has-text-align-left\" data-align=\"left\">Lebenslauf Kollmann<br>   Erkl\u00e4rung \u00a7 87 AktG Kollmann<\/td><td class=\"has-text-align-right\" data-align=\"right\"><a href=\"https:\/\/a1.com\/wp-content\/uploads\/sites\/6\/2023\/07\/Lebenslauf-Kollmann.pdf\" target=\"_blank\" rel=\"noreferrer noopener\">PDF<\/a><br><a href=\"https:\/\/a1.com\/wp-content\/uploads\/sites\/6\/2023\/07\/Erklarung_Kollmann.pdf\" target=\"_blank\" rel=\"noreferrer noopener\">PDF<\/a><\/td><\/tr><\/tbody><\/table><\/figure>\n\n<\/div>\n\t<\/div>\n\n<\/div>\n\t<\/div>\n\n\t\t<\/div>\n\t<\/section>\n<\/div>\t\t\t<\/div>\n\t\t<\/div>\n\t<\/div>\n\n\n<div\n\tclass=\"wrapper wrapper__bg-color--white  wrapper__spacing-bottom-large--0       wrapper__border-color-large--primary wrapper__border-size-large--none\"\n\t>\n\n\t\n\t\t\t<div class=\"wrapper__container wrapper__container-width-large--default wrapper__gutter-desktop--default wrapper__gutter-tablet--small\">\n\t\t\t<div class=\"wrapper__inner wrapper__width-large--12\">\n\t\t\t\t<div\n\tclass=\"accordion js-accordion block-accordion__accordion\"\n\tdata-accordion-open=\"false\"\n>\n\t<button\n\t\tclass=\"accordion__trigger accordion__trigger-size--small accordion__trigger-font-family--sans accordion__trigger-font-weight--regular js-accordion-trigger\"\n\t\taria-label=\"- Au\u00dferordentliche Hauptversammlung 2021\"\n\t\taria-controls\n\t>\n\t\t&#8211; Au\u00dferordentliche Hauptversammlung 2021\t\t<div class=\"accordion__icon\" aria-hidden=\"true\" >\n\t\t\t<svg xmlns='http:\/\/www.w3.org\/2000\/svg' width='15' height='10' viewBox='0 0 15 10' fill='none'><g><path d='M.719 1.836 2.172.383 7.499 5.71l5.33-5.327 1.452 1.453L7.5 8.616.72 1.836Z' fill='currentColor' \/><\/g><defs><path fill='#fff' d='M0 0h15v10H0z' \/><\/defs><\/svg>\t\t<\/div>\n\t<\/button>\n\t<section\n\t\tclass=\"accordion__panel js-accordion-panel\"\n\t\taria-hidden=\"true\"\n\t>\n\t\t<div class=\"accordion__content\">\n\t\t\t\n<div class=\"wrapper wrapper__bg-color--white  wrapper__spacing-bottom-large--40       wrapper__border-color-large--primary wrapper__border-size-large--none\">\n\n\t\n\t\t\t\n<div class=\"block-group block-group__border-color-large--primary block-group__border-size-large--none block-group__gutter--none\">\n\t\n\n<figure class=\"wp-block-table is-style-border-rows-highlight has-medium-font-size\"><table><thead><tr><th class=\"has-text-align-left\" data-align=\"left\">Dokumente<\/th><th class=\"has-text-align-right\" data-align=\"right\"><\/th><\/tr><\/thead><tbody><tr><td class=\"has-text-align-left\" data-align=\"left\">Beschlussergebnisse<\/td><td class=\"has-text-align-right\" data-align=\"right\"><a href=\"https:\/\/a1.com\/wp-content\/uploads\/sites\/6\/2023\/08\/TKA-aoHV-Beschlussergebnis-2021.pdf\" target=\"_blank\" rel=\"noreferrer noopener\">P<\/a><a href=\"https:\/\/a1.com\/wp-content\/uploads\/sites\/6\/2023\/08\/TKA-aoHV-Beschlussergebnis-2021.pdf\">DF<\/a><\/td><\/tr><tr><td class=\"has-text-align-left\" data-align=\"left\">Pr\u00e4sentation<\/td><td class=\"has-text-align-right\" data-align=\"right\"><a href=\"https:\/\/a1.com\/wp-content\/uploads\/sites\/6\/2023\/08\/Prasentation_ao_HV-2021_DE.pdf\" target=\"_blank\" rel=\"noreferrer noopener\">PDF<\/a><\/td><\/tr><tr><td class=\"has-text-align-left\" data-align=\"left\">Webcast<\/td><td class=\"has-text-align-right\" data-align=\"right\"><a href=\"https:\/\/a1.com\/de\/investor-relations-home\/webcast-ausserordentliche-hauptversammlung-2021\/\" target=\"_blank\" rel=\"noreferrer noopener\">Zum Webcast<\/a><\/td><\/tr><\/tbody><\/table><\/figure>\n\n\n<div class=\"wrapper wrapper__bg-color--white  wrapper__spacing-bottom-large--40       wrapper__border-color-large--primary wrapper__border-size-large--none\">\n\n\t\n\t\t\t\n<div class=\"block-group block-group__border-color-large--primary block-group__border-size-large--none block-group__gutter--none\">\n\t\n\n<figure class=\"wp-block-table is-style-border-rows-highlight has-medium-font-size\"><table><thead><tr><th class=\"has-text-align-left\" data-align=\"left\">Einladung und Tagesordnungspunkte<\/th><th class=\"has-text-align-right\" data-align=\"right\"><\/th><\/tr><\/thead><tbody><tr><td class=\"has-text-align-left\" data-align=\"left\">Einberufung samt Tagesordnung <\/td><td class=\"has-text-align-right\" data-align=\"right\"><a href=\"https:\/\/a1.com\/wp-content\/uploads\/sites\/6\/2023\/08\/ao-hv2021-einberufung-und-tagesordnung.pdf\" target=\"_blank\" rel=\"noreferrer noopener\">PDF<\/a><\/td><\/tr><tr><td class=\"has-text-align-left\" data-align=\"left\">Beschlussvorschl\u00e4ge <\/td><td class=\"has-text-align-right\" data-align=\"right\"><a href=\"https:\/\/a1.com\/wp-content\/uploads\/sites\/6\/2023\/08\/ao-hv2021-beschlussvorschlag.pdf\" target=\"_blank\" rel=\"noreferrer noopener\">PDF<\/a><\/td><\/tr><tr><td class=\"has-text-align-left\" data-align=\"left\">Einberufungsverlangen \u00d6BAG<\/td><td class=\"has-text-align-right\" data-align=\"right\"><a href=\"https:\/\/a1.com\/wp-content\/uploads\/sites\/6\/2023\/08\/ao-hv2021-einberufungsverlangen-OBAG.pdf\" target=\"_blank\" rel=\"noreferrer noopener\">PDF<\/a><\/td><\/tr><\/tbody><\/table><\/figure>\n\n<\/div>\n\t<\/div>\n\n\n<div class=\"wrapper wrapper__bg-color--white  wrapper__spacing-bottom-large--40       wrapper__border-color-large--primary wrapper__border-size-large--none\">\n\n\t\n\t\t\t\n<div class=\"block-group block-group__border-color-large--primary block-group__border-size-large--none block-group__gutter--none\">\n\t\n\n<figure class=\"wp-block-table is-style-border-rows-highlight has-medium-font-size\"><table><thead><tr><th class=\"has-text-align-left\" data-align=\"left\">Tagesordnungspunkt 1 \u2013 Wahl in den Aufsichtsrat<\/th><th class=\"has-text-align-right\" data-align=\"right\"><\/th><\/tr><\/thead><tbody><tr><td class=\"has-text-align-left\" data-align=\"left\">Lebenslauf Catasta<br>Erkl\u00e4rung \u00a7 87 AktG Catasta<\/td><td class=\"has-text-align-right\" data-align=\"right\"><a href=\"https:\/\/a1.com\/wp-content\/uploads\/sites\/6\/2023\/08\/ao-hv2021-Lebenslauf_Catasta.pdf\" target=\"_blank\" rel=\"noreferrer noopener\">PDF<\/a><br><a href=\"https:\/\/a1.com\/wp-content\/uploads\/sites\/6\/2023\/08\/ao-hv2021-Erklaerung_Catasta.pdf\" target=\"_blank\" rel=\"noreferrer noopener\">PDF<\/a><\/td><\/tr><\/tbody><\/table><\/figure>\n\n<\/div>\n\t<\/div>\n\n<\/div>\n\t<\/div>\n\n\t\t<\/div>\n\t<\/section>\n<\/div>\t\t\t<\/div>\n\t\t<\/div>\n\t<\/div>\n\n\n<div\n\tclass=\"wrapper wrapper__bg-color--white  wrapper__spacing-bottom-large--0       wrapper__border-color-large--primary wrapper__border-size-large--none\"\n\t>\n\n\t\n\t\t\t<div class=\"wrapper__container wrapper__container-width-large--default wrapper__gutter-desktop--default wrapper__gutter-tablet--small\">\n\t\t\t<div class=\"wrapper__inner wrapper__width-large--12\">\n\t\t\t\t<div\n\tclass=\"accordion js-accordion block-accordion__accordion\"\n\tdata-accordion-open=\"false\"\n>\n\t<button\n\t\tclass=\"accordion__trigger accordion__trigger-size--small accordion__trigger-font-family--sans accordion__trigger-font-weight--regular js-accordion-trigger\"\n\t\taria-label=\"Hauptversammlung 2020\"\n\t\taria-controls\n\t>\n\t\tHauptversammlung 2020\t\t<div class=\"accordion__icon\" aria-hidden=\"true\" >\n\t\t\t<svg xmlns='http:\/\/www.w3.org\/2000\/svg' width='15' height='10' viewBox='0 0 15 10' fill='none'><g><path d='M.719 1.836 2.172.383 7.499 5.71l5.33-5.327 1.452 1.453L7.5 8.616.72 1.836Z' fill='currentColor' \/><\/g><defs><path fill='#fff' d='M0 0h15v10H0z' \/><\/defs><\/svg>\t\t<\/div>\n\t<\/button>\n\t<section\n\t\tclass=\"accordion__panel js-accordion-panel\"\n\t\taria-hidden=\"true\"\n\t>\n\t\t<div class=\"accordion__content\">\n\t\t\t\n<div class=\"wrapper wrapper__bg-color--white  wrapper__spacing-bottom-large--40       wrapper__border-color-large--primary wrapper__border-size-large--none\">\n\n\t\n\t\t\t\n<div class=\"block-group block-group__border-color-large--primary block-group__border-size-large--none block-group__gutter--none\">\n\t\n\n<figure class=\"wp-block-table is-style-border-rows-highlight has-medium-font-size\"><table><thead><tr><th class=\"has-text-align-left\" data-align=\"left\">Dokumente<\/th><th class=\"has-text-align-right\" data-align=\"right\"><\/th><\/tr><\/thead><tbody><tr><td class=\"has-text-align-left\" data-align=\"left\">Einberufung samt Tagesordnung <\/td><td class=\"has-text-align-right\" data-align=\"right\"><a href=\"https:\/\/a1.com\/wp-content\/uploads\/sites\/6\/2023\/08\/Einberufung-samt-Tagesordnung-2020.pdf\" target=\"_blank\" rel=\"noreferrer noopener\">PDF<\/a><\/td><\/tr><tr><td class=\"has-text-align-left\" data-align=\"left\">Bericht des Aufsichtsrats<\/td><td class=\"has-text-align-right\" data-align=\"right\"><a href=\"https:\/\/a1.com\/wp-content\/uploads\/sites\/6\/2023\/08\/Bericht_des_Aufsichtsrates_2019_deu.pdf\" target=\"_blank\" rel=\"noreferrer noopener\">PDF<\/a><\/td><\/tr><tr><td class=\"has-text-align-left\" data-align=\"left\">Beschlussergebnisse<\/td><td class=\"has-text-align-right\" data-align=\"right\"><a href=\"https:\/\/a1.com\/wp-content\/uploads\/sites\/6\/2023\/08\/TKA-HV-Beschlussergebnisse-2020.pdf\" target=\"_blank\" rel=\"noreferrer noopener\">PDF<\/a><\/td><\/tr><tr><td class=\"has-text-align-left\" data-align=\"left\">Dividendenbekanntmachung<\/td><td class=\"has-text-align-right\" data-align=\"right\"><a href=\"https:\/\/a1.com\/wp-content\/uploads\/sites\/6\/2023\/08\/Dividendenbekanntmachung-2020.pdf\" target=\"_blank\" rel=\"noreferrer noopener\">PDF<\/a><\/td><\/tr><tr><td class=\"has-text-align-left\" data-align=\"left\">Pr\u00e4sentation<\/td><td class=\"has-text-align-right\" data-align=\"right\"><a href=\"https:\/\/a1.com\/wp-content\/uploads\/sites\/6\/2023\/08\/TKA-HV-Prasentation-2020_DE_final_Website.pdf\" target=\"_blank\" rel=\"noreferrer noopener\">PDF<\/a><\/td><\/tr><tr><td class=\"has-text-align-left\" data-align=\"left\">IVA Schwerpunktfragen<\/td><td class=\"has-text-align-right\" data-align=\"right\"><a href=\"https:\/\/a1.com\/wp-content\/uploads\/sites\/6\/2023\/08\/IVA_Schwerpunktfragen_2020_TKA.pdf\" target=\"_blank\" rel=\"noreferrer noopener\">PDF<\/a><\/td><\/tr><tr><td class=\"has-text-align-left\" data-align=\"left\">Webcast<\/td><td class=\"has-text-align-right\" data-align=\"right\"><a href=\"https:\/\/a1.com\/de\/investor-relations-home\/webcast-hauptversammlung-2020\/\" target=\"_blank\" rel=\"noreferrer noopener\">Zum Webcast<\/a><\/td><\/tr><\/tbody><\/table><\/figure>\n\n\n<div class=\"wrapper wrapper__bg-color--white  wrapper__spacing-bottom-large--40       wrapper__border-color-large--primary wrapper__border-size-large--none\">\n\n\t\n\t\t\t\n<div class=\"block-group block-group__border-color-large--primary block-group__border-size-large--none block-group__gutter--none\">\n\t\n\n<figure class=\"wp-block-table is-style-border-rows-highlight has-medium-font-size\"><table><thead><tr><th class=\"has-text-align-left\" data-align=\"left\">Tagesordnungspunkt 8 &#8211; Beschlussfassung \u00fcber die Verg\u00fctungspolitik<\/th><th class=\"has-text-align-right\" data-align=\"right\"><\/th><\/tr><\/thead><tbody><tr><td class=\"has-text-align-left\" data-align=\"left\">Verg\u00fctungspolitik f\u00fcr den Vorstand<\/td><td class=\"has-text-align-right\" data-align=\"right\"><a href=\"https:\/\/a1.com\/wp-content\/uploads\/sites\/6\/2023\/08\/hv2020_Verguetungspolitik_Vorstand.pdf\" target=\"_blank\" rel=\"noreferrer noopener\">PDF<\/a><\/td><\/tr><tr><td class=\"has-text-align-left\" data-align=\"left\">Verg\u00fctungspolitik f\u00fcr den Aufsichtsrat<\/td><td class=\"has-text-align-right\" data-align=\"right\"><a href=\"https:\/\/a1.com\/wp-content\/uploads\/sites\/6\/2023\/08\/hv2020_Verguetungspolitik_Aufsichtsrat.pdf\" target=\"_blank\" rel=\"noreferrer noopener\">PDF<\/a><\/td><\/tr><\/tbody><\/table><\/figure>\n\n<\/div>\n\t<\/div>\n\n<\/div>\n\t<\/div>\n\n\t\t<\/div>\n\t<\/section>\n<\/div>\t\t\t<\/div>\n\t\t<\/div>\n\t<\/div>\n\n\n<div\n\tclass=\"wrapper wrapper__bg-color--white  wrapper__spacing-bottom-large--0       wrapper__border-color-large--primary wrapper__border-size-large--none\"\n\t>\n\n\t\n\t\t\t<div class=\"wrapper__container wrapper__container-width-large--default wrapper__gutter-desktop--default wrapper__gutter-tablet--small\">\n\t\t\t<div class=\"wrapper__inner wrapper__width-large--12\">\n\t\t\t\t<div\n\tclass=\"accordion js-accordion block-accordion__accordion\"\n\tdata-accordion-open=\"false\"\n>\n\t<button\n\t\tclass=\"accordion__trigger accordion__trigger-size--small accordion__trigger-font-family--sans accordion__trigger-font-weight--regular js-accordion-trigger\"\n\t\taria-label=\"Hauptversammlung 2019\"\n\t\taria-controls\n\t>\n\t\tHauptversammlung 2019\t\t<div class=\"accordion__icon\" aria-hidden=\"true\" >\n\t\t\t<svg xmlns='http:\/\/www.w3.org\/2000\/svg' width='15' height='10' viewBox='0 0 15 10' fill='none'><g><path d='M.719 1.836 2.172.383 7.499 5.71l5.33-5.327 1.452 1.453L7.5 8.616.72 1.836Z' fill='currentColor' \/><\/g><defs><path fill='#fff' d='M0 0h15v10H0z' \/><\/defs><\/svg>\t\t<\/div>\n\t<\/button>\n\t<section\n\t\tclass=\"accordion__panel js-accordion-panel\"\n\t\taria-hidden=\"true\"\n\t>\n\t\t<div class=\"accordion__content\">\n\t\t\t\n<div class=\"wrapper wrapper__bg-color--white  wrapper__spacing-bottom-large--40       wrapper__border-color-large--primary wrapper__border-size-large--none\">\n\n\t\n\t\t\t\n<div class=\"block-group block-group__border-color-large--primary block-group__border-size-large--none block-group__gutter--none\">\n\t\n\n<figure class=\"wp-block-table is-style-border-rows-highlight has-medium-font-size\"><table><thead><tr><th class=\"has-text-align-left\" data-align=\"left\">Dokumente<\/th><th class=\"has-text-align-right\" data-align=\"right\"><\/th><\/tr><\/thead><tbody><tr><td class=\"has-text-align-left\" data-align=\"left\">Einberufung samt Tagesordnung <\/td><td class=\"has-text-align-right\" data-align=\"right\"><a href=\"https:\/\/a1.com\/wp-content\/uploads\/sites\/6\/2023\/06\/Einberufung-samt-Tagesordnung-2019.pdf\" target=\"_blank\" rel=\"noreferrer noopener\">PDF<\/a><\/td><\/tr><tr><td class=\"has-text-align-left\" data-align=\"left\">Bericht des Aufsichtsrats<\/td><td class=\"has-text-align-right\" data-align=\"right\"><a href=\"https:\/\/a1.com\/wp-content\/uploads\/sites\/6\/2023\/06\/Bericht-des-Aufsichtsrats2018.pdf\" target=\"_blank\" rel=\"noreferrer noopener\">PDF<\/a><\/td><\/tr><tr><td class=\"has-text-align-left\" data-align=\"left\">Beschlussergebnisse<\/td><td class=\"has-text-align-right\" data-align=\"right\"><a href=\"https:\/\/a1.com\/wp-content\/uploads\/sites\/6\/2023\/06\/TKA-HV-Beschlussergebnisse-2019.pdf\" target=\"_blank\" rel=\"noreferrer noopener\">PDF<\/a><\/td><\/tr><tr><td class=\"has-text-align-left\" data-align=\"left\">Dividendenbekanntmachung<\/td><td class=\"has-text-align-right\" data-align=\"right\"><a href=\"https:\/\/a1.com\/wp-content\/uploads\/sites\/6\/2023\/06\/TKA-HV-Dividendenbekanntmachung-2019.pdf\" target=\"_blank\" rel=\"noreferrer noopener\">PDF<\/a><\/td><\/tr><tr><td class=\"has-text-align-left\" data-align=\"left\">Pr\u00e4sentation<\/td><td class=\"has-text-align-right\" data-align=\"right\"><a href=\"https:\/\/a1.com\/wp-content\/uploads\/sites\/6\/2023\/06\/TKA-HV-Prasentation-2019_Webcast.pdf\" target=\"_blank\" rel=\"noreferrer noopener\">PDF<\/a><\/td><\/tr><tr><td class=\"has-text-align-left\" data-align=\"left\">IVA Schwerpunktfragen<\/td><td class=\"has-text-align-right\" data-align=\"right\"><a href=\"https:\/\/a1.com\/wp-content\/uploads\/sites\/6\/2023\/06\/TKA-IVA-Schwerpunktfragen-2019.pdf\" target=\"_blank\" rel=\"noreferrer noopener\">PDF<\/a><\/td><\/tr><tr><td class=\"has-text-align-left\" data-align=\"left\">Webcast<\/td><td class=\"has-text-align-right\" data-align=\"right\"><a href=\"https:\/\/a1.com\/de\/investor-relations-home\/webcast-hauptversammlung-2019\/\" target=\"_blank\" rel=\"noreferrer noopener\">Webcast<\/a><\/td><\/tr><\/tbody><\/table><\/figure>\n\n<\/div>\n\t<\/div>\n\n\t\t<\/div>\n\t<\/section>\n<\/div>\t\t\t<\/div>\n\t\t<\/div>\n\t<\/div>\n\n\n<div\n\tclass=\"wrapper wrapper__bg-color--white  wrapper__spacing-bottom-large--0       wrapper__border-color-large--primary wrapper__border-size-large--none\"\n\t>\n\n\t\n\t\t\t<div class=\"wrapper__container wrapper__container-width-large--default wrapper__gutter-desktop--default wrapper__gutter-tablet--small\">\n\t\t\t<div class=\"wrapper__inner wrapper__width-large--12\">\n\t\t\t\t<div\n\tclass=\"accordion js-accordion block-accordion__accordion\"\n\tdata-accordion-open=\"false\"\n>\n\t<button\n\t\tclass=\"accordion__trigger accordion__trigger-size--small accordion__trigger-font-family--sans accordion__trigger-font-weight--regular js-accordion-trigger\"\n\t\taria-label=\"Hauptversammlung 2018\"\n\t\taria-controls\n\t>\n\t\tHauptversammlung 2018\t\t<div class=\"accordion__icon\" aria-hidden=\"true\" >\n\t\t\t<svg xmlns='http:\/\/www.w3.org\/2000\/svg' width='15' height='10' viewBox='0 0 15 10' fill='none'><g><path d='M.719 1.836 2.172.383 7.499 5.71l5.33-5.327 1.452 1.453L7.5 8.616.72 1.836Z' fill='currentColor' \/><\/g><defs><path fill='#fff' d='M0 0h15v10H0z' \/><\/defs><\/svg>\t\t<\/div>\n\t<\/button>\n\t<section\n\t\tclass=\"accordion__panel js-accordion-panel\"\n\t\taria-hidden=\"true\"\n\t>\n\t\t<div class=\"accordion__content\">\n\t\t\t\n<div class=\"wrapper wrapper__bg-color--white  wrapper__spacing-bottom-large--40       wrapper__border-color-large--primary wrapper__border-size-large--none\">\n\n\t\n\t\t\t\n<div class=\"block-group block-group__border-color-large--primary block-group__border-size-large--none block-group__gutter--none\">\n\t\n\n<figure class=\"wp-block-table is-style-border-rows-highlight has-medium-font-size\"><table><thead><tr><th class=\"has-text-align-left\" data-align=\"left\">Dokumente<\/th><th class=\"has-text-align-right\" data-align=\"right\"><\/th><\/tr><\/thead><tbody><tr><td class=\"has-text-align-left\" data-align=\"left\">Einberufung samt Tagesordnung <\/td><td class=\"has-text-align-right\" data-align=\"right\"><a href=\"https:\/\/a1.com\/wp-content\/uploads\/sites\/6\/2023\/06\/Einberufung-samt-Tagesordnung-2018.pdf\" target=\"_blank\" rel=\"noreferrer noopener\">PDF<\/a><\/td><\/tr><tr><td class=\"has-text-align-left\" data-align=\"left\">Bericht des Aufsichtsrats<\/td><td class=\"has-text-align-right\" data-align=\"right\"><a href=\"https:\/\/a1.com\/wp-content\/uploads\/sites\/6\/2023\/06\/Bericht-des-Aufsichtsrats2017.pdf\" target=\"_blank\" rel=\"noreferrer noopener\">PDF<\/a><\/td><\/tr><tr><td class=\"has-text-align-left\" data-align=\"left\">Beschlussergebnisse<\/td><td class=\"has-text-align-right\" data-align=\"right\"><a href=\"https:\/\/a1.com\/wp-content\/uploads\/sites\/6\/2023\/06\/TKA-HV-Beschlussergebnisse-2018.pdf\" target=\"_blank\" rel=\"noreferrer noopener\">PDF<\/a><\/td><\/tr><tr><td class=\"has-text-align-left\" data-align=\"left\">Dividendenbekanntmachung<\/td><td class=\"has-text-align-right\" data-align=\"right\"><a href=\"https:\/\/a1.com\/wp-content\/uploads\/sites\/6\/2023\/06\/TKA-HV-Dividendenbekanntmachung-2018.pdf\" target=\"_blank\" rel=\"noreferrer noopener\">PDF<\/a><\/td><\/tr><tr><td class=\"has-text-align-left\" data-align=\"left\">Pr\u00e4sentation<\/td><td class=\"has-text-align-right\" data-align=\"right\"><a href=\"https:\/\/a1.com\/wp-content\/uploads\/sites\/6\/2023\/06\/hv2018_Praesentation.pdf\" target=\"_blank\" rel=\"noreferrer noopener\">PDF<\/a><\/td><\/tr><tr><td class=\"has-text-align-left\" data-align=\"left\">IVA Schwerpunktfragen<\/td><td class=\"has-text-align-right\" data-align=\"right\"><a href=\"https:\/\/a1.com\/wp-content\/uploads\/sites\/6\/2023\/06\/TKA_IVA-Schwerpunktfragen-2018.pdf\" target=\"_blank\" rel=\"noreferrer noopener\">PDF<\/a><\/td><\/tr><\/tbody><\/table><\/figure>\n\n<\/div>\n\t<\/div>\n\n\t\t<\/div>\n\t<\/section>\n<\/div>\t\t\t<\/div>\n\t\t<\/div>\n\t<\/div>\n\n\n<div\n\tclass=\"wrapper wrapper__bg-color--white  wrapper__spacing-bottom-large--0       wrapper__border-color-large--primary wrapper__border-size-large--none\"\n\t>\n\n\t\n\t\t\t<div class=\"wrapper__container wrapper__container-width-large--default wrapper__gutter-desktop--default wrapper__gutter-tablet--small\">\n\t\t\t<div class=\"wrapper__inner wrapper__width-large--12\">\n\t\t\t\t<div\n\tclass=\"accordion js-accordion block-accordion__accordion\"\n\tdata-accordion-open=\"false\"\n>\n\t<button\n\t\tclass=\"accordion__trigger accordion__trigger-size--small accordion__trigger-font-family--sans accordion__trigger-font-weight--regular js-accordion-trigger\"\n\t\taria-label=\"- Au\u00dferordentliche Hauptversammlung 2017\"\n\t\taria-controls\n\t>\n\t\t&#8211; Au\u00dferordentliche Hauptversammlung 2017\t\t<div class=\"accordion__icon\" aria-hidden=\"true\" >\n\t\t\t<svg xmlns='http:\/\/www.w3.org\/2000\/svg' width='15' height='10' viewBox='0 0 15 10' fill='none'><g><path d='M.719 1.836 2.172.383 7.499 5.71l5.33-5.327 1.452 1.453L7.5 8.616.72 1.836Z' fill='currentColor' \/><\/g><defs><path fill='#fff' d='M0 0h15v10H0z' \/><\/defs><\/svg>\t\t<\/div>\n\t<\/button>\n\t<section\n\t\tclass=\"accordion__panel js-accordion-panel\"\n\t\taria-hidden=\"true\"\n\t>\n\t\t<div class=\"accordion__content\">\n\t\t\t\n<div class=\"wrapper wrapper__bg-color--white  wrapper__spacing-bottom-large--40       wrapper__border-color-large--primary wrapper__border-size-large--none\">\n\n\t\n\t\t\t\n<div class=\"block-group block-group__border-color-large--primary block-group__border-size-large--none block-group__gutter--none\">\n\t\n\n<figure class=\"wp-block-table is-style-border-rows-highlight has-medium-font-size\"><table><thead><tr><th class=\"has-text-align-left\" data-align=\"left\">Dokumente<\/th><th class=\"has-text-align-right\" data-align=\"right\"><\/th><\/tr><\/thead><tbody><tr><td class=\"has-text-align-left\" data-align=\"left\">Einberufung samt Tagesordnung <\/td><td class=\"has-text-align-right\" data-align=\"right\"><br><a href=\"https:\/\/a1.com\/wp-content\/uploads\/sites\/6\/2023\/06\/ao-hv2017_Einberufung_Tagesordnung.pdf\" target=\"_blank\" rel=\"noreferrer noopener\">PDF<\/a><\/td><\/tr><tr><td class=\"has-text-align-left\" data-align=\"left\">Beschlussergebnisse<\/td><td class=\"has-text-align-right\" data-align=\"right\"><br><a href=\"https:\/\/a1.com\/wp-content\/uploads\/sites\/6\/2023\/06\/aoHV_Beschlussergebnis_2017.pdf\" target=\"_blank\" rel=\"noreferrer noopener\">PDF<\/a><\/td><\/tr><\/tbody><\/table><\/figure>\n\n<\/div>\n\t<\/div>\n\n\t\t<\/div>\n\t<\/section>\n<\/div>\t\t\t<\/div>\n\t\t<\/div>\n\t<\/div>\n\n\n<div\n\tclass=\"wrapper wrapper__bg-color--white  wrapper__spacing-bottom-large--0       wrapper__border-color-large--primary wrapper__border-size-large--none\"\n\t>\n\n\t\n\t\t\t<div class=\"wrapper__container wrapper__container-width-large--default wrapper__gutter-desktop--default wrapper__gutter-tablet--small\">\n\t\t\t<div class=\"wrapper__inner wrapper__width-large--12\">\n\t\t\t\t<div\n\tclass=\"accordion js-accordion block-accordion__accordion\"\n\tdata-accordion-open=\"false\"\n>\n\t<button\n\t\tclass=\"accordion__trigger accordion__trigger-size--small accordion__trigger-font-family--sans accordion__trigger-font-weight--regular js-accordion-trigger\"\n\t\taria-label=\"Hauptversammlung 2017\"\n\t\taria-controls\n\t>\n\t\tHauptversammlung 2017\t\t<div class=\"accordion__icon\" aria-hidden=\"true\" >\n\t\t\t<svg xmlns='http:\/\/www.w3.org\/2000\/svg' width='15' height='10' viewBox='0 0 15 10' fill='none'><g><path d='M.719 1.836 2.172.383 7.499 5.71l5.33-5.327 1.452 1.453L7.5 8.616.72 1.836Z' fill='currentColor' \/><\/g><defs><path fill='#fff' d='M0 0h15v10H0z' \/><\/defs><\/svg>\t\t<\/div>\n\t<\/button>\n\t<section\n\t\tclass=\"accordion__panel js-accordion-panel\"\n\t\taria-hidden=\"true\"\n\t>\n\t\t<div class=\"accordion__content\">\n\t\t\t\n<div class=\"wrapper wrapper__bg-color--white  wrapper__spacing-bottom-large--40       wrapper__border-color-large--primary wrapper__border-size-large--none\">\n\n\t\n\t\t\t\n<div class=\"block-group block-group__border-color-large--primary block-group__border-size-large--none block-group__gutter--none\">\n\t\n\n<figure class=\"wp-block-table is-style-border-rows-highlight has-medium-font-size\"><table><thead><tr><th class=\"has-text-align-left\" data-align=\"left\">Dokumente<\/th><th class=\"has-text-align-right\" data-align=\"right\"><\/th><\/tr><\/thead><tbody><tr><td class=\"has-text-align-left\" data-align=\"left\">Einberufung samt Tagesordnung <\/td><td class=\"has-text-align-right\" data-align=\"right\"><a href=\"https:\/\/a1.com\/wp-content\/uploads\/sites\/6\/2023\/06\/hv2017_Einberufung_Tagesordnung.pdf\" target=\"_blank\" rel=\"noreferrer noopener\">PDF<\/a><\/td><\/tr><tr><td class=\"has-text-align-left\" data-align=\"left\">Bericht des Aufsichtsrats<\/td><td class=\"has-text-align-right\" data-align=\"right\"><a href=\"https:\/\/a1.com\/wp-content\/uploads\/sites\/6\/2023\/06\/hv2017_Bericht_des_Aufsichtsrates.pdf\" target=\"_blank\" rel=\"noreferrer noopener\">PDF<\/a><\/td><\/tr><tr><td class=\"has-text-align-left\" data-align=\"left\">Beschlussergebnisse<\/td><td class=\"has-text-align-right\" data-align=\"right\"><a href=\"https:\/\/a1.com\/wp-content\/uploads\/sites\/6\/2023\/06\/hv2017_Beschlussergebnisse-2017.pdf\" target=\"_blank\" rel=\"noreferrer noopener\">PDF<\/a><\/td><\/tr><tr><td class=\"has-text-align-left\" data-align=\"left\">Dividendenbekanntmachung<\/td><td class=\"has-text-align-right\" data-align=\"right\"><a href=\"https:\/\/a1.com\/wp-content\/uploads\/sites\/6\/2023\/06\/hv2017_Dividendenbekanntmachung.pdf\" target=\"_blank\" rel=\"noreferrer noopener\">PDF<\/a><\/td><\/tr><tr><td class=\"has-text-align-left\" data-align=\"left\">Pr\u00e4sentation<\/td><td class=\"has-text-align-right\" data-align=\"right\"><a href=\"https:\/\/a1.com\/wp-content\/uploads\/sites\/6\/2023\/06\/hv2017_Praesentation.pdf\" target=\"_blank\" rel=\"noreferrer noopener\">PDF<\/a><\/td><\/tr><tr><td class=\"has-text-align-left\" data-align=\"left\">IVA Schwerpunktfragen<\/td><td class=\"has-text-align-right\" data-align=\"right\"><a href=\"https:\/\/a1.com\/wp-content\/uploads\/sites\/6\/2023\/06\/hv2017_IVA_Schwerpunktfragen.pdf\" target=\"_blank\" rel=\"noreferrer noopener\">PDF<\/a><\/td><\/tr><\/tbody><\/table><\/figure>\n\n<\/div>\n\t<\/div>\n\n\t\t<\/div>\n\t<\/section>\n<\/div>\t\t\t<\/div>\n\t\t<\/div>\n\t<\/div>\n\n\n<div\n\tclass=\"wrapper wrapper__bg-color--white  wrapper__spacing-bottom-large--0       wrapper__border-color-large--primary wrapper__border-size-large--none\"\n\t>\n\n\t\n\t\t\t<div class=\"wrapper__container wrapper__container-width-large--default wrapper__gutter-desktop--default wrapper__gutter-tablet--small\">\n\t\t\t<div class=\"wrapper__inner wrapper__width-large--12\">\n\t\t\t\t<div\n\tclass=\"accordion js-accordion block-accordion__accordion\"\n\tdata-accordion-open=\"false\"\n>\n\t<button\n\t\tclass=\"accordion__trigger accordion__trigger-size--small accordion__trigger-font-family--sans accordion__trigger-font-weight--regular js-accordion-trigger\"\n\t\taria-label=\"Hauptversammlung 2016\"\n\t\taria-controls\n\t>\n\t\tHauptversammlung 2016\t\t<div class=\"accordion__icon\" aria-hidden=\"true\" >\n\t\t\t<svg xmlns='http:\/\/www.w3.org\/2000\/svg' width='15' height='10' viewBox='0 0 15 10' fill='none'><g><path d='M.719 1.836 2.172.383 7.499 5.71l5.33-5.327 1.452 1.453L7.5 8.616.72 1.836Z' fill='currentColor' \/><\/g><defs><path fill='#fff' d='M0 0h15v10H0z' \/><\/defs><\/svg>\t\t<\/div>\n\t<\/button>\n\t<section\n\t\tclass=\"accordion__panel js-accordion-panel\"\n\t\taria-hidden=\"true\"\n\t>\n\t\t<div class=\"accordion__content\">\n\t\t\t\n<div class=\"wrapper wrapper__bg-color--white  wrapper__spacing-bottom-large--40       wrapper__border-color-large--primary wrapper__border-size-large--none\">\n\n\t\n\t\t\t\n<div class=\"block-group block-group__border-color-large--primary block-group__border-size-large--none block-group__gutter--none\">\n\t\n\n<figure class=\"wp-block-table is-style-border-rows-highlight has-medium-font-size\"><table><thead><tr><th class=\"has-text-align-left\" data-align=\"left\">Dokumente<\/th><th class=\"has-text-align-right\" data-align=\"right\"><\/th><\/tr><\/thead><tbody><tr><td class=\"has-text-align-left\" data-align=\"left\">Einberufung samt Tagesordnung <\/td><td class=\"has-text-align-right\" data-align=\"right\"><a href=\"https:\/\/a1.com\/wp-content\/uploads\/sites\/6\/2023\/06\/hv2016_Einberufung_Tagesordnung.pdf\" target=\"_blank\" rel=\"noreferrer noopener\">PDF<\/a><\/td><\/tr><tr><td class=\"has-text-align-left\" data-align=\"left\">Bericht des Aufsichtsrats<\/td><td class=\"has-text-align-right\" data-align=\"right\"><a href=\"https:\/\/a1.com\/wp-content\/uploads\/sites\/6\/2023\/06\/hv2016_Bericht_des_Aufsichtsrates.pdf\" target=\"_blank\" rel=\"noreferrer noopener\">PDF<\/a><\/td><\/tr><tr><td class=\"has-text-align-left\" data-align=\"left\">Information zur Einlagenr\u00fcckzahlung<\/td><td class=\"has-text-align-right\" data-align=\"right\"><a href=\"https:\/\/a1.com\/wp-content\/uploads\/sites\/6\/2023\/06\/hv2016_Information_zur_Einlagenrueckzahlung.pdf\" target=\"_blank\" rel=\"noreferrer noopener\">PDF<\/a><\/td><\/tr><tr><td class=\"has-text-align-left\" data-align=\"left\">Beschlussergebnisse<\/td><td class=\"has-text-align-right\" data-align=\"right\"><a href=\"https:\/\/a1.com\/wp-content\/uploads\/sites\/6\/2023\/06\/hv2016-Beschlussergebnisse.pdf\" target=\"_blank\" rel=\"noreferrer noopener\">PDF<\/a><\/td><\/tr><tr><td class=\"has-text-align-left\" data-align=\"left\">Dividendenbekanntmachung<\/td><td class=\"has-text-align-right\" data-align=\"right\"><a href=\"https:\/\/a1.com\/wp-content\/uploads\/sites\/6\/2023\/06\/hv2016_Dividendenbekanntmachung.pdf\" target=\"_blank\" rel=\"noreferrer noopener\">PDF<\/a><\/td><\/tr><tr><td class=\"has-text-align-left\" data-align=\"left\">Pr\u00e4sentation<\/td><td class=\"has-text-align-right\" data-align=\"right\"><a href=\"https:\/\/a1.com\/wp-content\/uploads\/sites\/6\/2023\/06\/hv2016_Praesentation.pdf\" target=\"_blank\" rel=\"noreferrer noopener\">PDF<\/a><\/td><\/tr><tr><td class=\"has-text-align-left\" data-align=\"left\">IVA Schwerpunktfragen<\/td><td class=\"has-text-align-right\" data-align=\"right\"><a href=\"https:\/\/a1.com\/wp-content\/uploads\/sites\/6\/2023\/06\/hv2016_IVA_Schwerpunktfragen.pdf.pdf\" target=\"_blank\" rel=\"noreferrer noopener\">PDF<\/a><\/td><\/tr><\/tbody><\/table><\/figure>\n\n<\/div>\n\t<\/div>\n\n\t\t<\/div>\n\t<\/section>\n<\/div>\t\t\t<\/div>\n\t\t<\/div>\n\t<\/div>\n\n\n<div\n\tclass=\"wrapper wrapper__bg-color--white  wrapper__spacing-bottom-large--0       wrapper__border-color-large--primary wrapper__border-size-large--none\"\n\t>\n\n\t\n\t\t\t<div class=\"wrapper__container wrapper__container-width-large--default wrapper__gutter-desktop--default wrapper__gutter-tablet--small\">\n\t\t\t<div class=\"wrapper__inner wrapper__width-large--12\">\n\t\t\t\t<div\n\tclass=\"accordion js-accordion block-accordion__accordion\"\n\tdata-accordion-open=\"false\"\n>\n\t<button\n\t\tclass=\"accordion__trigger accordion__trigger-size--small accordion__trigger-font-family--sans accordion__trigger-font-weight--regular js-accordion-trigger\"\n\t\taria-label=\"Hauptversammlung 2015\"\n\t\taria-controls\n\t>\n\t\tHauptversammlung 2015\t\t<div class=\"accordion__icon\" aria-hidden=\"true\" >\n\t\t\t<svg xmlns='http:\/\/www.w3.org\/2000\/svg' width='15' height='10' viewBox='0 0 15 10' fill='none'><g><path d='M.719 1.836 2.172.383 7.499 5.71l5.33-5.327 1.452 1.453L7.5 8.616.72 1.836Z' fill='currentColor' \/><\/g><defs><path fill='#fff' d='M0 0h15v10H0z' \/><\/defs><\/svg>\t\t<\/div>\n\t<\/button>\n\t<section\n\t\tclass=\"accordion__panel js-accordion-panel\"\n\t\taria-hidden=\"true\"\n\t>\n\t\t<div class=\"accordion__content\">\n\t\t\t\n<div class=\"wrapper wrapper__bg-color--white  wrapper__spacing-bottom-large--40       wrapper__border-color-large--primary wrapper__border-size-large--none\">\n\n\t\n\t\t\t\n<div class=\"block-group block-group__border-color-large--primary block-group__border-size-large--none block-group__gutter--none\">\n\t\n\n<figure class=\"wp-block-table is-style-border-rows-highlight has-medium-font-size\"><table><thead><tr><th class=\"has-text-align-left\" data-align=\"left\">Dokumente<\/th><th class=\"has-text-align-right\" data-align=\"right\"><\/th><\/tr><\/thead><tbody><tr><td class=\"has-text-align-left\" data-align=\"left\">Einberufung samt Tagesordnung <\/td><td class=\"has-text-align-right\" data-align=\"right\"><a href=\"https:\/\/a1.com\/wp-content\/uploads\/sites\/6\/2023\/06\/hv2015_Einberufung_Tagesordnung.pdf\" target=\"_blank\" rel=\"noreferrer noopener\">PDF<\/a><\/td><\/tr><tr><td class=\"has-text-align-left\" data-align=\"left\">Bericht des Aufsichtsrats<\/td><td class=\"has-text-align-right\" data-align=\"right\"><a href=\"https:\/\/a1.com\/wp-content\/uploads\/sites\/6\/2023\/06\/Bericht_des_Aufsichtsrats_2014.pdf\" target=\"_blank\" rel=\"noreferrer noopener\">PDF<\/a><\/td><\/tr><tr><td class=\"has-text-align-left\" data-align=\"left\">Beschlussergebnisse<\/td><td class=\"has-text-align-right\" data-align=\"right\"><a href=\"https:\/\/a1.com\/wp-content\/uploads\/sites\/6\/2023\/06\/hv2015_Beschlussergebnisse.pdf\" target=\"_blank\" rel=\"noreferrer noopener\">PDF<\/a><\/td><\/tr><tr><td class=\"has-text-align-left\" data-align=\"left\">Dividendenbekanntmachung<\/td><td class=\"has-text-align-right\" data-align=\"right\"><a href=\"https:\/\/a1.com\/wp-content\/uploads\/sites\/6\/2023\/06\/hv2015_Dividendenbekanntmachung.pdf\" target=\"_blank\" rel=\"noreferrer noopener\">PDF<\/a><\/td><\/tr><tr><td class=\"has-text-align-left\" data-align=\"left\">Pr\u00e4sentation<\/td><td class=\"has-text-align-right\" data-align=\"right\"><a href=\"https:\/\/a1.com\/wp-content\/uploads\/sites\/6\/2023\/06\/hv2015_Praesentation.pdf\" target=\"_blank\" rel=\"noreferrer noopener\">PDF<\/a><\/td><\/tr><tr><td class=\"has-text-align-left\" data-align=\"left\">IVA Schwerpunktfragen<\/td><td class=\"has-text-align-right\" data-align=\"right\"><a href=\"https:\/\/a1.com\/wp-content\/uploads\/sites\/6\/2023\/06\/hv2015_IVA_Schwerpunktfragen.pdf\" target=\"_blank\" rel=\"noreferrer noopener\">PDF<\/a><\/td><\/tr><\/tbody><\/table><\/figure>\n\n<\/div>\n\t<\/div>\n\n\t\t<\/div>\n\t<\/section>\n<\/div>\t\t\t<\/div>\n\t\t<\/div>\n\t<\/div>\n\n\n<div\n\tclass=\"wrapper wrapper__bg-color--white  wrapper__spacing-bottom-large--0       wrapper__border-color-large--primary wrapper__border-size-large--none\"\n\t>\n\n\t\n\t\t\t<div class=\"wrapper__container wrapper__container-width-large--default wrapper__gutter-desktop--default wrapper__gutter-tablet--small\">\n\t\t\t<div class=\"wrapper__inner wrapper__width-large--12\">\n\t\t\t\t<div\n\tclass=\"accordion js-accordion block-accordion__accordion\"\n\tdata-accordion-open=\"false\"\n>\n\t<button\n\t\tclass=\"accordion__trigger accordion__trigger-size--small accordion__trigger-font-family--sans accordion__trigger-font-weight--regular js-accordion-trigger\"\n\t\taria-label=\"- Au\u00dferordentliche Hauptversammlung 2014\"\n\t\taria-controls\n\t>\n\t\t&#8211; Au\u00dferordentliche Hauptversammlung 2014\t\t<div class=\"accordion__icon\" aria-hidden=\"true\" >\n\t\t\t<svg xmlns='http:\/\/www.w3.org\/2000\/svg' width='15' height='10' viewBox='0 0 15 10' fill='none'><g><path d='M.719 1.836 2.172.383 7.499 5.71l5.33-5.327 1.452 1.453L7.5 8.616.72 1.836Z' fill='currentColor' \/><\/g><defs><path fill='#fff' d='M0 0h15v10H0z' \/><\/defs><\/svg>\t\t<\/div>\n\t<\/button>\n\t<section\n\t\tclass=\"accordion__panel js-accordion-panel\"\n\t\taria-hidden=\"true\"\n\t>\n\t\t<div class=\"accordion__content\">\n\t\t\t\n<div class=\"wrapper wrapper__bg-color--white  wrapper__spacing-bottom-large--40       wrapper__border-color-large--primary wrapper__border-size-large--none\">\n\n\t\n\t\t\t\n<div class=\"block-group block-group__border-color-large--primary block-group__border-size-large--none block-group__gutter--none\">\n\t\n\n<figure class=\"wp-block-table is-style-border-rows-highlight has-medium-font-size\"><table><thead><tr><th class=\"has-text-align-left\" data-align=\"left\">Dokumente<\/th><th class=\"has-text-align-right\" data-align=\"right\"><\/th><\/tr><\/thead><tbody><tr><td class=\"has-text-align-left\" data-align=\"left\">Einberufung samt Tagesordnung <\/td><td class=\"has-text-align-right\" data-align=\"right\"><a href=\"https:\/\/a1.com\/wp-content\/uploads\/sites\/6\/2023\/06\/aohv2014_Einberufung_samt_Tagesordnung.pdf\" target=\"_blank\" rel=\"noreferrer noopener\">PDF<\/a><\/td><\/tr><tr><td class=\"has-text-align-left\" data-align=\"left\">Beschlussergebnisse<\/td><td class=\"has-text-align-right\" data-align=\"right\"><a href=\"https:\/\/a1.com\/wp-content\/uploads\/sites\/6\/2023\/06\/aohv2014_beschlussergebnisse.pdf\" target=\"_blank\" rel=\"noreferrer noopener\">PDF<\/a><\/td><\/tr><tr><td class=\"has-text-align-left\" data-align=\"left\">Pr\u00e4sentation<\/td><td class=\"has-text-align-right\" data-align=\"right\"><a href=\"http:\/\/DokumenteTagesordnungPDFBeschlussergebnissePDFPr\u00e4sentation Phttps:\/\/a1.com\/wp-content\/uploads\/sites\/6\/2023\/06\/aohv2014_Praesentation.pdfDF\" target=\"_blank\" rel=\"noreferrer noopener\">PDF<\/a><\/td><\/tr><\/tbody><\/table><\/figure>\n\n<\/div>\n\t<\/div>\n\n\t\t<\/div>\n\t<\/section>\n<\/div>\t\t\t<\/div>\n\t\t<\/div>\n\t<\/div>\n\n\n<div\n\tclass=\"wrapper wrapper__bg-color--white  wrapper__spacing-bottom-large--0       wrapper__border-color-large--primary wrapper__border-size-large--none\"\n\t>\n\n\t\n\t\t\t<div class=\"wrapper__container wrapper__container-width-large--default wrapper__gutter-desktop--default wrapper__gutter-tablet--small\">\n\t\t\t<div class=\"wrapper__inner wrapper__width-large--12\">\n\t\t\t\t<div\n\tclass=\"accordion js-accordion block-accordion__accordion\"\n\tdata-accordion-open=\"false\"\n>\n\t<button\n\t\tclass=\"accordion__trigger accordion__trigger-size--small accordion__trigger-font-family--sans accordion__trigger-font-weight--regular js-accordion-trigger\"\n\t\taria-label=\"Hauptversammlung 2014\"\n\t\taria-controls\n\t>\n\t\tHauptversammlung 2014\t\t<div class=\"accordion__icon\" aria-hidden=\"true\" >\n\t\t\t<svg xmlns='http:\/\/www.w3.org\/2000\/svg' width='15' height='10' viewBox='0 0 15 10' fill='none'><g><path d='M.719 1.836 2.172.383 7.499 5.71l5.33-5.327 1.452 1.453L7.5 8.616.72 1.836Z' fill='currentColor' \/><\/g><defs><path fill='#fff' d='M0 0h15v10H0z' \/><\/defs><\/svg>\t\t<\/div>\n\t<\/button>\n\t<section\n\t\tclass=\"accordion__panel js-accordion-panel\"\n\t\taria-hidden=\"true\"\n\t>\n\t\t<div class=\"accordion__content\">\n\t\t\t\n<div class=\"wrapper wrapper__bg-color--white  wrapper__spacing-bottom-large--40       wrapper__border-color-large--primary wrapper__border-size-large--none\">\n\n\t\n\t\t\t\n<div class=\"block-group block-group__border-color-large--primary block-group__border-size-large--none block-group__gutter--none\">\n\t\n\n<figure class=\"wp-block-table is-style-border-rows-highlight has-medium-font-size\"><table><thead><tr><th class=\"has-text-align-left\" data-align=\"left\">Dokumente<\/th><th class=\"has-text-align-right\" data-align=\"right\"><\/th><\/tr><\/thead><tbody><tr><td class=\"has-text-align-left\" data-align=\"left\">Einberufung samt Tagesordnung <\/td><td class=\"has-text-align-right\" data-align=\"right\"><a href=\"https:\/\/a1.com\/wp-content\/uploads\/sites\/6\/2023\/06\/hv2014_Einberufung_samt_Tagesordnung.pdf\" target=\"_blank\" rel=\"noreferrer noopener\">PDF<\/a><\/td><\/tr><tr><td class=\"has-text-align-left\" data-align=\"left\">Bericht des Aufsichtsrats<\/td><td class=\"has-text-align-right\" data-align=\"right\"><a href=\"https:\/\/a1.com\/wp-content\/uploads\/sites\/6\/2023\/06\/Bericht_des_Aufsichtsrats_2013.pdf\" target=\"_blank\" rel=\"noreferrer noopener\">PDF<\/a><\/td><\/tr><tr><td class=\"has-text-align-left\" data-align=\"left\">Beschlussergebnisse<\/td><td class=\"has-text-align-right\" data-align=\"right\"><a href=\"https:\/\/a1.com\/wp-content\/uploads\/sites\/6\/2023\/06\/hv2014_Beschlussergebnisse.pdf\" target=\"_blank\" rel=\"noreferrer noopener\">PDF<\/a><\/td><\/tr><tr><td class=\"has-text-align-left\" data-align=\"left\">Pr\u00e4sentation<\/td><td class=\"has-text-align-right\" data-align=\"right\"><a href=\"https:\/\/a1.com\/wp-content\/uploads\/sites\/6\/2023\/06\/hv2014_Praesentation_zu_TOP_1.pdf\" target=\"_blank\" rel=\"noreferrer noopener\">PDF<\/a><\/td><\/tr><tr><td class=\"has-text-align-left\" data-align=\"left\">Pr\u00e4sentation der \u00d6IAG zum Syndikatsvertrag zwischen \u00d6IAG und Am\u00e9rica M\u00f3vil<\/td><td class=\"has-text-align-right\" data-align=\"right\"><a href=\"https:\/\/a1.com\/wp-content\/uploads\/sites\/6\/2023\/08\/hv2014_Praesentation__OeIAG.pdf\" target=\"_blank\" rel=\"noreferrer noopener\">PDF<\/a><\/td><\/tr><tr><td class=\"has-text-align-left\" data-align=\"left\">IVA Schwerpunktfragen<\/td><td class=\"has-text-align-right\" data-align=\"right\"><a href=\"https:\/\/a1.com\/wp-content\/uploads\/sites\/6\/2023\/06\/hv2014_IVA-Schwerpunktfragen.pdf\" target=\"_blank\" rel=\"noreferrer noopener\">PDF<\/a><\/td><\/tr><\/tbody><\/table><\/figure>\n\n<\/div>\n\t<\/div>\n\n\t\t<\/div>\n\t<\/section>\n<\/div>\t\t\t<\/div>\n\t\t<\/div>\n\t<\/div>\n\n\n<div\n\tclass=\"wrapper wrapper__bg-color--white  wrapper__spacing-bottom-large--0       wrapper__border-color-large--primary wrapper__border-size-large--none\"\n\t>\n\n\t\n\t\t\t<div class=\"wrapper__container wrapper__container-width-large--default wrapper__gutter-desktop--default wrapper__gutter-tablet--small\">\n\t\t\t<div class=\"wrapper__inner wrapper__width-large--12\">\n\t\t\t\t<div\n\tclass=\"accordion js-accordion block-accordion__accordion\"\n\tdata-accordion-open=\"false\"\n>\n\t<button\n\t\tclass=\"accordion__trigger accordion__trigger-size--small accordion__trigger-font-family--sans accordion__trigger-font-weight--regular js-accordion-trigger\"\n\t\taria-label=\"Hauptversammlung 2013\"\n\t\taria-controls\n\t>\n\t\tHauptversammlung 2013\t\t<div class=\"accordion__icon\" aria-hidden=\"true\" >\n\t\t\t<svg xmlns='http:\/\/www.w3.org\/2000\/svg' width='15' height='10' viewBox='0 0 15 10' fill='none'><g><path d='M.719 1.836 2.172.383 7.499 5.71l5.33-5.327 1.452 1.453L7.5 8.616.72 1.836Z' fill='currentColor' \/><\/g><defs><path fill='#fff' d='M0 0h15v10H0z' \/><\/defs><\/svg>\t\t<\/div>\n\t<\/button>\n\t<section\n\t\tclass=\"accordion__panel js-accordion-panel\"\n\t\taria-hidden=\"true\"\n\t>\n\t\t<div class=\"accordion__content\">\n\t\t\t\n<div class=\"wrapper wrapper__bg-color--white  wrapper__spacing-bottom-large--40       wrapper__border-color-large--primary wrapper__border-size-large--none\">\n\n\t\n\t\t\t\n<div class=\"block-group block-group__border-color-large--primary block-group__border-size-large--none block-group__gutter--none\">\n\t\n\n<figure class=\"wp-block-table is-style-border-rows-highlight has-medium-font-size\"><table><thead><tr><th class=\"has-text-align-left\" data-align=\"left\">Dokumente<\/th><th class=\"has-text-align-right\" data-align=\"right\"><\/th><\/tr><\/thead><tbody><tr><td class=\"has-text-align-left\" data-align=\"left\">Einberufung samt Tagesordnung <\/td><td class=\"has-text-align-right\" data-align=\"right\"><a href=\"https:\/\/a1.com\/wp-content\/uploads\/sites\/6\/2023\/06\/hv2013-Einberufung-samt-Tagesordnung.pdf\" target=\"_blank\" rel=\"noreferrer noopener\">PDF<\/a><\/td><\/tr><tr><td class=\"has-text-align-left\" data-align=\"left\">Beschlussergebnisse<\/td><td class=\"has-text-align-right\" data-align=\"right\"><a href=\"https:\/\/a1.com\/wp-content\/uploads\/sites\/6\/2023\/06\/hv2013-Beschlussergebnisse.pdf\" target=\"_blank\" rel=\"noreferrer noopener\">PDF<\/a><\/td><\/tr><tr><td class=\"has-text-align-left\" data-align=\"left\">Pr\u00e4sentation<\/td><td class=\"has-text-align-right\" data-align=\"right\"><a href=\"https:\/\/a1.com\/wp-content\/uploads\/sites\/6\/2023\/06\/HV-2013-Praesentation-Webcast-deutsch.pdf\" target=\"_blank\" rel=\"noreferrer noopener\">PDF<\/a><\/td><\/tr><tr><td class=\"has-text-align-left\" data-align=\"left\">IVA Schwerpunktfragen<\/td><td class=\"has-text-align-right\" data-align=\"right\"><a href=\"https:\/\/a1.com\/wp-content\/uploads\/sites\/6\/2023\/06\/Telekom-Austria-Group-HV-2013-IVA-Schwerpunktfragen.pdf\" target=\"_blank\" rel=\"noreferrer noopener\">PDF<\/a><\/td><\/tr><\/tbody><\/table><\/figure>\n\n<\/div>\n\t<\/div>\n\n\t\t<\/div>\n\t<\/section>\n<\/div>\t\t\t<\/div>\n\t\t<\/div>\n\t<\/div>\n\n\n<div\n\tclass=\"wrapper wrapper__bg-color--white  wrapper__spacing-bottom-large--0       wrapper__border-color-large--primary wrapper__border-size-large--none\"\n\t>\n\n\t\n\t\t\t<div class=\"wrapper__container wrapper__container-width-large--default wrapper__gutter-desktop--default wrapper__gutter-tablet--small\">\n\t\t\t<div class=\"wrapper__inner wrapper__width-large--12\">\n\t\t\t\t<div\n\tclass=\"accordion js-accordion block-accordion__accordion\"\n\tdata-accordion-open=\"false\"\n>\n\t<button\n\t\tclass=\"accordion__trigger accordion__trigger-size--small accordion__trigger-font-family--sans accordion__trigger-font-weight--regular js-accordion-trigger\"\n\t\taria-label=\"Hauptversammlung 2012\"\n\t\taria-controls\n\t>\n\t\tHauptversammlung 2012\t\t<div class=\"accordion__icon\" aria-hidden=\"true\" >\n\t\t\t<svg xmlns='http:\/\/www.w3.org\/2000\/svg' width='15' height='10' viewBox='0 0 15 10' fill='none'><g><path d='M.719 1.836 2.172.383 7.499 5.71l5.33-5.327 1.452 1.453L7.5 8.616.72 1.836Z' fill='currentColor' \/><\/g><defs><path fill='#fff' d='M0 0h15v10H0z' \/><\/defs><\/svg>\t\t<\/div>\n\t<\/button>\n\t<section\n\t\tclass=\"accordion__panel js-accordion-panel\"\n\t\taria-hidden=\"true\"\n\t>\n\t\t<div class=\"accordion__content\">\n\t\t\t\n<div class=\"wrapper wrapper__bg-color--white  wrapper__spacing-bottom-large--40       wrapper__border-color-large--primary wrapper__border-size-large--none\">\n\n\t\n\t\t\t\n<div class=\"block-group block-group__border-color-large--primary block-group__border-size-large--none block-group__gutter--none\">\n\t\n\n<figure class=\"wp-block-table is-style-border-rows-highlight has-medium-font-size\"><table><thead><tr><th class=\"has-text-align-left\" data-align=\"left\">Dokumente<\/th><th class=\"has-text-align-right\" data-align=\"right\"><\/th><\/tr><\/thead><tbody><tr><td class=\"has-text-align-left\" data-align=\"left\">Einberufung samt Tagesordnung <\/td><td class=\"has-text-align-right\" data-align=\"right\"><a href=\"https:\/\/a1.com\/wp-content\/uploads\/sites\/6\/2023\/06\/hv2012_Einberufung_samt_Tagesordnung.pdf\" target=\"_blank\" rel=\"noreferrer noopener\">PDF<\/a><\/td><\/tr><tr><td class=\"has-text-align-left\" data-align=\"left\">Beschlussergebnisse<\/td><td class=\"has-text-align-right\" data-align=\"right\"><a href=\"https:\/\/a1.com\/wp-content\/uploads\/sites\/6\/2023\/06\/hv2012_Beschlussergebnisse.pdf\" target=\"_blank\" rel=\"noreferrer noopener\">PDF<\/a><\/td><\/tr><tr><td class=\"has-text-align-left\" data-align=\"left\">Pr\u00e4sentation<\/td><td class=\"has-text-align-right\" data-align=\"right\"><a href=\"https:\/\/a1.com\/wp-content\/uploads\/sites\/6\/2023\/06\/hv2012_Praesentation_Webcast.pdf\" target=\"_blank\" rel=\"noreferrer noopener\">PDF<\/a><\/td><\/tr><tr><td class=\"has-text-align-left\" data-align=\"left\">IVA Schwerpunktfragen<\/td><td class=\"has-text-align-right\" data-align=\"right\"><a href=\"https:\/\/a1.com\/wp-content\/uploads\/sites\/6\/2023\/06\/hv2012_IVA_Schwerpunktfragen.pdf\" target=\"_blank\" rel=\"noreferrer noopener\">PDF<\/a><\/td><\/tr><\/tbody><\/table><\/figure>\n\n<\/div>\n\t<\/div>\n\n\t\t<\/div>\n\t<\/section>\n<\/div>\t\t\t<\/div>\n\t\t<\/div>\n\t<\/div>\n\n\n<div\n\tclass=\"wrapper wrapper__bg-color--white  wrapper__spacing-bottom-large--0       wrapper__border-color-large--primary wrapper__border-size-large--none\"\n\t>\n\n\t\n\t\t\t<div class=\"wrapper__container wrapper__container-width-large--default wrapper__gutter-desktop--default wrapper__gutter-tablet--small\">\n\t\t\t<div class=\"wrapper__inner wrapper__width-large--12\">\n\t\t\t\t<div\n\tclass=\"accordion js-accordion block-accordion__accordion\"\n\tdata-accordion-open=\"false\"\n>\n\t<button\n\t\tclass=\"accordion__trigger accordion__trigger-size--small accordion__trigger-font-family--sans accordion__trigger-font-weight--regular js-accordion-trigger\"\n\t\taria-label=\"- Au\u00dferordentliche Hauptversammlung 2012\"\n\t\taria-controls\n\t>\n\t\t&#8211; Au\u00dferordentliche Hauptversammlung 2012\t\t<div class=\"accordion__icon\" aria-hidden=\"true\" >\n\t\t\t<svg xmlns='http:\/\/www.w3.org\/2000\/svg' width='15' height='10' viewBox='0 0 15 10' fill='none'><g><path d='M.719 1.836 2.172.383 7.499 5.71l5.33-5.327 1.452 1.453L7.5 8.616.72 1.836Z' fill='currentColor' \/><\/g><defs><path fill='#fff' d='M0 0h15v10H0z' \/><\/defs><\/svg>\t\t<\/div>\n\t<\/button>\n\t<section\n\t\tclass=\"accordion__panel js-accordion-panel\"\n\t\taria-hidden=\"true\"\n\t>\n\t\t<div class=\"accordion__content\">\n\t\t\t\n<div class=\"wrapper wrapper__bg-color--white  wrapper__spacing-bottom-large--40       wrapper__border-color-large--primary wrapper__border-size-large--none\">\n\n\t\n\t\t\t\n<div class=\"block-group block-group__border-color-large--primary block-group__border-size-large--none block-group__gutter--none\">\n\t\n\n<figure class=\"wp-block-table is-style-border-rows-highlight has-medium-font-size\"><table><thead><tr><th class=\"has-text-align-left\" data-align=\"left\">Dokumente<\/th><th class=\"has-text-align-right\" data-align=\"right\"><\/th><\/tr><\/thead><tbody><tr><td class=\"has-text-align-left\" data-align=\"left\">Einberufung samt Tagesordnung <\/td><td class=\"has-text-align-right\" data-align=\"right\"><a href=\"https:\/\/a1.com\/wp-content\/uploads\/sites\/6\/2023\/06\/aohv_Einberufung_Tagesordnung.pdf\" target=\"_blank\" rel=\"noreferrer noopener\">PDF<\/a><\/td><\/tr><tr><td class=\"has-text-align-left\" data-align=\"left\">Beschlussergebnisse<\/td><td class=\"has-text-align-right\" data-align=\"right\"><br><a href=\"https:\/\/a1.com\/wp-content\/uploads\/sites\/6\/2023\/06\/aohv_Beschlussergebnisse.pdf\" target=\"_blank\" rel=\"noreferrer noopener\">PDF<\/a><\/td><\/tr><\/tbody><\/table><\/figure>\n\n<\/div>\n\t<\/div>\n\n\t\t<\/div>\n\t<\/section>\n<\/div>\t\t\t<\/div>\n\t\t<\/div>\n\t<\/div>\n\n\n<div\n\tclass=\"wrapper wrapper__bg-color--white  wrapper__spacing-bottom-large--0       wrapper__border-color-large--primary wrapper__border-size-large--none\"\n\t>\n\n\t\n\t\t\t<div class=\"wrapper__container wrapper__container-width-large--default wrapper__gutter-desktop--default wrapper__gutter-tablet--small\">\n\t\t\t<div class=\"wrapper__inner wrapper__width-large--12\">\n\t\t\t\t<div\n\tclass=\"accordion js-accordion block-accordion__accordion\"\n\tdata-accordion-open=\"false\"\n>\n\t<button\n\t\tclass=\"accordion__trigger accordion__trigger-size--small accordion__trigger-font-family--sans accordion__trigger-font-weight--regular js-accordion-trigger\"\n\t\taria-label=\"Hauptversammlung 2011\"\n\t\taria-controls\n\t>\n\t\tHauptversammlung 2011\t\t<div class=\"accordion__icon\" aria-hidden=\"true\" >\n\t\t\t<svg xmlns='http:\/\/www.w3.org\/2000\/svg' width='15' height='10' viewBox='0 0 15 10' fill='none'><g><path d='M.719 1.836 2.172.383 7.499 5.71l5.33-5.327 1.452 1.453L7.5 8.616.72 1.836Z' fill='currentColor' \/><\/g><defs><path fill='#fff' d='M0 0h15v10H0z' \/><\/defs><\/svg>\t\t<\/div>\n\t<\/button>\n\t<section\n\t\tclass=\"accordion__panel js-accordion-panel\"\n\t\taria-hidden=\"true\"\n\t>\n\t\t<div class=\"accordion__content\">\n\t\t\t\n<div class=\"wrapper wrapper__bg-color--white  wrapper__spacing-bottom-large--40       wrapper__border-color-large--primary wrapper__border-size-large--none\">\n\n\t\n\t\t\t\n<div class=\"block-group block-group__border-color-large--primary block-group__border-size-large--none block-group__gutter--none\">\n\t\n\n<figure class=\"wp-block-table is-style-border-rows-highlight has-medium-font-size\"><table><thead><tr><th class=\"has-text-align-left\" data-align=\"left\">Dokumente<\/th><th class=\"has-text-align-right\" data-align=\"right\"><\/th><\/tr><\/thead><tbody><tr><td class=\"has-text-align-left\" data-align=\"left\">Einberufung samt Tagesordnung <\/td><td class=\"has-text-align-right\" data-align=\"right\"><a href=\"https:\/\/a1.com\/wp-content\/uploads\/sites\/6\/2023\/06\/hv-2011-Einberufung-samt-Tagesordnung.pdf\" target=\"_blank\" rel=\"noreferrer noopener\">PDF<\/a><\/td><\/tr><tr><td class=\"has-text-align-left\" data-align=\"left\">Beschlussergebnisse<\/td><td class=\"has-text-align-right\" data-align=\"right\"><a href=\"https:\/\/a1.com\/wp-content\/uploads\/sites\/6\/2023\/06\/hv-2011-Beschlussergebnisse.pdf\" target=\"_blank\" rel=\"noreferrer noopener\">PDF<\/a><\/td><\/tr><tr><td class=\"has-text-align-left\" data-align=\"left\">Pr\u00e4sentation<\/td><td class=\"has-text-align-right\" data-align=\"right\"><a href=\"https:\/\/a1.com\/wp-content\/uploads\/sites\/6\/2023\/06\/hv-2011-Praesentation-Aufsichtsratsvorsitzenden-Vorstaende.pdf\" target=\"_blank\" rel=\"noreferrer noopener\">PDF<\/a><\/td><\/tr><tr><td class=\"has-text-align-left\" data-align=\"left\">IVA Schwerpunktfragen<\/td><td class=\"has-text-align-right\" data-align=\"right\"><a href=\"https:\/\/a1.com\/wp-content\/uploads\/sites\/6\/2023\/06\/IVA-Schwerpunktfragen.pdf\" target=\"_blank\" rel=\"noreferrer noopener\">PDF<\/a><\/td><\/tr><\/tbody><\/table><\/figure>\n\n<\/div>\n\t<\/div>\n\n\t\t<\/div>\n\t<\/section>\n<\/div>\t\t\t<\/div>\n\t\t<\/div>\n\t<\/div>\n\n\n<div\n\tclass=\"wrapper wrapper__bg-color--white  wrapper__spacing-bottom-large--0       wrapper__border-color-large--primary wrapper__border-size-large--none\"\n\t>\n\n\t\n\t\t\t<div class=\"wrapper__container wrapper__container-width-large--default wrapper__gutter-desktop--default wrapper__gutter-tablet--small\">\n\t\t\t<div class=\"wrapper__inner wrapper__width-large--12\">\n\t\t\t\t<div\n\tclass=\"accordion js-accordion block-accordion__accordion\"\n\tdata-accordion-open=\"false\"\n>\n\t<button\n\t\tclass=\"accordion__trigger accordion__trigger-size--small accordion__trigger-font-family--sans accordion__trigger-font-weight--regular js-accordion-trigger\"\n\t\taria-label=\"Hauptversammlung 2010\"\n\t\taria-controls\n\t>\n\t\tHauptversammlung 2010\t\t<div class=\"accordion__icon\" aria-hidden=\"true\" >\n\t\t\t<svg xmlns='http:\/\/www.w3.org\/2000\/svg' width='15' height='10' viewBox='0 0 15 10' fill='none'><g><path d='M.719 1.836 2.172.383 7.499 5.71l5.33-5.327 1.452 1.453L7.5 8.616.72 1.836Z' fill='currentColor' \/><\/g><defs><path fill='#fff' d='M0 0h15v10H0z' \/><\/defs><\/svg>\t\t<\/div>\n\t<\/button>\n\t<section\n\t\tclass=\"accordion__panel js-accordion-panel\"\n\t\taria-hidden=\"true\"\n\t>\n\t\t<div class=\"accordion__content\">\n\t\t\t\n<div class=\"wrapper wrapper__bg-color--white  wrapper__spacing-bottom-large--40       wrapper__border-color-large--primary wrapper__border-size-large--none\">\n\n\t\n\t\t\t\n<div class=\"block-group block-group__border-color-large--primary block-group__border-size-large--none block-group__gutter--none\">\n\t\n\n<figure class=\"wp-block-table is-style-border-rows-highlight has-medium-font-size\"><table><thead><tr><th class=\"has-text-align-left\" data-align=\"left\">Dokumente<\/th><th class=\"has-text-align-right\" data-align=\"right\"><\/th><\/tr><\/thead><tbody><tr><td class=\"has-text-align-left\" data-align=\"left\">Einberufung samt Tagesordnung <\/td><td class=\"has-text-align-right\" data-align=\"right\"><a href=\"https:\/\/a1.com\/wp-content\/uploads\/sites\/6\/2023\/06\/hv-tagesordnung-2010.pdf\" target=\"_blank\" rel=\"noreferrer noopener\">PDF<\/a><\/td><\/tr><tr><td class=\"has-text-align-left\" data-align=\"left\">Beschlussergebnisse<\/td><td class=\"has-text-align-right\" data-align=\"right\"><a href=\"https:\/\/a1.com\/wp-content\/uploads\/sites\/6\/2023\/06\/hv-beschlussergebnisse-2010.pdf\" target=\"_blank\" rel=\"noreferrer noopener\">PDF<\/a><\/td><\/tr><tr><td class=\"has-text-align-left\" data-align=\"left\">Pr\u00e4sentation<\/td><td class=\"has-text-align-right\" data-align=\"right\"><a href=\"https:\/\/a1.com\/wp-content\/uploads\/sites\/6\/2023\/06\/hv-praesentation-aufsichtsrat-vorstaende-2010.pdf\" target=\"_blank\" rel=\"noreferrer noopener\">PDF<\/a><\/td><\/tr><tr><td class=\"has-text-align-left\" data-align=\"left\">IVA Schwerpunktfragen<\/td><td class=\"has-text-align-right\" data-align=\"right\"><a href=\"https:\/\/a1.com\/wp-content\/uploads\/sites\/6\/2023\/06\/hv-iva-schwerpunktfragen-2010.pdf\" target=\"_blank\" rel=\"noreferrer noopener\">PDF<\/a><\/td><\/tr><\/tbody><\/table><\/figure>\n\n<\/div>\n\t<\/div>\n\n\t\t<\/div>\n\t<\/section>\n<\/div>\t\t\t<\/div>\n\t\t<\/div>\n\t<\/div>\n\n\n<div\n\tclass=\"wrapper wrapper__bg-color--white  wrapper__spacing-bottom-large--0       wrapper__border-color-large--primary wrapper__border-size-large--none\"\n\t>\n\n\t\n\t\t\t<div class=\"wrapper__container wrapper__container-width-large--default wrapper__gutter-desktop--default wrapper__gutter-tablet--small\">\n\t\t\t<div class=\"wrapper__inner wrapper__width-large--12\">\n\t\t\t\t<div\n\tclass=\"accordion js-accordion block-accordion__accordion\"\n\tdata-accordion-open=\"false\"\n>\n\t<button\n\t\tclass=\"accordion__trigger accordion__trigger-size--small accordion__trigger-font-family--sans accordion__trigger-font-weight--regular js-accordion-trigger\"\n\t\taria-label=\"Hauptversammlung 2009\"\n\t\taria-controls\n\t>\n\t\tHauptversammlung 2009\t\t<div class=\"accordion__icon\" aria-hidden=\"true\" >\n\t\t\t<svg xmlns='http:\/\/www.w3.org\/2000\/svg' width='15' height='10' viewBox='0 0 15 10' fill='none'><g><path d='M.719 1.836 2.172.383 7.499 5.71l5.33-5.327 1.452 1.453L7.5 8.616.72 1.836Z' fill='currentColor' \/><\/g><defs><path fill='#fff' d='M0 0h15v10H0z' \/><\/defs><\/svg>\t\t<\/div>\n\t<\/button>\n\t<section\n\t\tclass=\"accordion__panel js-accordion-panel\"\n\t\taria-hidden=\"true\"\n\t>\n\t\t<div class=\"accordion__content\">\n\t\t\t\n<div class=\"wrapper wrapper__bg-color--white  wrapper__spacing-bottom-large--40       wrapper__border-color-large--primary wrapper__border-size-large--none\">\n\n\t\n\t\t\t\n<div class=\"block-group block-group__border-color-large--primary block-group__border-size-large--none block-group__gutter--none\">\n\t\n\n<figure class=\"wp-block-table is-style-border-rows-highlight has-medium-font-size\"><table><thead><tr><th class=\"has-text-align-left\" data-align=\"left\">Dokumente<\/th><th class=\"has-text-align-right\" data-align=\"right\"><\/th><\/tr><\/thead><tbody><tr><td class=\"has-text-align-left\" data-align=\"left\">Einberufung samt Tagesordnung <\/td><td class=\"has-text-align-right\" data-align=\"right\"><a href=\"https:\/\/a1.com\/wp-content\/uploads\/sites\/6\/2023\/06\/hv-tagesordnung-2009.pdf\" target=\"_blank\" rel=\"noreferrer noopener\">PDF<\/a><\/td><\/tr><tr><td class=\"has-text-align-left\" data-align=\"left\">Beschlussergebnisse<\/td><td class=\"has-text-align-right\" data-align=\"right\"><a href=\"https:\/\/a1.com\/wp-content\/uploads\/sites\/6\/2023\/06\/hv-2009-abstimmungsergebnisse.pdf\" target=\"_blank\" rel=\"noreferrer noopener\">PDF<\/a><\/td><\/tr><tr><td class=\"has-text-align-left\" data-align=\"left\">Pr\u00e4sentation<\/td><td class=\"has-text-align-right\" data-align=\"right\"><a href=\"https:\/\/a1.com\/wp-content\/uploads\/sites\/6\/2023\/06\/hv-2009-praesentation.pdf\" target=\"_blank\" rel=\"noreferrer noopener\">PDF<\/a><\/td><\/tr><tr><td class=\"has-text-align-left\" data-align=\"left\">IVA Schwerpunktfragen<\/td><td class=\"has-text-align-right\" data-align=\"right\"><a href=\"https:\/\/a1.com\/wp-content\/uploads\/sites\/6\/2023\/06\/hv-2009-schwerpunktfragen.pdf\" target=\"_blank\" rel=\"noreferrer noopener\">PDF<\/a><\/td><\/tr><\/tbody><\/table><\/figure>\n\n<\/div>\n\t<\/div>\n\n\t\t<\/div>\n\t<\/section>\n<\/div>\t\t\t<\/div>\n\t\t<\/div>\n\t<\/div>\n\n\n<div\n\tclass=\"wrapper wrapper__bg-color--white  wrapper__spacing-bottom-large--0       wrapper__border-color-large--primary wrapper__border-size-large--none\"\n\t>\n\n\t\n\t\t\t<div class=\"wrapper__container wrapper__container-width-large--default wrapper__gutter-desktop--default wrapper__gutter-tablet--small\">\n\t\t\t<div class=\"wrapper__inner wrapper__width-large--12\">\n\t\t\t\t<div\n\tclass=\"accordion js-accordion block-accordion__accordion\"\n\tdata-accordion-open=\"false\"\n>\n\t<button\n\t\tclass=\"accordion__trigger accordion__trigger-size--small accordion__trigger-font-family--sans accordion__trigger-font-weight--regular js-accordion-trigger\"\n\t\taria-label=\"Hauptversammlung 2008\"\n\t\taria-controls\n\t>\n\t\tHauptversammlung 2008\t\t<div class=\"accordion__icon\" aria-hidden=\"true\" >\n\t\t\t<svg xmlns='http:\/\/www.w3.org\/2000\/svg' width='15' height='10' viewBox='0 0 15 10' fill='none'><g><path d='M.719 1.836 2.172.383 7.499 5.71l5.33-5.327 1.452 1.453L7.5 8.616.72 1.836Z' fill='currentColor' \/><\/g><defs><path fill='#fff' d='M0 0h15v10H0z' \/><\/defs><\/svg>\t\t<\/div>\n\t<\/button>\n\t<section\n\t\tclass=\"accordion__panel js-accordion-panel\"\n\t\taria-hidden=\"true\"\n\t>\n\t\t<div class=\"accordion__content\">\n\t\t\t\n<div class=\"wrapper wrapper__bg-color--white  wrapper__spacing-bottom-large--40       wrapper__border-color-large--primary wrapper__border-size-large--none\">\n\n\t\n\t\t\t\n<div class=\"block-group block-group__border-color-large--primary block-group__border-size-large--none block-group__gutter--none\">\n\t\n\n<figure class=\"wp-block-table is-style-border-rows-highlight has-medium-font-size\"><table><thead><tr><th class=\"has-text-align-left\" data-align=\"left\">Dokumente<\/th><th class=\"has-text-align-right\" data-align=\"right\"><\/th><\/tr><\/thead><tbody><tr><td class=\"has-text-align-left\" data-align=\"left\">Einberufung samt Tagesordnung <\/td><td class=\"has-text-align-right\" data-align=\"right\"><a href=\"https:\/\/a1.com\/wp-content\/uploads\/sites\/6\/2023\/06\/hv-2008-tagesordnung.pdf\" target=\"_blank\" rel=\"noreferrer noopener\">PDF<\/a><\/td><\/tr><tr><td class=\"has-text-align-left\" data-align=\"left\">Beschlussergebnisse<\/td><td class=\"has-text-align-right\" data-align=\"right\"><a href=\"https:\/\/a1.com\/wp-content\/uploads\/sites\/6\/2023\/06\/hv-2008-abstimmungsergebnisse.pdf\" target=\"_blank\" rel=\"noreferrer noopener\">PDF<\/a><\/td><\/tr><tr><td class=\"has-text-align-left\" data-align=\"left\">Pr\u00e4sentation<\/td><td class=\"has-text-align-right\" data-align=\"right\"><a href=\"https:\/\/a1.com\/wp-content\/uploads\/sites\/6\/2023\/06\/hv-2008-praesentation.pdf\" target=\"_blank\" rel=\"noreferrer noopener\">PDF<\/a><\/td><\/tr><tr><td class=\"has-text-align-left\" data-align=\"left\">IVA Schwerpunktfragen<\/td><td class=\"has-text-align-right\" data-align=\"right\"><a href=\"https:\/\/a1.com\/wp-content\/uploads\/sites\/6\/2023\/06\/hv-2008-iva-schwerpunktfragen.pdf\" target=\"_blank\" rel=\"noreferrer noopener\">PDF<\/a><\/td><\/tr><\/tbody><\/table><\/figure>\n\n<\/div>\n\t<\/div>\n\n\t\t<\/div>\n\t<\/section>\n<\/div>\t\t\t<\/div>\n\t\t<\/div>\n\t<\/div>\n\n\n<div\n\tclass=\"wrapper wrapper__bg-color--white  wrapper__spacing-bottom-large--120       wrapper__border-color-large--primary wrapper__border-size-large--none\"\n\t>\n\n\t\n\t\t\t<div class=\"wrapper__container wrapper__container-width-large--default wrapper__gutter-desktop--default wrapper__gutter-tablet--small\">\n\t\t\t<div class=\"wrapper__inner wrapper__width-large--12\">\n\t\t\t\t<div\n\tclass=\"accordion js-accordion block-accordion__accordion\"\n\tdata-accordion-open=\"false\"\n>\n\t<button\n\t\tclass=\"accordion__trigger accordion__trigger-size--small accordion__trigger-font-family--sans accordion__trigger-font-weight--regular js-accordion-trigger\"\n\t\taria-label=\"Hauptversammlung 2007\"\n\t\taria-controls\n\t>\n\t\tHauptversammlung 2007\t\t<div class=\"accordion__icon\" aria-hidden=\"true\" >\n\t\t\t<svg xmlns='http:\/\/www.w3.org\/2000\/svg' width='15' height='10' viewBox='0 0 15 10' fill='none'><g><path d='M.719 1.836 2.172.383 7.499 5.71l5.33-5.327 1.452 1.453L7.5 8.616.72 1.836Z' fill='currentColor' \/><\/g><defs><path fill='#fff' d='M0 0h15v10H0z' \/><\/defs><\/svg>\t\t<\/div>\n\t<\/button>\n\t<section\n\t\tclass=\"accordion__panel js-accordion-panel\"\n\t\taria-hidden=\"true\"\n\t>\n\t\t<div class=\"accordion__content\">\n\t\t\t\n<div class=\"wrapper wrapper__bg-color--white  wrapper__spacing-bottom-large--40       wrapper__border-color-large--primary wrapper__border-size-large--none\">\n\n\t\n\t\t\t\n<div class=\"block-group block-group__border-color-large--primary block-group__border-size-large--none block-group__gutter--none\">\n\t\n\n<figure class=\"wp-block-table is-style-border-rows-highlight has-medium-font-size\"><table><thead><tr><th class=\"has-text-align-left\" data-align=\"left\">Dokumente<\/th><th class=\"has-text-align-right\" data-align=\"right\"><\/th><\/tr><\/thead><tbody><tr><td class=\"has-text-align-left\" data-align=\"left\">Einberufung samt Tagesordnung <\/td><td class=\"has-text-align-right\" data-align=\"right\"><a href=\"https:\/\/a1.com\/wp-content\/uploads\/sites\/6\/2023\/06\/hv-2007-tagesordnung.pdf\" target=\"_blank\" rel=\"noreferrer noopener\">PDF<\/a><\/td><\/tr><tr><td class=\"has-text-align-left\" data-align=\"left\">Beschlussergebnisse<\/td><td class=\"has-text-align-right\" data-align=\"right\"><a href=\"https:\/\/a1.com\/wp-content\/uploads\/sites\/6\/2023\/06\/hv2007-abstimmungsergebnisse.pdf\" target=\"_blank\" rel=\"noreferrer noopener\">PDF<\/a><\/td><\/tr><tr><td class=\"has-text-align-left\" data-align=\"left\">Pr\u00e4sentation<\/td><td class=\"has-text-align-right\" data-align=\"right\"><a href=\"https:\/\/a1.com\/wp-content\/uploads\/sites\/6\/2023\/06\/hv2007-praesentation.pdf\" target=\"_blank\" rel=\"noreferrer noopener\">PDF<\/a><\/td><\/tr><tr><td class=\"has-text-align-left\" data-align=\"left\">IVA Schwerpunktfragen<\/td><td class=\"has-text-align-right\" data-align=\"right\"><a href=\"https:\/\/a1.com\/wp-content\/uploads\/sites\/6\/2023\/06\/hv2007-schwerpunktfragen.pdf\" target=\"_blank\" rel=\"noreferrer noopener\">PDF<\/a><\/td><\/tr><\/tbody><\/table><\/figure>\n\n<\/div>\n\t<\/div>\n\n\t\t<\/div>\n\t<\/section>\n<\/div>\t\t\t<\/div>\n\t\t<\/div>\n\t<\/div>\n\n\n<div\n\tclass=\"wrapper wrapper__bg-color--white  wrapper__spacing-bottom-large--0       wrapper__border-color-large--primary wrapper__border-size-large--none\"\n\t>\n\n\t\n\t\t\t<div class=\"wrapper__container wrapper__container-width-large--default wrapper__gutter-desktop--default wrapper__gutter-tablet--small\">\n\t\t\t<div class=\"wrapper__inner wrapper__width-large--12 wrapper__offset-large--0\">\n\t\t\t\t\n<div class=\"block-group block-group__border-color-large--primary block-group__border-size-large--none block-group__gutter--none\">\n\t\n<div\n\tclass=\"wrapper wrapper__bg-color--white  wrapper__spacing-bottom-large--40    wrapper__divider-bottom-large   wrapper__border-color-large--primary wrapper__border-size-large--none\"\n\t>\n\n\t\n\t\t\t<h2 class=\"heading heading__color--black heading__size--default heading__align--left heading__font-family--serif heading__font-weight--bold block-heading__heading\">\n\t<br>Erfahren Sie mehr<\/h2>\t<\/div>\n\n\n<div\n\tclass=\"wrapper wrapper__bg-color--white  wrapper__spacing-bottom-large--0  wrapper__spacing-bottom-in-large--0     wrapper__border-color-large--primary wrapper__border-size-large--none\"\n\t>\n\n\t\n\t\t\t\n<div class=\"block-columns block-columns__gutter-large--10 block-columns__vertical-spacing-large--30\">\n\t\n\n<div class=\"block-column block-column__width-large--4 block-column__width-mobile--12     block-column__border-color-large--primary block-column__border-size-large--none block-column__no-left-gutter-large\">\n\t\n<div\n\tclass=\"wrapper wrapper__bg-color--white  wrapper__spacing-bottom-large--40       wrapper__border-color-large--primary wrapper__border-size-large--none\"\n\t>\n\n\t\n\t\t\t<div class=\"card-rounded card-rounded__color--concrete  block-card-rounded__card-rounded\">\n\t<div class=\"image-wrap card-rounded__image-wrap\" data-align=\"center center\">\n\n\t\t\t<div\n\t\t\tstyle=\"background-image:url(https:\/\/a1.com\/wp-content\/uploads\/sites\/6\/2023\/05\/1341348088-1.jpg)\"\n\t\t\tclass=\"image image--bg image__rounded-corners--none card-rounded__image\">\n\t\t<\/div>\n\t\n\t<\/div>\n\t<div class=\"card-rounded__content\">\n\t\t<h5 class=\"heading heading__color--black heading__size--small heading__align--left heading__font-family--sans heading__font-weight--regular card-rounded__heading\">\n\tCorporate Governance<\/h5><p class=\"paragraph paragraph__color--black paragraph__size--default paragraph__align--left paragraph__font-family--sans card-rounded__paragraph\">\n\tDie<strong>\u00a0Corporate Governance\u00a0<\/strong>stellt ein Regelwerk zur verantwortungsvollen F\u00fchrung und Kontrolle eines Unternehmens dar und ist damit gewisserma\u00dfen die \u201eUnternehmensverfassung\u201c.<br><a id=\"\" href=\"https:\/\/a1.com\/de\/investor-relations-home\/corporate-governance\/\"><\/a><\/p><div class=\"link-wrap link-wrap__align--left card-rounded__link-wrap\">\n\t\t\t<a\n\t\t\thref=\"https:\/\/a1.com\/de\/investor-relations-home\/corporate-governance\/\"\n\t\t\tclass=\"link link__color--primary link__size--default link__icon-position--right link__font-family--sans  card-rounded__link\"\n\t\t\tid=\"\"\n\t\t\ttitle=\"Corporate Governance\"\n\t\t\taria-label=\"\"\n\t\t\t\t\t>\n\t\t\t<i class=\"icon icon  icon__chevron-right link__icon\">\n\t<svg xmlns='http:\/\/www.w3.org\/2000\/svg' width='24' height='24' viewBox='0 0 24 24'><path d='m9.938 17.25-1.126-1.125 4.125-4.124-4.124-4.126L9.937 6.75l5.25 5.252-5.25 5.248Z' fill='currentColor' \/><\/svg><\/i>\t\t\t<span class=\"link__content\">Corporate Governance<\/span>\n\t\t<\/a>\n\t<\/div>\t<\/div>\n<\/div>\t<\/div>\n\n<\/div>\n\n\n\n<div class=\"block-column block-column__width-large--4 block-column__width-mobile--12     block-column__border-color-large--primary block-column__border-size-large--none block-column__no-left-gutter-large\">\n\t\n<div\n\tclass=\"wrapper wrapper__bg-color--white  wrapper__spacing-bottom-large--40       wrapper__border-color-large--primary wrapper__border-size-large--none\"\n\t>\n\n\t\n\t\t\t<div class=\"card-rounded card-rounded__color--concrete  block-card-rounded__card-rounded\">\n\t<div class=\"image-wrap card-rounded__image-wrap\" data-align=\"center center\">\n\n\t\t\t<div\n\t\t\tstyle=\"background-image:url(https:\/\/a1.com\/wp-content\/uploads\/sites\/6\/2023\/06\/discovermore-ir-ergebniscenter-1321402517-Kopie.jpg)\"\n\t\t\tclass=\"image image--bg image__rounded-corners--none card-rounded__image\">\n\t\t<\/div>\n\t\n\t<\/div>\n\t<div class=\"card-rounded__content\">\n\t\t<h5 class=\"heading heading__color--black heading__size--small heading__align--left heading__font-family--sans heading__font-weight--regular card-rounded__heading\">\n\tKapitalmarkt-Publikationen<\/h5><p class=\"paragraph paragraph__color--black paragraph__size--default paragraph__align--left paragraph__font-family--sans card-rounded__paragraph\">\n\tHier finden Sie \u00fcbersichtlich die wichtigsten Berichte und Materialien<br><a id=\"\" href=\"https:\/\/a1.com\/de\/investor-relations-home\/ergebnis-center\/\"><\/a><\/p><div class=\"link-wrap link-wrap__align--left card-rounded__link-wrap\">\n\t\t\t<a\n\t\t\thref=\"https:\/\/a1.com\/de\/investor-relations-home\/ergebnis-center\/\"\n\t\t\tclass=\"link link__color--primary link__size--default link__icon-position--right link__font-family--sans  card-rounded__link\"\n\t\t\tid=\"\"\n\t\t\ttitle=\"Ergebnis Center\"\n\t\t\taria-label=\"\"\n\t\t\t\t\t>\n\t\t\t<i class=\"icon icon  icon__chevron-right link__icon\">\n\t<svg xmlns='http:\/\/www.w3.org\/2000\/svg' width='24' height='24' viewBox='0 0 24 24'><path d='m9.938 17.25-1.126-1.125 4.125-4.124-4.124-4.126L9.937 6.75l5.25 5.252-5.25 5.248Z' fill='currentColor' \/><\/svg><\/i>\t\t\t<span class=\"link__content\">Ergebnis Center<\/span>\n\t\t<\/a>\n\t<\/div>\t<\/div>\n<\/div>\t<\/div>\n\n<\/div>\n\n\n\n<div class=\"block-column block-column__width-large--4 block-column__width-mobile--12     block-column__border-color-large--primary block-column__border-size-large--none block-column__no-left-gutter-large\">\n\t\n<div\n\tclass=\"wrapper wrapper__bg-color--white  wrapper__spacing-bottom-large--40       wrapper__border-color-large--primary wrapper__border-size-large--none\"\n\t>\n\n\t\n\t\t\t<div class=\"card-rounded card-rounded__color--concrete  block-card-rounded__card-rounded\">\n\t<div class=\"image-wrap card-rounded__image-wrap\" data-align=\"top center\">\n\n\t\t\t<div\n\t\t\tstyle=\"background-image:url(https:\/\/a1.com\/wp-content\/uploads\/sites\/6\/2023\/06\/Kontakt.jpg)\"\n\t\t\tclass=\"image image--bg image__rounded-corners--none card-rounded__image\">\n\t\t<\/div>\n\t\n\t<\/div>\n\t<div class=\"card-rounded__content\">\n\t\t<h5 class=\"heading heading__color--black heading__size--small heading__align--left heading__font-family--sans heading__font-weight--regular card-rounded__heading\">\n\tIR Kontakt<\/h5><p class=\"paragraph paragraph__color--black paragraph__size--default paragraph__align--left paragraph__font-family--sans card-rounded__paragraph\">\n\tUnser IR-Team steht Ihnen bei kapitalmarktrelevanten Fragen und Anliegen gerne zur Verf\u00fcgung.<br><a id=\"\" href=\"https:\/\/a1.com\/de\/tables-test\/service-und-kontakt\/\"><\/a><\/p><div class=\"link-wrap link-wrap__align--left card-rounded__link-wrap\">\n\t\t\t<a\n\t\t\thref=\"https:\/\/a1.com\/de\/investor-relations-home\/investor-relations-kontakt\/\"\n\t\t\tclass=\"link link__color--primary link__size--default link__icon-position--right link__font-family--sans  card-rounded__link\"\n\t\t\tid=\"\"\n\t\t\ttitle=\"Kontakt\"\n\t\t\taria-label=\"\"\n\t\t\t\t\t>\n\t\t\t<i class=\"icon icon  icon__chevron-right link__icon\">\n\t<svg xmlns='http:\/\/www.w3.org\/2000\/svg' width='24' height='24' viewBox='0 0 24 24'><path d='m9.938 17.25-1.126-1.125 4.125-4.124-4.124-4.126L9.937 6.75l5.25 5.252-5.25 5.248Z' fill='currentColor' \/><\/svg><\/i>\t\t\t<span class=\"link__content\">Kontakt<\/span>\n\t\t<\/a>\n\t<\/div>\t<\/div>\n<\/div>\t<\/div>\n\n<\/div>\n\n<\/div>\n\t<\/div>\n\n<\/div>\n\t\t\t<\/div>\n\t\t<\/div>\n\t<\/div>\n","protected":false},"excerpt":{"rendered":"","protected":false},"author":3,"featured_media":0,"parent":3859,"menu_order":0,"comment_status":"closed","ping_status":"closed","template":"","meta":{"_acf_changed":false,"footnotes":""},"departments":[18],"class_list":["post-3861","page","type-page","status-publish","hentry","department-investor-relations"],"acf":[],"yoast_head":"<!-- This site is optimized with the Yoast SEO plugin v27.4 - https:\/\/yoast.com\/product\/yoast-seo-wordpress\/ -->\n<title>Hauptversammlung - A1 Group<\/title>\n<meta name=\"robots\" content=\"index, follow, max-snippet:-1, max-image-preview:large, max-video-preview:-1\" \/>\n<link rel=\"canonical\" href=\"https:\/\/a1.com\/de\/investor-relations-home\/hauptversammlung\/\" \/>\n<meta property=\"og:locale\" content=\"de_DE\" \/>\n<meta property=\"og:type\" content=\"article\" \/>\n<meta property=\"og:title\" content=\"Hauptversammlung - A1 Group\" \/>\n<meta property=\"og:url\" content=\"https:\/\/a1.com\/de\/investor-relations-home\/hauptversammlung\/\" \/>\n<meta property=\"og:site_name\" content=\"A1 Group\" \/>\n<meta property=\"article:modified_time\" content=\"2025-07-30T06:59:53+00:00\" \/>\n<meta name=\"twitter:card\" content=\"summary_large_image\" \/>\n<meta name=\"twitter:label1\" content=\"Est. reading time\" \/>\n\t<meta name=\"twitter:data1\" content=\"5 minutes\" \/>\n<script type=\"application\/ld+json\" class=\"yoast-schema-graph\">{\"@context\":\"https:\\\/\\\/schema.org\",\"@graph\":[{\"@type\":\"WebPage\",\"@id\":\"https:\\\/\\\/a1.com\\\/de\\\/investor-relations-home\\\/hauptversammlung\\\/\",\"url\":\"https:\\\/\\\/a1.com\\\/de\\\/investor-relations-home\\\/hauptversammlung\\\/\",\"name\":\"Hauptversammlung - A1 Group\",\"isPartOf\":{\"@id\":\"https:\\\/\\\/a1.com\\\/#website\"},\"datePublished\":\"2023-03-02T07:40:04+00:00\",\"dateModified\":\"2025-07-30T06:59:53+00:00\",\"breadcrumb\":{\"@id\":\"https:\\\/\\\/a1.com\\\/de\\\/investor-relations-home\\\/hauptversammlung\\\/#breadcrumb\"},\"inLanguage\":\"de-DE\",\"potentialAction\":[{\"@type\":\"ReadAction\",\"target\":[\"https:\\\/\\\/a1.com\\\/de\\\/investor-relations-home\\\/hauptversammlung\\\/\"]}]},{\"@type\":\"BreadcrumbList\",\"@id\":\"https:\\\/\\\/a1.com\\\/de\\\/investor-relations-home\\\/hauptversammlung\\\/#breadcrumb\",\"itemListElement\":[{\"@type\":\"ListItem\",\"position\":1,\"name\":\"Home\",\"item\":\"https:\\\/\\\/a1.com\\\/de\\\/\"},{\"@type\":\"ListItem\",\"position\":2,\"name\":\"Investor Relations\",\"item\":\"https:\\\/\\\/a1.com\\\/de\\\/investor-relations-home\\\/\"},{\"@type\":\"ListItem\",\"position\":3,\"name\":\"Hauptversammlung\"}]},{\"@type\":\"WebSite\",\"@id\":\"https:\\\/\\\/a1.com\\\/#website\",\"url\":\"https:\\\/\\\/a1.com\\\/\",\"name\":\"A1 Group\",\"description\":\"\",\"potentialAction\":[{\"@type\":\"SearchAction\",\"target\":{\"@type\":\"EntryPoint\",\"urlTemplate\":\"https:\\\/\\\/a1.com\\\/?s={search_term_string}\"},\"query-input\":{\"@type\":\"PropertyValueSpecification\",\"valueRequired\":true,\"valueName\":\"search_term_string\"}}],\"inLanguage\":\"de-DE\"}]}<\/script>\n<!-- \/ Yoast SEO plugin. -->","yoast_head_json":{"title":"Hauptversammlung - A1 Group","robots":{"index":"index","follow":"follow","max-snippet":"max-snippet:-1","max-image-preview":"max-image-preview:large","max-video-preview":"max-video-preview:-1"},"canonical":"https:\/\/a1.com\/de\/investor-relations-home\/hauptversammlung\/","og_locale":"de_DE","og_type":"article","og_title":"Hauptversammlung - A1 Group","og_url":"https:\/\/a1.com\/de\/investor-relations-home\/hauptversammlung\/","og_site_name":"A1 Group","article_modified_time":"2025-07-30T06:59:53+00:00","twitter_card":"summary_large_image","twitter_misc":{"Est. reading time":"5 minutes"},"schema":{"@context":"https:\/\/schema.org","@graph":[{"@type":"WebPage","@id":"https:\/\/a1.com\/de\/investor-relations-home\/hauptversammlung\/","url":"https:\/\/a1.com\/de\/investor-relations-home\/hauptversammlung\/","name":"Hauptversammlung - A1 Group","isPartOf":{"@id":"https:\/\/a1.com\/#website"},"datePublished":"2023-03-02T07:40:04+00:00","dateModified":"2025-07-30T06:59:53+00:00","breadcrumb":{"@id":"https:\/\/a1.com\/de\/investor-relations-home\/hauptversammlung\/#breadcrumb"},"inLanguage":"de-DE","potentialAction":[{"@type":"ReadAction","target":["https:\/\/a1.com\/de\/investor-relations-home\/hauptversammlung\/"]}]},{"@type":"BreadcrumbList","@id":"https:\/\/a1.com\/de\/investor-relations-home\/hauptversammlung\/#breadcrumb","itemListElement":[{"@type":"ListItem","position":1,"name":"Home","item":"https:\/\/a1.com\/de\/"},{"@type":"ListItem","position":2,"name":"Investor Relations","item":"https:\/\/a1.com\/de\/investor-relations-home\/"},{"@type":"ListItem","position":3,"name":"Hauptversammlung"}]},{"@type":"WebSite","@id":"https:\/\/a1.com\/#website","url":"https:\/\/a1.com\/","name":"A1 Group","description":"","potentialAction":[{"@type":"SearchAction","target":{"@type":"EntryPoint","urlTemplate":"https:\/\/a1.com\/?s={search_term_string}"},"query-input":{"@type":"PropertyValueSpecification","valueRequired":true,"valueName":"search_term_string"}}],"inLanguage":"de-DE"}]}},"_links":{"self":[{"href":"https:\/\/a1.com\/de\/wp-json\/wp\/v2\/pages\/3861","targetHints":{"allow":["GET"]}}],"collection":[{"href":"https:\/\/a1.com\/de\/wp-json\/wp\/v2\/pages"}],"about":[{"href":"https:\/\/a1.com\/de\/wp-json\/wp\/v2\/types\/page"}],"author":[{"embeddable":true,"href":"https:\/\/a1.com\/de\/wp-json\/wp\/v2\/users\/3"}],"replies":[{"embeddable":true,"href":"https:\/\/a1.com\/de\/wp-json\/wp\/v2\/comments?post=3861"}],"version-history":[{"count":10,"href":"https:\/\/a1.com\/de\/wp-json\/wp\/v2\/pages\/3861\/revisions"}],"predecessor-version":[{"id":16066,"href":"https:\/\/a1.com\/de\/wp-json\/wp\/v2\/pages\/3861\/revisions\/16066"}],"up":[{"embeddable":true,"href":"https:\/\/a1.com\/de\/wp-json\/wp\/v2\/pages\/3859"}],"wp:attachment":[{"href":"https:\/\/a1.com\/de\/wp-json\/wp\/v2\/media?parent=3861"}],"wp:term":[{"taxonomy":"department","embeddable":true,"href":"https:\/\/a1.com\/de\/wp-json\/wp\/v2\/departments?post=3861"}],"curies":[{"name":"wp","href":"https:\/\/api.w.org\/{rel}","templated":true}]}}